{"id":1396,"date":"2022-02-14T15:43:04","date_gmt":"2022-02-14T14:43:04","guid":{"rendered":"https:\/\/www.barbos-stiftung.de\/cms\/?page_id=1396"},"modified":"2025-12-12T14:02:09","modified_gmt":"2025-12-12T13:02:09","slug":"news-uebersicht","status":"publish","type":"page","link":"https:\/\/www.barbos-stiftung.de\/cms\/index.php\/news-uebersicht\/","title":{"rendered":"News \u00dcbersicht"},"content":{"rendered":"<div  class='flex_column av-1xvock-9265af357006ea8b02bf8472ebd7e02a av_one_full  avia-builder-el-0  avia-builder-el-no-sibling  first flex_column_div  '     ><p>\n<style type=\"text\/css\" data-created_by=\"avia_inline_auto\" id=\"style-css-av-mh3jf5ab-3f9c416c7e83c2048c25b0581693cc5c\">\n#top .av-special-heading.av-mh3jf5ab-3f9c416c7e83c2048c25b0581693cc5c{\npadding-bottom:10px;\n}\nbody .av-special-heading.av-mh3jf5ab-3f9c416c7e83c2048c25b0581693cc5c .av-special-heading-tag .heading-char{\nfont-size:25px;\n}\n.av-special-heading.av-mh3jf5ab-3f9c416c7e83c2048c25b0581693cc5c .av-subheading{\nfont-size:15px;\n}\n<\/style>\n<div  class='av-special-heading av-mh3jf5ab-3f9c416c7e83c2048c25b0581693cc5c av-special-heading-h3  avia-builder-el-1  el_before_av_textblock  avia-builder-el-first '><h3 class='av-special-heading-tag '  itemprop=\"headline\"  >News<\/h3><div class=\"special-heading-border\"><div class=\"special-heading-inner-border\"><\/div><\/div><\/div><br \/>\n<section  class='av_textblock_section av-mj2vknle-3d86b9b36f75fd37875b2e1e49f4a7d5 '   itemscope=\"itemscope\" itemtype=\"https:\/\/schema.org\/CreativeWork\" ><div class='avia_textblock'  itemprop=\"text\" >\n<div id=\"sb_instagram\"  class=\"sbi sbi_mob_col_1 sbi_tab_col_2 sbi_col_4 sbi_width_resp sbi_palette_light\" style=\"padding-bottom: 10px;\"\t data-feedid=\"*1\"  data-res=\"auto\" data-cols=\"4\" data-colsmobile=\"1\" data-colstablet=\"2\" data-num=\"20\" data-nummobile=\"20\" data-item-padding=\"5\"\t data-shortcode-atts=\"{&quot;feed&quot;:&quot;1&quot;}\"  data-postid=\"1396\" data-locatornonce=\"df36c032f9\" data-imageaspectratio=\"4:5\" data-sbi-flags=\"favorLocal,gdpr\">\n\t<div class=\"sb_instagram_header  sbi_medium sbi_header_palette_light\"   >\n\t<a class=\"sbi_header_link\" target=\"_blank\"\n\t   rel=\"nofollow noopener\" href=\"https:\/\/www.instagram.com\/barbosstiftung\/\" title=\"@barbosstiftung\">\n\t\t<div class=\"sbi_header_text\">\n\t\t\t<div class=\"sbi_header_img\"  data-avatar-url=\"https:\/\/scontent-fra3-1.cdninstagram.com\/v\/t51.82787-19\/611244139_17987160179923174_6297679894495478615_n.jpg?stp=dst-jpg_s206x206_tt6&amp;_nc_cat=101&amp;ccb=7-5&amp;_nc_sid=bf7eb4&amp;efg=eyJ2ZW5jb2RlX3RhZyI6InByb2ZpbGVfcGljLnd3dy4zMjAuQzMifQ%3D%3D&amp;_nc_ohc=47tp5iuwBFwQ7kNvwGytdEN&amp;_nc_oc=AdqeC6jm57ApcQGiwTwzGe0COJVafkhDdG9cSrK1oNISWvigQZHFDY-L3fH-J5HMN5Hs6x8Ae9HA3fsYWDvDzfiy&amp;_nc_zt=24&amp;_nc_ht=scontent-fra3-1.cdninstagram.com&amp;edm=AP4hL3IEAAAA&amp;_nc_gid=rIP6228WidB3WMFeQpskPA&amp;_nc_tpa=Q5bMBQHs0K6O0MMvrpF6cByK_LfY14sGuYyKg5tagPdqfzuW_vr4ptlGKbKG-ENwzX9ZQZ9_oHyLGU1aNQ&amp;oh=00_Af5oA56IZZPjnKKUo6CTkF10EJ6ddNz1WFikAFDs_4pDxw&amp;oe=69FC57BA\">\n\t\t\t\t\t\t\t\t\t<div class=\"sbi_header_img_hover\"  ><svg class=\"sbi_new_logo fa-instagram fa-w-14\" aria-hidden=\"true\" data-fa-processed=\"\" aria-label=\"Instagram\" data-prefix=\"fab\" data-icon=\"instagram\" role=\"img\" viewBox=\"0 0 448 512\">\n                    <path fill=\"currentColor\" d=\"M224.1 141c-63.6 0-114.9 51.3-114.9 114.9s51.3 114.9 114.9 114.9S339 319.5 339 255.9 287.7 141 224.1 141zm0 189.6c-41.1 0-74.7-33.5-74.7-74.7s33.5-74.7 74.7-74.7 74.7 33.5 74.7 74.7-33.6 74.7-74.7 74.7zm146.4-194.3c0 14.9-12 26.8-26.8 26.8-14.9 0-26.8-12-26.8-26.8s12-26.8 26.8-26.8 26.8 12 26.8 26.8zm76.1 27.2c-1.7-35.9-9.9-67.7-36.2-93.9-26.2-26.2-58-34.4-93.9-36.2-37-2.1-147.9-2.1-184.9 0-35.8 1.7-67.6 9.9-93.9 36.1s-34.4 58-36.2 93.9c-2.1 37-2.1 147.9 0 184.9 1.7 35.9 9.9 67.7 36.2 93.9s58 34.4 93.9 36.2c37 2.1 147.9 2.1 184.9 0 35.9-1.7 67.7-9.9 93.9-36.2 26.2-26.2 34.4-58 36.2-93.9 2.1-37 2.1-147.8 0-184.8zM398.8 388c-7.8 19.6-22.9 34.7-42.6 42.6-29.5 11.7-99.5 9-132.1 9s-102.7 2.6-132.1-9c-19.6-7.8-34.7-22.9-42.6-42.6-11.7-29.5-9-99.5-9-132.1s-2.6-102.7 9-132.1c7.8-19.6 22.9-34.7 42.6-42.6 29.5-11.7 99.5-9 132.1-9s102.7-2.6 132.1 9c19.6 7.8 34.7 22.9 42.6 42.6 11.7 29.5 9 99.5 9 132.1s2.7 102.7-9 132.1z\"><\/path>\n                <\/svg><\/div>\n\t\t\t\t\t<img loading=\"lazy\" decoding=\"async\"  src=\"https:\/\/www.barbos-stiftung.de\/cms\/wp-content\/plugins\/instagram-feed\/img\/thumb-placeholder.png\" alt=\"\" width=\"50\" height=\"50\">\n\t\t\t\t\n\t\t\t\t\t\t\t<\/div>\n\n\t\t\t<div class=\"sbi_feedtheme_header_text\">\n\t\t\t\t<h3>barbosstiftung<\/h3>\n\t\t\t\t\t\t\t\t\t<p class=\"sbi_bio\">Kreative Entwicklungsf\u00f6rderung f\u00fcr Kinder &amp; Jugendliche<br>\n\u2764\ufe0f Hilfe f\u00fcr traumatisierte Kinder<br>\n\ud83c\udf31 Therapien wie Arbeit am Tonfeld\u00ae\ufe0f<br>\n\ud83d\udccd M\u00fcnchen<\/p>\n\t\t\t\t\t\t\t<\/div>\n\t\t<\/div>\n\t<\/a>\n<\/div>\n\n\t<div id=\"sbi_images\"  style=\"gap: 10px;\">\n\t\t<div class=\"sbi_item sbi_type_image sbi_new sbi_transition\"\n\tid=\"sbi_18456032911104645\" data-date=\"1777051046\">\n\t<div class=\"sbi_photo_wrap\">\n\t\t<a class=\"sbi_photo\" href=\"https:\/\/www.instagram.com\/p\/DXhcHvqFZwe\/\" target=\"_blank\" rel=\"noopener nofollow\"\n\t\t\tdata-full-res=\"https:\/\/scontent-fra3-1.cdninstagram.com\/v\/t39.30808-6\/678281329_1393013412853230_6786999845095922529_n.jpg?stp=dst-jpg_e35_tt6&#038;_nc_cat=105&#038;ccb=7-5&#038;_nc_sid=18de74&#038;efg=eyJlZmdfdGFnIjoiRkVFRC5iZXN0X2ltYWdlX3VybGdlbi5DMyJ9&#038;_nc_ohc=uynG_ppQDtwQ7kNvwGtjtu6&#038;_nc_oc=AdrvUODbT3DA5mgVVzYEeO1XRAM_vzYwLM1CQhzYkSirOlZXqzSgXNYeC4Pr2aaO9t1hOhd3FC1FEE_Fw-ZfJ0lw&#038;_nc_zt=23&#038;_nc_ht=scontent-fra3-1.cdninstagram.com&#038;edm=ANo9K5cEAAAA&#038;_nc_gid=pVwaELq2E_W4rwzJShcs8g&#038;_nc_tpa=Q5bMBQHuCawmJCy7cBcmxSkutd5BHhZEbk8s5h0j7yYp_DLdWYXin_XHz17MvIiUtpVq2MXXCL-bgxHsUg&#038;oh=00_Af5es2ryhYH3PZyU5rxEU5dUy6VGv-rOBDUPBjxYRjBJKA&#038;oe=69FC5614\"\n\t\t\tdata-img-src-set=\"{&quot;d&quot;:&quot;https:\\\/\\\/scontent-fra3-1.cdninstagram.com\\\/v\\\/t39.30808-6\\\/678281329_1393013412853230_6786999845095922529_n.jpg?stp=dst-jpg_e35_tt6&amp;_nc_cat=105&amp;ccb=7-5&amp;_nc_sid=18de74&amp;efg=eyJlZmdfdGFnIjoiRkVFRC5iZXN0X2ltYWdlX3VybGdlbi5DMyJ9&amp;_nc_ohc=uynG_ppQDtwQ7kNvwGtjtu6&amp;_nc_oc=AdrvUODbT3DA5mgVVzYEeO1XRAM_vzYwLM1CQhzYkSirOlZXqzSgXNYeC4Pr2aaO9t1hOhd3FC1FEE_Fw-ZfJ0lw&amp;_nc_zt=23&amp;_nc_ht=scontent-fra3-1.cdninstagram.com&amp;edm=ANo9K5cEAAAA&amp;_nc_gid=pVwaELq2E_W4rwzJShcs8g&amp;_nc_tpa=Q5bMBQHuCawmJCy7cBcmxSkutd5BHhZEbk8s5h0j7yYp_DLdWYXin_XHz17MvIiUtpVq2MXXCL-bgxHsUg&amp;oh=00_Af5es2ryhYH3PZyU5rxEU5dUy6VGv-rOBDUPBjxYRjBJKA&amp;oe=69FC5614&quot;,&quot;150&quot;:&quot;https:\\\/\\\/scontent-fra3-1.cdninstagram.com\\\/v\\\/t39.30808-6\\\/678281329_1393013412853230_6786999845095922529_n.jpg?stp=dst-jpg_e35_tt6&amp;_nc_cat=105&amp;ccb=7-5&amp;_nc_sid=18de74&amp;efg=eyJlZmdfdGFnIjoiRkVFRC5iZXN0X2ltYWdlX3VybGdlbi5DMyJ9&amp;_nc_ohc=uynG_ppQDtwQ7kNvwGtjtu6&amp;_nc_oc=AdrvUODbT3DA5mgVVzYEeO1XRAM_vzYwLM1CQhzYkSirOlZXqzSgXNYeC4Pr2aaO9t1hOhd3FC1FEE_Fw-ZfJ0lw&amp;_nc_zt=23&amp;_nc_ht=scontent-fra3-1.cdninstagram.com&amp;edm=ANo9K5cEAAAA&amp;_nc_gid=pVwaELq2E_W4rwzJShcs8g&amp;_nc_tpa=Q5bMBQHuCawmJCy7cBcmxSkutd5BHhZEbk8s5h0j7yYp_DLdWYXin_XHz17MvIiUtpVq2MXXCL-bgxHsUg&amp;oh=00_Af5es2ryhYH3PZyU5rxEU5dUy6VGv-rOBDUPBjxYRjBJKA&amp;oe=69FC5614&quot;,&quot;320&quot;:&quot;https:\\\/\\\/scontent-fra3-1.cdninstagram.com\\\/v\\\/t39.30808-6\\\/678281329_1393013412853230_6786999845095922529_n.jpg?stp=dst-jpg_e35_tt6&amp;_nc_cat=105&amp;ccb=7-5&amp;_nc_sid=18de74&amp;efg=eyJlZmdfdGFnIjoiRkVFRC5iZXN0X2ltYWdlX3VybGdlbi5DMyJ9&amp;_nc_ohc=uynG_ppQDtwQ7kNvwGtjtu6&amp;_nc_oc=AdrvUODbT3DA5mgVVzYEeO1XRAM_vzYwLM1CQhzYkSirOlZXqzSgXNYeC4Pr2aaO9t1hOhd3FC1FEE_Fw-ZfJ0lw&amp;_nc_zt=23&amp;_nc_ht=scontent-fra3-1.cdninstagram.com&amp;edm=ANo9K5cEAAAA&amp;_nc_gid=pVwaELq2E_W4rwzJShcs8g&amp;_nc_tpa=Q5bMBQHuCawmJCy7cBcmxSkutd5BHhZEbk8s5h0j7yYp_DLdWYXin_XHz17MvIiUtpVq2MXXCL-bgxHsUg&amp;oh=00_Af5es2ryhYH3PZyU5rxEU5dUy6VGv-rOBDUPBjxYRjBJKA&amp;oe=69FC5614&quot;,&quot;640&quot;:&quot;https:\\\/\\\/scontent-fra3-1.cdninstagram.com\\\/v\\\/t39.30808-6\\\/678281329_1393013412853230_6786999845095922529_n.jpg?stp=dst-jpg_e35_tt6&amp;_nc_cat=105&amp;ccb=7-5&amp;_nc_sid=18de74&amp;efg=eyJlZmdfdGFnIjoiRkVFRC5iZXN0X2ltYWdlX3VybGdlbi5DMyJ9&amp;_nc_ohc=uynG_ppQDtwQ7kNvwGtjtu6&amp;_nc_oc=AdrvUODbT3DA5mgVVzYEeO1XRAM_vzYwLM1CQhzYkSirOlZXqzSgXNYeC4Pr2aaO9t1hOhd3FC1FEE_Fw-ZfJ0lw&amp;_nc_zt=23&amp;_nc_ht=scontent-fra3-1.cdninstagram.com&amp;edm=ANo9K5cEAAAA&amp;_nc_gid=pVwaELq2E_W4rwzJShcs8g&amp;_nc_tpa=Q5bMBQHuCawmJCy7cBcmxSkutd5BHhZEbk8s5h0j7yYp_DLdWYXin_XHz17MvIiUtpVq2MXXCL-bgxHsUg&amp;oh=00_Af5es2ryhYH3PZyU5rxEU5dUy6VGv-rOBDUPBjxYRjBJKA&amp;oe=69FC5614&quot;}\">\n\t\t\t<span class=\"sbi-screenreader\">Wenn Stille langsam wieder zu Vertrauen wird \ud83e\udd79\n<\/span>\n\t\t\t\t\t\t\t\t\t<img decoding=\"async\" src=\"https:\/\/www.barbos-stiftung.de\/cms\/wp-content\/plugins\/instagram-feed\/img\/placeholder.png\" alt=\"Wenn Stille langsam wieder zu Vertrauen wird \ud83e\udd79\n\nHasan ist 10 Jahre alt. Ein stiller Junge, der sich lange Zeit fast vollst\u00e4ndig aus der Au\u00dfenwelt zur\u00fcckgezogen hat. Worte kamen ihm schwer \u00fcber die Lippen, Blicke wich er oft aus, und vieles, was um ihn herum geschah, schien ihn nicht wirklich zu erreichen \u2013 als w\u00fcrde er in einer eigenen, sicheren, aber einsamen Welt leben.\n\nIm Tonfeld begann sich etwas zu ver\u00e4ndern. Ganz vorsichtig, Schritt f\u00fcr Schritt, fand Hasan einen Raum, in dem er nichts leisten musste. Kein Druck, keine Erwartungen \u2013 nur Ton, Stille und die M\u00f6glichkeit, einfach da zu sein. Mit der Zeit begann er, sich zu zeigen. Erst zaghaft, dann ein kleines bisschen mutiger. Seine H\u00e4nde formten, sein Blick wurde wacher, und langsam entstand Vertrauen.\n\nAus R\u00fcckzug wurde ein leises \u00d6ffnen. Aus Schweigen entstanden erste Verbindungen. Hasan beginnt, sich seiner Angst zu stellen \u2013 in seinem eigenen Tempo, auf seine eigene Weise.\n\nDiese Entwicklung ist unbezahlbar \u2013 aber nicht kostenlos. Hilf mit, dass Kinder wie Hasan die Unterst\u00fctzung bekommen, die sie brauchen! \ud83d\ude4f\n\n\ud83d\udc49 Spendenkonto:\nBarbos-Stiftung\nStadtsparkasse M\u00fcnchen\nIBAN: DE67701500000053117230\nBIC: SSKMDEMMXXX\n\nOder spende bequem per PayPal. \ud83d\udcb3\n\nDeine Unterst\u00fctzung macht einen Unterschied. \u2764\ufe0f\n\n\ud83d\udc49 Mehr erf\u00e4hrst du unter den Links in unserer Bio. \u2139\ufe0f\n\n#BarbosStiftung #HoffnungSchenken #KindernHelfen #ArbeitamTonfeld #Kunsttherapie\" aria-hidden=\"true\">\n\t\t<\/a>\n\t<\/div>\n<\/div><div class=\"sbi_item sbi_type_video sbi_new sbi_transition\"\n\tid=\"sbi_18043678706542109\" data-date=\"1776268320\">\n\t<div class=\"sbi_photo_wrap\">\n\t\t<a class=\"sbi_photo\" href=\"https:\/\/www.instagram.com\/reel\/DXKHCxLCsFc\/\" target=\"_blank\" rel=\"noopener nofollow\"\n\t\t\tdata-full-res=\"https:\/\/scontent-fra3-2.cdninstagram.com\/v\/t51.82787-15\/662503956_17998629428923174_441402626707567578_n.jpg?stp=dst-jpg_e35_tt6&#038;_nc_cat=111&#038;ccb=7-5&#038;_nc_sid=18de74&#038;efg=eyJlZmdfdGFnIjoiQ0xJUFMuYmVzdF9pbWFnZV91cmxnZW4uQzMifQ%3D%3D&#038;_nc_ohc=_EFSZkHzUasQ7kNvwH1dUY1&#038;_nc_oc=AdrKY6SFWH9aiJZ7s8ezClzadXUtNR0uFENcn-HyWNDAVMN6CzoAFY_17_oCwpKxPiNw7LNsU1DM6SrtPv2CkoA5&#038;_nc_zt=23&#038;_nc_ht=scontent-fra3-2.cdninstagram.com&#038;edm=ANo9K5cEAAAA&#038;_nc_gid=pVwaELq2E_W4rwzJShcs8g&#038;_nc_tpa=Q5bMBQFc1Zmba8fFfBWNW0etTKYMTIMuAvgtkLse0Cno8xRw35dA-rXGzIRxk3Kxz6g0_EoVIF5JuThr8w&#038;oh=00_Af7TEpqpFCInK1kZ1Pp5-nbVqNKa8Dm0z7NXpPKSCyX8FQ&#038;oe=69FC5085\"\n\t\t\tdata-img-src-set=\"{&quot;d&quot;:&quot;https:\\\/\\\/scontent-fra3-2.cdninstagram.com\\\/v\\\/t51.82787-15\\\/662503956_17998629428923174_441402626707567578_n.jpg?stp=dst-jpg_e35_tt6&amp;_nc_cat=111&amp;ccb=7-5&amp;_nc_sid=18de74&amp;efg=eyJlZmdfdGFnIjoiQ0xJUFMuYmVzdF9pbWFnZV91cmxnZW4uQzMifQ%3D%3D&amp;_nc_ohc=_EFSZkHzUasQ7kNvwH1dUY1&amp;_nc_oc=AdrKY6SFWH9aiJZ7s8ezClzadXUtNR0uFENcn-HyWNDAVMN6CzoAFY_17_oCwpKxPiNw7LNsU1DM6SrtPv2CkoA5&amp;_nc_zt=23&amp;_nc_ht=scontent-fra3-2.cdninstagram.com&amp;edm=ANo9K5cEAAAA&amp;_nc_gid=pVwaELq2E_W4rwzJShcs8g&amp;_nc_tpa=Q5bMBQFc1Zmba8fFfBWNW0etTKYMTIMuAvgtkLse0Cno8xRw35dA-rXGzIRxk3Kxz6g0_EoVIF5JuThr8w&amp;oh=00_Af7TEpqpFCInK1kZ1Pp5-nbVqNKa8Dm0z7NXpPKSCyX8FQ&amp;oe=69FC5085&quot;,&quot;150&quot;:&quot;https:\\\/\\\/scontent-fra3-2.cdninstagram.com\\\/v\\\/t51.82787-15\\\/662503956_17998629428923174_441402626707567578_n.jpg?stp=dst-jpg_e35_tt6&amp;_nc_cat=111&amp;ccb=7-5&amp;_nc_sid=18de74&amp;efg=eyJlZmdfdGFnIjoiQ0xJUFMuYmVzdF9pbWFnZV91cmxnZW4uQzMifQ%3D%3D&amp;_nc_ohc=_EFSZkHzUasQ7kNvwH1dUY1&amp;_nc_oc=AdrKY6SFWH9aiJZ7s8ezClzadXUtNR0uFENcn-HyWNDAVMN6CzoAFY_17_oCwpKxPiNw7LNsU1DM6SrtPv2CkoA5&amp;_nc_zt=23&amp;_nc_ht=scontent-fra3-2.cdninstagram.com&amp;edm=ANo9K5cEAAAA&amp;_nc_gid=pVwaELq2E_W4rwzJShcs8g&amp;_nc_tpa=Q5bMBQFc1Zmba8fFfBWNW0etTKYMTIMuAvgtkLse0Cno8xRw35dA-rXGzIRxk3Kxz6g0_EoVIF5JuThr8w&amp;oh=00_Af7TEpqpFCInK1kZ1Pp5-nbVqNKa8Dm0z7NXpPKSCyX8FQ&amp;oe=69FC5085&quot;,&quot;320&quot;:&quot;https:\\\/\\\/scontent-fra3-2.cdninstagram.com\\\/v\\\/t51.82787-15\\\/662503956_17998629428923174_441402626707567578_n.jpg?stp=dst-jpg_e35_tt6&amp;_nc_cat=111&amp;ccb=7-5&amp;_nc_sid=18de74&amp;efg=eyJlZmdfdGFnIjoiQ0xJUFMuYmVzdF9pbWFnZV91cmxnZW4uQzMifQ%3D%3D&amp;_nc_ohc=_EFSZkHzUasQ7kNvwH1dUY1&amp;_nc_oc=AdrKY6SFWH9aiJZ7s8ezClzadXUtNR0uFENcn-HyWNDAVMN6CzoAFY_17_oCwpKxPiNw7LNsU1DM6SrtPv2CkoA5&amp;_nc_zt=23&amp;_nc_ht=scontent-fra3-2.cdninstagram.com&amp;edm=ANo9K5cEAAAA&amp;_nc_gid=pVwaELq2E_W4rwzJShcs8g&amp;_nc_tpa=Q5bMBQFc1Zmba8fFfBWNW0etTKYMTIMuAvgtkLse0Cno8xRw35dA-rXGzIRxk3Kxz6g0_EoVIF5JuThr8w&amp;oh=00_Af7TEpqpFCInK1kZ1Pp5-nbVqNKa8Dm0z7NXpPKSCyX8FQ&amp;oe=69FC5085&quot;,&quot;640&quot;:&quot;https:\\\/\\\/scontent-fra3-2.cdninstagram.com\\\/v\\\/t51.82787-15\\\/662503956_17998629428923174_441402626707567578_n.jpg?stp=dst-jpg_e35_tt6&amp;_nc_cat=111&amp;ccb=7-5&amp;_nc_sid=18de74&amp;efg=eyJlZmdfdGFnIjoiQ0xJUFMuYmVzdF9pbWFnZV91cmxnZW4uQzMifQ%3D%3D&amp;_nc_ohc=_EFSZkHzUasQ7kNvwH1dUY1&amp;_nc_oc=AdrKY6SFWH9aiJZ7s8ezClzadXUtNR0uFENcn-HyWNDAVMN6CzoAFY_17_oCwpKxPiNw7LNsU1DM6SrtPv2CkoA5&amp;_nc_zt=23&amp;_nc_ht=scontent-fra3-2.cdninstagram.com&amp;edm=ANo9K5cEAAAA&amp;_nc_gid=pVwaELq2E_W4rwzJShcs8g&amp;_nc_tpa=Q5bMBQFc1Zmba8fFfBWNW0etTKYMTIMuAvgtkLse0Cno8xRw35dA-rXGzIRxk3Kxz6g0_EoVIF5JuThr8w&amp;oh=00_Af7TEpqpFCInK1kZ1Pp5-nbVqNKa8Dm0z7NXpPKSCyX8FQ&amp;oe=69FC5085&quot;}\">\n\t\t\t<span class=\"sbi-screenreader\">World Art Day \u2013 Kunst verbindet. Besonders Kinde<\/span>\n\t\t\t\t\t\t<svg style=\"color: rgba(255,255,255,1)\" class=\"svg-inline--fa fa-play fa-w-14 sbi_playbtn\" aria-label=\"Play\" aria-hidden=\"true\" data-fa-processed=\"\" data-prefix=\"fa\" data-icon=\"play\" role=\"presentation\" xmlns=\"http:\/\/www.w3.org\/2000\/svg\" viewBox=\"0 0 448 512\"><path fill=\"currentColor\" d=\"M424.4 214.7L72.4 6.6C43.8-10.3 0 6.1 0 47.9V464c0 37.5 40.7 60.1 72.4 41.3l352-208c31.4-18.5 31.5-64.1 0-82.6z\"><\/path><\/svg>\t\t\t<img decoding=\"async\" src=\"https:\/\/www.barbos-stiftung.de\/cms\/wp-content\/plugins\/instagram-feed\/img\/placeholder.png\" alt=\"World Art Day \u2013 Kunst verbindet. Besonders Kinder. \ud83e\uddd2\ud83c\udfa8\n\nWas bedeutet Kunst eigentlich f\u00fcr Kinder?\nDiese Frage haben sich auch Mai und Verena gestellt und haben das @haus_der_kunst besucht.\n\nDort zeigt die Ausstellung \u201eF\u00fcr Kinder. Kunstgeschichten seit 1968\u201c, wie Kunst nicht nur betrachtet, sondern erlebt, mitgestaltet und gef\u00fchlt werden kann. Kinder werden hier nicht nur als Zuschauer gesehen, sondern als aktive Teilnehmende.\n\n\u2764\ufe0f Und genau das ber\u00fchrt auch unsere Arbeit bei der Barbos-Stiftung.\n\nDenn:\nKunst kann R\u00e4ume \u00f6ffnen.\nKunst kann Ausdruck geben, wo Worte fehlen.\nKunst kann Kindern zeigen: Du darfst gestalten. Du darfst gesehen werden.\n\nUnsere Eindr\u00fccke aus dem Besuch zeigen genau das \u2013 kleine Momente voller Neugier, Kreativit\u00e4t und Selbstvertrauen.\n\n\ud83d\udc49 Gerade f\u00fcr Kinder in schwierigen Lebenssituationen kann Kunst ein Schl\u00fcssel sein:\nzu sich selbst, zu anderen \u2013 und zu neuen Perspektiven.\n\n\ud83d\udc49 Deshalb setzen wir uns daf\u00fcr ein, dass Kinder solche Erfahrungen machen d\u00fcrfen.\n\n\ud83d\udca1 Die Ausstellung \u201eF\u00fcr Kinder. Kunstgeschichten seit 1968\u201c wird aufgrund des gro\u00dfartigen Feedbacks noch bis 31.05.26 zu erleben sein.\n\n#WorldArtDay #BarbosStiftung #KunstF\u00fcrKinder #Kreativit\u00e4t\" aria-hidden=\"true\">\n\t\t<\/a>\n\t<\/div>\n<\/div><div class=\"sbi_item sbi_type_carousel sbi_new sbi_transition\"\n\tid=\"sbi_17905269441393051\" data-date=\"1775626202\">\n\t<div class=\"sbi_photo_wrap\">\n\t\t<a class=\"sbi_photo\" href=\"https:\/\/www.instagram.com\/p\/DW2-h1DCrp7\/\" target=\"_blank\" rel=\"noopener nofollow\"\n\t\t\tdata-full-res=\"https:\/\/scontent-fra3-1.cdninstagram.com\/v\/t51.82787-15\/655950772_17997672029923174_2146539677465080105_n.jpg?stp=dst-jpg_e35_tt6&#038;_nc_cat=101&#038;ccb=7-5&#038;_nc_sid=18de74&#038;efg=eyJlZmdfdGFnIjoiQ0FST1VTRUxfSVRFTS5iZXN0X2ltYWdlX3VybGdlbi5DMyJ9&#038;_nc_ohc=0BHYqyqT5FIQ7kNvwEN6Eez&#038;_nc_oc=Adq9Y9beop_KufGRPkttHPd15wq_Q0T5TLL2GBBV9Cax7kqapNSWif0xogA_ZbCFqhurEvPdnjbChBSGnCfVbqhO&#038;_nc_zt=23&#038;_nc_ht=scontent-fra3-1.cdninstagram.com&#038;edm=ANo9K5cEAAAA&#038;_nc_gid=pVwaELq2E_W4rwzJShcs8g&#038;_nc_tpa=Q5bMBQEXG2U7rBhK6GDmSWw0TO7JEDJJJWSVJJJmSBlGi2IaSXTYNdZvGf-bf1hZbq4JnnMVm3Wnf8afrg&#038;oh=00_Af4LI2C33xukX5RzOg_ftbGkXMcRxmfQF3hueNN7S-2Q9w&#038;oe=69FC702D\"\n\t\t\tdata-img-src-set=\"{&quot;d&quot;:&quot;https:\\\/\\\/scontent-fra3-1.cdninstagram.com\\\/v\\\/t51.82787-15\\\/655950772_17997672029923174_2146539677465080105_n.jpg?stp=dst-jpg_e35_tt6&amp;_nc_cat=101&amp;ccb=7-5&amp;_nc_sid=18de74&amp;efg=eyJlZmdfdGFnIjoiQ0FST1VTRUxfSVRFTS5iZXN0X2ltYWdlX3VybGdlbi5DMyJ9&amp;_nc_ohc=0BHYqyqT5FIQ7kNvwEN6Eez&amp;_nc_oc=Adq9Y9beop_KufGRPkttHPd15wq_Q0T5TLL2GBBV9Cax7kqapNSWif0xogA_ZbCFqhurEvPdnjbChBSGnCfVbqhO&amp;_nc_zt=23&amp;_nc_ht=scontent-fra3-1.cdninstagram.com&amp;edm=ANo9K5cEAAAA&amp;_nc_gid=pVwaELq2E_W4rwzJShcs8g&amp;_nc_tpa=Q5bMBQEXG2U7rBhK6GDmSWw0TO7JEDJJJWSVJJJmSBlGi2IaSXTYNdZvGf-bf1hZbq4JnnMVm3Wnf8afrg&amp;oh=00_Af4LI2C33xukX5RzOg_ftbGkXMcRxmfQF3hueNN7S-2Q9w&amp;oe=69FC702D&quot;,&quot;150&quot;:&quot;https:\\\/\\\/scontent-fra3-1.cdninstagram.com\\\/v\\\/t51.82787-15\\\/655950772_17997672029923174_2146539677465080105_n.jpg?stp=dst-jpg_e35_tt6&amp;_nc_cat=101&amp;ccb=7-5&amp;_nc_sid=18de74&amp;efg=eyJlZmdfdGFnIjoiQ0FST1VTRUxfSVRFTS5iZXN0X2ltYWdlX3VybGdlbi5DMyJ9&amp;_nc_ohc=0BHYqyqT5FIQ7kNvwEN6Eez&amp;_nc_oc=Adq9Y9beop_KufGRPkttHPd15wq_Q0T5TLL2GBBV9Cax7kqapNSWif0xogA_ZbCFqhurEvPdnjbChBSGnCfVbqhO&amp;_nc_zt=23&amp;_nc_ht=scontent-fra3-1.cdninstagram.com&amp;edm=ANo9K5cEAAAA&amp;_nc_gid=pVwaELq2E_W4rwzJShcs8g&amp;_nc_tpa=Q5bMBQEXG2U7rBhK6GDmSWw0TO7JEDJJJWSVJJJmSBlGi2IaSXTYNdZvGf-bf1hZbq4JnnMVm3Wnf8afrg&amp;oh=00_Af4LI2C33xukX5RzOg_ftbGkXMcRxmfQF3hueNN7S-2Q9w&amp;oe=69FC702D&quot;,&quot;320&quot;:&quot;https:\\\/\\\/scontent-fra3-1.cdninstagram.com\\\/v\\\/t51.82787-15\\\/655950772_17997672029923174_2146539677465080105_n.jpg?stp=dst-jpg_e35_tt6&amp;_nc_cat=101&amp;ccb=7-5&amp;_nc_sid=18de74&amp;efg=eyJlZmdfdGFnIjoiQ0FST1VTRUxfSVRFTS5iZXN0X2ltYWdlX3VybGdlbi5DMyJ9&amp;_nc_ohc=0BHYqyqT5FIQ7kNvwEN6Eez&amp;_nc_oc=Adq9Y9beop_KufGRPkttHPd15wq_Q0T5TLL2GBBV9Cax7kqapNSWif0xogA_ZbCFqhurEvPdnjbChBSGnCfVbqhO&amp;_nc_zt=23&amp;_nc_ht=scontent-fra3-1.cdninstagram.com&amp;edm=ANo9K5cEAAAA&amp;_nc_gid=pVwaELq2E_W4rwzJShcs8g&amp;_nc_tpa=Q5bMBQEXG2U7rBhK6GDmSWw0TO7JEDJJJWSVJJJmSBlGi2IaSXTYNdZvGf-bf1hZbq4JnnMVm3Wnf8afrg&amp;oh=00_Af4LI2C33xukX5RzOg_ftbGkXMcRxmfQF3hueNN7S-2Q9w&amp;oe=69FC702D&quot;,&quot;640&quot;:&quot;https:\\\/\\\/scontent-fra3-1.cdninstagram.com\\\/v\\\/t51.82787-15\\\/655950772_17997672029923174_2146539677465080105_n.jpg?stp=dst-jpg_e35_tt6&amp;_nc_cat=101&amp;ccb=7-5&amp;_nc_sid=18de74&amp;efg=eyJlZmdfdGFnIjoiQ0FST1VTRUxfSVRFTS5iZXN0X2ltYWdlX3VybGdlbi5DMyJ9&amp;_nc_ohc=0BHYqyqT5FIQ7kNvwEN6Eez&amp;_nc_oc=Adq9Y9beop_KufGRPkttHPd15wq_Q0T5TLL2GBBV9Cax7kqapNSWif0xogA_ZbCFqhurEvPdnjbChBSGnCfVbqhO&amp;_nc_zt=23&amp;_nc_ht=scontent-fra3-1.cdninstagram.com&amp;edm=ANo9K5cEAAAA&amp;_nc_gid=pVwaELq2E_W4rwzJShcs8g&amp;_nc_tpa=Q5bMBQEXG2U7rBhK6GDmSWw0TO7JEDJJJWSVJJJmSBlGi2IaSXTYNdZvGf-bf1hZbq4JnnMVm3Wnf8afrg&amp;oh=00_Af4LI2C33xukX5RzOg_ftbGkXMcRxmfQF3hueNN7S-2Q9w&amp;oe=69FC702D&quot;}\">\n\t\t\t<span class=\"sbi-screenreader\">Tu doppelt Gutes: Barbos ist bunt! \ud83c\udfa8\n\nWir haben<\/span>\n\t\t\t<svg class=\"svg-inline--fa fa-clone fa-w-16 sbi_lightbox_carousel_icon\" aria-hidden=\"true\" aria-label=\"Clone\" data-fa-pro\u0192cessed=\"\" data-prefix=\"far\" data-icon=\"clone\" role=\"img\" xmlns=\"http:\/\/www.w3.org\/2000\/svg\" viewBox=\"0 0 512 512\">\n                    <path fill=\"currentColor\" d=\"M464 0H144c-26.51 0-48 21.49-48 48v48H48c-26.51 0-48 21.49-48 48v320c0 26.51 21.49 48 48 48h320c26.51 0 48-21.49 48-48v-48h48c26.51 0 48-21.49 48-48V48c0-26.51-21.49-48-48-48zM362 464H54a6 6 0 0 1-6-6V150a6 6 0 0 1 6-6h42v224c0 26.51 21.49 48 48 48h224v42a6 6 0 0 1-6 6zm96-96H150a6 6 0 0 1-6-6V54a6 6 0 0 1 6-6h308a6 6 0 0 1 6 6v308a6 6 0 0 1-6 6z\"><\/path>\n                <\/svg>\t\t\t\t\t\t<img decoding=\"async\" src=\"https:\/\/www.barbos-stiftung.de\/cms\/wp-content\/plugins\/instagram-feed\/img\/placeholder.png\" alt=\"Tu doppelt Gutes: Barbos ist bunt! \ud83c\udfa8\n\nWir haben wundervolle Neuigkeiten f\u00fcr dich: Vom 08.\nApril bis 10. April findet eine gro\u00dfe Verdopplungsaktion\n\u00fcber das Spendenportal WirWunder der Sparkassen\nstatt \u2013 und wir sind mit unserem Projekt \u201cBarbos ist\nbunt\u201d dabei! \ud83c\udf08\n\nWarum deine Hilfe jetzt doppelt z\u00e4hlt:\n\ud83d\udc49 Kinder sollten unbeschwert und neugierig die Welt\nentdecken k\u00f6nnen. Doch f\u00fcr gefl\u00fcchtete Kinder aus\nKrisengebieten sieht die Realit\u00e4t oft anders aus:\n\ud83d\udc49Trauma, Entwurzelung und Haltlosigkeit pr\u00e4gen\nihren Alltag.\n\nMit unserem Projekt \u201eBarbos ist bunt\u201c schenken wir\ndiesen Kindern in M\u00fcnchen und Umgebung einen\nsicheren Hafen. Durch kreativ- und kunsttherapeutische\nAngebote (wie Malen oder Gestalten mit Ton) helfen\nwir ihnen:\n\ud83d\udc49 belastende Erfahrungen zu verarbeiten,\n\ud83d\udc49 eigene St\u00e4rken und ihre Selbstwirksamkeit\nwiederzufinden,\n\ud83d\udc49 im neuen Alltag anzukommen und echte\nGemeinschaft zu erleben.\n\nSo einfach kannst du uns unterst\u00fctzen:\nJede Spende, die du bis zum 10. April \u00fcber WirWunder\nt\u00e4tigst, wird von der Sparkasse verdoppelt! \ud83d\ude80\n\n\u26a0\ufe0fAber Achtung: Schnell sein lohnt sich, da das\nAktions-Budget begrenzt ist und die Verdopplung nur so\nlange l\u00e4uft, bis der Topf leer ist.\n\n\ud83d\udc49 Den Link zur Verdopplungsaktion findest du direkt in der Bio oder im Highlight unter \u201eWirWunder\u201c! \n\nWas bewirkt deine Spende?\n\ud83d\udc49 Dein Beitrag flie\u00dft direkt in die Ausstattung unserer\nMalwerkst\u00e4tten (Farben, Pinsel, Ton) und in die\nHonorare unserer kunsttherapeutischen Fachkr\u00e4fte, die\ndie Kinder regelm\u00e4\u00dfig begleiten.\n\n\ud83d\udce2 Unterst\u00fctze uns durch Teilen!\nDu m\u00f6chtest uns noch mehr helfen? Dann werde zum\nBotschafter:\n\ud83d\udc49 Teile diesen Beitrag in deiner Story!\n\ud83d\udc49 Verlinke Freunde in den Kommentaren!\n\ud83d\udc49 Reposte den Beitrag in deinem Feed!\n\nTausend Dank f\u00fcr deine Unterst\u00fctzung! \u2764\ufe0f\" aria-hidden=\"true\">\n\t\t<\/a>\n\t<\/div>\n<\/div><div class=\"sbi_item sbi_type_carousel sbi_new sbi_transition\"\n\tid=\"sbi_18106830724684578\" data-date=\"1775391725\">\n\t<div class=\"sbi_photo_wrap\">\n\t\t<a class=\"sbi_photo\" href=\"https:\/\/www.instagram.com\/p\/DWv_N9titaP\/\" target=\"_blank\" rel=\"noopener nofollow\"\n\t\t\tdata-full-res=\"https:\/\/scontent-fra3-2.cdninstagram.com\/v\/t51.82787-15\/659926754_17997407528923174_338161966867842079_n.jpg?stp=dst-jpg_e35_tt6&#038;_nc_cat=104&#038;ccb=7-5&#038;_nc_sid=18de74&#038;efg=eyJlZmdfdGFnIjoiQ0FST1VTRUxfSVRFTS5iZXN0X2ltYWdlX3VybGdlbi5DMyJ9&#038;_nc_ohc=7ABnsiPDRzYQ7kNvwHTtOEU&#038;_nc_oc=AdoxV_QrG7W6COeOBn1wo211Q8Yi2VtQu6WEswCKd5V7oDeIg_jfKU4kMhJ_sIclr5lL6x11Hb4hs7q6soVljM6S&#038;_nc_zt=23&#038;_nc_ht=scontent-fra3-2.cdninstagram.com&#038;edm=ANo9K5cEAAAA&#038;_nc_gid=pVwaELq2E_W4rwzJShcs8g&#038;_nc_tpa=Q5bMBQE2-NBYLliuzg69ftEWqGXIlydP5iDQzMcOgdDsCXAcM_Cz_mZQ-_AqcDYipNinSnpyhoScacfPoA&#038;oh=00_Af42PCB6OXFB3bVeOf6GzbIHquALn9tFnHUOWzPpEO09sA&#038;oe=69FC64F3\"\n\t\t\tdata-img-src-set=\"{&quot;d&quot;:&quot;https:\\\/\\\/scontent-fra3-2.cdninstagram.com\\\/v\\\/t51.82787-15\\\/659926754_17997407528923174_338161966867842079_n.jpg?stp=dst-jpg_e35_tt6&amp;_nc_cat=104&amp;ccb=7-5&amp;_nc_sid=18de74&amp;efg=eyJlZmdfdGFnIjoiQ0FST1VTRUxfSVRFTS5iZXN0X2ltYWdlX3VybGdlbi5DMyJ9&amp;_nc_ohc=7ABnsiPDRzYQ7kNvwHTtOEU&amp;_nc_oc=AdoxV_QrG7W6COeOBn1wo211Q8Yi2VtQu6WEswCKd5V7oDeIg_jfKU4kMhJ_sIclr5lL6x11Hb4hs7q6soVljM6S&amp;_nc_zt=23&amp;_nc_ht=scontent-fra3-2.cdninstagram.com&amp;edm=ANo9K5cEAAAA&amp;_nc_gid=pVwaELq2E_W4rwzJShcs8g&amp;_nc_tpa=Q5bMBQE2-NBYLliuzg69ftEWqGXIlydP5iDQzMcOgdDsCXAcM_Cz_mZQ-_AqcDYipNinSnpyhoScacfPoA&amp;oh=00_Af42PCB6OXFB3bVeOf6GzbIHquALn9tFnHUOWzPpEO09sA&amp;oe=69FC64F3&quot;,&quot;150&quot;:&quot;https:\\\/\\\/scontent-fra3-2.cdninstagram.com\\\/v\\\/t51.82787-15\\\/659926754_17997407528923174_338161966867842079_n.jpg?stp=dst-jpg_e35_tt6&amp;_nc_cat=104&amp;ccb=7-5&amp;_nc_sid=18de74&amp;efg=eyJlZmdfdGFnIjoiQ0FST1VTRUxfSVRFTS5iZXN0X2ltYWdlX3VybGdlbi5DMyJ9&amp;_nc_ohc=7ABnsiPDRzYQ7kNvwHTtOEU&amp;_nc_oc=AdoxV_QrG7W6COeOBn1wo211Q8Yi2VtQu6WEswCKd5V7oDeIg_jfKU4kMhJ_sIclr5lL6x11Hb4hs7q6soVljM6S&amp;_nc_zt=23&amp;_nc_ht=scontent-fra3-2.cdninstagram.com&amp;edm=ANo9K5cEAAAA&amp;_nc_gid=pVwaELq2E_W4rwzJShcs8g&amp;_nc_tpa=Q5bMBQE2-NBYLliuzg69ftEWqGXIlydP5iDQzMcOgdDsCXAcM_Cz_mZQ-_AqcDYipNinSnpyhoScacfPoA&amp;oh=00_Af42PCB6OXFB3bVeOf6GzbIHquALn9tFnHUOWzPpEO09sA&amp;oe=69FC64F3&quot;,&quot;320&quot;:&quot;https:\\\/\\\/scontent-fra3-2.cdninstagram.com\\\/v\\\/t51.82787-15\\\/659926754_17997407528923174_338161966867842079_n.jpg?stp=dst-jpg_e35_tt6&amp;_nc_cat=104&amp;ccb=7-5&amp;_nc_sid=18de74&amp;efg=eyJlZmdfdGFnIjoiQ0FST1VTRUxfSVRFTS5iZXN0X2ltYWdlX3VybGdlbi5DMyJ9&amp;_nc_ohc=7ABnsiPDRzYQ7kNvwHTtOEU&amp;_nc_oc=AdoxV_QrG7W6COeOBn1wo211Q8Yi2VtQu6WEswCKd5V7oDeIg_jfKU4kMhJ_sIclr5lL6x11Hb4hs7q6soVljM6S&amp;_nc_zt=23&amp;_nc_ht=scontent-fra3-2.cdninstagram.com&amp;edm=ANo9K5cEAAAA&amp;_nc_gid=pVwaELq2E_W4rwzJShcs8g&amp;_nc_tpa=Q5bMBQE2-NBYLliuzg69ftEWqGXIlydP5iDQzMcOgdDsCXAcM_Cz_mZQ-_AqcDYipNinSnpyhoScacfPoA&amp;oh=00_Af42PCB6OXFB3bVeOf6GzbIHquALn9tFnHUOWzPpEO09sA&amp;oe=69FC64F3&quot;,&quot;640&quot;:&quot;https:\\\/\\\/scontent-fra3-2.cdninstagram.com\\\/v\\\/t51.82787-15\\\/659926754_17997407528923174_338161966867842079_n.jpg?stp=dst-jpg_e35_tt6&amp;_nc_cat=104&amp;ccb=7-5&amp;_nc_sid=18de74&amp;efg=eyJlZmdfdGFnIjoiQ0FST1VTRUxfSVRFTS5iZXN0X2ltYWdlX3VybGdlbi5DMyJ9&amp;_nc_ohc=7ABnsiPDRzYQ7kNvwHTtOEU&amp;_nc_oc=AdoxV_QrG7W6COeOBn1wo211Q8Yi2VtQu6WEswCKd5V7oDeIg_jfKU4kMhJ_sIclr5lL6x11Hb4hs7q6soVljM6S&amp;_nc_zt=23&amp;_nc_ht=scontent-fra3-2.cdninstagram.com&amp;edm=ANo9K5cEAAAA&amp;_nc_gid=pVwaELq2E_W4rwzJShcs8g&amp;_nc_tpa=Q5bMBQE2-NBYLliuzg69ftEWqGXIlydP5iDQzMcOgdDsCXAcM_Cz_mZQ-_AqcDYipNinSnpyhoScacfPoA&amp;oh=00_Af42PCB6OXFB3bVeOf6GzbIHquALn9tFnHUOWzPpEO09sA&amp;oe=69FC64F3&quot;}\">\n\t\t\t<span class=\"sbi-screenreader\">Frohe Ostern. \ud83d\udc23 \n\nWir w\u00fcnschen dir und deinen <\/span>\n\t\t\t<svg class=\"svg-inline--fa fa-clone fa-w-16 sbi_lightbox_carousel_icon\" aria-hidden=\"true\" aria-label=\"Clone\" data-fa-pro\u0192cessed=\"\" data-prefix=\"far\" data-icon=\"clone\" role=\"img\" xmlns=\"http:\/\/www.w3.org\/2000\/svg\" viewBox=\"0 0 512 512\">\n                    <path fill=\"currentColor\" d=\"M464 0H144c-26.51 0-48 21.49-48 48v48H48c-26.51 0-48 21.49-48 48v320c0 26.51 21.49 48 48 48h320c26.51 0 48-21.49 48-48v-48h48c26.51 0 48-21.49 48-48V48c0-26.51-21.49-48-48-48zM362 464H54a6 6 0 0 1-6-6V150a6 6 0 0 1 6-6h42v224c0 26.51 21.49 48 48 48h224v42a6 6 0 0 1-6 6zm96-96H150a6 6 0 0 1-6-6V54a6 6 0 0 1 6-6h308a6 6 0 0 1 6 6v308a6 6 0 0 1-6 6z\"><\/path>\n                <\/svg>\t\t\t\t\t\t<img decoding=\"async\" src=\"https:\/\/www.barbos-stiftung.de\/cms\/wp-content\/plugins\/instagram-feed\/img\/placeholder.png\" alt=\"Frohe Ostern. \ud83d\udc23 \n\nWir w\u00fcnschen dir und deinen Lieben ein Ostern voller Hoffnung und Neubeginn. \ud83c\udf37\n\n\ud83d\udc49 Lese die vollst\u00e4ndige Oster-Geschichte im Post!\n\n\ud83d\udc49 Wenn du unsere Arbeit unterst\u00fctzen m\u00f6chtest, findest du weitere Infos und den Spendenlink in unserer Bio. Danke! \u2665\ufe0f\" aria-hidden=\"true\">\n\t\t<\/a>\n\t<\/div>\n<\/div><div class=\"sbi_item sbi_type_carousel sbi_new sbi_transition\"\n\tid=\"sbi_17876564991559931\" data-date=\"1775150595\">\n\t<div class=\"sbi_photo_wrap\">\n\t\t<a class=\"sbi_photo\" href=\"https:\/\/www.instagram.com\/p\/DWozTK4ClpO\/\" target=\"_blank\" rel=\"noopener nofollow\"\n\t\t\tdata-full-res=\"https:\/\/scontent-fra5-2.cdninstagram.com\/v\/t51.82787-15\/657189827_17997084356923174_1586191241494609620_n.jpg?stp=dst-jpg_e35_tt6&#038;_nc_cat=107&#038;ccb=7-5&#038;_nc_sid=18de74&#038;efg=eyJlZmdfdGFnIjoiQ0FST1VTRUxfSVRFTS5iZXN0X2ltYWdlX3VybGdlbi5DMyJ9&#038;_nc_ohc=fLftV9NnMHMQ7kNvwHBWABC&#038;_nc_oc=AdqRbVIHW389mwZXsCfc8ogB4vK1Tv-kxIlzFZ_8gxkiNDRA77g6Wy2grN7SPNTkOT3lzd9209x7RSwlgL_5p7ZA&#038;_nc_zt=23&#038;_nc_ht=scontent-fra5-2.cdninstagram.com&#038;edm=ANo9K5cEAAAA&#038;_nc_gid=pVwaELq2E_W4rwzJShcs8g&#038;_nc_tpa=Q5bMBQGI_cquMdAngWA_Q7xC_AvTjxDL5uJUj1uP5Rd7inRry90mbv0M_u72RgKjhgzE46Kzzg3mJWLVDA&#038;oh=00_Af7O8ZS6lKJ7kUuak3j7ACYNqyGIWSz9i2R8pks6SSUB1w&#038;oe=69FC5514\"\n\t\t\tdata-img-src-set=\"{&quot;d&quot;:&quot;https:\\\/\\\/scontent-fra5-2.cdninstagram.com\\\/v\\\/t51.82787-15\\\/657189827_17997084356923174_1586191241494609620_n.jpg?stp=dst-jpg_e35_tt6&amp;_nc_cat=107&amp;ccb=7-5&amp;_nc_sid=18de74&amp;efg=eyJlZmdfdGFnIjoiQ0FST1VTRUxfSVRFTS5iZXN0X2ltYWdlX3VybGdlbi5DMyJ9&amp;_nc_ohc=fLftV9NnMHMQ7kNvwHBWABC&amp;_nc_oc=AdqRbVIHW389mwZXsCfc8ogB4vK1Tv-kxIlzFZ_8gxkiNDRA77g6Wy2grN7SPNTkOT3lzd9209x7RSwlgL_5p7ZA&amp;_nc_zt=23&amp;_nc_ht=scontent-fra5-2.cdninstagram.com&amp;edm=ANo9K5cEAAAA&amp;_nc_gid=pVwaELq2E_W4rwzJShcs8g&amp;_nc_tpa=Q5bMBQGI_cquMdAngWA_Q7xC_AvTjxDL5uJUj1uP5Rd7inRry90mbv0M_u72RgKjhgzE46Kzzg3mJWLVDA&amp;oh=00_Af7O8ZS6lKJ7kUuak3j7ACYNqyGIWSz9i2R8pks6SSUB1w&amp;oe=69FC5514&quot;,&quot;150&quot;:&quot;https:\\\/\\\/scontent-fra5-2.cdninstagram.com\\\/v\\\/t51.82787-15\\\/657189827_17997084356923174_1586191241494609620_n.jpg?stp=dst-jpg_e35_tt6&amp;_nc_cat=107&amp;ccb=7-5&amp;_nc_sid=18de74&amp;efg=eyJlZmdfdGFnIjoiQ0FST1VTRUxfSVRFTS5iZXN0X2ltYWdlX3VybGdlbi5DMyJ9&amp;_nc_ohc=fLftV9NnMHMQ7kNvwHBWABC&amp;_nc_oc=AdqRbVIHW389mwZXsCfc8ogB4vK1Tv-kxIlzFZ_8gxkiNDRA77g6Wy2grN7SPNTkOT3lzd9209x7RSwlgL_5p7ZA&amp;_nc_zt=23&amp;_nc_ht=scontent-fra5-2.cdninstagram.com&amp;edm=ANo9K5cEAAAA&amp;_nc_gid=pVwaELq2E_W4rwzJShcs8g&amp;_nc_tpa=Q5bMBQGI_cquMdAngWA_Q7xC_AvTjxDL5uJUj1uP5Rd7inRry90mbv0M_u72RgKjhgzE46Kzzg3mJWLVDA&amp;oh=00_Af7O8ZS6lKJ7kUuak3j7ACYNqyGIWSz9i2R8pks6SSUB1w&amp;oe=69FC5514&quot;,&quot;320&quot;:&quot;https:\\\/\\\/scontent-fra5-2.cdninstagram.com\\\/v\\\/t51.82787-15\\\/657189827_17997084356923174_1586191241494609620_n.jpg?stp=dst-jpg_e35_tt6&amp;_nc_cat=107&amp;ccb=7-5&amp;_nc_sid=18de74&amp;efg=eyJlZmdfdGFnIjoiQ0FST1VTRUxfSVRFTS5iZXN0X2ltYWdlX3VybGdlbi5DMyJ9&amp;_nc_ohc=fLftV9NnMHMQ7kNvwHBWABC&amp;_nc_oc=AdqRbVIHW389mwZXsCfc8ogB4vK1Tv-kxIlzFZ_8gxkiNDRA77g6Wy2grN7SPNTkOT3lzd9209x7RSwlgL_5p7ZA&amp;_nc_zt=23&amp;_nc_ht=scontent-fra5-2.cdninstagram.com&amp;edm=ANo9K5cEAAAA&amp;_nc_gid=pVwaELq2E_W4rwzJShcs8g&amp;_nc_tpa=Q5bMBQGI_cquMdAngWA_Q7xC_AvTjxDL5uJUj1uP5Rd7inRry90mbv0M_u72RgKjhgzE46Kzzg3mJWLVDA&amp;oh=00_Af7O8ZS6lKJ7kUuak3j7ACYNqyGIWSz9i2R8pks6SSUB1w&amp;oe=69FC5514&quot;,&quot;640&quot;:&quot;https:\\\/\\\/scontent-fra5-2.cdninstagram.com\\\/v\\\/t51.82787-15\\\/657189827_17997084356923174_1586191241494609620_n.jpg?stp=dst-jpg_e35_tt6&amp;_nc_cat=107&amp;ccb=7-5&amp;_nc_sid=18de74&amp;efg=eyJlZmdfdGFnIjoiQ0FST1VTRUxfSVRFTS5iZXN0X2ltYWdlX3VybGdlbi5DMyJ9&amp;_nc_ohc=fLftV9NnMHMQ7kNvwHBWABC&amp;_nc_oc=AdqRbVIHW389mwZXsCfc8ogB4vK1Tv-kxIlzFZ_8gxkiNDRA77g6Wy2grN7SPNTkOT3lzd9209x7RSwlgL_5p7ZA&amp;_nc_zt=23&amp;_nc_ht=scontent-fra5-2.cdninstagram.com&amp;edm=ANo9K5cEAAAA&amp;_nc_gid=pVwaELq2E_W4rwzJShcs8g&amp;_nc_tpa=Q5bMBQGI_cquMdAngWA_Q7xC_AvTjxDL5uJUj1uP5Rd7inRry90mbv0M_u72RgKjhgzE46Kzzg3mJWLVDA&amp;oh=00_Af7O8ZS6lKJ7kUuak3j7ACYNqyGIWSz9i2R8pks6SSUB1w&amp;oe=69FC5514&quot;}\">\n\t\t\t<span class=\"sbi-screenreader\">Vom Schiffbruch zur Selbstversorgung: Didiers Reis<\/span>\n\t\t\t<svg class=\"svg-inline--fa fa-clone fa-w-16 sbi_lightbox_carousel_icon\" aria-hidden=\"true\" aria-label=\"Clone\" data-fa-pro\u0192cessed=\"\" data-prefix=\"far\" data-icon=\"clone\" role=\"img\" xmlns=\"http:\/\/www.w3.org\/2000\/svg\" viewBox=\"0 0 512 512\">\n                    <path fill=\"currentColor\" d=\"M464 0H144c-26.51 0-48 21.49-48 48v48H48c-26.51 0-48 21.49-48 48v320c0 26.51 21.49 48 48 48h320c26.51 0 48-21.49 48-48v-48h48c26.51 0 48-21.49 48-48V48c0-26.51-21.49-48-48-48zM362 464H54a6 6 0 0 1-6-6V150a6 6 0 0 1 6-6h42v224c0 26.51 21.49 48 48 48h224v42a6 6 0 0 1-6 6zm96-96H150a6 6 0 0 1-6-6V54a6 6 0 0 1 6-6h308a6 6 0 0 1 6 6v308a6 6 0 0 1-6 6z\"><\/path>\n                <\/svg>\t\t\t\t\t\t<img decoding=\"async\" src=\"https:\/\/www.barbos-stiftung.de\/cms\/wp-content\/plugins\/instagram-feed\/img\/placeholder.png\" alt=\"Vom Schiffbruch zur Selbstversorgung: Didiers Reise \ud83e\uddf1\n\nManche Kinder kommen nicht mit einem Fundament zur Welt, sondern mit Rissen.\n\nMit neun Jahren war Didier ein Junge, der in sich selbst gefangen war. Sch\u00fcchtern, ver\u00e4ngstigt und mit schweren Verhaltensauff\u00e4lligkeiten kam er zur AaT (Arbeit am Tonfeld\u00ae\ufe0f). Er war still, aber seine Verweigerung war laut. Didier wirkte verloren, wie ein Junge ohne Hafen, gezeichnet von den tiefen Spuren der Verwahrlosung und Deprivation.\n\nDoch im Tonfeld fand Didier eine Sprache, die keine Worte braucht. Er fand einen Ort, an dem er seine tiefsten Bed\u00fcrfnisse ausdr\u00fccken konnte.\n\nSwipe, um Didiers Transformation zu sehen: \ud83d\udc49\" aria-hidden=\"true\">\n\t\t<\/a>\n\t<\/div>\n<\/div><div class=\"sbi_item sbi_type_carousel sbi_new sbi_transition\"\n\tid=\"sbi_18106515934881657\" data-date=\"1774204406\">\n\t<div class=\"sbi_photo_wrap\">\n\t\t<a class=\"sbi_photo\" href=\"https:\/\/www.instagram.com\/p\/DWMmliFCnnl\/\" target=\"_blank\" rel=\"noopener nofollow\"\n\t\t\tdata-full-res=\"https:\/\/scontent-fra3-1.cdninstagram.com\/v\/t51.82787-15\/655498940_17995624085923174_7244506095864755050_n.jpg?stp=dst-jpg_e35_tt6&#038;_nc_cat=103&#038;ccb=7-5&#038;_nc_sid=18de74&#038;efg=eyJlZmdfdGFnIjoiQ0FST1VTRUxfSVRFTS5iZXN0X2ltYWdlX3VybGdlbi5DMyJ9&#038;_nc_ohc=D04wFTvsugEQ7kNvwHfb0Qm&#038;_nc_oc=AdqSzX-Mg-GLkdwBKO_p0aUA0nRUpSWiMXha9vju6WUxRbRwg6O8D5ct7OjqfDvZd5K-QZ0lft8rLQy8KiIq_lCi&#038;_nc_zt=23&#038;_nc_ht=scontent-fra3-1.cdninstagram.com&#038;edm=ANo9K5cEAAAA&#038;_nc_gid=pVwaELq2E_W4rwzJShcs8g&#038;_nc_tpa=Q5bMBQHUBM4aRmWc1TKqRrmfZ1LYh5tHJhZHt-eI6-gJGIbQuKRpPG50WhPWfmX7K3Nl0ug6SRhT54zFTQ&#038;oh=00_Af70XxD0xXB2XEeJMrza3de0HSA9AnhrGFchtLCaTz-xHA&#038;oe=69FC6580\"\n\t\t\tdata-img-src-set=\"{&quot;d&quot;:&quot;https:\\\/\\\/scontent-fra3-1.cdninstagram.com\\\/v\\\/t51.82787-15\\\/655498940_17995624085923174_7244506095864755050_n.jpg?stp=dst-jpg_e35_tt6&amp;_nc_cat=103&amp;ccb=7-5&amp;_nc_sid=18de74&amp;efg=eyJlZmdfdGFnIjoiQ0FST1VTRUxfSVRFTS5iZXN0X2ltYWdlX3VybGdlbi5DMyJ9&amp;_nc_ohc=D04wFTvsugEQ7kNvwHfb0Qm&amp;_nc_oc=AdqSzX-Mg-GLkdwBKO_p0aUA0nRUpSWiMXha9vju6WUxRbRwg6O8D5ct7OjqfDvZd5K-QZ0lft8rLQy8KiIq_lCi&amp;_nc_zt=23&amp;_nc_ht=scontent-fra3-1.cdninstagram.com&amp;edm=ANo9K5cEAAAA&amp;_nc_gid=pVwaELq2E_W4rwzJShcs8g&amp;_nc_tpa=Q5bMBQHUBM4aRmWc1TKqRrmfZ1LYh5tHJhZHt-eI6-gJGIbQuKRpPG50WhPWfmX7K3Nl0ug6SRhT54zFTQ&amp;oh=00_Af70XxD0xXB2XEeJMrza3de0HSA9AnhrGFchtLCaTz-xHA&amp;oe=69FC6580&quot;,&quot;150&quot;:&quot;https:\\\/\\\/scontent-fra3-1.cdninstagram.com\\\/v\\\/t51.82787-15\\\/655498940_17995624085923174_7244506095864755050_n.jpg?stp=dst-jpg_e35_tt6&amp;_nc_cat=103&amp;ccb=7-5&amp;_nc_sid=18de74&amp;efg=eyJlZmdfdGFnIjoiQ0FST1VTRUxfSVRFTS5iZXN0X2ltYWdlX3VybGdlbi5DMyJ9&amp;_nc_ohc=D04wFTvsugEQ7kNvwHfb0Qm&amp;_nc_oc=AdqSzX-Mg-GLkdwBKO_p0aUA0nRUpSWiMXha9vju6WUxRbRwg6O8D5ct7OjqfDvZd5K-QZ0lft8rLQy8KiIq_lCi&amp;_nc_zt=23&amp;_nc_ht=scontent-fra3-1.cdninstagram.com&amp;edm=ANo9K5cEAAAA&amp;_nc_gid=pVwaELq2E_W4rwzJShcs8g&amp;_nc_tpa=Q5bMBQHUBM4aRmWc1TKqRrmfZ1LYh5tHJhZHt-eI6-gJGIbQuKRpPG50WhPWfmX7K3Nl0ug6SRhT54zFTQ&amp;oh=00_Af70XxD0xXB2XEeJMrza3de0HSA9AnhrGFchtLCaTz-xHA&amp;oe=69FC6580&quot;,&quot;320&quot;:&quot;https:\\\/\\\/scontent-fra3-1.cdninstagram.com\\\/v\\\/t51.82787-15\\\/655498940_17995624085923174_7244506095864755050_n.jpg?stp=dst-jpg_e35_tt6&amp;_nc_cat=103&amp;ccb=7-5&amp;_nc_sid=18de74&amp;efg=eyJlZmdfdGFnIjoiQ0FST1VTRUxfSVRFTS5iZXN0X2ltYWdlX3VybGdlbi5DMyJ9&amp;_nc_ohc=D04wFTvsugEQ7kNvwHfb0Qm&amp;_nc_oc=AdqSzX-Mg-GLkdwBKO_p0aUA0nRUpSWiMXha9vju6WUxRbRwg6O8D5ct7OjqfDvZd5K-QZ0lft8rLQy8KiIq_lCi&amp;_nc_zt=23&amp;_nc_ht=scontent-fra3-1.cdninstagram.com&amp;edm=ANo9K5cEAAAA&amp;_nc_gid=pVwaELq2E_W4rwzJShcs8g&amp;_nc_tpa=Q5bMBQHUBM4aRmWc1TKqRrmfZ1LYh5tHJhZHt-eI6-gJGIbQuKRpPG50WhPWfmX7K3Nl0ug6SRhT54zFTQ&amp;oh=00_Af70XxD0xXB2XEeJMrza3de0HSA9AnhrGFchtLCaTz-xHA&amp;oe=69FC6580&quot;,&quot;640&quot;:&quot;https:\\\/\\\/scontent-fra3-1.cdninstagram.com\\\/v\\\/t51.82787-15\\\/655498940_17995624085923174_7244506095864755050_n.jpg?stp=dst-jpg_e35_tt6&amp;_nc_cat=103&amp;ccb=7-5&amp;_nc_sid=18de74&amp;efg=eyJlZmdfdGFnIjoiQ0FST1VTRUxfSVRFTS5iZXN0X2ltYWdlX3VybGdlbi5DMyJ9&amp;_nc_ohc=D04wFTvsugEQ7kNvwHfb0Qm&amp;_nc_oc=AdqSzX-Mg-GLkdwBKO_p0aUA0nRUpSWiMXha9vju6WUxRbRwg6O8D5ct7OjqfDvZd5K-QZ0lft8rLQy8KiIq_lCi&amp;_nc_zt=23&amp;_nc_ht=scontent-fra3-1.cdninstagram.com&amp;edm=ANo9K5cEAAAA&amp;_nc_gid=pVwaELq2E_W4rwzJShcs8g&amp;_nc_tpa=Q5bMBQHUBM4aRmWc1TKqRrmfZ1LYh5tHJhZHt-eI6-gJGIbQuKRpPG50WhPWfmX7K3Nl0ug6SRhT54zFTQ&amp;oh=00_Af70XxD0xXB2XEeJMrza3de0HSA9AnhrGFchtLCaTz-xHA&amp;oe=69FC6580&quot;}\">\n\t\t\t<span class=\"sbi-screenreader\">Ostereinkauf &amp; Gutes tun \u2013 So einfach geht\u2019s! <\/span>\n\t\t\t<svg class=\"svg-inline--fa fa-clone fa-w-16 sbi_lightbox_carousel_icon\" aria-hidden=\"true\" aria-label=\"Clone\" data-fa-pro\u0192cessed=\"\" data-prefix=\"far\" data-icon=\"clone\" role=\"img\" xmlns=\"http:\/\/www.w3.org\/2000\/svg\" viewBox=\"0 0 512 512\">\n                    <path fill=\"currentColor\" d=\"M464 0H144c-26.51 0-48 21.49-48 48v48H48c-26.51 0-48 21.49-48 48v320c0 26.51 21.49 48 48 48h320c26.51 0 48-21.49 48-48v-48h48c26.51 0 48-21.49 48-48V48c0-26.51-21.49-48-48-48zM362 464H54a6 6 0 0 1-6-6V150a6 6 0 0 1 6-6h42v224c0 26.51 21.49 48 48 48h224v42a6 6 0 0 1-6 6zm96-96H150a6 6 0 0 1-6-6V54a6 6 0 0 1 6-6h308a6 6 0 0 1 6 6v308a6 6 0 0 1-6 6z\"><\/path>\n                <\/svg>\t\t\t\t\t\t<img decoding=\"async\" src=\"https:\/\/www.barbos-stiftung.de\/cms\/wp-content\/plugins\/instagram-feed\/img\/placeholder.png\" alt=\"Ostereinkauf &amp; Gutes tun \u2013 So einfach geht\u2019s! \ud83d\udc30\ud83c\udf38 \n\nOstern ist die Zeit der kleinen Freuden, liebevollen Gesten und \u00dcberraschungen. \n\nDu kannst deine Ostergeschenke ganz einfach mit einer guten Tat verbinden \u2013 ohne Extrakosten! \ud83d\udc9d \n\nMit Gooding kannst du bei deinen Lieblingsshops einkaufen und gleichzeitig die Barbos-Stiftung unterst\u00fctzen. \n\nEin kleiner Klick \u2013 eine gro\u00dfe Wirkung! \ud83d\ude4c \u2728 \n\nSo funktioniert\u2019s: \n1\ufe0f\u20e3 Auf www.gooding.de gehen \n2\ufe0f\u20e3 Lieblingsshop ausw\u00e4hlen \ud83d\udecd\ufe0f (z. B. Mode, Deko, Schokolade, Apotheke) \n3\ufe0f\u20e3 Unter \u201eProjekte &amp; Vereine\u201c die Barbos-Stiftung ausw\u00e4hlen 4\ufe0f\u20e3 Uns mit \u2764\ufe0f f\u00fcr zuk\u00fcnftige Eink\u00e4ufe speichern \n\n\ud83d\udca1 Bis zu 5 % deines Einkaufswerts flie\u00dfen automatisch in unsere Projekte \u2013 ohne Mehrkosten f\u00fcr dich! \n\n\ud83c\udf31 Mach mit und schenke nicht nur Freude, sondern auch Hoffnung! \n\n\u27a1\ufe0f Jetzt ausprobieren. Den Link zu gooding findest du in unserer Bio oder in unserem Highlight \u201egooding\u201c. \n\n#barbosstiftung #ostern #ostern2026 #gutestun\" aria-hidden=\"true\">\n\t\t<\/a>\n\t<\/div>\n<\/div><div class=\"sbi_item sbi_type_image sbi_new sbi_transition\"\n\tid=\"sbi_18382500676086942\" data-date=\"1773600247\">\n\t<div class=\"sbi_photo_wrap\">\n\t\t<a class=\"sbi_photo\" href=\"https:\/\/www.instagram.com\/p\/DV6lwScihpx\/\" target=\"_blank\" rel=\"noopener nofollow\"\n\t\t\tdata-full-res=\"https:\/\/scontent-fra5-1.cdninstagram.com\/v\/t51.82787-15\/650816014_17994540200923174_3190620675759026169_n.jpg?stp=dst-jpg_e35_tt6&#038;_nc_cat=102&#038;ccb=7-5&#038;_nc_sid=18de74&#038;efg=eyJlZmdfdGFnIjoiRkVFRC5iZXN0X2ltYWdlX3VybGdlbi5DMyJ9&#038;_nc_ohc=AV1moDB5YoEQ7kNvwHaxI_T&#038;_nc_oc=AdoP5bMVRR-7NSnvIgMBr92C9zBkWTPazepUCwykzpYGqWc_u60R5h7VxXwMIacKq_zepLbaZR4KF7ateILiGOF4&#038;_nc_zt=23&#038;_nc_ht=scontent-fra5-1.cdninstagram.com&#038;edm=ANo9K5cEAAAA&#038;_nc_gid=pVwaELq2E_W4rwzJShcs8g&#038;_nc_tpa=Q5bMBQEhKwD8nO8_HuWzcWK_9R44lE0lUQyZuwCE8mHw_G6ZddA0v3wAy8MNyuNIvB0uzSwQEFDIDUQ2Uw&#038;oh=00_Af7H11fE3lycl7447F6XzbCmjhvHJlTaNTs0z2uM59BRig&#038;oe=69FC6B62\"\n\t\t\tdata-img-src-set=\"{&quot;d&quot;:&quot;https:\\\/\\\/scontent-fra5-1.cdninstagram.com\\\/v\\\/t51.82787-15\\\/650816014_17994540200923174_3190620675759026169_n.jpg?stp=dst-jpg_e35_tt6&amp;_nc_cat=102&amp;ccb=7-5&amp;_nc_sid=18de74&amp;efg=eyJlZmdfdGFnIjoiRkVFRC5iZXN0X2ltYWdlX3VybGdlbi5DMyJ9&amp;_nc_ohc=AV1moDB5YoEQ7kNvwHaxI_T&amp;_nc_oc=AdoP5bMVRR-7NSnvIgMBr92C9zBkWTPazepUCwykzpYGqWc_u60R5h7VxXwMIacKq_zepLbaZR4KF7ateILiGOF4&amp;_nc_zt=23&amp;_nc_ht=scontent-fra5-1.cdninstagram.com&amp;edm=ANo9K5cEAAAA&amp;_nc_gid=pVwaELq2E_W4rwzJShcs8g&amp;_nc_tpa=Q5bMBQEhKwD8nO8_HuWzcWK_9R44lE0lUQyZuwCE8mHw_G6ZddA0v3wAy8MNyuNIvB0uzSwQEFDIDUQ2Uw&amp;oh=00_Af7H11fE3lycl7447F6XzbCmjhvHJlTaNTs0z2uM59BRig&amp;oe=69FC6B62&quot;,&quot;150&quot;:&quot;https:\\\/\\\/scontent-fra5-1.cdninstagram.com\\\/v\\\/t51.82787-15\\\/650816014_17994540200923174_3190620675759026169_n.jpg?stp=dst-jpg_e35_tt6&amp;_nc_cat=102&amp;ccb=7-5&amp;_nc_sid=18de74&amp;efg=eyJlZmdfdGFnIjoiRkVFRC5iZXN0X2ltYWdlX3VybGdlbi5DMyJ9&amp;_nc_ohc=AV1moDB5YoEQ7kNvwHaxI_T&amp;_nc_oc=AdoP5bMVRR-7NSnvIgMBr92C9zBkWTPazepUCwykzpYGqWc_u60R5h7VxXwMIacKq_zepLbaZR4KF7ateILiGOF4&amp;_nc_zt=23&amp;_nc_ht=scontent-fra5-1.cdninstagram.com&amp;edm=ANo9K5cEAAAA&amp;_nc_gid=pVwaELq2E_W4rwzJShcs8g&amp;_nc_tpa=Q5bMBQEhKwD8nO8_HuWzcWK_9R44lE0lUQyZuwCE8mHw_G6ZddA0v3wAy8MNyuNIvB0uzSwQEFDIDUQ2Uw&amp;oh=00_Af7H11fE3lycl7447F6XzbCmjhvHJlTaNTs0z2uM59BRig&amp;oe=69FC6B62&quot;,&quot;320&quot;:&quot;https:\\\/\\\/scontent-fra5-1.cdninstagram.com\\\/v\\\/t51.82787-15\\\/650816014_17994540200923174_3190620675759026169_n.jpg?stp=dst-jpg_e35_tt6&amp;_nc_cat=102&amp;ccb=7-5&amp;_nc_sid=18de74&amp;efg=eyJlZmdfdGFnIjoiRkVFRC5iZXN0X2ltYWdlX3VybGdlbi5DMyJ9&amp;_nc_ohc=AV1moDB5YoEQ7kNvwHaxI_T&amp;_nc_oc=AdoP5bMVRR-7NSnvIgMBr92C9zBkWTPazepUCwykzpYGqWc_u60R5h7VxXwMIacKq_zepLbaZR4KF7ateILiGOF4&amp;_nc_zt=23&amp;_nc_ht=scontent-fra5-1.cdninstagram.com&amp;edm=ANo9K5cEAAAA&amp;_nc_gid=pVwaELq2E_W4rwzJShcs8g&amp;_nc_tpa=Q5bMBQEhKwD8nO8_HuWzcWK_9R44lE0lUQyZuwCE8mHw_G6ZddA0v3wAy8MNyuNIvB0uzSwQEFDIDUQ2Uw&amp;oh=00_Af7H11fE3lycl7447F6XzbCmjhvHJlTaNTs0z2uM59BRig&amp;oe=69FC6B62&quot;,&quot;640&quot;:&quot;https:\\\/\\\/scontent-fra5-1.cdninstagram.com\\\/v\\\/t51.82787-15\\\/650816014_17994540200923174_3190620675759026169_n.jpg?stp=dst-jpg_e35_tt6&amp;_nc_cat=102&amp;ccb=7-5&amp;_nc_sid=18de74&amp;efg=eyJlZmdfdGFnIjoiRkVFRC5iZXN0X2ltYWdlX3VybGdlbi5DMyJ9&amp;_nc_ohc=AV1moDB5YoEQ7kNvwHaxI_T&amp;_nc_oc=AdoP5bMVRR-7NSnvIgMBr92C9zBkWTPazepUCwykzpYGqWc_u60R5h7VxXwMIacKq_zepLbaZR4KF7ateILiGOF4&amp;_nc_zt=23&amp;_nc_ht=scontent-fra5-1.cdninstagram.com&amp;edm=ANo9K5cEAAAA&amp;_nc_gid=pVwaELq2E_W4rwzJShcs8g&amp;_nc_tpa=Q5bMBQEhKwD8nO8_HuWzcWK_9R44lE0lUQyZuwCE8mHw_G6ZddA0v3wAy8MNyuNIvB0uzSwQEFDIDUQ2Uw&amp;oh=00_Af7H11fE3lycl7447F6XzbCmjhvHJlTaNTs0z2uM59BRig&amp;oe=69FC6B62&quot;}\">\n\t\t\t<span class=\"sbi-screenreader\">Kunsttherapie als Weg zur Ver\u00e4nderung \ud83d\udcaa\ud83c\udffb\n\nE<\/span>\n\t\t\t\t\t\t\t\t\t<img decoding=\"async\" src=\"https:\/\/www.barbos-stiftung.de\/cms\/wp-content\/plugins\/instagram-feed\/img\/placeholder.png\" alt=\"Kunsttherapie als Weg zur Ver\u00e4nderung \ud83d\udcaa\ud83c\udffb\n\nEssad ist 7 Jahre alt. Ein stiller Junge, der in seiner Klasse lange keinen Anschluss fand. Wegen seines \u00dcbergewichts wurde er geh\u00e4nselt, im Unterricht reagierte er oft mit Wut und Verweigerung. \n\nHinter seiner Unsicherheit verbarg sich jedoch etwas Besonderes: eine gro\u00dfe Faszination f\u00fcr Bauwerke und technische Konstruktionen.\n\n\u00dcber seine Schule wurde Essad f\u00fcr eine besondere F\u00f6rderung ausgew\u00e4hlt. In intensiven Einzelsitzungen am Tonfeld arbeitete er gemeinsam mit einem erfahrenen Tonfeldbegleiter.\n\nAm Anfang wirkten seine Gestaltungen wackelig und unsicher. \n\nFast wie ein Spiegel seiner inneren Welt. \n\nDoch Schritt f\u00fcr Schritt begann Essad, das Material bewusst zu greifen, sein Gewicht zu sp\u00fcren und ihm Form zu geben. Mit jeder Stunde wuchs nicht nur die Stabilit\u00e4t seiner Bauwerke, sondern auch seine eigene.\n\nNach 30 Stunden am Tonfeld hat sich vieles ver\u00e4ndert:\nEssad hat Freunde gefunden, st\u00f6rt nicht mehr im Unterricht und spielt heute begeistert Fu\u00dfball mit seinen Klassenkameraden. \u26bd\n\nSeine Geschichte zeigt, was m\u00f6glich wird, wenn Kinder einen gesch\u00fctzten Raum bekommen, in dem sie sich ausdr\u00fccken und wachsen d\u00fcrfen. \ud83e\udd29\" aria-hidden=\"true\">\n\t\t<\/a>\n\t<\/div>\n<\/div><div class=\"sbi_item sbi_type_image sbi_new sbi_transition\"\n\tid=\"sbi_17955877658938150\" data-date=\"1772953289\">\n\t<div class=\"sbi_photo_wrap\">\n\t\t<a class=\"sbi_photo\" href=\"https:\/\/www.instagram.com\/p\/DVnURL2CCtl\/\" target=\"_blank\" rel=\"noopener nofollow\"\n\t\t\tdata-full-res=\"https:\/\/scontent-fra5-2.cdninstagram.com\/v\/t39.30808-6\/649406718_1353437233477515_5452927984400076684_n.jpg?stp=dst-jpg_e35_tt6&#038;_nc_cat=106&#038;ccb=7-5&#038;_nc_sid=18de74&#038;efg=eyJlZmdfdGFnIjoiRkVFRC5iZXN0X2ltYWdlX3VybGdlbi5DMyJ9&#038;_nc_ohc=Oz0MgbiqTGQQ7kNvwHpibqN&#038;_nc_oc=AdoYbpSI7OrMjSMurf64LlMCN_dIUTzqtTevb7uFmalnLJLFghmfiqOAZiHpIiHvCvhoF7H7vZVF6zVaUZVSC5N1&#038;_nc_zt=23&#038;_nc_ht=scontent-fra5-2.cdninstagram.com&#038;edm=ANo9K5cEAAAA&#038;_nc_gid=pVwaELq2E_W4rwzJShcs8g&#038;_nc_tpa=Q5bMBQEIZL521PfIWUwGUPYOwMuyfX4-eKlnTkIZILltmMhERtW76tkE_nwQ4V0XAfrmjJi1eCyEEUbFWg&#038;oh=00_Af7snPN0Qkat7TMxSU-XRU3LcL8bEtYzLfUtXHsBL9nY1Q&#038;oe=69FC618F\"\n\t\t\tdata-img-src-set=\"{&quot;d&quot;:&quot;https:\\\/\\\/scontent-fra5-2.cdninstagram.com\\\/v\\\/t39.30808-6\\\/649406718_1353437233477515_5452927984400076684_n.jpg?stp=dst-jpg_e35_tt6&amp;_nc_cat=106&amp;ccb=7-5&amp;_nc_sid=18de74&amp;efg=eyJlZmdfdGFnIjoiRkVFRC5iZXN0X2ltYWdlX3VybGdlbi5DMyJ9&amp;_nc_ohc=Oz0MgbiqTGQQ7kNvwHpibqN&amp;_nc_oc=AdoYbpSI7OrMjSMurf64LlMCN_dIUTzqtTevb7uFmalnLJLFghmfiqOAZiHpIiHvCvhoF7H7vZVF6zVaUZVSC5N1&amp;_nc_zt=23&amp;_nc_ht=scontent-fra5-2.cdninstagram.com&amp;edm=ANo9K5cEAAAA&amp;_nc_gid=pVwaELq2E_W4rwzJShcs8g&amp;_nc_tpa=Q5bMBQEIZL521PfIWUwGUPYOwMuyfX4-eKlnTkIZILltmMhERtW76tkE_nwQ4V0XAfrmjJi1eCyEEUbFWg&amp;oh=00_Af7snPN0Qkat7TMxSU-XRU3LcL8bEtYzLfUtXHsBL9nY1Q&amp;oe=69FC618F&quot;,&quot;150&quot;:&quot;https:\\\/\\\/scontent-fra5-2.cdninstagram.com\\\/v\\\/t39.30808-6\\\/649406718_1353437233477515_5452927984400076684_n.jpg?stp=dst-jpg_e35_tt6&amp;_nc_cat=106&amp;ccb=7-5&amp;_nc_sid=18de74&amp;efg=eyJlZmdfdGFnIjoiRkVFRC5iZXN0X2ltYWdlX3VybGdlbi5DMyJ9&amp;_nc_ohc=Oz0MgbiqTGQQ7kNvwHpibqN&amp;_nc_oc=AdoYbpSI7OrMjSMurf64LlMCN_dIUTzqtTevb7uFmalnLJLFghmfiqOAZiHpIiHvCvhoF7H7vZVF6zVaUZVSC5N1&amp;_nc_zt=23&amp;_nc_ht=scontent-fra5-2.cdninstagram.com&amp;edm=ANo9K5cEAAAA&amp;_nc_gid=pVwaELq2E_W4rwzJShcs8g&amp;_nc_tpa=Q5bMBQEIZL521PfIWUwGUPYOwMuyfX4-eKlnTkIZILltmMhERtW76tkE_nwQ4V0XAfrmjJi1eCyEEUbFWg&amp;oh=00_Af7snPN0Qkat7TMxSU-XRU3LcL8bEtYzLfUtXHsBL9nY1Q&amp;oe=69FC618F&quot;,&quot;320&quot;:&quot;https:\\\/\\\/scontent-fra5-2.cdninstagram.com\\\/v\\\/t39.30808-6\\\/649406718_1353437233477515_5452927984400076684_n.jpg?stp=dst-jpg_e35_tt6&amp;_nc_cat=106&amp;ccb=7-5&amp;_nc_sid=18de74&amp;efg=eyJlZmdfdGFnIjoiRkVFRC5iZXN0X2ltYWdlX3VybGdlbi5DMyJ9&amp;_nc_ohc=Oz0MgbiqTGQQ7kNvwHpibqN&amp;_nc_oc=AdoYbpSI7OrMjSMurf64LlMCN_dIUTzqtTevb7uFmalnLJLFghmfiqOAZiHpIiHvCvhoF7H7vZVF6zVaUZVSC5N1&amp;_nc_zt=23&amp;_nc_ht=scontent-fra5-2.cdninstagram.com&amp;edm=ANo9K5cEAAAA&amp;_nc_gid=pVwaELq2E_W4rwzJShcs8g&amp;_nc_tpa=Q5bMBQEIZL521PfIWUwGUPYOwMuyfX4-eKlnTkIZILltmMhERtW76tkE_nwQ4V0XAfrmjJi1eCyEEUbFWg&amp;oh=00_Af7snPN0Qkat7TMxSU-XRU3LcL8bEtYzLfUtXHsBL9nY1Q&amp;oe=69FC618F&quot;,&quot;640&quot;:&quot;https:\\\/\\\/scontent-fra5-2.cdninstagram.com\\\/v\\\/t39.30808-6\\\/649406718_1353437233477515_5452927984400076684_n.jpg?stp=dst-jpg_e35_tt6&amp;_nc_cat=106&amp;ccb=7-5&amp;_nc_sid=18de74&amp;efg=eyJlZmdfdGFnIjoiRkVFRC5iZXN0X2ltYWdlX3VybGdlbi5DMyJ9&amp;_nc_ohc=Oz0MgbiqTGQQ7kNvwHpibqN&amp;_nc_oc=AdoYbpSI7OrMjSMurf64LlMCN_dIUTzqtTevb7uFmalnLJLFghmfiqOAZiHpIiHvCvhoF7H7vZVF6zVaUZVSC5N1&amp;_nc_zt=23&amp;_nc_ht=scontent-fra5-2.cdninstagram.com&amp;edm=ANo9K5cEAAAA&amp;_nc_gid=pVwaELq2E_W4rwzJShcs8g&amp;_nc_tpa=Q5bMBQEIZL521PfIWUwGUPYOwMuyfX4-eKlnTkIZILltmMhERtW76tkE_nwQ4V0XAfrmjJi1eCyEEUbFWg&amp;oh=00_Af7snPN0Qkat7TMxSU-XRU3LcL8bEtYzLfUtXHsBL9nY1Q&amp;oe=69FC618F&quot;}\">\n\t\t\t<span class=\"sbi-screenreader\">Demokratie lebt vom Mitgestalten.\n\nDoch wie erlebe<\/span>\n\t\t\t\t\t\t\t\t\t<img decoding=\"async\" src=\"https:\/\/www.barbos-stiftung.de\/cms\/wp-content\/plugins\/instagram-feed\/img\/placeholder.png\" alt=\"Demokratie lebt vom Mitgestalten.\n\nDoch wie erleben junge Menschen unsere Gesellschaft? Was bedeutet Mitbestimmung f\u00fcr sie?\n\nDas Projekt \u201eDemokratieGestalten \u2013 Kunst macht Demokratie sichtbar\u201c zeigt, wie politische Bildung kreativ und altersgerecht gelingen kann.\n\nInitiiert von BiNET \u2013 Bildungsnetzwerk des SoNET e.V., wird das Projekt von Waltraud Lucic (MLLV, des BLLV @bllv.de ) und Felix Donaubauer (Stiftung Kick ins Leben) begleitet.\n\n\ud83c\udfa8 Kinder und Jugendliche \u2013 vom Kindergarten bis zur Berufsschule \u2013 setzen sich k\u00fcnstlerisch mit Demokratie, Mitbestimmung und Kinderrechten auseinander.\n\ud83e\udd1d In Gruppenarbeiten entstehen kreative Beitr\u00e4ge, die Perspektivenvielfalt sichtbar machen und soziales Miteinander st\u00e4rken.\n\ud83e\udde0 Demokratische Werte werden nicht nur vermittelt, sondern erlebbar gemacht.\n\nMindestens 300 junge Menschen erhalten so Raum f\u00fcr Ausdruck, Teilhabe und Dialog. P\u00e4dagogische Fachkr\u00e4fte begleiten den Prozess in Bildungseinrichtungen und Projektr\u00e4umen.\n\nIm Juni 2026 werden die entstandenen Werke in einer \u00f6ffentlichen Ausstellung mit performativen Elementen pr\u00e4sentiert \u2013 als sichtbares Statement der jungen Generation.\n\nDemokratie braucht R\u00e4ume.\nDemokratie braucht Stimmen.\nDemokratie beginnt fr\u00fch.\n\nGerade im Kontext der Landtagswahlen in Bayern wird deutlich, wie wichtig politische Bildung und Mitbestimmung sind. Wer fr\u00fch erlebt, dass die eigene Stimme z\u00e4hlt, gestaltet unsere Gesellschaft aktiv mit.\n\n\ud83d\udc49 Demokratie lebt vom Mitmachen. Deshalb ist es wichtig, w\u00e4hlen zu gehen und die eigene Stimme zu nutzen. \ud83d\udc48\n\n\u2665\ufe0f Als Gr\u00fcndungsmitglied von BiNet unterst\u00fctzen wir dieses Engagement f\u00fcr Demokratiebildung mit \u00dcberzeugung.\n\n#DemokratieGestalten #Demokratiebildung #LandtagswahlBayern #Partizipation #Jugendbeteiligung #BiNet #KickInsLeben #MLLV #BLLV #BarbosStiftung #M\u00fcnchen #Mitbestimmung\" aria-hidden=\"true\">\n\t\t<\/a>\n\t<\/div>\n<\/div><div class=\"sbi_item sbi_type_image sbi_new sbi_transition\"\n\tid=\"sbi_17966908002010436\" data-date=\"1772650822\">\n\t<div class=\"sbi_photo_wrap\">\n\t\t<a class=\"sbi_photo\" href=\"https:\/\/www.instagram.com\/p\/DVeTXFDjJtc\/\" target=\"_blank\" rel=\"noopener nofollow\"\n\t\t\tdata-full-res=\"https:\/\/scontent-fra5-1.cdninstagram.com\/v\/t39.30808-6\/647911292_1350797337074838_4926291643511861893_n.jpg?stp=dst-jpg_e35_tt6&#038;_nc_cat=110&#038;ccb=7-5&#038;_nc_sid=18de74&#038;efg=eyJlZmdfdGFnIjoiRkVFRC5iZXN0X2ltYWdlX3VybGdlbi5DMyJ9&#038;_nc_ohc=mFnCt57hzowQ7kNvwHl7xcn&#038;_nc_oc=AdpTvBhYDUcve-6yY9jF8pl6cafDHzjqETbkESuhk3ocf-zAuHSTNV3yLTVTGUaKYe_7t88vLDuWDImDomZhP9bz&#038;_nc_zt=23&#038;_nc_ht=scontent-fra5-1.cdninstagram.com&#038;edm=ANo9K5cEAAAA&#038;_nc_gid=pVwaELq2E_W4rwzJShcs8g&#038;_nc_tpa=Q5bMBQHkhZM_ZJWhrdPk2jjFkqqJGyvfur4e6ekKWQG-a_ghb0MI8xgGZgfCNPYMQ0-oSoMeVpF4UWQU8Q&#038;oh=00_Af6Kn9Mpy5YVwThyoAHbElC9FIm3lbrx7BqGskLwdy9PcA&#038;oe=69FC6FEF\"\n\t\t\tdata-img-src-set=\"{&quot;d&quot;:&quot;https:\\\/\\\/scontent-fra5-1.cdninstagram.com\\\/v\\\/t39.30808-6\\\/647911292_1350797337074838_4926291643511861893_n.jpg?stp=dst-jpg_e35_tt6&amp;_nc_cat=110&amp;ccb=7-5&amp;_nc_sid=18de74&amp;efg=eyJlZmdfdGFnIjoiRkVFRC5iZXN0X2ltYWdlX3VybGdlbi5DMyJ9&amp;_nc_ohc=mFnCt57hzowQ7kNvwHl7xcn&amp;_nc_oc=AdpTvBhYDUcve-6yY9jF8pl6cafDHzjqETbkESuhk3ocf-zAuHSTNV3yLTVTGUaKYe_7t88vLDuWDImDomZhP9bz&amp;_nc_zt=23&amp;_nc_ht=scontent-fra5-1.cdninstagram.com&amp;edm=ANo9K5cEAAAA&amp;_nc_gid=pVwaELq2E_W4rwzJShcs8g&amp;_nc_tpa=Q5bMBQHkhZM_ZJWhrdPk2jjFkqqJGyvfur4e6ekKWQG-a_ghb0MI8xgGZgfCNPYMQ0-oSoMeVpF4UWQU8Q&amp;oh=00_Af6Kn9Mpy5YVwThyoAHbElC9FIm3lbrx7BqGskLwdy9PcA&amp;oe=69FC6FEF&quot;,&quot;150&quot;:&quot;https:\\\/\\\/scontent-fra5-1.cdninstagram.com\\\/v\\\/t39.30808-6\\\/647911292_1350797337074838_4926291643511861893_n.jpg?stp=dst-jpg_e35_tt6&amp;_nc_cat=110&amp;ccb=7-5&amp;_nc_sid=18de74&amp;efg=eyJlZmdfdGFnIjoiRkVFRC5iZXN0X2ltYWdlX3VybGdlbi5DMyJ9&amp;_nc_ohc=mFnCt57hzowQ7kNvwHl7xcn&amp;_nc_oc=AdpTvBhYDUcve-6yY9jF8pl6cafDHzjqETbkESuhk3ocf-zAuHSTNV3yLTVTGUaKYe_7t88vLDuWDImDomZhP9bz&amp;_nc_zt=23&amp;_nc_ht=scontent-fra5-1.cdninstagram.com&amp;edm=ANo9K5cEAAAA&amp;_nc_gid=pVwaELq2E_W4rwzJShcs8g&amp;_nc_tpa=Q5bMBQHkhZM_ZJWhrdPk2jjFkqqJGyvfur4e6ekKWQG-a_ghb0MI8xgGZgfCNPYMQ0-oSoMeVpF4UWQU8Q&amp;oh=00_Af6Kn9Mpy5YVwThyoAHbElC9FIm3lbrx7BqGskLwdy9PcA&amp;oe=69FC6FEF&quot;,&quot;320&quot;:&quot;https:\\\/\\\/scontent-fra5-1.cdninstagram.com\\\/v\\\/t39.30808-6\\\/647911292_1350797337074838_4926291643511861893_n.jpg?stp=dst-jpg_e35_tt6&amp;_nc_cat=110&amp;ccb=7-5&amp;_nc_sid=18de74&amp;efg=eyJlZmdfdGFnIjoiRkVFRC5iZXN0X2ltYWdlX3VybGdlbi5DMyJ9&amp;_nc_ohc=mFnCt57hzowQ7kNvwHl7xcn&amp;_nc_oc=AdpTvBhYDUcve-6yY9jF8pl6cafDHzjqETbkESuhk3ocf-zAuHSTNV3yLTVTGUaKYe_7t88vLDuWDImDomZhP9bz&amp;_nc_zt=23&amp;_nc_ht=scontent-fra5-1.cdninstagram.com&amp;edm=ANo9K5cEAAAA&amp;_nc_gid=pVwaELq2E_W4rwzJShcs8g&amp;_nc_tpa=Q5bMBQHkhZM_ZJWhrdPk2jjFkqqJGyvfur4e6ekKWQG-a_ghb0MI8xgGZgfCNPYMQ0-oSoMeVpF4UWQU8Q&amp;oh=00_Af6Kn9Mpy5YVwThyoAHbElC9FIm3lbrx7BqGskLwdy9PcA&amp;oe=69FC6FEF&quot;,&quot;640&quot;:&quot;https:\\\/\\\/scontent-fra5-1.cdninstagram.com\\\/v\\\/t39.30808-6\\\/647911292_1350797337074838_4926291643511861893_n.jpg?stp=dst-jpg_e35_tt6&amp;_nc_cat=110&amp;ccb=7-5&amp;_nc_sid=18de74&amp;efg=eyJlZmdfdGFnIjoiRkVFRC5iZXN0X2ltYWdlX3VybGdlbi5DMyJ9&amp;_nc_ohc=mFnCt57hzowQ7kNvwHl7xcn&amp;_nc_oc=AdpTvBhYDUcve-6yY9jF8pl6cafDHzjqETbkESuhk3ocf-zAuHSTNV3yLTVTGUaKYe_7t88vLDuWDImDomZhP9bz&amp;_nc_zt=23&amp;_nc_ht=scontent-fra5-1.cdninstagram.com&amp;edm=ANo9K5cEAAAA&amp;_nc_gid=pVwaELq2E_W4rwzJShcs8g&amp;_nc_tpa=Q5bMBQHkhZM_ZJWhrdPk2jjFkqqJGyvfur4e6ekKWQG-a_ghb0MI8xgGZgfCNPYMQ0-oSoMeVpF4UWQU8Q&amp;oh=00_Af6Kn9Mpy5YVwThyoAHbElC9FIm3lbrx7BqGskLwdy9PcA&amp;oe=69FC6FEF&quot;}\">\n\t\t\t<span class=\"sbi-screenreader\">Ostereinkauf &amp; Gutes tun \u2013 So einfach geht\u2019s 2<\/span>\n\t\t\t\t\t\t\t\t\t<img decoding=\"async\" src=\"https:\/\/www.barbos-stiftung.de\/cms\/wp-content\/plugins\/instagram-feed\/img\/placeholder.png\" alt=\"Ostereinkauf &amp; Gutes tun \u2013 So einfach geht\u2019s 2026! \ud83d\udc30\ud83c\udf38\n\nOstern ist die Zeit der kleinen Freuden, der liebevollen Gesten und der neuen Anf\u00e4nge. Dieses Jahr kannst du deine Oster\u00fcberraschungen ganz einfach mit einer guten Tat verbinden \u2013 und das Beste daran: Es kostet dich keinen Cent extra! \ud83d\udc9d\n\n\u00dcber Gooding shoppst du wie gewohnt bei deinen Lieblingsstores und unterst\u00fctzt dabei gleichzeitig die Barbos-Stiftung. Ein kleiner Klick f\u00fcr dich, eine gro\u00dfe Hilfe f\u00fcr unsere Arbeit am Tonfeld! \ud83d\ude4c\n\n\u2728 So schnell bist du dabei:\nPlattform besuchen: Geh auf www.gooding.de.\nShop w\u00e4hlen: W\u00e4hle aus tausenden Shops \ud83d\udecd\ufe0f (egal ob Bio-Schokolade, Fr\u00fchlingsdeko oder Technik).\nProjekt unterst\u00fctzen: W\u00e4hle die Barbos-Stiftung als Beg\u00fcnstigte aus.\nDauerhaft helfen: Speichere uns mit \u2764\ufe0f f\u00fcr alle deine zuk\u00fcnftigen Eink\u00e4ufe.\n\n\ud83d\udca1 Der Effekt: Im Schnitt flie\u00dfen bis zu 5 % deines Einkaufswerts direkt in unsere Projekte f\u00fcr Kinder und Jugendliche \u2013 ohne dass dein Einkauf teurer wird!\n\n\ud83c\udf31 Mach mit und schenke dieses Jahr nicht nur bunte Eier, sondern auch echte Perspektiven und Hoffnung.\n\n\u27a1\ufe0f Jetzt ausprobieren! Den Link zu Gooding findest du direkt in unserer Bio oder im Story-Highlight \u201eGooding\u201c.\" aria-hidden=\"true\">\n\t\t<\/a>\n\t<\/div>\n<\/div><div class=\"sbi_item sbi_type_image sbi_new sbi_transition\"\n\tid=\"sbi_17873010345543423\" data-date=\"1772386214\">\n\t<div class=\"sbi_photo_wrap\">\n\t\t<a class=\"sbi_photo\" href=\"https:\/\/www.instagram.com\/p\/DVWaqIACLQ4\/\" target=\"_blank\" rel=\"noopener nofollow\"\n\t\t\tdata-full-res=\"https:\/\/scontent-fra3-1.cdninstagram.com\/v\/t39.30808-6\/645765795_1348572377297334_2996959750407116302_n.jpg?stp=dst-jpg_e35_tt6&#038;_nc_cat=108&#038;ccb=7-5&#038;_nc_sid=18de74&#038;efg=eyJlZmdfdGFnIjoiRkVFRC5iZXN0X2ltYWdlX3VybGdlbi5DMyJ9&#038;_nc_ohc=WCa0TBXmQfEQ7kNvwFCGnAS&#038;_nc_oc=AdqLqG-hLcr759-HP6Y6Jezbs370WaatV9COg6Zbm-asvUjw1XsDjIIYRNmw8f9AYzcaT1FjDZcHUeeB7QHKkdk4&#038;_nc_zt=23&#038;_nc_ht=scontent-fra3-1.cdninstagram.com&#038;edm=ANo9K5cEAAAA&#038;_nc_gid=pVwaELq2E_W4rwzJShcs8g&#038;_nc_tpa=Q5bMBQEXStKmDXtKqbVRAfwRfS71Rib5FN5OXEFaI_MTk27G3zC8A2NCdbPUD_pIaZCQK0ue7Qxw-CIrJA&#038;oh=00_Af4O36B60gBbWGqAqxEPBfez_lq6NKR7CBsEUniBW3Nvtw&#038;oe=69FC5EFA\"\n\t\t\tdata-img-src-set=\"{&quot;d&quot;:&quot;https:\\\/\\\/scontent-fra3-1.cdninstagram.com\\\/v\\\/t39.30808-6\\\/645765795_1348572377297334_2996959750407116302_n.jpg?stp=dst-jpg_e35_tt6&amp;_nc_cat=108&amp;ccb=7-5&amp;_nc_sid=18de74&amp;efg=eyJlZmdfdGFnIjoiRkVFRC5iZXN0X2ltYWdlX3VybGdlbi5DMyJ9&amp;_nc_ohc=WCa0TBXmQfEQ7kNvwFCGnAS&amp;_nc_oc=AdqLqG-hLcr759-HP6Y6Jezbs370WaatV9COg6Zbm-asvUjw1XsDjIIYRNmw8f9AYzcaT1FjDZcHUeeB7QHKkdk4&amp;_nc_zt=23&amp;_nc_ht=scontent-fra3-1.cdninstagram.com&amp;edm=ANo9K5cEAAAA&amp;_nc_gid=pVwaELq2E_W4rwzJShcs8g&amp;_nc_tpa=Q5bMBQEXStKmDXtKqbVRAfwRfS71Rib5FN5OXEFaI_MTk27G3zC8A2NCdbPUD_pIaZCQK0ue7Qxw-CIrJA&amp;oh=00_Af4O36B60gBbWGqAqxEPBfez_lq6NKR7CBsEUniBW3Nvtw&amp;oe=69FC5EFA&quot;,&quot;150&quot;:&quot;https:\\\/\\\/scontent-fra3-1.cdninstagram.com\\\/v\\\/t39.30808-6\\\/645765795_1348572377297334_2996959750407116302_n.jpg?stp=dst-jpg_e35_tt6&amp;_nc_cat=108&amp;ccb=7-5&amp;_nc_sid=18de74&amp;efg=eyJlZmdfdGFnIjoiRkVFRC5iZXN0X2ltYWdlX3VybGdlbi5DMyJ9&amp;_nc_ohc=WCa0TBXmQfEQ7kNvwFCGnAS&amp;_nc_oc=AdqLqG-hLcr759-HP6Y6Jezbs370WaatV9COg6Zbm-asvUjw1XsDjIIYRNmw8f9AYzcaT1FjDZcHUeeB7QHKkdk4&amp;_nc_zt=23&amp;_nc_ht=scontent-fra3-1.cdninstagram.com&amp;edm=ANo9K5cEAAAA&amp;_nc_gid=pVwaELq2E_W4rwzJShcs8g&amp;_nc_tpa=Q5bMBQEXStKmDXtKqbVRAfwRfS71Rib5FN5OXEFaI_MTk27G3zC8A2NCdbPUD_pIaZCQK0ue7Qxw-CIrJA&amp;oh=00_Af4O36B60gBbWGqAqxEPBfez_lq6NKR7CBsEUniBW3Nvtw&amp;oe=69FC5EFA&quot;,&quot;320&quot;:&quot;https:\\\/\\\/scontent-fra3-1.cdninstagram.com\\\/v\\\/t39.30808-6\\\/645765795_1348572377297334_2996959750407116302_n.jpg?stp=dst-jpg_e35_tt6&amp;_nc_cat=108&amp;ccb=7-5&amp;_nc_sid=18de74&amp;efg=eyJlZmdfdGFnIjoiRkVFRC5iZXN0X2ltYWdlX3VybGdlbi5DMyJ9&amp;_nc_ohc=WCa0TBXmQfEQ7kNvwFCGnAS&amp;_nc_oc=AdqLqG-hLcr759-HP6Y6Jezbs370WaatV9COg6Zbm-asvUjw1XsDjIIYRNmw8f9AYzcaT1FjDZcHUeeB7QHKkdk4&amp;_nc_zt=23&amp;_nc_ht=scontent-fra3-1.cdninstagram.com&amp;edm=ANo9K5cEAAAA&amp;_nc_gid=pVwaELq2E_W4rwzJShcs8g&amp;_nc_tpa=Q5bMBQEXStKmDXtKqbVRAfwRfS71Rib5FN5OXEFaI_MTk27G3zC8A2NCdbPUD_pIaZCQK0ue7Qxw-CIrJA&amp;oh=00_Af4O36B60gBbWGqAqxEPBfez_lq6NKR7CBsEUniBW3Nvtw&amp;oe=69FC5EFA&quot;,&quot;640&quot;:&quot;https:\\\/\\\/scontent-fra3-1.cdninstagram.com\\\/v\\\/t39.30808-6\\\/645765795_1348572377297334_2996959750407116302_n.jpg?stp=dst-jpg_e35_tt6&amp;_nc_cat=108&amp;ccb=7-5&amp;_nc_sid=18de74&amp;efg=eyJlZmdfdGFnIjoiRkVFRC5iZXN0X2ltYWdlX3VybGdlbi5DMyJ9&amp;_nc_ohc=WCa0TBXmQfEQ7kNvwFCGnAS&amp;_nc_oc=AdqLqG-hLcr759-HP6Y6Jezbs370WaatV9COg6Zbm-asvUjw1XsDjIIYRNmw8f9AYzcaT1FjDZcHUeeB7QHKkdk4&amp;_nc_zt=23&amp;_nc_ht=scontent-fra3-1.cdninstagram.com&amp;edm=ANo9K5cEAAAA&amp;_nc_gid=pVwaELq2E_W4rwzJShcs8g&amp;_nc_tpa=Q5bMBQEXStKmDXtKqbVRAfwRfS71Rib5FN5OXEFaI_MTk27G3zC8A2NCdbPUD_pIaZCQK0ue7Qxw-CIrJA&amp;oh=00_Af4O36B60gBbWGqAqxEPBfez_lq6NKR7CBsEUniBW3Nvtw&amp;oe=69FC5EFA&quot;}\">\n\t\t\t<span class=\"sbi-screenreader\">Unser neuer Barbos Kurier #7 ist da. \ud83d\ude0d\n\nVoller <\/span>\n\t\t\t\t\t\t\t\t\t<img decoding=\"async\" src=\"https:\/\/www.barbos-stiftung.de\/cms\/wp-content\/plugins\/instagram-feed\/img\/placeholder.png\" alt=\"Unser neuer Barbos Kurier #7 ist da. \ud83d\ude0d\n\nVoller Lichtmomente, die Mut machen und Hoffnung schenken. \ud83c\udf37\u2728\n\n\ud83d\udc49 4.360 \u20ac Weihnachtsspenden \n\ud83d\udc49 Kunst, die Teilhabe erm\u00f6glicht \u201eDigital by Nature\u201c\n\ud83d\udc49 Fillip (5) und die Kraft des Wassers im Tonfeld \ud83c\udf0a\n\ud83d\udc49 Alle News jetzt direkt auf unserer Website\n\ud83d\udc49 Mit Gooding ganz einfach Gutes tun \ud83d\udc30\ud83c\udf37\n\nJeder Beitrag, jede Spende, jede ermutigende Geste ist wie ein kleiner Lichtstrahl und gemeinsam lassen wir Gro\u00dfes wachsen. \ud83e\udeb4\n\nNeugierig geworden?\nDen Link zur Anmeldung und alle bisherigen Newsletter findet ihr in unserer Bio. \ud83d\ude0a\n\nGemeinsam schenken wir Kindern gesch\u00fctzte R\u00e4ume, Vertrauen und neue Kraft.\nMit Herz, Kreativit\u00e4t und Hoffnung. \u2665\ufe0f\n\n#BarbosStiftung #BarbosKurier #Newsletter #Tonfeld #Kunsttherapie\" aria-hidden=\"true\">\n\t\t<\/a>\n\t<\/div>\n<\/div><div class=\"sbi_item sbi_type_image sbi_new sbi_transition\"\n\tid=\"sbi_18428312428140028\" data-date=\"1771691688\">\n\t<div class=\"sbi_photo_wrap\">\n\t\t<a class=\"sbi_photo\" href=\"https:\/\/www.instagram.com\/p\/DVBtxJfii81\/\" target=\"_blank\" rel=\"noopener nofollow\"\n\t\t\tdata-full-res=\"https:\/\/scontent-fra5-1.cdninstagram.com\/v\/t51.82787-15\/634361215_17991921425923174_7227330838731934188_n.jpg?stp=dst-jpg_e35_tt6&#038;_nc_cat=100&#038;ccb=7-5&#038;_nc_sid=18de74&#038;efg=eyJlZmdfdGFnIjoiRkVFRC5iZXN0X2ltYWdlX3VybGdlbi5DMyJ9&#038;_nc_ohc=FCnUJSH6MOUQ7kNvwEYXIjU&#038;_nc_oc=AdqQwLIBmYiZ4gQPNZ7LKYOa0699pQbJGWfvJsLO62SOWaKTtchiSb-ubgEpyWWccwnmU8qW1NGe1cGH0dUdCHli&#038;_nc_zt=23&#038;_nc_ht=scontent-fra5-1.cdninstagram.com&#038;edm=ANo9K5cEAAAA&#038;_nc_gid=pVwaELq2E_W4rwzJShcs8g&#038;_nc_tpa=Q5bMBQHjVBaqpM5kBc2dE1OJyYSPIzwR4l0VVAe2rfSMELfjrSZJXi0dsF25fnwxvzy1j_kze7wIvLxRHA&#038;oh=00_Af7_doluPtsopEPP4uSizgT1hc-9PjMAb0SHjbfOwdbA0A&#038;oe=69FC6CD5\"\n\t\t\tdata-img-src-set=\"{&quot;d&quot;:&quot;https:\\\/\\\/scontent-fra5-1.cdninstagram.com\\\/v\\\/t51.82787-15\\\/634361215_17991921425923174_7227330838731934188_n.jpg?stp=dst-jpg_e35_tt6&amp;_nc_cat=100&amp;ccb=7-5&amp;_nc_sid=18de74&amp;efg=eyJlZmdfdGFnIjoiRkVFRC5iZXN0X2ltYWdlX3VybGdlbi5DMyJ9&amp;_nc_ohc=FCnUJSH6MOUQ7kNvwEYXIjU&amp;_nc_oc=AdqQwLIBmYiZ4gQPNZ7LKYOa0699pQbJGWfvJsLO62SOWaKTtchiSb-ubgEpyWWccwnmU8qW1NGe1cGH0dUdCHli&amp;_nc_zt=23&amp;_nc_ht=scontent-fra5-1.cdninstagram.com&amp;edm=ANo9K5cEAAAA&amp;_nc_gid=pVwaELq2E_W4rwzJShcs8g&amp;_nc_tpa=Q5bMBQHjVBaqpM5kBc2dE1OJyYSPIzwR4l0VVAe2rfSMELfjrSZJXi0dsF25fnwxvzy1j_kze7wIvLxRHA&amp;oh=00_Af7_doluPtsopEPP4uSizgT1hc-9PjMAb0SHjbfOwdbA0A&amp;oe=69FC6CD5&quot;,&quot;150&quot;:&quot;https:\\\/\\\/scontent-fra5-1.cdninstagram.com\\\/v\\\/t51.82787-15\\\/634361215_17991921425923174_7227330838731934188_n.jpg?stp=dst-jpg_e35_tt6&amp;_nc_cat=100&amp;ccb=7-5&amp;_nc_sid=18de74&amp;efg=eyJlZmdfdGFnIjoiRkVFRC5iZXN0X2ltYWdlX3VybGdlbi5DMyJ9&amp;_nc_ohc=FCnUJSH6MOUQ7kNvwEYXIjU&amp;_nc_oc=AdqQwLIBmYiZ4gQPNZ7LKYOa0699pQbJGWfvJsLO62SOWaKTtchiSb-ubgEpyWWccwnmU8qW1NGe1cGH0dUdCHli&amp;_nc_zt=23&amp;_nc_ht=scontent-fra5-1.cdninstagram.com&amp;edm=ANo9K5cEAAAA&amp;_nc_gid=pVwaELq2E_W4rwzJShcs8g&amp;_nc_tpa=Q5bMBQHjVBaqpM5kBc2dE1OJyYSPIzwR4l0VVAe2rfSMELfjrSZJXi0dsF25fnwxvzy1j_kze7wIvLxRHA&amp;oh=00_Af7_doluPtsopEPP4uSizgT1hc-9PjMAb0SHjbfOwdbA0A&amp;oe=69FC6CD5&quot;,&quot;320&quot;:&quot;https:\\\/\\\/scontent-fra5-1.cdninstagram.com\\\/v\\\/t51.82787-15\\\/634361215_17991921425923174_7227330838731934188_n.jpg?stp=dst-jpg_e35_tt6&amp;_nc_cat=100&amp;ccb=7-5&amp;_nc_sid=18de74&amp;efg=eyJlZmdfdGFnIjoiRkVFRC5iZXN0X2ltYWdlX3VybGdlbi5DMyJ9&amp;_nc_ohc=FCnUJSH6MOUQ7kNvwEYXIjU&amp;_nc_oc=AdqQwLIBmYiZ4gQPNZ7LKYOa0699pQbJGWfvJsLO62SOWaKTtchiSb-ubgEpyWWccwnmU8qW1NGe1cGH0dUdCHli&amp;_nc_zt=23&amp;_nc_ht=scontent-fra5-1.cdninstagram.com&amp;edm=ANo9K5cEAAAA&amp;_nc_gid=pVwaELq2E_W4rwzJShcs8g&amp;_nc_tpa=Q5bMBQHjVBaqpM5kBc2dE1OJyYSPIzwR4l0VVAe2rfSMELfjrSZJXi0dsF25fnwxvzy1j_kze7wIvLxRHA&amp;oh=00_Af7_doluPtsopEPP4uSizgT1hc-9PjMAb0SHjbfOwdbA0A&amp;oe=69FC6CD5&quot;,&quot;640&quot;:&quot;https:\\\/\\\/scontent-fra5-1.cdninstagram.com\\\/v\\\/t51.82787-15\\\/634361215_17991921425923174_7227330838731934188_n.jpg?stp=dst-jpg_e35_tt6&amp;_nc_cat=100&amp;ccb=7-5&amp;_nc_sid=18de74&amp;efg=eyJlZmdfdGFnIjoiRkVFRC5iZXN0X2ltYWdlX3VybGdlbi5DMyJ9&amp;_nc_ohc=FCnUJSH6MOUQ7kNvwEYXIjU&amp;_nc_oc=AdqQwLIBmYiZ4gQPNZ7LKYOa0699pQbJGWfvJsLO62SOWaKTtchiSb-ubgEpyWWccwnmU8qW1NGe1cGH0dUdCHli&amp;_nc_zt=23&amp;_nc_ht=scontent-fra5-1.cdninstagram.com&amp;edm=ANo9K5cEAAAA&amp;_nc_gid=pVwaELq2E_W4rwzJShcs8g&amp;_nc_tpa=Q5bMBQHjVBaqpM5kBc2dE1OJyYSPIzwR4l0VVAe2rfSMELfjrSZJXi0dsF25fnwxvzy1j_kze7wIvLxRHA&amp;oh=00_Af7_doluPtsopEPP4uSizgT1hc-9PjMAb0SHjbfOwdbA0A&amp;oe=69FC6CD5&quot;}\">\n\t\t\t<span class=\"sbi-screenreader\">Nach Weihnachten leuchten die Lichter noch lange i<\/span>\n\t\t\t\t\t\t\t\t\t<img decoding=\"async\" src=\"https:\/\/www.barbos-stiftung.de\/cms\/wp-content\/plugins\/instagram-feed\/img\/placeholder.png\" alt=\"Nach Weihnachten leuchten die Lichter noch lange in unseren Herzen. \u2728\n\nZum Jahreswechsel durften wir dank eurer wunderbaren Unterst\u00fctzung unglaubliche 4.360 \u20ac an Weihnachtsspenden sammeln! \u2665\ufe0f\n\nDiese Spenden helfen traumatisierten und verhaltensauff\u00e4lligen Kindern, deren Alltag von \u00c4ngsten, Unsicherheiten oder schwierigen Erfahrungen gepr\u00e4gt ist. Dank euch k\u00f6nnen wir ihnen gesch\u00fctzte R\u00e4ume, F\u00f6rderung und kreative Therapieangebote erm\u00f6glichen \u2013 Orte, an denen sie Vertrauen fassen, neue Kraft sch\u00f6pfen und Hoffnung erleben d\u00fcrfen.\n\nJede Spende ist wie ein Lichtstrahl, der den Weg ein kleines St\u00fcck heller macht. \u2728\n\nVon Herzen #DANKE! \u2764\n\n#BarbosStiftung #Weihnachtsspende #Kinderf\u00f6rderung #Hoffnung\" aria-hidden=\"true\">\n\t\t<\/a>\n\t<\/div>\n<\/div><div class=\"sbi_item sbi_type_carousel sbi_new sbi_transition\"\n\tid=\"sbi_18062441858330260\" data-date=\"1771069637\">\n\t<div class=\"sbi_photo_wrap\">\n\t\t<a class=\"sbi_photo\" href=\"https:\/\/www.instagram.com\/p\/DUvLfX3CGDG\/\" target=\"_blank\" rel=\"noopener nofollow\"\n\t\t\tdata-full-res=\"https:\/\/scontent-fra5-1.cdninstagram.com\/v\/t51.82787-15\/631734352_17991103586923174_5404307620891098983_n.jpg?stp=dst-jpg_e35_tt6&#038;_nc_cat=102&#038;ccb=7-5&#038;_nc_sid=18de74&#038;efg=eyJlZmdfdGFnIjoiQ0FST1VTRUxfSVRFTS5iZXN0X2ltYWdlX3VybGdlbi5DMyJ9&#038;_nc_ohc=vNeJvXw8dpMQ7kNvwE-Tj70&#038;_nc_oc=Adpbyzw8kst5FEKU2Xmj-3lJ-I9m3kq6cQaNC3BA36GYoRu7xqiX_C2xsOe2IhX7K5M5k7dZgpmJNVMBJ4Zh-ECQ&#038;_nc_zt=23&#038;_nc_ht=scontent-fra5-1.cdninstagram.com&#038;edm=ANo9K5cEAAAA&#038;_nc_gid=pVwaELq2E_W4rwzJShcs8g&#038;_nc_tpa=Q5bMBQFkXLzsYTrAO5Uux_-8G71e3CQgcRqbfZ6nVzM28MEk3drhwGOnXFknVZxy5_Lcn54-tkVT0zn7qQ&#038;oh=00_Af4Cet1FzwrnYXLMjCoaRJA6nEXiFwRllLbtrq5r09hC7Q&#038;oe=69FC726E\"\n\t\t\tdata-img-src-set=\"{&quot;d&quot;:&quot;https:\\\/\\\/scontent-fra5-1.cdninstagram.com\\\/v\\\/t51.82787-15\\\/631734352_17991103586923174_5404307620891098983_n.jpg?stp=dst-jpg_e35_tt6&amp;_nc_cat=102&amp;ccb=7-5&amp;_nc_sid=18de74&amp;efg=eyJlZmdfdGFnIjoiQ0FST1VTRUxfSVRFTS5iZXN0X2ltYWdlX3VybGdlbi5DMyJ9&amp;_nc_ohc=vNeJvXw8dpMQ7kNvwE-Tj70&amp;_nc_oc=Adpbyzw8kst5FEKU2Xmj-3lJ-I9m3kq6cQaNC3BA36GYoRu7xqiX_C2xsOe2IhX7K5M5k7dZgpmJNVMBJ4Zh-ECQ&amp;_nc_zt=23&amp;_nc_ht=scontent-fra5-1.cdninstagram.com&amp;edm=ANo9K5cEAAAA&amp;_nc_gid=pVwaELq2E_W4rwzJShcs8g&amp;_nc_tpa=Q5bMBQFkXLzsYTrAO5Uux_-8G71e3CQgcRqbfZ6nVzM28MEk3drhwGOnXFknVZxy5_Lcn54-tkVT0zn7qQ&amp;oh=00_Af4Cet1FzwrnYXLMjCoaRJA6nEXiFwRllLbtrq5r09hC7Q&amp;oe=69FC726E&quot;,&quot;150&quot;:&quot;https:\\\/\\\/scontent-fra5-1.cdninstagram.com\\\/v\\\/t51.82787-15\\\/631734352_17991103586923174_5404307620891098983_n.jpg?stp=dst-jpg_e35_tt6&amp;_nc_cat=102&amp;ccb=7-5&amp;_nc_sid=18de74&amp;efg=eyJlZmdfdGFnIjoiQ0FST1VTRUxfSVRFTS5iZXN0X2ltYWdlX3VybGdlbi5DMyJ9&amp;_nc_ohc=vNeJvXw8dpMQ7kNvwE-Tj70&amp;_nc_oc=Adpbyzw8kst5FEKU2Xmj-3lJ-I9m3kq6cQaNC3BA36GYoRu7xqiX_C2xsOe2IhX7K5M5k7dZgpmJNVMBJ4Zh-ECQ&amp;_nc_zt=23&amp;_nc_ht=scontent-fra5-1.cdninstagram.com&amp;edm=ANo9K5cEAAAA&amp;_nc_gid=pVwaELq2E_W4rwzJShcs8g&amp;_nc_tpa=Q5bMBQFkXLzsYTrAO5Uux_-8G71e3CQgcRqbfZ6nVzM28MEk3drhwGOnXFknVZxy5_Lcn54-tkVT0zn7qQ&amp;oh=00_Af4Cet1FzwrnYXLMjCoaRJA6nEXiFwRllLbtrq5r09hC7Q&amp;oe=69FC726E&quot;,&quot;320&quot;:&quot;https:\\\/\\\/scontent-fra5-1.cdninstagram.com\\\/v\\\/t51.82787-15\\\/631734352_17991103586923174_5404307620891098983_n.jpg?stp=dst-jpg_e35_tt6&amp;_nc_cat=102&amp;ccb=7-5&amp;_nc_sid=18de74&amp;efg=eyJlZmdfdGFnIjoiQ0FST1VTRUxfSVRFTS5iZXN0X2ltYWdlX3VybGdlbi5DMyJ9&amp;_nc_ohc=vNeJvXw8dpMQ7kNvwE-Tj70&amp;_nc_oc=Adpbyzw8kst5FEKU2Xmj-3lJ-I9m3kq6cQaNC3BA36GYoRu7xqiX_C2xsOe2IhX7K5M5k7dZgpmJNVMBJ4Zh-ECQ&amp;_nc_zt=23&amp;_nc_ht=scontent-fra5-1.cdninstagram.com&amp;edm=ANo9K5cEAAAA&amp;_nc_gid=pVwaELq2E_W4rwzJShcs8g&amp;_nc_tpa=Q5bMBQFkXLzsYTrAO5Uux_-8G71e3CQgcRqbfZ6nVzM28MEk3drhwGOnXFknVZxy5_Lcn54-tkVT0zn7qQ&amp;oh=00_Af4Cet1FzwrnYXLMjCoaRJA6nEXiFwRllLbtrq5r09hC7Q&amp;oe=69FC726E&quot;,&quot;640&quot;:&quot;https:\\\/\\\/scontent-fra5-1.cdninstagram.com\\\/v\\\/t51.82787-15\\\/631734352_17991103586923174_5404307620891098983_n.jpg?stp=dst-jpg_e35_tt6&amp;_nc_cat=102&amp;ccb=7-5&amp;_nc_sid=18de74&amp;efg=eyJlZmdfdGFnIjoiQ0FST1VTRUxfSVRFTS5iZXN0X2ltYWdlX3VybGdlbi5DMyJ9&amp;_nc_ohc=vNeJvXw8dpMQ7kNvwE-Tj70&amp;_nc_oc=Adpbyzw8kst5FEKU2Xmj-3lJ-I9m3kq6cQaNC3BA36GYoRu7xqiX_C2xsOe2IhX7K5M5k7dZgpmJNVMBJ4Zh-ECQ&amp;_nc_zt=23&amp;_nc_ht=scontent-fra5-1.cdninstagram.com&amp;edm=ANo9K5cEAAAA&amp;_nc_gid=pVwaELq2E_W4rwzJShcs8g&amp;_nc_tpa=Q5bMBQFkXLzsYTrAO5Uux_-8G71e3CQgcRqbfZ6nVzM28MEk3drhwGOnXFknVZxy5_Lcn54-tkVT0zn7qQ&amp;oh=00_Af4Cet1FzwrnYXLMjCoaRJA6nEXiFwRllLbtrq5r09hC7Q&amp;oe=69FC726E&quot;}\">\n\t\t\t<span class=\"sbi-screenreader\">Valentinstag voller Liebe &amp; Style \u2764\ufe0f\n\n@trendtv<\/span>\n\t\t\t<svg class=\"svg-inline--fa fa-clone fa-w-16 sbi_lightbox_carousel_icon\" aria-hidden=\"true\" aria-label=\"Clone\" data-fa-pro\u0192cessed=\"\" data-prefix=\"far\" data-icon=\"clone\" role=\"img\" xmlns=\"http:\/\/www.w3.org\/2000\/svg\" viewBox=\"0 0 512 512\">\n                    <path fill=\"currentColor\" d=\"M464 0H144c-26.51 0-48 21.49-48 48v48H48c-26.51 0-48 21.49-48 48v320c0 26.51 21.49 48 48 48h320c26.51 0 48-21.49 48-48v-48h48c26.51 0 48-21.49 48-48V48c0-26.51-21.49-48-48-48zM362 464H54a6 6 0 0 1-6-6V150a6 6 0 0 1 6-6h42v224c0 26.51 21.49 48 48 48h224v42a6 6 0 0 1-6 6zm96-96H150a6 6 0 0 1-6-6V54a6 6 0 0 1 6-6h308a6 6 0 0 1 6 6v308a6 6 0 0 1-6 6z\"><\/path>\n                <\/svg>\t\t\t\t\t\t<img decoding=\"async\" src=\"https:\/\/www.barbos-stiftung.de\/cms\/wp-content\/plugins\/instagram-feed\/img\/placeholder.png\" alt=\"Valentinstag voller Liebe &amp; Style \u2764\ufe0f\n\n@trendtvision verloste eine Lederjacke \u2013 jedes Los eine Spende f\u00fcr Kinder der Barbos-Stiftung. \ud83c\udf9f\ufe0f\n\nWas daraus wurde? \n\n\u2764\ufe0f \u00dcber 21.000\u202f\u20ac, Kunsttherapie live erlebt und jede Menge Herzensmomente. \u2764\ufe0f\n\nEntdecke die ganze Geschichte in den Slides!\" aria-hidden=\"true\">\n\t\t<\/a>\n\t<\/div>\n<\/div><div class=\"sbi_item sbi_type_image sbi_new sbi_transition\"\n\tid=\"sbi_18034329008758049\" data-date=\"1769335936\">\n\t<div class=\"sbi_photo_wrap\">\n\t\t<a class=\"sbi_photo\" href=\"https:\/\/www.instagram.com\/p\/DT7gt_2CFW1\/\" target=\"_blank\" rel=\"noopener nofollow\"\n\t\t\tdata-full-res=\"https:\/\/scontent-fra3-1.cdninstagram.com\/v\/t51.82787-15\/621582484_17988984140923174_871001020365913249_n.jpg?stp=dst-jpg_e35_tt6&#038;_nc_cat=105&#038;ccb=7-5&#038;_nc_sid=18de74&#038;efg=eyJlZmdfdGFnIjoiRkVFRC5iZXN0X2ltYWdlX3VybGdlbi5DMyJ9&#038;_nc_ohc=Ti0uCUtoA_EQ7kNvwFzxBUK&#038;_nc_oc=AdrrjMo7njaq2wN8BpfN1VxzG1AzUfnxDnlWqTa8iXyU0vE399lwtYnz7t7drANzX4d0M6KZ2IDgrDfsu3DTLsFz&#038;_nc_zt=23&#038;_nc_ht=scontent-fra3-1.cdninstagram.com&#038;edm=ANo9K5cEAAAA&#038;_nc_gid=pVwaELq2E_W4rwzJShcs8g&#038;_nc_tpa=Q5bMBQH1jxDQpOh1MGmqONV9yUDZ3MIVq0RbVq0p9LHC0xMtgIXW24LsTGfGaPftwPUX49kCwjm9mnvVyQ&#038;oh=00_Af57ckk3B-ncCB9hlyZFbgp3UTGmgtIVSlnjt2v2UoB8hg&#038;oe=69FC5EE2\"\n\t\t\tdata-img-src-set=\"{&quot;d&quot;:&quot;https:\\\/\\\/scontent-fra3-1.cdninstagram.com\\\/v\\\/t51.82787-15\\\/621582484_17988984140923174_871001020365913249_n.jpg?stp=dst-jpg_e35_tt6&amp;_nc_cat=105&amp;ccb=7-5&amp;_nc_sid=18de74&amp;efg=eyJlZmdfdGFnIjoiRkVFRC5iZXN0X2ltYWdlX3VybGdlbi5DMyJ9&amp;_nc_ohc=Ti0uCUtoA_EQ7kNvwFzxBUK&amp;_nc_oc=AdrrjMo7njaq2wN8BpfN1VxzG1AzUfnxDnlWqTa8iXyU0vE399lwtYnz7t7drANzX4d0M6KZ2IDgrDfsu3DTLsFz&amp;_nc_zt=23&amp;_nc_ht=scontent-fra3-1.cdninstagram.com&amp;edm=ANo9K5cEAAAA&amp;_nc_gid=pVwaELq2E_W4rwzJShcs8g&amp;_nc_tpa=Q5bMBQH1jxDQpOh1MGmqONV9yUDZ3MIVq0RbVq0p9LHC0xMtgIXW24LsTGfGaPftwPUX49kCwjm9mnvVyQ&amp;oh=00_Af57ckk3B-ncCB9hlyZFbgp3UTGmgtIVSlnjt2v2UoB8hg&amp;oe=69FC5EE2&quot;,&quot;150&quot;:&quot;https:\\\/\\\/scontent-fra3-1.cdninstagram.com\\\/v\\\/t51.82787-15\\\/621582484_17988984140923174_871001020365913249_n.jpg?stp=dst-jpg_e35_tt6&amp;_nc_cat=105&amp;ccb=7-5&amp;_nc_sid=18de74&amp;efg=eyJlZmdfdGFnIjoiRkVFRC5iZXN0X2ltYWdlX3VybGdlbi5DMyJ9&amp;_nc_ohc=Ti0uCUtoA_EQ7kNvwFzxBUK&amp;_nc_oc=AdrrjMo7njaq2wN8BpfN1VxzG1AzUfnxDnlWqTa8iXyU0vE399lwtYnz7t7drANzX4d0M6KZ2IDgrDfsu3DTLsFz&amp;_nc_zt=23&amp;_nc_ht=scontent-fra3-1.cdninstagram.com&amp;edm=ANo9K5cEAAAA&amp;_nc_gid=pVwaELq2E_W4rwzJShcs8g&amp;_nc_tpa=Q5bMBQH1jxDQpOh1MGmqONV9yUDZ3MIVq0RbVq0p9LHC0xMtgIXW24LsTGfGaPftwPUX49kCwjm9mnvVyQ&amp;oh=00_Af57ckk3B-ncCB9hlyZFbgp3UTGmgtIVSlnjt2v2UoB8hg&amp;oe=69FC5EE2&quot;,&quot;320&quot;:&quot;https:\\\/\\\/scontent-fra3-1.cdninstagram.com\\\/v\\\/t51.82787-15\\\/621582484_17988984140923174_871001020365913249_n.jpg?stp=dst-jpg_e35_tt6&amp;_nc_cat=105&amp;ccb=7-5&amp;_nc_sid=18de74&amp;efg=eyJlZmdfdGFnIjoiRkVFRC5iZXN0X2ltYWdlX3VybGdlbi5DMyJ9&amp;_nc_ohc=Ti0uCUtoA_EQ7kNvwFzxBUK&amp;_nc_oc=AdrrjMo7njaq2wN8BpfN1VxzG1AzUfnxDnlWqTa8iXyU0vE399lwtYnz7t7drANzX4d0M6KZ2IDgrDfsu3DTLsFz&amp;_nc_zt=23&amp;_nc_ht=scontent-fra3-1.cdninstagram.com&amp;edm=ANo9K5cEAAAA&amp;_nc_gid=pVwaELq2E_W4rwzJShcs8g&amp;_nc_tpa=Q5bMBQH1jxDQpOh1MGmqONV9yUDZ3MIVq0RbVq0p9LHC0xMtgIXW24LsTGfGaPftwPUX49kCwjm9mnvVyQ&amp;oh=00_Af57ckk3B-ncCB9hlyZFbgp3UTGmgtIVSlnjt2v2UoB8hg&amp;oe=69FC5EE2&quot;,&quot;640&quot;:&quot;https:\\\/\\\/scontent-fra3-1.cdninstagram.com\\\/v\\\/t51.82787-15\\\/621582484_17988984140923174_871001020365913249_n.jpg?stp=dst-jpg_e35_tt6&amp;_nc_cat=105&amp;ccb=7-5&amp;_nc_sid=18de74&amp;efg=eyJlZmdfdGFnIjoiRkVFRC5iZXN0X2ltYWdlX3VybGdlbi5DMyJ9&amp;_nc_ohc=Ti0uCUtoA_EQ7kNvwFzxBUK&amp;_nc_oc=AdrrjMo7njaq2wN8BpfN1VxzG1AzUfnxDnlWqTa8iXyU0vE399lwtYnz7t7drANzX4d0M6KZ2IDgrDfsu3DTLsFz&amp;_nc_zt=23&amp;_nc_ht=scontent-fra3-1.cdninstagram.com&amp;edm=ANo9K5cEAAAA&amp;_nc_gid=pVwaELq2E_W4rwzJShcs8g&amp;_nc_tpa=Q5bMBQH1jxDQpOh1MGmqONV9yUDZ3MIVq0RbVq0p9LHC0xMtgIXW24LsTGfGaPftwPUX49kCwjm9mnvVyQ&amp;oh=00_Af57ckk3B-ncCB9hlyZFbgp3UTGmgtIVSlnjt2v2UoB8hg&amp;oe=69FC5EE2&quot;}\">\n\t\t\t<span class=\"sbi-screenreader\">Fillip und die Kraft des Wassers \ud83c\udf0a \n\nFillip (5)<\/span>\n\t\t\t\t\t\t\t\t\t<img decoding=\"async\" src=\"https:\/\/www.barbos-stiftung.de\/cms\/wp-content\/plugins\/instagram-feed\/img\/placeholder.png\" alt=\"Fillip und die Kraft des Wassers \ud83c\udf0a \n\nFillip (5) ist ein kleiner Wirbelwind \u2013 neugierig, voller Energie, aber oft auch impulsiv. In der Kita ger\u00e4t er immer wieder in Konflikte, weil er sich schnell ablenken l\u00e4sst und manchmal seine eigenen Bed\u00fcrfnisse nicht erkennt.\n\nDoch im Tonfeld entdeckt er ein Medium, das ihm hilft: Wasser. \ud83c\udf0a Er beginnt, Kan\u00e4le zu bauen, Staud\u00e4mme zu errichten und das Wasser gezielt zu lenken. Zum ersten Mal erlebt er bewusst, dass er die Kontrolle \u00fcber seine Umgebung \u00fcbernehmen kann \u2013 dass seine Impulse eine Richtung bekommen.\n\nMit jeder Sitzung wird er ruhiger, konzentrierter. Er lernt, dass er selbst gestalten kann \u2013 und dass er durch Struktur und Ordnung nicht nur sich selbst, sondern auch sein Umfeld positiv beeinflussen kann.\n\nHilf Kindern wie Fillip, ihre St\u00e4rken zu entdecken! Jeder Beitrag z\u00e4hlt. \u2764\n\nSpendenkonto:\nBarbos-Stiftung\nStadtsparkasse M\u00fcnchen\nIBAN: DE67701500000053117230\nBIC: SSKMDEMMXXX\n\nOder spende bequem per PayPal. \ud83d\udcb3\n\nDeine Unterst\u00fctzung macht einen Unterschied. Vielen Dank! \ud83d\ude4f\n\n #BarbosStiftung #HoffnungSchenken #KinderHelfen\" aria-hidden=\"true\">\n\t\t<\/a>\n\t<\/div>\n<\/div><div class=\"sbi_item sbi_type_carousel sbi_new sbi_transition\"\n\tid=\"sbi_17861270451574263\" data-date=\"1768457999\">\n\t<div class=\"sbi_photo_wrap\">\n\t\t<a class=\"sbi_photo\" href=\"https:\/\/www.instagram.com\/p\/DThWL5SCryw\/\" target=\"_blank\" rel=\"noopener nofollow\"\n\t\t\tdata-full-res=\"https:\/\/scontent-fra5-2.cdninstagram.com\/v\/t51.82787-15\/615001220_17987952887923174_8230588714635550445_n.jpg?stp=dst-jpg_e35_tt6&#038;_nc_cat=109&#038;ccb=7-5&#038;_nc_sid=18de74&#038;efg=eyJlZmdfdGFnIjoiQ0FST1VTRUxfSVRFTS5iZXN0X2ltYWdlX3VybGdlbi5DMyJ9&#038;_nc_ohc=4zXWkhgGBzIQ7kNvwFp123X&#038;_nc_oc=AdpBpjPg-7og5cMuMXh8eiNnMtNEBp9TsqzaMZrpRXXJ5XJFBzTxMO5mtyA9DDd7IbQjppqgSTGAFgygijHEN8mq&#038;_nc_zt=23&#038;_nc_ht=scontent-fra5-2.cdninstagram.com&#038;edm=ANo9K5cEAAAA&#038;_nc_gid=pVwaELq2E_W4rwzJShcs8g&#038;_nc_tpa=Q5bMBQF2k8hq6jWZ3lcowR5K0pHaBSfasR1aoxRdlx1JvcawOus83XOc8gFKz3oW9hkzo8IqnDV2uOOEmw&#038;oh=00_Af4lCd-Gk9NJ0BTvvmM5W6LVV5f4EhqV-_4zP0djcbl7_Q&#038;oe=69FC5372\"\n\t\t\tdata-img-src-set=\"{&quot;d&quot;:&quot;https:\\\/\\\/scontent-fra5-2.cdninstagram.com\\\/v\\\/t51.82787-15\\\/615001220_17987952887923174_8230588714635550445_n.jpg?stp=dst-jpg_e35_tt6&amp;_nc_cat=109&amp;ccb=7-5&amp;_nc_sid=18de74&amp;efg=eyJlZmdfdGFnIjoiQ0FST1VTRUxfSVRFTS5iZXN0X2ltYWdlX3VybGdlbi5DMyJ9&amp;_nc_ohc=4zXWkhgGBzIQ7kNvwFp123X&amp;_nc_oc=AdpBpjPg-7og5cMuMXh8eiNnMtNEBp9TsqzaMZrpRXXJ5XJFBzTxMO5mtyA9DDd7IbQjppqgSTGAFgygijHEN8mq&amp;_nc_zt=23&amp;_nc_ht=scontent-fra5-2.cdninstagram.com&amp;edm=ANo9K5cEAAAA&amp;_nc_gid=pVwaELq2E_W4rwzJShcs8g&amp;_nc_tpa=Q5bMBQF2k8hq6jWZ3lcowR5K0pHaBSfasR1aoxRdlx1JvcawOus83XOc8gFKz3oW9hkzo8IqnDV2uOOEmw&amp;oh=00_Af4lCd-Gk9NJ0BTvvmM5W6LVV5f4EhqV-_4zP0djcbl7_Q&amp;oe=69FC5372&quot;,&quot;150&quot;:&quot;https:\\\/\\\/scontent-fra5-2.cdninstagram.com\\\/v\\\/t51.82787-15\\\/615001220_17987952887923174_8230588714635550445_n.jpg?stp=dst-jpg_e35_tt6&amp;_nc_cat=109&amp;ccb=7-5&amp;_nc_sid=18de74&amp;efg=eyJlZmdfdGFnIjoiQ0FST1VTRUxfSVRFTS5iZXN0X2ltYWdlX3VybGdlbi5DMyJ9&amp;_nc_ohc=4zXWkhgGBzIQ7kNvwFp123X&amp;_nc_oc=AdpBpjPg-7og5cMuMXh8eiNnMtNEBp9TsqzaMZrpRXXJ5XJFBzTxMO5mtyA9DDd7IbQjppqgSTGAFgygijHEN8mq&amp;_nc_zt=23&amp;_nc_ht=scontent-fra5-2.cdninstagram.com&amp;edm=ANo9K5cEAAAA&amp;_nc_gid=pVwaELq2E_W4rwzJShcs8g&amp;_nc_tpa=Q5bMBQF2k8hq6jWZ3lcowR5K0pHaBSfasR1aoxRdlx1JvcawOus83XOc8gFKz3oW9hkzo8IqnDV2uOOEmw&amp;oh=00_Af4lCd-Gk9NJ0BTvvmM5W6LVV5f4EhqV-_4zP0djcbl7_Q&amp;oe=69FC5372&quot;,&quot;320&quot;:&quot;https:\\\/\\\/scontent-fra5-2.cdninstagram.com\\\/v\\\/t51.82787-15\\\/615001220_17987952887923174_8230588714635550445_n.jpg?stp=dst-jpg_e35_tt6&amp;_nc_cat=109&amp;ccb=7-5&amp;_nc_sid=18de74&amp;efg=eyJlZmdfdGFnIjoiQ0FST1VTRUxfSVRFTS5iZXN0X2ltYWdlX3VybGdlbi5DMyJ9&amp;_nc_ohc=4zXWkhgGBzIQ7kNvwFp123X&amp;_nc_oc=AdpBpjPg-7og5cMuMXh8eiNnMtNEBp9TsqzaMZrpRXXJ5XJFBzTxMO5mtyA9DDd7IbQjppqgSTGAFgygijHEN8mq&amp;_nc_zt=23&amp;_nc_ht=scontent-fra5-2.cdninstagram.com&amp;edm=ANo9K5cEAAAA&amp;_nc_gid=pVwaELq2E_W4rwzJShcs8g&amp;_nc_tpa=Q5bMBQF2k8hq6jWZ3lcowR5K0pHaBSfasR1aoxRdlx1JvcawOus83XOc8gFKz3oW9hkzo8IqnDV2uOOEmw&amp;oh=00_Af4lCd-Gk9NJ0BTvvmM5W6LVV5f4EhqV-_4zP0djcbl7_Q&amp;oe=69FC5372&quot;,&quot;640&quot;:&quot;https:\\\/\\\/scontent-fra5-2.cdninstagram.com\\\/v\\\/t51.82787-15\\\/615001220_17987952887923174_8230588714635550445_n.jpg?stp=dst-jpg_e35_tt6&amp;_nc_cat=109&amp;ccb=7-5&amp;_nc_sid=18de74&amp;efg=eyJlZmdfdGFnIjoiQ0FST1VTRUxfSVRFTS5iZXN0X2ltYWdlX3VybGdlbi5DMyJ9&amp;_nc_ohc=4zXWkhgGBzIQ7kNvwFp123X&amp;_nc_oc=AdpBpjPg-7og5cMuMXh8eiNnMtNEBp9TsqzaMZrpRXXJ5XJFBzTxMO5mtyA9DDd7IbQjppqgSTGAFgygijHEN8mq&amp;_nc_zt=23&amp;_nc_ht=scontent-fra5-2.cdninstagram.com&amp;edm=ANo9K5cEAAAA&amp;_nc_gid=pVwaELq2E_W4rwzJShcs8g&amp;_nc_tpa=Q5bMBQF2k8hq6jWZ3lcowR5K0pHaBSfasR1aoxRdlx1JvcawOus83XOc8gFKz3oW9hkzo8IqnDV2uOOEmw&amp;oh=00_Af4lCd-Gk9NJ0BTvvmM5W6LVV5f4EhqV-_4zP0djcbl7_Q&amp;oe=69FC5372&quot;}\">\n\t\t\t<span class=\"sbi-screenreader\">Kunst, die bewegt und uns mitnimmt \u2728\n\nBarbara un<\/span>\n\t\t\t<svg class=\"svg-inline--fa fa-clone fa-w-16 sbi_lightbox_carousel_icon\" aria-hidden=\"true\" aria-label=\"Clone\" data-fa-pro\u0192cessed=\"\" data-prefix=\"far\" data-icon=\"clone\" role=\"img\" xmlns=\"http:\/\/www.w3.org\/2000\/svg\" viewBox=\"0 0 512 512\">\n                    <path fill=\"currentColor\" d=\"M464 0H144c-26.51 0-48 21.49-48 48v48H48c-26.51 0-48 21.49-48 48v320c0 26.51 21.49 48 48 48h320c26.51 0 48-21.49 48-48v-48h48c26.51 0 48-21.49 48-48V48c0-26.51-21.49-48-48-48zM362 464H54a6 6 0 0 1-6-6V150a6 6 0 0 1 6-6h42v224c0 26.51 21.49 48 48 48h224v42a6 6 0 0 1-6 6zm96-96H150a6 6 0 0 1-6-6V54a6 6 0 0 1 6-6h308a6 6 0 0 1 6 6v308a6 6 0 0 1-6 6z\"><\/path>\n                <\/svg>\t\t\t\t\t\t<img decoding=\"async\" src=\"https:\/\/www.barbos-stiftung.de\/cms\/wp-content\/plugins\/instagram-feed\/img\/placeholder.png\" alt=\"Kunst, die bewegt und uns mitnimmt \u2728\n\nBarbara und Mai waren in der Ausstellung \u201eDigital by Nature\u201c in der @kunsthallemuc und etwas dort hat uns besonders ber\u00fchrt:\n\nHier wird jede Besucherin und jeder Besucher Teil der Kunst. Bewegungen werden live in dynamische Bilder \u00fcbersetzt \u2013 Staunen, Mitmachen, Dabeisein. \u2665\ufe0f\n\nF\u00fcr Barbara war dieser Moment besonders bedeutend.\nVor drei Jahren schwer erkrankt, heute im Rollstuhl unterwegs und trotzdem voller Lebensmut.\n\nKunst, die uns sieht.\nKunst, die Teilhabe m\u00f6glich macht.\nKunst, die Mut schenkt. \u2728\n\nWer Lust hat, selbst einzutauchen:\nDIGITAL BY NATURE zeigt \u00fcber 40 Jahre Werke von @miguel_chevalier - eine faszinierende Verbindung von Natur und Technik. Eine Einladung zum Beobachten, Mitmachen und Staunen.\n\n\ud83d\udcc5 T\u00e4glich von 10 bis 20 Uhr \u2013 vorbeikommen lohnt sich!\n\nF\u00fcr Kinder gibt es KIDS @ KUNSTHALLE:\nPixel und Voxel begleiten die kleinen Besucherinnen und Besucher spielerisch durch die Ausstellung. Das Begleitheft f\u00fcr Kinder von 8 bis 12 Jahren gibt es kostenlos an der Kasse \ud83c\udfa8illustriert von @elenabuonoart\" aria-hidden=\"true\">\n\t\t<\/a>\n\t<\/div>\n<\/div><div class=\"sbi_item sbi_type_image sbi_new sbi_transition\"\n\tid=\"sbi_18032250398773334\" data-date=\"1767787211\">\n\t<div class=\"sbi_photo_wrap\">\n\t\t<a class=\"sbi_photo\" href=\"https:\/\/www.instagram.com\/p\/DTNWwgogZYN\/\" target=\"_blank\" rel=\"noopener nofollow\"\n\t\t\tdata-full-res=\"https:\/\/scontent-fra5-1.cdninstagram.com\/v\/t39.30808-6\/612066889_1300774478743791_253106770980829938_n.jpg?stp=dst-jpg_e35_tt6&#038;_nc_cat=110&#038;ccb=7-5&#038;_nc_sid=18de74&#038;efg=eyJlZmdfdGFnIjoiRkVFRC5iZXN0X2ltYWdlX3VybGdlbi5DMyJ9&#038;_nc_ohc=qd5uCAqFhPgQ7kNvwEMhwxT&#038;_nc_oc=AdoU0r1d6j1MML_Vxj0VZW8m8VyKenC0tGB6Iavaa_HzpkNoYPWcOOgVtbFYajyRRrFNmTh7wVa6tqKtpM9eQCYJ&#038;_nc_zt=23&#038;_nc_ht=scontent-fra5-1.cdninstagram.com&#038;edm=ANo9K5cEAAAA&#038;_nc_gid=pVwaELq2E_W4rwzJShcs8g&#038;_nc_tpa=Q5bMBQFN43x-xrhh7neJaE4RWC1v2IStQrlAYErLKJGYC4DClPsEbDjOk6O8UvBVXZTnitwDpUZ3qwDG2g&#038;oh=00_Af7W3mPTgvyB7xjXtqbx9Jisl7SaOuAa8DwMsV1jcjGpbg&#038;oe=69FC5FE3\"\n\t\t\tdata-img-src-set=\"{&quot;d&quot;:&quot;https:\\\/\\\/scontent-fra5-1.cdninstagram.com\\\/v\\\/t39.30808-6\\\/612066889_1300774478743791_253106770980829938_n.jpg?stp=dst-jpg_e35_tt6&amp;_nc_cat=110&amp;ccb=7-5&amp;_nc_sid=18de74&amp;efg=eyJlZmdfdGFnIjoiRkVFRC5iZXN0X2ltYWdlX3VybGdlbi5DMyJ9&amp;_nc_ohc=qd5uCAqFhPgQ7kNvwEMhwxT&amp;_nc_oc=AdoU0r1d6j1MML_Vxj0VZW8m8VyKenC0tGB6Iavaa_HzpkNoYPWcOOgVtbFYajyRRrFNmTh7wVa6tqKtpM9eQCYJ&amp;_nc_zt=23&amp;_nc_ht=scontent-fra5-1.cdninstagram.com&amp;edm=ANo9K5cEAAAA&amp;_nc_gid=pVwaELq2E_W4rwzJShcs8g&amp;_nc_tpa=Q5bMBQFN43x-xrhh7neJaE4RWC1v2IStQrlAYErLKJGYC4DClPsEbDjOk6O8UvBVXZTnitwDpUZ3qwDG2g&amp;oh=00_Af7W3mPTgvyB7xjXtqbx9Jisl7SaOuAa8DwMsV1jcjGpbg&amp;oe=69FC5FE3&quot;,&quot;150&quot;:&quot;https:\\\/\\\/scontent-fra5-1.cdninstagram.com\\\/v\\\/t39.30808-6\\\/612066889_1300774478743791_253106770980829938_n.jpg?stp=dst-jpg_e35_tt6&amp;_nc_cat=110&amp;ccb=7-5&amp;_nc_sid=18de74&amp;efg=eyJlZmdfdGFnIjoiRkVFRC5iZXN0X2ltYWdlX3VybGdlbi5DMyJ9&amp;_nc_ohc=qd5uCAqFhPgQ7kNvwEMhwxT&amp;_nc_oc=AdoU0r1d6j1MML_Vxj0VZW8m8VyKenC0tGB6Iavaa_HzpkNoYPWcOOgVtbFYajyRRrFNmTh7wVa6tqKtpM9eQCYJ&amp;_nc_zt=23&amp;_nc_ht=scontent-fra5-1.cdninstagram.com&amp;edm=ANo9K5cEAAAA&amp;_nc_gid=pVwaELq2E_W4rwzJShcs8g&amp;_nc_tpa=Q5bMBQFN43x-xrhh7neJaE4RWC1v2IStQrlAYErLKJGYC4DClPsEbDjOk6O8UvBVXZTnitwDpUZ3qwDG2g&amp;oh=00_Af7W3mPTgvyB7xjXtqbx9Jisl7SaOuAa8DwMsV1jcjGpbg&amp;oe=69FC5FE3&quot;,&quot;320&quot;:&quot;https:\\\/\\\/scontent-fra5-1.cdninstagram.com\\\/v\\\/t39.30808-6\\\/612066889_1300774478743791_253106770980829938_n.jpg?stp=dst-jpg_e35_tt6&amp;_nc_cat=110&amp;ccb=7-5&amp;_nc_sid=18de74&amp;efg=eyJlZmdfdGFnIjoiRkVFRC5iZXN0X2ltYWdlX3VybGdlbi5DMyJ9&amp;_nc_ohc=qd5uCAqFhPgQ7kNvwEMhwxT&amp;_nc_oc=AdoU0r1d6j1MML_Vxj0VZW8m8VyKenC0tGB6Iavaa_HzpkNoYPWcOOgVtbFYajyRRrFNmTh7wVa6tqKtpM9eQCYJ&amp;_nc_zt=23&amp;_nc_ht=scontent-fra5-1.cdninstagram.com&amp;edm=ANo9K5cEAAAA&amp;_nc_gid=pVwaELq2E_W4rwzJShcs8g&amp;_nc_tpa=Q5bMBQFN43x-xrhh7neJaE4RWC1v2IStQrlAYErLKJGYC4DClPsEbDjOk6O8UvBVXZTnitwDpUZ3qwDG2g&amp;oh=00_Af7W3mPTgvyB7xjXtqbx9Jisl7SaOuAa8DwMsV1jcjGpbg&amp;oe=69FC5FE3&quot;,&quot;640&quot;:&quot;https:\\\/\\\/scontent-fra5-1.cdninstagram.com\\\/v\\\/t39.30808-6\\\/612066889_1300774478743791_253106770980829938_n.jpg?stp=dst-jpg_e35_tt6&amp;_nc_cat=110&amp;ccb=7-5&amp;_nc_sid=18de74&amp;efg=eyJlZmdfdGFnIjoiRkVFRC5iZXN0X2ltYWdlX3VybGdlbi5DMyJ9&amp;_nc_ohc=qd5uCAqFhPgQ7kNvwEMhwxT&amp;_nc_oc=AdoU0r1d6j1MML_Vxj0VZW8m8VyKenC0tGB6Iavaa_HzpkNoYPWcOOgVtbFYajyRRrFNmTh7wVa6tqKtpM9eQCYJ&amp;_nc_zt=23&amp;_nc_ht=scontent-fra5-1.cdninstagram.com&amp;edm=ANo9K5cEAAAA&amp;_nc_gid=pVwaELq2E_W4rwzJShcs8g&amp;_nc_tpa=Q5bMBQFN43x-xrhh7neJaE4RWC1v2IStQrlAYErLKJGYC4DClPsEbDjOk6O8UvBVXZTnitwDpUZ3qwDG2g&amp;oh=00_Af7W3mPTgvyB7xjXtqbx9Jisl7SaOuAa8DwMsV1jcjGpbg&amp;oe=69FC5FE3&quot;}\">\n\t\t\t<span class=\"sbi-screenreader\">\ud83d\udca1 Emily und die Freude am Entdecken\n\nEmily (7) <\/span>\n\t\t\t\t\t\t\t\t\t<img decoding=\"async\" src=\"https:\/\/www.barbos-stiftung.de\/cms\/wp-content\/plugins\/instagram-feed\/img\/placeholder.png\" alt=\"\ud83d\udca1 Emily und die Freude am Entdecken\n\nEmily (7) k\u00e4mpft in der Schule mit gro\u00dfen Herausforderungen. Lesen und Schreiben fallen ihr schwer, und oft ist sie \u00fcberfordert. Der st\u00e4ndige Leistungsdruck l\u00e4sst sie unsicher und angespannt wirken.\n\nDoch als sie am Tonfeld sitzt, passiert etwas Besonderes. Hier gibt es keine Regeln, kein &quot;richtig&quot; oder &quot;falsch&quot;. Sie kann einfach machen. Sie beginnt, gro\u00dfe Berge aus der Tonerde zu formen, sie wieder einzurei\u00dfen, mit Wasser neue Strukturen zu schaffen. Pl\u00f6tzlich ist sie nicht mehr das M\u00e4dchen, das Angst vor Fehlern hat \u2013 sie ist eine Sch\u00f6pferin.\n\nNach einigen Sitzungen berichten ihre Lehrer*innen, dass Emily sich im Unterricht weniger unter Druck setzt. Sie ist entspannter, mutiger und wagt es, Dinge auszuprobieren. \u2728\n\nJede Spende gibt Kindern wie Emily die Chance, sich selbst neu zu entdecken!\n\nSpendenkonto:\nBarbos-Stiftung\nStadtsparkasse M\u00fcnchen\nIBAN: DE67701500000053117230\nBIC: SSKMDEMMXXX\n\nOder spende bequem per PayPal. \ud83d\udcb3\n\nDeine Unterst\u00fctzung macht einen Unterschied. Vielen Dank! \ud83d\ude4f\n\n #BarbosStiftung #HoffnungSchenken #KinderHelfen\" aria-hidden=\"true\">\n\t\t<\/a>\n\t<\/div>\n<\/div><div class=\"sbi_item sbi_type_image sbi_new sbi_transition\"\n\tid=\"sbi_17957250761901966\" data-date=\"1767171614\">\n\t<div class=\"sbi_photo_wrap\">\n\t\t<a class=\"sbi_photo\" href=\"https:\/\/www.instagram.com\/p\/DS7AmepCWML\/\" target=\"_blank\" rel=\"noopener nofollow\"\n\t\t\tdata-full-res=\"https:\/\/scontent-fra3-1.cdninstagram.com\/v\/t39.30808-6\/605127184_1297267452427827_3608830552598385396_n.jpg?stp=dst-jpg_e35_tt6&#038;_nc_cat=105&#038;ccb=7-5&#038;_nc_sid=18de74&#038;efg=eyJlZmdfdGFnIjoiRkVFRC5iZXN0X2ltYWdlX3VybGdlbi5DMyJ9&#038;_nc_ohc=pkoqao3vuZkQ7kNvwHazF_3&#038;_nc_oc=AdrON40QcQSj1kKYDuqUf8JR_ASxW9TJTthwbeOLGrJL_Nob6cIKO04g0UvG8Evbq9pdUdKVImUr1oHZaTtOcL11&#038;_nc_zt=23&#038;_nc_ht=scontent-fra3-1.cdninstagram.com&#038;edm=ANo9K5cEAAAA&#038;_nc_gid=pVwaELq2E_W4rwzJShcs8g&#038;_nc_tpa=Q5bMBQGfi7RovZ7bFWcmh3Rzew1Fwc9qW77BR6XfL3Yn3ilWYJGE6jU88yPYxX6FGH5G2MkwlWZD0_fU4w&#038;oh=00_Af4-cD4XqWLoKe9HLIREqpfqEINjL-neby7Pqj8acXRDYQ&#038;oe=69FC50C2\"\n\t\t\tdata-img-src-set=\"{&quot;d&quot;:&quot;https:\\\/\\\/scontent-fra3-1.cdninstagram.com\\\/v\\\/t39.30808-6\\\/605127184_1297267452427827_3608830552598385396_n.jpg?stp=dst-jpg_e35_tt6&amp;_nc_cat=105&amp;ccb=7-5&amp;_nc_sid=18de74&amp;efg=eyJlZmdfdGFnIjoiRkVFRC5iZXN0X2ltYWdlX3VybGdlbi5DMyJ9&amp;_nc_ohc=pkoqao3vuZkQ7kNvwHazF_3&amp;_nc_oc=AdrON40QcQSj1kKYDuqUf8JR_ASxW9TJTthwbeOLGrJL_Nob6cIKO04g0UvG8Evbq9pdUdKVImUr1oHZaTtOcL11&amp;_nc_zt=23&amp;_nc_ht=scontent-fra3-1.cdninstagram.com&amp;edm=ANo9K5cEAAAA&amp;_nc_gid=pVwaELq2E_W4rwzJShcs8g&amp;_nc_tpa=Q5bMBQGfi7RovZ7bFWcmh3Rzew1Fwc9qW77BR6XfL3Yn3ilWYJGE6jU88yPYxX6FGH5G2MkwlWZD0_fU4w&amp;oh=00_Af4-cD4XqWLoKe9HLIREqpfqEINjL-neby7Pqj8acXRDYQ&amp;oe=69FC50C2&quot;,&quot;150&quot;:&quot;https:\\\/\\\/scontent-fra3-1.cdninstagram.com\\\/v\\\/t39.30808-6\\\/605127184_1297267452427827_3608830552598385396_n.jpg?stp=dst-jpg_e35_tt6&amp;_nc_cat=105&amp;ccb=7-5&amp;_nc_sid=18de74&amp;efg=eyJlZmdfdGFnIjoiRkVFRC5iZXN0X2ltYWdlX3VybGdlbi5DMyJ9&amp;_nc_ohc=pkoqao3vuZkQ7kNvwHazF_3&amp;_nc_oc=AdrON40QcQSj1kKYDuqUf8JR_ASxW9TJTthwbeOLGrJL_Nob6cIKO04g0UvG8Evbq9pdUdKVImUr1oHZaTtOcL11&amp;_nc_zt=23&amp;_nc_ht=scontent-fra3-1.cdninstagram.com&amp;edm=ANo9K5cEAAAA&amp;_nc_gid=pVwaELq2E_W4rwzJShcs8g&amp;_nc_tpa=Q5bMBQGfi7RovZ7bFWcmh3Rzew1Fwc9qW77BR6XfL3Yn3ilWYJGE6jU88yPYxX6FGH5G2MkwlWZD0_fU4w&amp;oh=00_Af4-cD4XqWLoKe9HLIREqpfqEINjL-neby7Pqj8acXRDYQ&amp;oe=69FC50C2&quot;,&quot;320&quot;:&quot;https:\\\/\\\/scontent-fra3-1.cdninstagram.com\\\/v\\\/t39.30808-6\\\/605127184_1297267452427827_3608830552598385396_n.jpg?stp=dst-jpg_e35_tt6&amp;_nc_cat=105&amp;ccb=7-5&amp;_nc_sid=18de74&amp;efg=eyJlZmdfdGFnIjoiRkVFRC5iZXN0X2ltYWdlX3VybGdlbi5DMyJ9&amp;_nc_ohc=pkoqao3vuZkQ7kNvwHazF_3&amp;_nc_oc=AdrON40QcQSj1kKYDuqUf8JR_ASxW9TJTthwbeOLGrJL_Nob6cIKO04g0UvG8Evbq9pdUdKVImUr1oHZaTtOcL11&amp;_nc_zt=23&amp;_nc_ht=scontent-fra3-1.cdninstagram.com&amp;edm=ANo9K5cEAAAA&amp;_nc_gid=pVwaELq2E_W4rwzJShcs8g&amp;_nc_tpa=Q5bMBQGfi7RovZ7bFWcmh3Rzew1Fwc9qW77BR6XfL3Yn3ilWYJGE6jU88yPYxX6FGH5G2MkwlWZD0_fU4w&amp;oh=00_Af4-cD4XqWLoKe9HLIREqpfqEINjL-neby7Pqj8acXRDYQ&amp;oe=69FC50C2&quot;,&quot;640&quot;:&quot;https:\\\/\\\/scontent-fra3-1.cdninstagram.com\\\/v\\\/t39.30808-6\\\/605127184_1297267452427827_3608830552598385396_n.jpg?stp=dst-jpg_e35_tt6&amp;_nc_cat=105&amp;ccb=7-5&amp;_nc_sid=18de74&amp;efg=eyJlZmdfdGFnIjoiRkVFRC5iZXN0X2ltYWdlX3VybGdlbi5DMyJ9&amp;_nc_ohc=pkoqao3vuZkQ7kNvwHazF_3&amp;_nc_oc=AdrON40QcQSj1kKYDuqUf8JR_ASxW9TJTthwbeOLGrJL_Nob6cIKO04g0UvG8Evbq9pdUdKVImUr1oHZaTtOcL11&amp;_nc_zt=23&amp;_nc_ht=scontent-fra3-1.cdninstagram.com&amp;edm=ANo9K5cEAAAA&amp;_nc_gid=pVwaELq2E_W4rwzJShcs8g&amp;_nc_tpa=Q5bMBQGfi7RovZ7bFWcmh3Rzew1Fwc9qW77BR6XfL3Yn3ilWYJGE6jU88yPYxX6FGH5G2MkwlWZD0_fU4w&amp;oh=00_Af4-cD4XqWLoKe9HLIREqpfqEINjL-neby7Pqj8acXRDYQ&amp;oe=69FC50C2&quot;}\">\n\t\t\t<span class=\"sbi-screenreader\">Ein Weg voller Mut\nzum Weitergeben \u2728\n\nEin neues <\/span>\n\t\t\t\t\t\t\t\t\t<img decoding=\"async\" src=\"https:\/\/www.barbos-stiftung.de\/cms\/wp-content\/plugins\/instagram-feed\/img\/placeholder.png\" alt=\"Ein Weg voller Mut\nzum Weitergeben \u2728\n\nEin neues Jahr beginnt. F\u00fcr viele hei\u00dft das: innehalten, neu ausrichten, losgehen.\n\nAuch f\u00fcr die Kinder, die wir in der Arbeit am Tonfeld\u00ae begleiten, beginnt mit kleinen Schritten ein neuer Weg. \n\nAus Bewegungen entsteht Form. \nAus Form erw\u00e4chst Kraft. \nUnd aus Kraft Mut.\n\nZum Jahresanfang starten wir eine besondere Neujahrsaktion:\nEine Postkarte, die diesen Weg symbolisch tr\u00e4gt. Zum Verschenken, Weitergeben oder selbst Bewahren. \u2764\ufe0f\n\nMit jeder Karte unterst\u00fctzt du direkt die Begleitung der Kinder. Der Erl\u00f6s flie\u00dft vollst\u00e4ndig in unsere Arbeit und hilft dabei, R\u00e4ume zu schaffen, in denen Kinder wachsen, sich entfalten und Vertrauen entwickeln d\u00fcrfen.\n\nDiese Karte ist ein stiller Gru\u00df des Neubeginns und ein Zeichen daf\u00fcr, wie viel entstehen kann, wenn Kinder gesehen und gest\u00e4rkt werden.\n\nWeitere Infos und Bestellm\u00f6glichkeiten folgen bald.\n\nWir freuen uns, wenn du diesen Weg im neuen Jahr mit uns gehst. \u2728\n\n#BarbosStiftung #Neujahrsaktion #EinWegVollerMut #Tonfeld #KinderSt\u00e4rken #Neubeginn #2026\" aria-hidden=\"true\">\n\t\t<\/a>\n\t<\/div>\n<\/div><div class=\"sbi_item sbi_type_image sbi_new sbi_transition\"\n\tid=\"sbi_17999810420850450\" data-date=\"1766566816\">\n\t<div class=\"sbi_photo_wrap\">\n\t\t<a class=\"sbi_photo\" href=\"https:\/\/www.instagram.com\/p\/DSo_ClkD1gR\/\" target=\"_blank\" rel=\"noopener nofollow\"\n\t\t\tdata-full-res=\"https:\/\/scontent-fra3-1.cdninstagram.com\/v\/t39.30808-6\/598308651_1288243586663547_7912114502038544159_n.jpg?stp=dst-jpg_e35_tt6&#038;_nc_cat=108&#038;ccb=7-5&#038;_nc_sid=18de74&#038;efg=eyJlZmdfdGFnIjoiRkVFRC5iZXN0X2ltYWdlX3VybGdlbi5DMyJ9&#038;_nc_ohc=KaciMutpjxEQ7kNvwH8RG3w&#038;_nc_oc=AdpvBmhWqStbyMdlRagyBMZfuyUTW4bsiDxVY6ib4OQPlB-WOW7eQ-ptMT2Vb9-j_oiGkcSg_MjjOQEq_vFVcUtd&#038;_nc_zt=23&#038;_nc_ht=scontent-fra3-1.cdninstagram.com&#038;edm=ANo9K5cEAAAA&#038;_nc_gid=pVwaELq2E_W4rwzJShcs8g&#038;_nc_tpa=Q5bMBQEQ2O-jg2OWXoM0TLQChrG4NRHMPJRGi0YBaE27cEtfsXbKonDkJfhj4vneuajBiPPU-NZKuz3QRw&#038;oh=00_Af7-B6uwMPUMRdPXceCoNvsSSXVW83QZbuLv8pB6-q3p2Q&#038;oe=69FC4CAA\"\n\t\t\tdata-img-src-set=\"{&quot;d&quot;:&quot;https:\\\/\\\/scontent-fra3-1.cdninstagram.com\\\/v\\\/t39.30808-6\\\/598308651_1288243586663547_7912114502038544159_n.jpg?stp=dst-jpg_e35_tt6&amp;_nc_cat=108&amp;ccb=7-5&amp;_nc_sid=18de74&amp;efg=eyJlZmdfdGFnIjoiRkVFRC5iZXN0X2ltYWdlX3VybGdlbi5DMyJ9&amp;_nc_ohc=KaciMutpjxEQ7kNvwH8RG3w&amp;_nc_oc=AdpvBmhWqStbyMdlRagyBMZfuyUTW4bsiDxVY6ib4OQPlB-WOW7eQ-ptMT2Vb9-j_oiGkcSg_MjjOQEq_vFVcUtd&amp;_nc_zt=23&amp;_nc_ht=scontent-fra3-1.cdninstagram.com&amp;edm=ANo9K5cEAAAA&amp;_nc_gid=pVwaELq2E_W4rwzJShcs8g&amp;_nc_tpa=Q5bMBQEQ2O-jg2OWXoM0TLQChrG4NRHMPJRGi0YBaE27cEtfsXbKonDkJfhj4vneuajBiPPU-NZKuz3QRw&amp;oh=00_Af7-B6uwMPUMRdPXceCoNvsSSXVW83QZbuLv8pB6-q3p2Q&amp;oe=69FC4CAA&quot;,&quot;150&quot;:&quot;https:\\\/\\\/scontent-fra3-1.cdninstagram.com\\\/v\\\/t39.30808-6\\\/598308651_1288243586663547_7912114502038544159_n.jpg?stp=dst-jpg_e35_tt6&amp;_nc_cat=108&amp;ccb=7-5&amp;_nc_sid=18de74&amp;efg=eyJlZmdfdGFnIjoiRkVFRC5iZXN0X2ltYWdlX3VybGdlbi5DMyJ9&amp;_nc_ohc=KaciMutpjxEQ7kNvwH8RG3w&amp;_nc_oc=AdpvBmhWqStbyMdlRagyBMZfuyUTW4bsiDxVY6ib4OQPlB-WOW7eQ-ptMT2Vb9-j_oiGkcSg_MjjOQEq_vFVcUtd&amp;_nc_zt=23&amp;_nc_ht=scontent-fra3-1.cdninstagram.com&amp;edm=ANo9K5cEAAAA&amp;_nc_gid=pVwaELq2E_W4rwzJShcs8g&amp;_nc_tpa=Q5bMBQEQ2O-jg2OWXoM0TLQChrG4NRHMPJRGi0YBaE27cEtfsXbKonDkJfhj4vneuajBiPPU-NZKuz3QRw&amp;oh=00_Af7-B6uwMPUMRdPXceCoNvsSSXVW83QZbuLv8pB6-q3p2Q&amp;oe=69FC4CAA&quot;,&quot;320&quot;:&quot;https:\\\/\\\/scontent-fra3-1.cdninstagram.com\\\/v\\\/t39.30808-6\\\/598308651_1288243586663547_7912114502038544159_n.jpg?stp=dst-jpg_e35_tt6&amp;_nc_cat=108&amp;ccb=7-5&amp;_nc_sid=18de74&amp;efg=eyJlZmdfdGFnIjoiRkVFRC5iZXN0X2ltYWdlX3VybGdlbi5DMyJ9&amp;_nc_ohc=KaciMutpjxEQ7kNvwH8RG3w&amp;_nc_oc=AdpvBmhWqStbyMdlRagyBMZfuyUTW4bsiDxVY6ib4OQPlB-WOW7eQ-ptMT2Vb9-j_oiGkcSg_MjjOQEq_vFVcUtd&amp;_nc_zt=23&amp;_nc_ht=scontent-fra3-1.cdninstagram.com&amp;edm=ANo9K5cEAAAA&amp;_nc_gid=pVwaELq2E_W4rwzJShcs8g&amp;_nc_tpa=Q5bMBQEQ2O-jg2OWXoM0TLQChrG4NRHMPJRGi0YBaE27cEtfsXbKonDkJfhj4vneuajBiPPU-NZKuz3QRw&amp;oh=00_Af7-B6uwMPUMRdPXceCoNvsSSXVW83QZbuLv8pB6-q3p2Q&amp;oe=69FC4CAA&quot;,&quot;640&quot;:&quot;https:\\\/\\\/scontent-fra3-1.cdninstagram.com\\\/v\\\/t39.30808-6\\\/598308651_1288243586663547_7912114502038544159_n.jpg?stp=dst-jpg_e35_tt6&amp;_nc_cat=108&amp;ccb=7-5&amp;_nc_sid=18de74&amp;efg=eyJlZmdfdGFnIjoiRkVFRC5iZXN0X2ltYWdlX3VybGdlbi5DMyJ9&amp;_nc_ohc=KaciMutpjxEQ7kNvwH8RG3w&amp;_nc_oc=AdpvBmhWqStbyMdlRagyBMZfuyUTW4bsiDxVY6ib4OQPlB-WOW7eQ-ptMT2Vb9-j_oiGkcSg_MjjOQEq_vFVcUtd&amp;_nc_zt=23&amp;_nc_ht=scontent-fra3-1.cdninstagram.com&amp;edm=ANo9K5cEAAAA&amp;_nc_gid=pVwaELq2E_W4rwzJShcs8g&amp;_nc_tpa=Q5bMBQEQ2O-jg2OWXoM0TLQChrG4NRHMPJRGi0YBaE27cEtfsXbKonDkJfhj4vneuajBiPPU-NZKuz3QRw&amp;oh=00_Af7-B6uwMPUMRdPXceCoNvsSSXVW83QZbuLv8pB6-q3p2Q&amp;oe=69FC4CAA&quot;}\">\n\t\t\t<span class=\"sbi-screenreader\">Ein Funken W\u00e4rme\n f\u00e4llt in stille R\u00e4ume \u2013\n un<\/span>\n\t\t\t\t\t\t\t\t\t<img decoding=\"async\" src=\"https:\/\/www.barbos-stiftung.de\/cms\/wp-content\/plugins\/instagram-feed\/img\/placeholder.png\" alt=\"Ein Funken W\u00e4rme\n f\u00e4llt in stille R\u00e4ume \u2013\n und pl\u00f6tzlich beginnt etwas Kleines,\n scheinbar Unscheinbares, zu leuchten. \u2728\n\nIn diesem Jahr durften wir viele solcher Lichtmomente erleben.\n\nDank dir. Deiner Unterst\u00fctzung, deinem Vertrauen und deiner Verbundenheit. \u2764\ufe0f\n\nDu bist f\u00fcr uns wie dieser Funke: ein Licht, das Mut macht, Hoffnung schenkt und unsere Arbeit f\u00fcr Kinder sichtbar werden l\u00e4sst. Mit Aufmerksamkeit, Respekt und Zuwendung begleiten wir jedes Kind. Im Vertrauen darauf, dass manchmal ein kleiner Impuls gen\u00fcgt, damit etwas Wunderbares wachsen kann.\n\nIn dieser stillen Zeit des Jahres m\u00f6chten wir dir von Herzen danken und dir und deinen Lieben eine friedvolle Weihnachtszeit sowie ein gesundes, lichtvolles neues Jahr w\u00fcnschen. \ud83c\udf84\u2728\n\nLass uns auch im kommenden Jahr gemeinsam Lichtpunkte setzen.\n\nDeine Barbos-Stiftung \u2764\ufe0f\n\n#BarbosStiftung #Weihnachten #Dankbarkeit #Lichtmomente #Kinderhilfe #HoffnungSchenken #MitHerz\" aria-hidden=\"true\">\n\t\t<\/a>\n\t<\/div>\n<\/div><div class=\"sbi_item sbi_type_carousel sbi_new sbi_transition\"\n\tid=\"sbi_17904434073318274\" data-date=\"1766140223\">\n\t<div class=\"sbi_photo_wrap\">\n\t\t<a class=\"sbi_photo\" href=\"https:\/\/www.instagram.com\/p\/DScRYO0D235\/\" target=\"_blank\" rel=\"noopener nofollow\"\n\t\t\tdata-full-res=\"https:\/\/scontent-fra3-1.cdninstagram.com\/v\/t39.30808-6\/600894731_1288234626664443_8560626084262861032_n.jpg?stp=dst-jpg_e35_tt6&#038;_nc_cat=103&#038;ccb=7-5&#038;_nc_sid=18de74&#038;efg=eyJlZmdfdGFnIjoiQ0FST1VTRUxfSVRFTS5iZXN0X2ltYWdlX3VybGdlbi5DMyJ9&#038;_nc_ohc=Lwz9UmfBXOIQ7kNvwFK2z-C&#038;_nc_oc=AdpF5eN_wzljb5j7LS1OZaVgMhMvBE6Iq_4KiBth2YSVP5yDNfjnE8ynT2TU3YUUIDzcGg84rSSWGSIEw3aAfc49&#038;_nc_zt=23&#038;_nc_ht=scontent-fra3-1.cdninstagram.com&#038;edm=ANo9K5cEAAAA&#038;_nc_gid=pVwaELq2E_W4rwzJShcs8g&#038;_nc_tpa=Q5bMBQHtn2ss-dD2kt_X8-v_DI7POCX5opjpPMFwTb48wnksiV4jZh7EEujmrv_tYa60ZcgaLjHIJ7vF1g&#038;oh=00_Af750ephd9KeWsMd9yK-cP_0td_JCZtHs-Ooxyo71VbM3w&#038;oe=69FC6F66\"\n\t\t\tdata-img-src-set=\"{&quot;d&quot;:&quot;https:\\\/\\\/scontent-fra3-1.cdninstagram.com\\\/v\\\/t39.30808-6\\\/600894731_1288234626664443_8560626084262861032_n.jpg?stp=dst-jpg_e35_tt6&amp;_nc_cat=103&amp;ccb=7-5&amp;_nc_sid=18de74&amp;efg=eyJlZmdfdGFnIjoiQ0FST1VTRUxfSVRFTS5iZXN0X2ltYWdlX3VybGdlbi5DMyJ9&amp;_nc_ohc=Lwz9UmfBXOIQ7kNvwFK2z-C&amp;_nc_oc=AdpF5eN_wzljb5j7LS1OZaVgMhMvBE6Iq_4KiBth2YSVP5yDNfjnE8ynT2TU3YUUIDzcGg84rSSWGSIEw3aAfc49&amp;_nc_zt=23&amp;_nc_ht=scontent-fra3-1.cdninstagram.com&amp;edm=ANo9K5cEAAAA&amp;_nc_gid=pVwaELq2E_W4rwzJShcs8g&amp;_nc_tpa=Q5bMBQHtn2ss-dD2kt_X8-v_DI7POCX5opjpPMFwTb48wnksiV4jZh7EEujmrv_tYa60ZcgaLjHIJ7vF1g&amp;oh=00_Af750ephd9KeWsMd9yK-cP_0td_JCZtHs-Ooxyo71VbM3w&amp;oe=69FC6F66&quot;,&quot;150&quot;:&quot;https:\\\/\\\/scontent-fra3-1.cdninstagram.com\\\/v\\\/t39.30808-6\\\/600894731_1288234626664443_8560626084262861032_n.jpg?stp=dst-jpg_e35_tt6&amp;_nc_cat=103&amp;ccb=7-5&amp;_nc_sid=18de74&amp;efg=eyJlZmdfdGFnIjoiQ0FST1VTRUxfSVRFTS5iZXN0X2ltYWdlX3VybGdlbi5DMyJ9&amp;_nc_ohc=Lwz9UmfBXOIQ7kNvwFK2z-C&amp;_nc_oc=AdpF5eN_wzljb5j7LS1OZaVgMhMvBE6Iq_4KiBth2YSVP5yDNfjnE8ynT2TU3YUUIDzcGg84rSSWGSIEw3aAfc49&amp;_nc_zt=23&amp;_nc_ht=scontent-fra3-1.cdninstagram.com&amp;edm=ANo9K5cEAAAA&amp;_nc_gid=pVwaELq2E_W4rwzJShcs8g&amp;_nc_tpa=Q5bMBQHtn2ss-dD2kt_X8-v_DI7POCX5opjpPMFwTb48wnksiV4jZh7EEujmrv_tYa60ZcgaLjHIJ7vF1g&amp;oh=00_Af750ephd9KeWsMd9yK-cP_0td_JCZtHs-Ooxyo71VbM3w&amp;oe=69FC6F66&quot;,&quot;320&quot;:&quot;https:\\\/\\\/scontent-fra3-1.cdninstagram.com\\\/v\\\/t39.30808-6\\\/600894731_1288234626664443_8560626084262861032_n.jpg?stp=dst-jpg_e35_tt6&amp;_nc_cat=103&amp;ccb=7-5&amp;_nc_sid=18de74&amp;efg=eyJlZmdfdGFnIjoiQ0FST1VTRUxfSVRFTS5iZXN0X2ltYWdlX3VybGdlbi5DMyJ9&amp;_nc_ohc=Lwz9UmfBXOIQ7kNvwFK2z-C&amp;_nc_oc=AdpF5eN_wzljb5j7LS1OZaVgMhMvBE6Iq_4KiBth2YSVP5yDNfjnE8ynT2TU3YUUIDzcGg84rSSWGSIEw3aAfc49&amp;_nc_zt=23&amp;_nc_ht=scontent-fra3-1.cdninstagram.com&amp;edm=ANo9K5cEAAAA&amp;_nc_gid=pVwaELq2E_W4rwzJShcs8g&amp;_nc_tpa=Q5bMBQHtn2ss-dD2kt_X8-v_DI7POCX5opjpPMFwTb48wnksiV4jZh7EEujmrv_tYa60ZcgaLjHIJ7vF1g&amp;oh=00_Af750ephd9KeWsMd9yK-cP_0td_JCZtHs-Ooxyo71VbM3w&amp;oe=69FC6F66&quot;,&quot;640&quot;:&quot;https:\\\/\\\/scontent-fra3-1.cdninstagram.com\\\/v\\\/t39.30808-6\\\/600894731_1288234626664443_8560626084262861032_n.jpg?stp=dst-jpg_e35_tt6&amp;_nc_cat=103&amp;ccb=7-5&amp;_nc_sid=18de74&amp;efg=eyJlZmdfdGFnIjoiQ0FST1VTRUxfSVRFTS5iZXN0X2ltYWdlX3VybGdlbi5DMyJ9&amp;_nc_ohc=Lwz9UmfBXOIQ7kNvwFK2z-C&amp;_nc_oc=AdpF5eN_wzljb5j7LS1OZaVgMhMvBE6Iq_4KiBth2YSVP5yDNfjnE8ynT2TU3YUUIDzcGg84rSSWGSIEw3aAfc49&amp;_nc_zt=23&amp;_nc_ht=scontent-fra3-1.cdninstagram.com&amp;edm=ANo9K5cEAAAA&amp;_nc_gid=pVwaELq2E_W4rwzJShcs8g&amp;_nc_tpa=Q5bMBQHtn2ss-dD2kt_X8-v_DI7POCX5opjpPMFwTb48wnksiV4jZh7EEujmrv_tYa60ZcgaLjHIJ7vF1g&amp;oh=00_Af750ephd9KeWsMd9yK-cP_0td_JCZtHs-Ooxyo71VbM3w&amp;oe=69FC6F66&quot;}\">\n\t\t\t<span class=\"sbi-screenreader\">Das war der M\u00fcnchner StiftungsTag 2025 \u2728\n\nDer M<\/span>\n\t\t\t<svg class=\"svg-inline--fa fa-clone fa-w-16 sbi_lightbox_carousel_icon\" aria-hidden=\"true\" aria-label=\"Clone\" data-fa-pro\u0192cessed=\"\" data-prefix=\"far\" data-icon=\"clone\" role=\"img\" xmlns=\"http:\/\/www.w3.org\/2000\/svg\" viewBox=\"0 0 512 512\">\n                    <path fill=\"currentColor\" d=\"M464 0H144c-26.51 0-48 21.49-48 48v48H48c-26.51 0-48 21.49-48 48v320c0 26.51 21.49 48 48 48h320c26.51 0 48-21.49 48-48v-48h48c26.51 0 48-21.49 48-48V48c0-26.51-21.49-48-48-48zM362 464H54a6 6 0 0 1-6-6V150a6 6 0 0 1 6-6h42v224c0 26.51 21.49 48 48 48h224v42a6 6 0 0 1-6 6zm96-96H150a6 6 0 0 1-6-6V54a6 6 0 0 1 6-6h308a6 6 0 0 1 6 6v308a6 6 0 0 1-6 6z\"><\/path>\n                <\/svg>\t\t\t\t\t\t<img decoding=\"async\" src=\"https:\/\/www.barbos-stiftung.de\/cms\/wp-content\/plugins\/instagram-feed\/img\/placeholder.png\" alt=\"Das war der M\u00fcnchner StiftungsTag 2025 \u2728\n\nDer M\u00fcnchnerStiftungsTag 2025 war f\u00fcr uns ein voller Erfolg. Rund 200 Teilnehmende nutzten den 13. November f\u00fcr Austausch, Impulse und Vernetzung.\n\nIm Mittelpunkt standen Themen, die unsere gemeinsame Stiftungsarbeit pr\u00e4gen \u2013 gerade in herausfordernden Zeiten: Allianzen in Krisen, geopolitische Entwicklungen, Verm\u00f6gens- und Nachfolgefragen, digitale Sichtbarkeit sowie Werte- und Demokratief\u00f6rderung.\n\nDas Bild vom Zinseszinseffekt im gesellschaftlichen Engagement hat uns inspiriert.\nAus unserer Sicht zeigt es eindrucksvoll, wie nachhaltige Wirkung entsteht: nicht \u00fcber Nacht, sondern durch fr\u00fchzeitiges, gemeinsames Handeln \u00fcber Sektoren hinweg.\n\nAuch der Gedanke der Collective Action wirkt bei uns nach.\nGerade jetzt brauchen wir Akteurinnen und Akteure, die Verantwortung teilen, Perspektiven verbinden und gemeinsam L\u00f6sungen aktivieren.\n\nDer Stiftungstag hat uns erneut gezeigt, wie viel Kraft entsteht, wenn Menschen, Initiativen und Institutionen nicht nebeneinander, sondern miteinander arbeiten.\n\nEin herzliches Dankesch\u00f6n an alle, die diesen Tag gestaltet und bereichert haben! \u2665\ufe0f\n\nWir freuen uns bereits auf den M\u00fcnchnerStiftungsFr\u00fchling 2026. \ud83c\udf31\u2728\n\nDer M\u00fcnchnerStiftungsTag ist ein Projekt von:\n@muenchnerstiftungsfruehling \nSoNet \u2013 Soziales Netzwerk M\u00fcnchen ( Wir sind Gr\u00fcndungsmitglied von SoNet) \ud83d\udcaa\n\nUnterst\u00fctzt von:\nWerner Reichenberg Stiftung\n@gieseckedevrient \n@beisheimstiftung\" aria-hidden=\"true\">\n\t\t<\/a>\n\t<\/div>\n<\/div><div class=\"sbi_item sbi_type_image sbi_new sbi_transition\"\n\tid=\"sbi_17846940966604618\" data-date=\"1765704609\">\n\t<div class=\"sbi_photo_wrap\">\n\t\t<a class=\"sbi_photo\" href=\"https:\/\/www.instagram.com\/p\/DSPSghoiNn1\/\" target=\"_blank\" rel=\"noopener nofollow\"\n\t\t\tdata-full-res=\"https:\/\/scontent-fra5-1.cdninstagram.com\/v\/t39.30808-6\/597992476_1282959873858585_6483848477580586481_n.jpg?stp=dst-jpg_e35_tt6&#038;_nc_cat=110&#038;ccb=7-5&#038;_nc_sid=18de74&#038;efg=eyJlZmdfdGFnIjoiRkVFRC5iZXN0X2ltYWdlX3VybGdlbi5DMyJ9&#038;_nc_ohc=x_2xGOpyi1gQ7kNvwHD5W7U&#038;_nc_oc=AdpkzUGhAuMJlqRuYIHZja44CbtMn9XYtNYnIgr9oV0fjd8cSwrceBp4ayCahUxGCkmrO3d0W6w1hNgnNkGQKE4W&#038;_nc_zt=23&#038;_nc_ht=scontent-fra5-1.cdninstagram.com&#038;edm=ANo9K5cEAAAA&#038;_nc_gid=pVwaELq2E_W4rwzJShcs8g&#038;_nc_tpa=Q5bMBQHpM6q1wirzloH2U__jKdng_R1E1HjfxFGEQEHEvNKYMXucdPp3ai5gvNCVPVDMgM0p6CIm5ioLJA&#038;oh=00_Af4fLd9F06fNGBJ0iNp1RbiFgIOrNcHNng1lJCJV1f6YHw&#038;oe=69FC7418\"\n\t\t\tdata-img-src-set=\"{&quot;d&quot;:&quot;https:\\\/\\\/scontent-fra5-1.cdninstagram.com\\\/v\\\/t39.30808-6\\\/597992476_1282959873858585_6483848477580586481_n.jpg?stp=dst-jpg_e35_tt6&amp;_nc_cat=110&amp;ccb=7-5&amp;_nc_sid=18de74&amp;efg=eyJlZmdfdGFnIjoiRkVFRC5iZXN0X2ltYWdlX3VybGdlbi5DMyJ9&amp;_nc_ohc=x_2xGOpyi1gQ7kNvwHD5W7U&amp;_nc_oc=AdpkzUGhAuMJlqRuYIHZja44CbtMn9XYtNYnIgr9oV0fjd8cSwrceBp4ayCahUxGCkmrO3d0W6w1hNgnNkGQKE4W&amp;_nc_zt=23&amp;_nc_ht=scontent-fra5-1.cdninstagram.com&amp;edm=ANo9K5cEAAAA&amp;_nc_gid=pVwaELq2E_W4rwzJShcs8g&amp;_nc_tpa=Q5bMBQHpM6q1wirzloH2U__jKdng_R1E1HjfxFGEQEHEvNKYMXucdPp3ai5gvNCVPVDMgM0p6CIm5ioLJA&amp;oh=00_Af4fLd9F06fNGBJ0iNp1RbiFgIOrNcHNng1lJCJV1f6YHw&amp;oe=69FC7418&quot;,&quot;150&quot;:&quot;https:\\\/\\\/scontent-fra5-1.cdninstagram.com\\\/v\\\/t39.30808-6\\\/597992476_1282959873858585_6483848477580586481_n.jpg?stp=dst-jpg_e35_tt6&amp;_nc_cat=110&amp;ccb=7-5&amp;_nc_sid=18de74&amp;efg=eyJlZmdfdGFnIjoiRkVFRC5iZXN0X2ltYWdlX3VybGdlbi5DMyJ9&amp;_nc_ohc=x_2xGOpyi1gQ7kNvwHD5W7U&amp;_nc_oc=AdpkzUGhAuMJlqRuYIHZja44CbtMn9XYtNYnIgr9oV0fjd8cSwrceBp4ayCahUxGCkmrO3d0W6w1hNgnNkGQKE4W&amp;_nc_zt=23&amp;_nc_ht=scontent-fra5-1.cdninstagram.com&amp;edm=ANo9K5cEAAAA&amp;_nc_gid=pVwaELq2E_W4rwzJShcs8g&amp;_nc_tpa=Q5bMBQHpM6q1wirzloH2U__jKdng_R1E1HjfxFGEQEHEvNKYMXucdPp3ai5gvNCVPVDMgM0p6CIm5ioLJA&amp;oh=00_Af4fLd9F06fNGBJ0iNp1RbiFgIOrNcHNng1lJCJV1f6YHw&amp;oe=69FC7418&quot;,&quot;320&quot;:&quot;https:\\\/\\\/scontent-fra5-1.cdninstagram.com\\\/v\\\/t39.30808-6\\\/597992476_1282959873858585_6483848477580586481_n.jpg?stp=dst-jpg_e35_tt6&amp;_nc_cat=110&amp;ccb=7-5&amp;_nc_sid=18de74&amp;efg=eyJlZmdfdGFnIjoiRkVFRC5iZXN0X2ltYWdlX3VybGdlbi5DMyJ9&amp;_nc_ohc=x_2xGOpyi1gQ7kNvwHD5W7U&amp;_nc_oc=AdpkzUGhAuMJlqRuYIHZja44CbtMn9XYtNYnIgr9oV0fjd8cSwrceBp4ayCahUxGCkmrO3d0W6w1hNgnNkGQKE4W&amp;_nc_zt=23&amp;_nc_ht=scontent-fra5-1.cdninstagram.com&amp;edm=ANo9K5cEAAAA&amp;_nc_gid=pVwaELq2E_W4rwzJShcs8g&amp;_nc_tpa=Q5bMBQHpM6q1wirzloH2U__jKdng_R1E1HjfxFGEQEHEvNKYMXucdPp3ai5gvNCVPVDMgM0p6CIm5ioLJA&amp;oh=00_Af4fLd9F06fNGBJ0iNp1RbiFgIOrNcHNng1lJCJV1f6YHw&amp;oe=69FC7418&quot;,&quot;640&quot;:&quot;https:\\\/\\\/scontent-fra5-1.cdninstagram.com\\\/v\\\/t39.30808-6\\\/597992476_1282959873858585_6483848477580586481_n.jpg?stp=dst-jpg_e35_tt6&amp;_nc_cat=110&amp;ccb=7-5&amp;_nc_sid=18de74&amp;efg=eyJlZmdfdGFnIjoiRkVFRC5iZXN0X2ltYWdlX3VybGdlbi5DMyJ9&amp;_nc_ohc=x_2xGOpyi1gQ7kNvwHD5W7U&amp;_nc_oc=AdpkzUGhAuMJlqRuYIHZja44CbtMn9XYtNYnIgr9oV0fjd8cSwrceBp4ayCahUxGCkmrO3d0W6w1hNgnNkGQKE4W&amp;_nc_zt=23&amp;_nc_ht=scontent-fra5-1.cdninstagram.com&amp;edm=ANo9K5cEAAAA&amp;_nc_gid=pVwaELq2E_W4rwzJShcs8g&amp;_nc_tpa=Q5bMBQHpM6q1wirzloH2U__jKdng_R1E1HjfxFGEQEHEvNKYMXucdPp3ai5gvNCVPVDMgM0p6CIm5ioLJA&amp;oh=00_Af4fLd9F06fNGBJ0iNp1RbiFgIOrNcHNng1lJCJV1f6YHw&amp;oe=69FC7418&quot;}\">\n\t\t\t<span class=\"sbi-screenreader\">\ud83c\udf81 Spendenbox mit Wirkung \u2013 W\u00e4rme schenken in<\/span>\n\t\t\t\t\t\t\t\t\t<img decoding=\"async\" src=\"https:\/\/www.barbos-stiftung.de\/cms\/wp-content\/plugins\/instagram-feed\/img\/placeholder.png\" alt=\"\ud83c\udf81 Spendenbox mit Wirkung \u2013 W\u00e4rme schenken in der Weihnachtszeit \u2728\n\nOb Weihnachtsfeier, Silvesterabend, Start-up-Event oder Geburtstag \u2013 mit einer Spendenbox der Barbos-Stiftung wird aus jedem Anlass eine Gelegenheit, Kindern und Jugendlichen echte Hoffnung zu schenken.\nIn einer Zeit, in der wir zur\u00fcckblicken, danken und neu beginnen, k\u00f6nnen kleine Gesten ein gro\u00dfes Licht entz\u00fcnden. \ud83d\udc9b\n\nDie Barbos-Stiftung unterst\u00fctzt seit \u00fcber 15 Jahren Kinder und Jugendliche, die psychische Belastungen, seelische Orientierungslosigkeit oder Fluchterfahrungen bew\u00e4ltigen m\u00fcssen.\nMit kreativ-therapeutischen Einzelstunden geben wir ihnen Raum, Sicherheit und eine Stimme \u2013 sogar dann, wenn Worte noch fehlen. \n\nGerade gefl\u00fcchtete Kinder brauchen diese Form der Hilfe dringender denn je.\nIhre Spende erm\u00f6glicht es uns, weitere Pl\u00e4tze in der Kunsttherapie zu finanzieren und jungen Menschen einen unbeschwerteren Start ins neue Jahr zu schenken. \u2728\n\n\ud83c\udf1f Sie m\u00f6chten eine Spendenbox aufstellen oder selbst eine Spendenaktion starten?\nWir freuen uns \u00fcber jede Unterst\u00fctzung. Melden Sie sich einfach bei uns!\n\nGemeinsam schaffen wir Perspektiven. \ud83c\udf84\u2728\" aria-hidden=\"true\">\n\t\t<\/a>\n\t<\/div>\n<\/div><div class=\"sbi_item sbi_type_image sbi_new sbi_transition\"\n\tid=\"sbi_17907237462289985\" data-date=\"1765092610\">\n\t<div class=\"sbi_photo_wrap\">\n\t\t<a class=\"sbi_photo\" href=\"https:\/\/www.instagram.com\/p\/DR9DNt-ARaX\/\" target=\"_blank\" rel=\"noopener nofollow\"\n\t\t\tdata-full-res=\"https:\/\/scontent-fra3-1.cdninstagram.com\/v\/t39.30808-6\/595606243_1279199314234641_7745620193072275775_n.jpg?stp=dst-jpg_e35_tt6&#038;_nc_cat=103&#038;ccb=7-5&#038;_nc_sid=18de74&#038;efg=eyJlZmdfdGFnIjoiRkVFRC5iZXN0X2ltYWdlX3VybGdlbi5DMyJ9&#038;_nc_ohc=exVpgRCFCJ0Q7kNvwHM6prq&#038;_nc_oc=AdpILWoFd4nwBbxhNnz7Xb39_dn_iS5SfCZH_Un7phVY5-YnHoz3zIxCdJ_g21zFzVBsdih97XKgJ2BUI_S2ck5E&#038;_nc_zt=23&#038;_nc_ht=scontent-fra3-1.cdninstagram.com&#038;edm=ANo9K5cEAAAA&#038;_nc_gid=pVwaELq2E_W4rwzJShcs8g&#038;_nc_tpa=Q5bMBQEIRsKRFam8fOEFlzU1OdR_I14nPTkI8lHuqloA2QJdbeS6s836DPZznTATIr4UTTbIdRJZICAY1A&#038;oh=00_Af6v0wFgf3XctSTMqLnfH0UZYY_DR3UV7H_uIey2rHSRDQ&#038;oe=69FC5224\"\n\t\t\tdata-img-src-set=\"{&quot;d&quot;:&quot;https:\\\/\\\/scontent-fra3-1.cdninstagram.com\\\/v\\\/t39.30808-6\\\/595606243_1279199314234641_7745620193072275775_n.jpg?stp=dst-jpg_e35_tt6&amp;_nc_cat=103&amp;ccb=7-5&amp;_nc_sid=18de74&amp;efg=eyJlZmdfdGFnIjoiRkVFRC5iZXN0X2ltYWdlX3VybGdlbi5DMyJ9&amp;_nc_ohc=exVpgRCFCJ0Q7kNvwHM6prq&amp;_nc_oc=AdpILWoFd4nwBbxhNnz7Xb39_dn_iS5SfCZH_Un7phVY5-YnHoz3zIxCdJ_g21zFzVBsdih97XKgJ2BUI_S2ck5E&amp;_nc_zt=23&amp;_nc_ht=scontent-fra3-1.cdninstagram.com&amp;edm=ANo9K5cEAAAA&amp;_nc_gid=pVwaELq2E_W4rwzJShcs8g&amp;_nc_tpa=Q5bMBQEIRsKRFam8fOEFlzU1OdR_I14nPTkI8lHuqloA2QJdbeS6s836DPZznTATIr4UTTbIdRJZICAY1A&amp;oh=00_Af6v0wFgf3XctSTMqLnfH0UZYY_DR3UV7H_uIey2rHSRDQ&amp;oe=69FC5224&quot;,&quot;150&quot;:&quot;https:\\\/\\\/scontent-fra3-1.cdninstagram.com\\\/v\\\/t39.30808-6\\\/595606243_1279199314234641_7745620193072275775_n.jpg?stp=dst-jpg_e35_tt6&amp;_nc_cat=103&amp;ccb=7-5&amp;_nc_sid=18de74&amp;efg=eyJlZmdfdGFnIjoiRkVFRC5iZXN0X2ltYWdlX3VybGdlbi5DMyJ9&amp;_nc_ohc=exVpgRCFCJ0Q7kNvwHM6prq&amp;_nc_oc=AdpILWoFd4nwBbxhNnz7Xb39_dn_iS5SfCZH_Un7phVY5-YnHoz3zIxCdJ_g21zFzVBsdih97XKgJ2BUI_S2ck5E&amp;_nc_zt=23&amp;_nc_ht=scontent-fra3-1.cdninstagram.com&amp;edm=ANo9K5cEAAAA&amp;_nc_gid=pVwaELq2E_W4rwzJShcs8g&amp;_nc_tpa=Q5bMBQEIRsKRFam8fOEFlzU1OdR_I14nPTkI8lHuqloA2QJdbeS6s836DPZznTATIr4UTTbIdRJZICAY1A&amp;oh=00_Af6v0wFgf3XctSTMqLnfH0UZYY_DR3UV7H_uIey2rHSRDQ&amp;oe=69FC5224&quot;,&quot;320&quot;:&quot;https:\\\/\\\/scontent-fra3-1.cdninstagram.com\\\/v\\\/t39.30808-6\\\/595606243_1279199314234641_7745620193072275775_n.jpg?stp=dst-jpg_e35_tt6&amp;_nc_cat=103&amp;ccb=7-5&amp;_nc_sid=18de74&amp;efg=eyJlZmdfdGFnIjoiRkVFRC5iZXN0X2ltYWdlX3VybGdlbi5DMyJ9&amp;_nc_ohc=exVpgRCFCJ0Q7kNvwHM6prq&amp;_nc_oc=AdpILWoFd4nwBbxhNnz7Xb39_dn_iS5SfCZH_Un7phVY5-YnHoz3zIxCdJ_g21zFzVBsdih97XKgJ2BUI_S2ck5E&amp;_nc_zt=23&amp;_nc_ht=scontent-fra3-1.cdninstagram.com&amp;edm=ANo9K5cEAAAA&amp;_nc_gid=pVwaELq2E_W4rwzJShcs8g&amp;_nc_tpa=Q5bMBQEIRsKRFam8fOEFlzU1OdR_I14nPTkI8lHuqloA2QJdbeS6s836DPZznTATIr4UTTbIdRJZICAY1A&amp;oh=00_Af6v0wFgf3XctSTMqLnfH0UZYY_DR3UV7H_uIey2rHSRDQ&amp;oe=69FC5224&quot;,&quot;640&quot;:&quot;https:\\\/\\\/scontent-fra3-1.cdninstagram.com\\\/v\\\/t39.30808-6\\\/595606243_1279199314234641_7745620193072275775_n.jpg?stp=dst-jpg_e35_tt6&amp;_nc_cat=103&amp;ccb=7-5&amp;_nc_sid=18de74&amp;efg=eyJlZmdfdGFnIjoiRkVFRC5iZXN0X2ltYWdlX3VybGdlbi5DMyJ9&amp;_nc_ohc=exVpgRCFCJ0Q7kNvwHM6prq&amp;_nc_oc=AdpILWoFd4nwBbxhNnz7Xb39_dn_iS5SfCZH_Un7phVY5-YnHoz3zIxCdJ_g21zFzVBsdih97XKgJ2BUI_S2ck5E&amp;_nc_zt=23&amp;_nc_ht=scontent-fra3-1.cdninstagram.com&amp;edm=ANo9K5cEAAAA&amp;_nc_gid=pVwaELq2E_W4rwzJShcs8g&amp;_nc_tpa=Q5bMBQEIRsKRFam8fOEFlzU1OdR_I14nPTkI8lHuqloA2QJdbeS6s836DPZznTATIr4UTTbIdRJZICAY1A&amp;oh=00_Af6v0wFgf3XctSTMqLnfH0UZYY_DR3UV7H_uIey2rHSRDQ&amp;oe=69FC5224&quot;}\">\n\t\t\t<span class=\"sbi-screenreader\">Unser neuer Barbos-Kurier ist da \u2013 mit einer bes<\/span>\n\t\t\t\t\t\t\t\t\t<img decoding=\"async\" src=\"https:\/\/www.barbos-stiftung.de\/cms\/wp-content\/plugins\/instagram-feed\/img\/placeholder.png\" alt=\"Unser neuer Barbos-Kurier ist da \u2013 mit einer besonders warmen Weihnachtsbotschaft.\u2728\n\nIn dieser Ausgabe werfen wir einen liebevollen Blick zur\u00fcck auf ein Jahr voller Lichtmomente \u2013 und auf all die Wege, die dank Ihrer Unterst\u00fctzung m\u00f6glich wurden. \u2665\ufe0f\n\n\ud83d\udc9b Einleitung voller Dank &amp; W\u00e4rme\nWir blicken auf ein weiteres Jahr zur\u00fcck, in dem Sie f\u00fcr uns zu jenem Lichtstrahl wurden, der Mut schenkt, Hoffnung bringt und unsere Arbeit f\u00fcr Kinder sichtbar macht.\n\n\ud83c\udf1f Neujahrsaktion: Ein Weg voller Mut\nEine besondere Postkarte zum Verschenken oder Bewahren \u2013 als leiser Gru\u00df des Neubeginns. Der Erl\u00f6s flie\u00dft direkt in die Begleitung der Kinder.\n\n\u26bd Lagos (7): Orientierung finden\nVom Sturm zum inneren Halt: Wie ein Fu\u00dfballfeld und ein Turm im Tonfeld\u00ae Lagos helfen, Struktur und Stabilit\u00e4t zu entdecken.\n\n\ud83c\udf84 Weihnachtseink\u00e4ufe mit Herz \u2013 \u00fcber Gooding\nGanz ohne Mehrkosten bis zu 5 % spenden \u2013 einfach durch Ihren Einkauf.\n\n\ud83c\udf81 Spendenbox mit Wirkung\nOb Feier oder Event \u2013 Ihre Aktion kann Kindern den Weg ins Neue Jahr erleichtern.\n\nUnd noch vieles mehr, das Mut macht, ber\u00fchrt und Hoffnung schenkt.\n\n\ud83d\udc49 Lies den gesamten Newsletter auf unserer Website:\nDen Link zu unserem \u201eBarbos-Kurier\u201c findest du in unserer Bio. Ebenso die letzten Newsletter. \ud83d\ude0a\n\nGemeinsam setzen wir Lichtpunkte \u2013 heute, morgen und im neuen Jahr. \u2764\ufe0f\n\nWir w\u00fcnschen dir einen sch\u00f6nen 2. Advent. \ud83d\udd6f\ufe0f\ud83d\udd6f\ufe0f\n\n#BarbosStiftung #Barbos #Newsletter #Tonfeld #Kinderhilfe #Kreativtherapie #Weihnachten #Spendenaktion #Mutmachen #BarbosKurier\" aria-hidden=\"true\">\n\t\t<\/a>\n\t<\/div>\n<\/div>\t<\/div>\n\n\t<div id=\"sbi_load\" >\n\n\t\t\t<button class=\"sbi_load_btn\"\n\t\t\ttype=\"button\" >\n\t\t\t<span class=\"sbi_btn_text\" >Mehr laden<\/span>\n\t\t\t<span class=\"sbi_loader sbi_hidden\" style=\"background-color: rgb(255, 255, 255);\" aria-hidden=\"true\"><\/span>\n\t\t<\/button>\n\t\n\t\t\t<span class=\"sbi_follow_btn sbi_custom\" >\n\t\t\t<a target=\"_blank\"\n\t\t\t\trel=\"nofollow noopener\"  href=\"https:\/\/www.instagram.com\/barbosstiftung\/\" style=\"background: rgb(64,139,209);\">\n\t\t\t\t<svg class=\"svg-inline--fa fa-instagram fa-w-14\" aria-hidden=\"true\" data-fa-processed=\"\" aria-label=\"Instagram\" data-prefix=\"fab\" data-icon=\"instagram\" role=\"img\" viewBox=\"0 0 448 512\">\n                    <path fill=\"currentColor\" d=\"M224.1 141c-63.6 0-114.9 51.3-114.9 114.9s51.3 114.9 114.9 114.9S339 319.5 339 255.9 287.7 141 224.1 141zm0 189.6c-41.1 0-74.7-33.5-74.7-74.7s33.5-74.7 74.7-74.7 74.7 33.5 74.7 74.7-33.6 74.7-74.7 74.7zm146.4-194.3c0 14.9-12 26.8-26.8 26.8-14.9 0-26.8-12-26.8-26.8s12-26.8 26.8-26.8 26.8 12 26.8 26.8zm76.1 27.2c-1.7-35.9-9.9-67.7-36.2-93.9-26.2-26.2-58-34.4-93.9-36.2-37-2.1-147.9-2.1-184.9 0-35.8 1.7-67.6 9.9-93.9 36.1s-34.4 58-36.2 93.9c-2.1 37-2.1 147.9 0 184.9 1.7 35.9 9.9 67.7 36.2 93.9s58 34.4 93.9 36.2c37 2.1 147.9 2.1 184.9 0 35.9-1.7 67.7-9.9 93.9-36.2 26.2-26.2 34.4-58 36.2-93.9 2.1-37 2.1-147.8 0-184.8zM398.8 388c-7.8 19.6-22.9 34.7-42.6 42.6-29.5 11.7-99.5 9-132.1 9s-102.7 2.6-132.1-9c-19.6-7.8-34.7-22.9-42.6-42.6-11.7-29.5-9-99.5-9-132.1s-2.6-102.7 9-132.1c7.8-19.6 22.9-34.7 42.6-42.6 29.5-11.7 99.5-9 132.1-9s102.7-2.6 132.1 9c19.6 7.8 34.7 22.9 42.6 42.6 11.7 29.5 9 99.5 9 132.1s2.7 102.7-9 132.1z\"><\/path>\n                <\/svg>\t\t\t\t<span>Auf Instagram folgen<\/span>\n\t\t\t<\/a>\n\t\t<\/span>\n\t\n<\/div>\n\t\t<span class=\"sbi_resized_image_data\" data-feed-id=\"*1\"\n\t\t  data-resized=\"{&quot;17907237462289985&quot;:{&quot;id&quot;:&quot;595606243_1279199314234641_7745620193072275775_n&quot;,&quot;ratio&quot;:&quot;0.80&quot;,&quot;sizes&quot;:{&quot;full&quot;:640,&quot;low&quot;:320,&quot;thumb&quot;:150},&quot;extension&quot;:&quot;.webp&quot;},&quot;17846940966604618&quot;:{&quot;id&quot;:&quot;597992476_1282959873858585_6483848477580586481_n&quot;,&quot;ratio&quot;:&quot;0.80&quot;,&quot;sizes&quot;:{&quot;full&quot;:640,&quot;low&quot;:320,&quot;thumb&quot;:150},&quot;extension&quot;:&quot;.webp&quot;},&quot;17904434073318274&quot;:{&quot;id&quot;:&quot;600894731_1288234626664443_8560626084262861032_n&quot;,&quot;ratio&quot;:&quot;0.80&quot;,&quot;sizes&quot;:{&quot;full&quot;:640,&quot;low&quot;:320,&quot;thumb&quot;:150},&quot;extension&quot;:&quot;.webp&quot;},&quot;17999810420850450&quot;:{&quot;id&quot;:&quot;598308651_1288243586663547_7912114502038544159_n&quot;,&quot;ratio&quot;:&quot;0.80&quot;,&quot;sizes&quot;:{&quot;full&quot;:640,&quot;low&quot;:320,&quot;thumb&quot;:150},&quot;extension&quot;:&quot;.webp&quot;},&quot;17957250761901966&quot;:{&quot;id&quot;:&quot;605127184_1297267452427827_3608830552598385396_n&quot;,&quot;ratio&quot;:&quot;0.80&quot;,&quot;sizes&quot;:{&quot;full&quot;:640,&quot;low&quot;:320,&quot;thumb&quot;:150},&quot;extension&quot;:&quot;.webp&quot;},&quot;18032250398773334&quot;:{&quot;id&quot;:&quot;612066889_1300774478743791_253106770980829938_n&quot;,&quot;ratio&quot;:&quot;0.80&quot;,&quot;sizes&quot;:{&quot;full&quot;:640,&quot;low&quot;:320,&quot;thumb&quot;:150},&quot;extension&quot;:&quot;.webp&quot;},&quot;17861270451574263&quot;:{&quot;id&quot;:&quot;615001220_17987952887923174_8230588714635550445_n&quot;,&quot;ratio&quot;:&quot;0.80&quot;,&quot;sizes&quot;:{&quot;full&quot;:640,&quot;low&quot;:320,&quot;thumb&quot;:150},&quot;extension&quot;:&quot;.webp&quot;},&quot;18034329008758049&quot;:{&quot;id&quot;:&quot;621582484_17988984140923174_871001020365913249_n&quot;,&quot;ratio&quot;:&quot;0.80&quot;,&quot;sizes&quot;:{&quot;full&quot;:640,&quot;low&quot;:320,&quot;thumb&quot;:150},&quot;extension&quot;:&quot;.webp&quot;},&quot;18062441858330260&quot;:{&quot;id&quot;:&quot;631734352_17991103586923174_5404307620891098983_n&quot;,&quot;ratio&quot;:&quot;0.80&quot;,&quot;sizes&quot;:{&quot;full&quot;:640,&quot;low&quot;:320,&quot;thumb&quot;:150},&quot;extension&quot;:&quot;.webp&quot;},&quot;18428312428140028&quot;:{&quot;id&quot;:&quot;634361215_17991921425923174_7227330838731934188_n&quot;,&quot;ratio&quot;:&quot;0.80&quot;,&quot;sizes&quot;:{&quot;full&quot;:640,&quot;low&quot;:320,&quot;thumb&quot;:150},&quot;extension&quot;:&quot;.webp&quot;},&quot;17873010345543423&quot;:{&quot;id&quot;:&quot;645765795_1348572377297334_2996959750407116302_n&quot;,&quot;ratio&quot;:&quot;0.80&quot;,&quot;sizes&quot;:{&quot;full&quot;:640,&quot;low&quot;:320,&quot;thumb&quot;:150},&quot;extension&quot;:&quot;.webp&quot;},&quot;17966908002010436&quot;:{&quot;id&quot;:&quot;647911292_1350797337074838_4926291643511861893_n&quot;,&quot;ratio&quot;:&quot;0.80&quot;,&quot;sizes&quot;:{&quot;full&quot;:640,&quot;low&quot;:320,&quot;thumb&quot;:150},&quot;extension&quot;:&quot;.webp&quot;},&quot;17955877658938150&quot;:{&quot;id&quot;:&quot;649406718_1353437233477515_5452927984400076684_n&quot;,&quot;ratio&quot;:&quot;0.80&quot;,&quot;sizes&quot;:{&quot;full&quot;:640,&quot;low&quot;:320,&quot;thumb&quot;:150},&quot;extension&quot;:&quot;.webp&quot;},&quot;18382500676086942&quot;:{&quot;id&quot;:&quot;650816014_17994540200923174_3190620675759026169_n&quot;,&quot;ratio&quot;:&quot;0.80&quot;,&quot;sizes&quot;:{&quot;full&quot;:640,&quot;low&quot;:320,&quot;thumb&quot;:150},&quot;extension&quot;:&quot;.webp&quot;},&quot;18106515934881657&quot;:{&quot;id&quot;:&quot;655498940_17995624085923174_7244506095864755050_n&quot;,&quot;ratio&quot;:&quot;0.80&quot;,&quot;sizes&quot;:{&quot;full&quot;:640,&quot;low&quot;:320,&quot;thumb&quot;:150},&quot;extension&quot;:&quot;.webp&quot;},&quot;17876564991559931&quot;:{&quot;id&quot;:&quot;657189827_17997084356923174_1586191241494609620_n&quot;,&quot;ratio&quot;:&quot;0.80&quot;,&quot;sizes&quot;:{&quot;full&quot;:640,&quot;low&quot;:320,&quot;thumb&quot;:150},&quot;extension&quot;:&quot;.webp&quot;},&quot;18106830724684578&quot;:{&quot;id&quot;:&quot;659926754_17997407528923174_338161966867842079_n&quot;,&quot;ratio&quot;:&quot;0.80&quot;,&quot;sizes&quot;:{&quot;full&quot;:640,&quot;low&quot;:320,&quot;thumb&quot;:150},&quot;extension&quot;:&quot;.webp&quot;},&quot;17905269441393051&quot;:{&quot;id&quot;:&quot;655950772_17997672029923174_2146539677465080105_n&quot;,&quot;ratio&quot;:&quot;0.80&quot;,&quot;sizes&quot;:{&quot;full&quot;:640,&quot;low&quot;:320,&quot;thumb&quot;:150},&quot;extension&quot;:&quot;.webp&quot;},&quot;18043678706542109&quot;:{&quot;id&quot;:&quot;662503956_17998629428923174_441402626707567578_n&quot;,&quot;ratio&quot;:&quot;0.56&quot;,&quot;sizes&quot;:{&quot;full&quot;:640,&quot;low&quot;:320,&quot;thumb&quot;:150},&quot;extension&quot;:&quot;.webp&quot;},&quot;18456032911104645&quot;:{&quot;id&quot;:&quot;678281329_1393013412853230_6786999845095922529_n&quot;,&quot;ratio&quot;:&quot;0.80&quot;,&quot;sizes&quot;:{&quot;full&quot;:640,&quot;low&quot;:320,&quot;thumb&quot;:150},&quot;extension&quot;:&quot;.webp&quot;}}\">\n\t<\/span>\n\t<\/div>\n\n\n<\/div><\/section><br \/>\n<div  class='hr av-mj2vmahg-cc8c66903e2ea967094b8da86bdf65bd hr-big  avia-builder-el-3  el_after_av_textblock  el_before_av_heading '><span class='hr-inner '><span class=\"hr-inner-style\"><\/span><\/span><\/div><br \/>\n\n<style type=\"text\/css\" data-created_by=\"avia_inline_auto\" id=\"style-css-av-mj2vlw4p-d46fba8903d70a869a31ff88220a6150\">\n#top .av-special-heading.av-mj2vlw4p-d46fba8903d70a869a31ff88220a6150{\npadding-bottom:10px;\n}\nbody .av-special-heading.av-mj2vlw4p-d46fba8903d70a869a31ff88220a6150 .av-special-heading-tag .heading-char{\nfont-size:25px;\n}\n.av-special-heading.av-mj2vlw4p-d46fba8903d70a869a31ff88220a6150 .av-subheading{\nfont-size:15px;\n}\n<\/style>\n<div  class='av-special-heading av-mj2vlw4p-d46fba8903d70a869a31ff88220a6150 av-special-heading-h3  avia-builder-el-4  el_after_av_hr  el_before_av_portfolio  avia-builder-el-last '><h3 class='av-special-heading-tag '  itemprop=\"headline\"  >weitere News<\/h3><div class=\"special-heading-border\"><div class=\"special-heading-inner-border\"><\/div><\/div><\/div><br \/>\n<div  id=\"av-sc-portfolio-1\"  class=\"av-portfolio-grid-sorting-container\"><div class='sort_width_container  av-sort-yes' data-portfolio-id='1' ><div id='js_sort_items' ><div class='sort_by_cat hidden'><a href=\"#\" data-filter=\"all_sort\" class=\"all_sort_button active_sort\"><span class=\"inner_sort_button\"><span>Alle<\/span><small class=\"av-cat-count\"> 133 <\/small><\/span><\/a><\/div><\/div><\/div><div  class=' grid-sort-container isotope   no_margin-container with-excerpt-container grid-total-odd grid-col-2 grid-links-' data-portfolio-id='1'><div data-ajax-id='2468' class=' grid-entry flex_column isotope-item all_sort no_margin post-entry post-entry-2468 grid-entry-overview grid-loop-1 grid-parity-odd   av_one_half first default_av_fullwidth '><article class='main_color inner-entry'  itemscope=\"itemscope\" itemtype=\"https:\/\/schema.org\/CreativeWork\" ><a href=\"https:\/\/www.barbos-stiftung.de\/cms\/index.php\/portfolio-item\/silvester-gute-vorsaetze-und-steuern-sparen-2-2\/\" title='Silvester \u2013 Spenden spart Steuern f\u00fcr 2025'  data-rel='grid-1' class='grid-image avia-hover-fx'> <img decoding=\"async\" fetchpriority=\"high\" width=\"495\" height=\"400\" src=\"https:\/\/www.barbos-stiftung.de\/cms\/wp-content\/uploads\/2022\/11\/Geldspende-scaled-1-495x400.jpg\" class=\"wp-image-1739 avia-img-lazy-loading-not-1739 attachment-portfolio size-portfolio wp-post-image\" alt=\"Hand reicht einen 20 Euro-Schein\" srcset=\"https:\/\/www.barbos-stiftung.de\/cms\/wp-content\/uploads\/2022\/11\/Geldspende-scaled-1-495x400.jpg 495w, https:\/\/www.barbos-stiftung.de\/cms\/wp-content\/uploads\/2022\/11\/Geldspende-scaled-1-845x684.jpg 845w\" sizes=\"(max-width: 495px) 100vw, 495px\" \/><\/a><div class='grid-content'><div class='avia-arrow'><\/div><header class=\"entry-content-header\" aria-label=\"Portfolio: Silvester \u2013 Spenden spart Steuern f\u00fcr 2025\"><h3 class='grid-entry-title entry-title '  itemprop=\"headline\" ><a href='https:\/\/www.barbos-stiftung.de\/cms\/index.php\/portfolio-item\/silvester-gute-vorsaetze-und-steuern-sparen-2-2\/' title='Silvester \u2013 Spenden spart Steuern f\u00fcr 2025'>Silvester \u2013 Spenden spart Steuern f\u00fcr 2025<\/a><\/h3><\/header><\/div><footer class=\"entry-footer\"><\/footer><\/article><\/div><div data-ajax-id='2456' class=' grid-entry flex_column isotope-item all_sort no_margin post-entry post-entry-2456 grid-entry-overview grid-loop-2 grid-parity-even   av_one_half  default_av_fullwidth '><article class='main_color inner-entry'  itemscope=\"itemscope\" itemtype=\"https:\/\/schema.org\/CreativeWork\" ><a href=\"https:\/\/www.barbos-stiftung.de\/cms\/index.php\/portfolio-item\/black-friday-black-weeks-2\/\" title='Black friday &#8211; und die Welt heller machen beim Einkaufen'  data-rel='grid-1' class='grid-image avia-hover-fx'> <img decoding=\"async\" fetchpriority=\"high\" width=\"213\" height=\"157\" src=\"https:\/\/www.barbos-stiftung.de\/cms\/wp-content\/uploads\/2024\/11\/Unbenannt.png\" class=\"wp-image-2403 avia-img-lazy-loading-not-2403 attachment-portfolio size-portfolio wp-post-image\" alt=\"\" \/><\/a><div class='grid-content'><div class='avia-arrow'><\/div><header class=\"entry-content-header\" aria-label=\"Portfolio: Black friday &#8211; und die Welt heller machen beim Einkaufen\"><h3 class='grid-entry-title entry-title '  itemprop=\"headline\" ><a href='https:\/\/www.barbos-stiftung.de\/cms\/index.php\/portfolio-item\/black-friday-black-weeks-2\/' title='Black friday &#8211; und die Welt heller machen beim Einkaufen'>Black friday &#8211; und die Welt heller machen beim Einkaufen<\/a><\/h3><\/header><\/div><footer class=\"entry-footer\"><\/footer><\/article><\/div><div data-ajax-id='2472' class=' grid-entry flex_column isotope-item all_sort no_margin post-entry post-entry-2472 grid-entry-overview grid-loop-3 grid-parity-odd   av_one_half first default_av_fullwidth '><article class='main_color inner-entry'  itemscope=\"itemscope\" itemtype=\"https:\/\/schema.org\/CreativeWork\" ><a href=\"https:\/\/www.barbos-stiftung.de\/cms\/index.php\/portfolio-item\/schulengel-wird-gooding-darueber-jetzt-online-einkaufen-und-gutes-tun-2-2\/\" title='Online-Weihnachtseinkauf \u00fcber Gooding.de'  data-rel='grid-1' class='grid-image avia-hover-fx'> <img decoding=\"async\" fetchpriority=\"high\" width=\"1\" height=\"1\" src=\"https:\/\/www.barbos-stiftung.de\/cms\/wp-content\/uploads\/2024\/10\/gooding-logo.svg\" class=\"wp-image-2383 avia-img-lazy-loading-not-2383 attachment-portfolio size-portfolio wp-post-image\" alt=\"\" \/><\/a><div class='grid-content'><div class='avia-arrow'><\/div><header class=\"entry-content-header\" aria-label=\"Portfolio: Online-Weihnachtseinkauf \u00fcber Gooding.de\"><h3 class='grid-entry-title entry-title '  itemprop=\"headline\" ><a href='https:\/\/www.barbos-stiftung.de\/cms\/index.php\/portfolio-item\/schulengel-wird-gooding-darueber-jetzt-online-einkaufen-und-gutes-tun-2-2\/' title='Online-Weihnachtseinkauf \u00fcber Gooding.de'>Online-Weihnachtseinkauf \u00fcber Gooding.de<\/a><\/h3><\/header><\/div><footer class=\"entry-footer\"><\/footer><\/article><\/div><div data-ajax-id='2482' class=' grid-entry flex_column isotope-item all_sort no_margin post-entry post-entry-2482 grid-entry-overview grid-loop-4 grid-parity-even   av_one_half  default_av_fullwidth '><article class='main_color inner-entry'  itemscope=\"itemscope\" itemtype=\"https:\/\/schema.org\/CreativeWork\" ><a href=\"https:\/\/www.barbos-stiftung.de\/cms\/index.php\/portfolio-item\/allerheiligen-totensonntag-was-ist-nach-meinem-tod-2\/\" title='Allerheiligen, Totensonntag \u2013 Was ist nach meinem Tod?'  data-rel='grid-1' class='grid-image avia-hover-fx'> <img decoding=\"async\" fetchpriority=\"high\" width=\"495\" height=\"400\" src=\"https:\/\/www.barbos-stiftung.de\/cms\/wp-content\/uploads\/2022\/09\/Happi-1-495x400.jpg\" class=\"wp-image-1590 avia-img-lazy-loading-not-1590 attachment-portfolio size-portfolio wp-post-image\" alt=\"Kinder malen eine Stadt mit H\u00e4usern, Wolken und Regenbogen. Auf dem Bild steht &quot;Happi&quot; - gemeint ist das englische &quot;happy&quot; = gl\u00fccklich\" srcset=\"https:\/\/www.barbos-stiftung.de\/cms\/wp-content\/uploads\/2022\/09\/Happi-1-495x400.jpg 495w, https:\/\/www.barbos-stiftung.de\/cms\/wp-content\/uploads\/2022\/09\/Happi-1-845x684.jpg 845w\" sizes=\"(max-width: 495px) 100vw, 495px\" \/><\/a><div class='grid-content'><div class='avia-arrow'><\/div><header class=\"entry-content-header\" aria-label=\"Portfolio: Allerheiligen, Totensonntag \u2013 Was ist nach meinem Tod?\"><h3 class='grid-entry-title entry-title '  itemprop=\"headline\" ><a href='https:\/\/www.barbos-stiftung.de\/cms\/index.php\/portfolio-item\/allerheiligen-totensonntag-was-ist-nach-meinem-tod-2\/' title='Allerheiligen, Totensonntag \u2013 Was ist nach meinem Tod?'>Allerheiligen, Totensonntag \u2013 Was ist nach meinem Tod?<\/a><\/h3><\/header><\/div><footer class=\"entry-footer\"><\/footer><\/article><\/div><div data-ajax-id='2573' class=' grid-entry flex_column isotope-item all_sort no_margin post-entry post-entry-2573 grid-entry-overview grid-loop-5 grid-parity-odd   av_one_half first default_av_fullwidth '><article class='main_color inner-entry'  itemscope=\"itemscope\" itemtype=\"https:\/\/schema.org\/CreativeWork\" ><a href=\"https:\/\/www.barbos-stiftung.de\/cms\/index.php\/portfolio-item\/demokratiegestalten\/\" title='DemokratieGestalten \u2013 Kinder und Jugendliche zeigen, was Demokratie bedeutet'  data-rel='grid-1' class='grid-image avia-hover-fx'> <img decoding=\"async\" fetchpriority=\"high\" width=\"495\" height=\"400\" src=\"https:\/\/www.barbos-stiftung.de\/cms\/wp-content\/uploads\/2025\/10\/Gestalten-e1760807813737-495x400.png\" class=\"wp-image-2574 avia-img-lazy-loading-not-2574 attachment-portfolio size-portfolio wp-post-image\" alt=\"\" srcset=\"https:\/\/www.barbos-stiftung.de\/cms\/wp-content\/uploads\/2025\/10\/Gestalten-e1760807813737-495x400.png 495w, https:\/\/www.barbos-stiftung.de\/cms\/wp-content\/uploads\/2025\/10\/Gestalten-e1760807813737-845x684.png 845w\" sizes=\"(max-width: 495px) 100vw, 495px\" \/><\/a><div class='grid-content'><div class='avia-arrow'><\/div><header class=\"entry-content-header\" aria-label=\"Portfolio: DemokratieGestalten \u2013 Kinder und Jugendliche zeigen, was Demokratie bedeutet\"><h3 class='grid-entry-title entry-title '  itemprop=\"headline\" ><a href='https:\/\/www.barbos-stiftung.de\/cms\/index.php\/portfolio-item\/demokratiegestalten\/' title='DemokratieGestalten \u2013 Kinder und Jugendliche zeigen, was Demokratie bedeutet'>DemokratieGestalten \u2013 Kinder und Jugendliche zeigen, was Demokratie bedeutet<\/a><\/h3><\/header><\/div><footer class=\"entry-footer\"><\/footer><\/article><\/div><div data-ajax-id='2478' class=' grid-entry flex_column isotope-item all_sort no_margin post-entry post-entry-2478 grid-entry-overview grid-loop-6 grid-parity-even   av_one_half  default_av_fullwidth '><article class='main_color inner-entry'  itemscope=\"itemscope\" itemtype=\"https:\/\/schema.org\/CreativeWork\" ><a href=\"https:\/\/www.barbos-stiftung.de\/cms\/index.php\/portfolio-item\/nehmen-fuellt-die-haende-geben-das-herz-2\/\" title='\u201cNehmen f\u00fcllt die H\u00e4nde. Geben das Herz.&#8220;'  data-rel='grid-1' class='grid-image avia-hover-fx'> <img decoding=\"async\" fetchpriority=\"high\" width=\"495\" height=\"400\" src=\"https:\/\/www.barbos-stiftung.de\/cms\/wp-content\/uploads\/2020\/11\/Gemaelde_Herz_01-1-495x400.jpg\" class=\"wp-image-1196 avia-img-lazy-loading-not-1196 attachment-portfolio size-portfolio wp-post-image\" alt=\"Kindergem\u00e4lde mit Sonne, Herz, Schmetterlingen und einem kleinen Menschen. Der Untergrund ist gelb. Es gibt viel Rot und Blau sowie etwas Gr\u00fcn.\" srcset=\"https:\/\/www.barbos-stiftung.de\/cms\/wp-content\/uploads\/2020\/11\/Gemaelde_Herz_01-1-495x400.jpg 495w, https:\/\/www.barbos-stiftung.de\/cms\/wp-content\/uploads\/2020\/11\/Gemaelde_Herz_01-1-845x684.jpg 845w\" sizes=\"(max-width: 495px) 100vw, 495px\" \/><\/a><div class='grid-content'><div class='avia-arrow'><\/div><header class=\"entry-content-header\" aria-label=\"Portfolio: \u201cNehmen f\u00fcllt die H\u00e4nde. Geben das Herz.&#8220;\"><h3 class='grid-entry-title entry-title '  itemprop=\"headline\" ><a href='https:\/\/www.barbos-stiftung.de\/cms\/index.php\/portfolio-item\/nehmen-fuellt-die-haende-geben-das-herz-2\/' title='\u201cNehmen f\u00fcllt die H\u00e4nde. Geben das Herz.&#8220;'>\u201cNehmen f\u00fcllt die H\u00e4nde. Geben das Herz.&#8220;<\/a><\/h3><\/header><\/div><footer class=\"entry-footer\"><\/footer><\/article><\/div><div data-ajax-id='2466' class=' grid-entry flex_column isotope-item all_sort no_margin post-entry post-entry-2466 grid-entry-overview grid-loop-7 grid-parity-odd   av_one_half first default_av_fullwidth '><article class='main_color inner-entry'  itemscope=\"itemscope\" itemtype=\"https:\/\/schema.org\/CreativeWork\" ><a href=\"https:\/\/www.barbos-stiftung.de\/cms\/index.php\/portfolio-item\/rueckkehr-in-die-schule-fuer-viele-kinder-ein-grauen-2\/\" title='Wieder zur Schule \u2013 f\u00fcr viele Kinder ein Grauen'  data-rel='grid-1' class='grid-image avia-hover-fx'> <img decoding=\"async\" fetchpriority=\"high\" width=\"495\" height=\"400\" src=\"https:\/\/www.barbos-stiftung.de\/cms\/wp-content\/uploads\/2022\/09\/Tonmaennchen-1-495x400.jpg\" class=\"wp-image-1595 avia-img-lazy-loading-not-1595 attachment-portfolio size-portfolio wp-post-image\" alt=\"Ein Mensch aus Ton gebaut. Er wurde aus lauter Kugeln gebaut.\" srcset=\"https:\/\/www.barbos-stiftung.de\/cms\/wp-content\/uploads\/2022\/09\/Tonmaennchen-1-495x400.jpg 495w, https:\/\/www.barbos-stiftung.de\/cms\/wp-content\/uploads\/2022\/09\/Tonmaennchen-1-845x684.jpg 845w\" sizes=\"(max-width: 495px) 100vw, 495px\" \/><\/a><div class='grid-content'><div class='avia-arrow'><\/div><header class=\"entry-content-header\" aria-label=\"Portfolio: Wieder zur Schule \u2013 f\u00fcr viele Kinder ein Grauen\"><h3 class='grid-entry-title entry-title '  itemprop=\"headline\" ><a href='https:\/\/www.barbos-stiftung.de\/cms\/index.php\/portfolio-item\/rueckkehr-in-die-schule-fuer-viele-kinder-ein-grauen-2\/' title='Wieder zur Schule \u2013 f\u00fcr viele Kinder ein Grauen'>Wieder zur Schule \u2013 f\u00fcr viele Kinder ein Grauen<\/a><\/h3><\/header><\/div><footer class=\"entry-footer\"><\/footer><\/article><\/div><div data-ajax-id='2454' class=' grid-entry flex_column isotope-item all_sort no_margin post-entry post-entry-2454 grid-entry-overview grid-loop-8 grid-parity-even   av_one_half  default_av_fullwidth '><article class='main_color inner-entry'  itemscope=\"itemscope\" itemtype=\"https:\/\/schema.org\/CreativeWork\" ><a href=\"https:\/\/www.barbos-stiftung.de\/cms\/index.php\/portfolio-item\/ausbildungsbeginn-die-welt-steht-offen-2\/\" title='Ausbildungsbeginn \u2013 Die Welt erobern'  data-rel='grid-1' class='grid-image avia-hover-fx'> <img decoding=\"async\" fetchpriority=\"high\" width=\"495\" height=\"400\" src=\"https:\/\/www.barbos-stiftung.de\/cms\/wp-content\/uploads\/2023\/10\/Reisen_01-1-495x400.jpg\" class=\"wp-image-2117 avia-img-lazy-loading-not-2117 attachment-portfolio size-portfolio wp-post-image\" alt=\"\" srcset=\"https:\/\/www.barbos-stiftung.de\/cms\/wp-content\/uploads\/2023\/10\/Reisen_01-1-495x400.jpg 495w, https:\/\/www.barbos-stiftung.de\/cms\/wp-content\/uploads\/2023\/10\/Reisen_01-1-845x684.jpg 845w\" sizes=\"(max-width: 495px) 100vw, 495px\" \/><\/a><div class='grid-content'><div class='avia-arrow'><\/div><header class=\"entry-content-header\" aria-label=\"Portfolio: Ausbildungsbeginn \u2013 Die Welt erobern\"><h3 class='grid-entry-title entry-title '  itemprop=\"headline\" ><a href='https:\/\/www.barbos-stiftung.de\/cms\/index.php\/portfolio-item\/ausbildungsbeginn-die-welt-steht-offen-2\/' title='Ausbildungsbeginn \u2013 Die Welt erobern'>Ausbildungsbeginn \u2013 Die Welt erobern<\/a><\/h3><\/header><\/div><footer class=\"entry-footer\"><\/footer><\/article><\/div><div data-ajax-id='2471' class=' grid-entry flex_column isotope-item all_sort no_margin post-entry post-entry-2471 grid-entry-overview grid-loop-9 grid-parity-odd   av_one_half first default_av_fullwidth '><article class='main_color inner-entry'  itemscope=\"itemscope\" itemtype=\"https:\/\/schema.org\/CreativeWork\" ><a href=\"https:\/\/www.barbos-stiftung.de\/cms\/index.php\/portfolio-item\/kinder-die-liebe-erfahren-schenken-liebe-2\/\" title='Kinder die Liebe erfahren, schenken Liebe'  data-rel='grid-1' class='grid-image avia-hover-fx'> <img decoding=\"async\" fetchpriority=\"high\" width=\"495\" height=\"400\" src=\"https:\/\/www.barbos-stiftung.de\/cms\/wp-content\/uploads\/2023\/05\/IMG_20230307_180708286-1-495x400.jpg\" class=\"wp-image-2042 avia-img-lazy-loading-not-2042 attachment-portfolio size-portfolio wp-post-image\" alt=\"3 Kinder halten kleine Kunstwerke, die sie gebastelt haben, hinter dem R\u00fccken\" srcset=\"https:\/\/www.barbos-stiftung.de\/cms\/wp-content\/uploads\/2023\/05\/IMG_20230307_180708286-1-495x400.jpg 495w, https:\/\/www.barbos-stiftung.de\/cms\/wp-content\/uploads\/2023\/05\/IMG_20230307_180708286-1-845x684.jpg 845w\" sizes=\"(max-width: 495px) 100vw, 495px\" \/><\/a><div class='grid-content'><div class='avia-arrow'><\/div><header class=\"entry-content-header\" aria-label=\"Portfolio: Kinder die Liebe erfahren, schenken Liebe\"><h3 class='grid-entry-title entry-title '  itemprop=\"headline\" ><a href='https:\/\/www.barbos-stiftung.de\/cms\/index.php\/portfolio-item\/kinder-die-liebe-erfahren-schenken-liebe-2\/' title='Kinder die Liebe erfahren, schenken Liebe'>Kinder die Liebe erfahren, schenken Liebe<\/a><\/h3><\/header><\/div><footer class=\"entry-footer\"><\/footer><\/article><\/div><div data-ajax-id='2452' class=' grid-entry flex_column isotope-item all_sort no_margin post-entry post-entry-2452 grid-entry-overview grid-loop-10 grid-parity-even   av_one_half  default_av_fullwidth '><article class='main_color inner-entry'  itemscope=\"itemscope\" itemtype=\"https:\/\/schema.org\/CreativeWork\" ><a href=\"https:\/\/www.barbos-stiftung.de\/cms\/index.php\/portfolio-item\/sommerferien-klingt-nicht-fuer-jeden-gut-2\/\" title='Sommerferien \u2013 f\u00fcr viele Kinder dramatisch'  data-rel='grid-1' class='grid-image avia-hover-fx'> <img decoding=\"async\" fetchpriority=\"high\" width=\"495\" height=\"400\" src=\"https:\/\/www.barbos-stiftung.de\/cms\/wp-content\/uploads\/2020\/03\/L1100353-scaled-1-495x400.jpg\" class=\"wp-image-751 avia-img-lazy-loading-not-751 attachment-portfolio size-portfolio wp-post-image\" alt=\"\" srcset=\"https:\/\/www.barbos-stiftung.de\/cms\/wp-content\/uploads\/2020\/03\/L1100353-scaled-1-495x400.jpg 495w, https:\/\/www.barbos-stiftung.de\/cms\/wp-content\/uploads\/2020\/03\/L1100353-scaled-1-845x684.jpg 845w\" sizes=\"(max-width: 495px) 100vw, 495px\" \/><\/a><div class='grid-content'><div class='avia-arrow'><\/div><header class=\"entry-content-header\" aria-label=\"Portfolio: Sommerferien \u2013 f\u00fcr viele Kinder dramatisch\"><h3 class='grid-entry-title entry-title '  itemprop=\"headline\" ><a href='https:\/\/www.barbos-stiftung.de\/cms\/index.php\/portfolio-item\/sommerferien-klingt-nicht-fuer-jeden-gut-2\/' title='Sommerferien \u2013 f\u00fcr viele Kinder dramatisch'>Sommerferien \u2013 f\u00fcr viele Kinder dramatisch<\/a><\/h3><\/header><\/div><footer class=\"entry-footer\"><\/footer><\/article><\/div><div data-ajax-id='2548' class=' grid-entry flex_column isotope-item all_sort no_margin post-entry post-entry-2548 grid-entry-overview grid-loop-11 grid-parity-odd   av_one_half first default_av_fullwidth '><article class='main_color inner-entry'  itemscope=\"itemscope\" itemtype=\"https:\/\/schema.org\/CreativeWork\" ><a href=\"https:\/\/www.barbos-stiftung.de\/cms\/index.php\/portfolio-item\/foerderung-mit-der-arbeit-am-tonfeld\/\" title='F\u00f6rderung mit der Arbeit am Tonfeld\u00ae'  data-rel='grid-1' class='grid-image avia-hover-fx'> <img decoding=\"async\" fetchpriority=\"high\" width=\"495\" height=\"400\" src=\"https:\/\/www.barbos-stiftung.de\/cms\/wp-content\/uploads\/2025\/06\/Barbos_Stiftung_news_Arbeit_am_Tonfeld_2560-x-1463-px-495x400.jpg\" class=\"wp-image-2550 avia-img-lazy-loading-not-2550 attachment-portfolio size-portfolio wp-post-image\" alt=\"\" srcset=\"https:\/\/www.barbos-stiftung.de\/cms\/wp-content\/uploads\/2025\/06\/Barbos_Stiftung_news_Arbeit_am_Tonfeld_2560-x-1463-px-495x400.jpg 495w, https:\/\/www.barbos-stiftung.de\/cms\/wp-content\/uploads\/2025\/06\/Barbos_Stiftung_news_Arbeit_am_Tonfeld_2560-x-1463-px-845x684.jpg 845w\" sizes=\"(max-width: 495px) 100vw, 495px\" \/><\/a><div class='grid-content'><div class='avia-arrow'><\/div><header class=\"entry-content-header\" aria-label=\"Portfolio: F\u00f6rderung mit der Arbeit am Tonfeld\u00ae\"><h3 class='grid-entry-title entry-title '  itemprop=\"headline\" ><a href='https:\/\/www.barbos-stiftung.de\/cms\/index.php\/portfolio-item\/foerderung-mit-der-arbeit-am-tonfeld\/' title='F\u00f6rderung mit der Arbeit am Tonfeld\u00ae'>F\u00f6rderung mit der Arbeit am Tonfeld\u00ae<\/a><\/h3><\/header><\/div><footer class=\"entry-footer\"><\/footer><\/article><\/div><div data-ajax-id='2487' class=' grid-entry flex_column isotope-item all_sort no_margin post-entry post-entry-2487 grid-entry-overview grid-loop-12 grid-parity-even   av_one_half  default_av_fullwidth '><article class='main_color inner-entry'  itemscope=\"itemscope\" itemtype=\"https:\/\/schema.org\/CreativeWork\" ><a href=\"https:\/\/www.barbos-stiftung.de\/cms\/index.php\/portfolio-item\/die-17-nachhaltigkeitsziele-der-vereinten-nationen-genau-hier-2\/\" title='Die 17 Nachhaltigkeitsziele der Vereinten Nationen \u2013 wir sind dabei'  data-rel='grid-1' class='grid-image avia-hover-fx'> <img decoding=\"async\" fetchpriority=\"high\" width=\"495\" height=\"400\" src=\"https:\/\/www.barbos-stiftung.de\/cms\/wp-content\/uploads\/2020\/11\/Gemaelde_Herz_01-1-495x400.jpg\" class=\"wp-image-1196 avia-img-lazy-loading-not-1196 attachment-portfolio size-portfolio wp-post-image\" alt=\"Kindergem\u00e4lde mit Sonne, Herz, Schmetterlingen und einem kleinen Menschen. Der Untergrund ist gelb. Es gibt viel Rot und Blau sowie etwas Gr\u00fcn.\" srcset=\"https:\/\/www.barbos-stiftung.de\/cms\/wp-content\/uploads\/2020\/11\/Gemaelde_Herz_01-1-495x400.jpg 495w, https:\/\/www.barbos-stiftung.de\/cms\/wp-content\/uploads\/2020\/11\/Gemaelde_Herz_01-1-845x684.jpg 845w\" sizes=\"(max-width: 495px) 100vw, 495px\" \/><\/a><div class='grid-content'><div class='avia-arrow'><\/div><header class=\"entry-content-header\" aria-label=\"Portfolio: Die 17 Nachhaltigkeitsziele der Vereinten Nationen \u2013 wir sind dabei\"><h3 class='grid-entry-title entry-title '  itemprop=\"headline\" ><a href='https:\/\/www.barbos-stiftung.de\/cms\/index.php\/portfolio-item\/die-17-nachhaltigkeitsziele-der-vereinten-nationen-genau-hier-2\/' title='Die 17 Nachhaltigkeitsziele der Vereinten Nationen \u2013 wir sind dabei'>Die 17 Nachhaltigkeitsziele der Vereinten Nationen \u2013 wir sind dabei<\/a><\/h3><\/header><\/div><footer class=\"entry-footer\"><\/footer><\/article><\/div><div data-ajax-id='2476' class=' grid-entry flex_column isotope-item all_sort no_margin post-entry post-entry-2476 grid-entry-overview grid-loop-13 grid-parity-odd   av_one_half first default_av_fullwidth '><article class='main_color inner-entry'  itemscope=\"itemscope\" itemtype=\"https:\/\/schema.org\/CreativeWork\" ><a href=\"https:\/\/www.barbos-stiftung.de\/cms\/index.php\/portfolio-item\/jedes-kind-kann-2\/\" title='Jedes Kind kann sich gut entwickeln'  data-rel='grid-1' class='grid-image avia-hover-fx'> <img decoding=\"async\" fetchpriority=\"high\" width=\"495\" height=\"400\" src=\"https:\/\/www.barbos-stiftung.de\/cms\/wp-content\/uploads\/2020\/03\/IMG_17-1-495x400.jpg\" class=\"wp-image-814 avia-img-lazy-loading-not-814 attachment-portfolio size-portfolio wp-post-image\" alt=\"\" \/><\/a><div class='grid-content'><div class='avia-arrow'><\/div><header class=\"entry-content-header\" aria-label=\"Portfolio: Jedes Kind kann sich gut entwickeln\"><h3 class='grid-entry-title entry-title '  itemprop=\"headline\" ><a href='https:\/\/www.barbos-stiftung.de\/cms\/index.php\/portfolio-item\/jedes-kind-kann-2\/' title='Jedes Kind kann sich gut entwickeln'>Jedes Kind kann sich gut entwickeln<\/a><\/h3><\/header><\/div><footer class=\"entry-footer\"><\/footer><\/article><\/div><div data-ajax-id='2484' class=' grid-entry flex_column isotope-item all_sort no_margin post-entry post-entry-2484 grid-entry-overview grid-loop-14 grid-parity-even   av_one_half  default_av_fullwidth '><article class='main_color inner-entry'  itemscope=\"itemscope\" itemtype=\"https:\/\/schema.org\/CreativeWork\" ><a href=\"https:\/\/www.barbos-stiftung.de\/cms\/index.php\/portfolio-item\/schulengel-wird-gooding-darueber-jetzt-online-einkaufen-und-gutes-tun-2-2-2\/\" title='Reisen buchen \u00fcber gooding.de &#8211; f\u00fcr den guten Zweck'  data-rel='grid-1' class='grid-image avia-hover-fx'> <img decoding=\"async\" fetchpriority=\"high\" width=\"1\" height=\"1\" src=\"https:\/\/www.barbos-stiftung.de\/cms\/wp-content\/uploads\/2024\/10\/gooding-logo.svg\" class=\"wp-image-2383 avia-img-lazy-loading-not-2383 attachment-portfolio size-portfolio wp-post-image\" alt=\"\" \/><\/a><div class='grid-content'><div class='avia-arrow'><\/div><header class=\"entry-content-header\" aria-label=\"Portfolio: Reisen buchen \u00fcber gooding.de &#8211; f\u00fcr den guten Zweck\"><h3 class='grid-entry-title entry-title '  itemprop=\"headline\" ><a href='https:\/\/www.barbos-stiftung.de\/cms\/index.php\/portfolio-item\/schulengel-wird-gooding-darueber-jetzt-online-einkaufen-und-gutes-tun-2-2-2\/' title='Reisen buchen \u00fcber gooding.de &#8211; f\u00fcr den guten Zweck'>Reisen buchen \u00fcber gooding.de &#8211; f\u00fcr den guten Zweck<\/a><\/h3><\/header><\/div><footer class=\"entry-footer\"><\/footer><\/article><\/div><div data-ajax-id='2492' class=' grid-entry flex_column isotope-item all_sort no_margin post-entry post-entry-2492 grid-entry-overview grid-loop-15 grid-parity-odd   av_one_half first default_av_fullwidth '><article class='main_color inner-entry'  itemscope=\"itemscope\" itemtype=\"https:\/\/schema.org\/CreativeWork\" ><a href=\"https:\/\/www.barbos-stiftung.de\/cms\/index.php\/portfolio-item\/wenn-probleme-noch-in-den-kinderschuhen-stecken-2-2\/\" title='Wenn Probleme (noch) in den Kinderschuhen stecken &#8230; Ostern nutzen!'  data-rel='grid-1' class='grid-image avia-hover-fx'> <img decoding=\"async\" fetchpriority=\"high\" width=\"495\" height=\"400\" src=\"https:\/\/www.barbos-stiftung.de\/cms\/wp-content\/uploads\/2022\/09\/Kinderschuhe_Hand-scaled-1-495x400.jpg\" class=\"wp-image-1601 avia-img-lazy-loading-not-1601 attachment-portfolio size-portfolio wp-post-image\" alt=\"\" srcset=\"https:\/\/www.barbos-stiftung.de\/cms\/wp-content\/uploads\/2022\/09\/Kinderschuhe_Hand-scaled-1-495x400.jpg 495w, https:\/\/www.barbos-stiftung.de\/cms\/wp-content\/uploads\/2022\/09\/Kinderschuhe_Hand-scaled-1-845x684.jpg 845w\" sizes=\"(max-width: 495px) 100vw, 495px\" \/><\/a><div class='grid-content'><div class='avia-arrow'><\/div><header class=\"entry-content-header\" aria-label=\"Portfolio: Wenn Probleme (noch) in den Kinderschuhen stecken &#8230; Ostern nutzen!\"><h3 class='grid-entry-title entry-title '  itemprop=\"headline\" ><a href='https:\/\/www.barbos-stiftung.de\/cms\/index.php\/portfolio-item\/wenn-probleme-noch-in-den-kinderschuhen-stecken-2-2\/' title='Wenn Probleme (noch) in den Kinderschuhen stecken &#8230; Ostern nutzen!'>Wenn Probleme (noch) in den Kinderschuhen stecken &#8230; Ostern nutzen!<\/a><\/h3><\/header><\/div><footer class=\"entry-footer\"><\/footer><\/article><\/div><div data-ajax-id='2539' class=' grid-entry flex_column isotope-item all_sort no_margin post-entry post-entry-2539 grid-entry-overview grid-loop-16 grid-parity-even   av_one_half  default_av_fullwidth '><article class='main_color inner-entry'  itemscope=\"itemscope\" itemtype=\"https:\/\/schema.org\/CreativeWork\" ><a href=\"https:\/\/www.barbos-stiftung.de\/cms\/index.php\/portfolio-item\/intensive-hilfe-fur-traumatisierte-kinder\/\" title='Intensive Hilfe f\u00fcr traumatisierte Kinder'  data-rel='grid-1' class='grid-image avia-hover-fx'> <img decoding=\"async\" fetchpriority=\"high\" width=\"495\" height=\"400\" src=\"https:\/\/www.barbos-stiftung.de\/cms\/wp-content\/uploads\/2025\/03\/Newsletter_Hilfe-495x400.jpg\" class=\"wp-image-2532 avia-img-lazy-loading-not-2532 attachment-portfolio size-portfolio wp-post-image\" alt=\"\" srcset=\"https:\/\/www.barbos-stiftung.de\/cms\/wp-content\/uploads\/2025\/03\/Newsletter_Hilfe-495x400.jpg 495w, https:\/\/www.barbos-stiftung.de\/cms\/wp-content\/uploads\/2025\/03\/Newsletter_Hilfe-845x684.jpg 845w\" sizes=\"(max-width: 495px) 100vw, 495px\" \/><\/a><div class='grid-content'><div class='avia-arrow'><\/div><header class=\"entry-content-header\" aria-label=\"Portfolio: Intensive Hilfe f\u00fcr traumatisierte Kinder\"><h3 class='grid-entry-title entry-title '  itemprop=\"headline\" ><a href='https:\/\/www.barbos-stiftung.de\/cms\/index.php\/portfolio-item\/intensive-hilfe-fur-traumatisierte-kinder\/' title='Intensive Hilfe f\u00fcr traumatisierte Kinder'>Intensive Hilfe f\u00fcr traumatisierte Kinder<\/a><\/h3><\/header><\/div><footer class=\"entry-footer\"><\/footer><\/article><\/div><div data-ajax-id='2480' class=' grid-entry flex_column isotope-item all_sort no_margin post-entry post-entry-2480 grid-entry-overview grid-loop-17 grid-parity-odd   av_one_half first default_av_fullwidth '><article class='main_color inner-entry'  itemscope=\"itemscope\" itemtype=\"https:\/\/schema.org\/CreativeWork\" ><a href=\"https:\/\/www.barbos-stiftung.de\/cms\/index.php\/portfolio-item\/1406-2\/\" title='Positive Wirkung der \u201eArbeit am Tonfeld\u201c'  data-rel='grid-1' class='grid-image avia-hover-fx'> <img decoding=\"async\" fetchpriority=\"high\" width=\"495\" height=\"390\" src=\"https:\/\/www.barbos-stiftung.de\/cms\/wp-content\/uploads\/2020\/08\/Belege-fuer-die-positive-Wirkung-der-Arbeit-am-Tonfeld_01-495x390.jpg\" class=\"wp-image-1114 avia-img-lazy-loading-not-1114 attachment-portfolio size-portfolio wp-post-image\" alt=\"\" \/><\/a><div class='grid-content'><div class='avia-arrow'><\/div><header class=\"entry-content-header\" aria-label=\"Portfolio: Positive Wirkung der \u201eArbeit am Tonfeld\u201c\"><h3 class='grid-entry-title entry-title '  itemprop=\"headline\" ><a href='https:\/\/www.barbos-stiftung.de\/cms\/index.php\/portfolio-item\/1406-2\/' title='Positive Wirkung der \u201eArbeit am Tonfeld\u201c'>Positive Wirkung der \u201eArbeit am Tonfeld\u201c<\/a><\/h3><\/header><\/div><footer class=\"entry-footer\"><\/footer><\/article><\/div><div data-ajax-id='2518' class=' grid-entry flex_column isotope-item all_sort no_margin post-entry post-entry-2518 grid-entry-overview grid-loop-18 grid-parity-even   av_one_half  default_av_fullwidth '><article class='main_color inner-entry'  itemscope=\"itemscope\" itemtype=\"https:\/\/schema.org\/CreativeWork\" ><a href=\"https:\/\/www.barbos-stiftung.de\/cms\/index.php\/portfolio-item\/vier-kinder-vier-schicksale\/\" title='Vier Kinder, vier Schicksale \u2013 Wie die Barbos-Stiftung hilft'  data-rel='grid-1' class='grid-image avia-hover-fx'> <img decoding=\"async\" fetchpriority=\"high\" width=\"495\" height=\"400\" src=\"https:\/\/www.barbos-stiftung.de\/cms\/wp-content\/uploads\/2025\/03\/Firefly-Bild-aus-ton-dass-vier-ganz-einfach-geformte-jungen-kinder-als-silhouetten-zeigt-96922-495x400.jpg\" class=\"wp-image-2522 avia-img-lazy-loading-not-2522 attachment-portfolio size-portfolio wp-post-image\" alt=\"\" srcset=\"https:\/\/www.barbos-stiftung.de\/cms\/wp-content\/uploads\/2025\/03\/Firefly-Bild-aus-ton-dass-vier-ganz-einfach-geformte-jungen-kinder-als-silhouetten-zeigt-96922-495x400.jpg 495w, https:\/\/www.barbos-stiftung.de\/cms\/wp-content\/uploads\/2025\/03\/Firefly-Bild-aus-ton-dass-vier-ganz-einfach-geformte-jungen-kinder-als-silhouetten-zeigt-96922-845x684.jpg 845w\" sizes=\"(max-width: 495px) 100vw, 495px\" \/><\/a><div class='grid-content'><div class='avia-arrow'><\/div><header class=\"entry-content-header\" aria-label=\"Portfolio: Vier Kinder, vier Schicksale \u2013 Wie die Barbos-Stiftung hilft\"><h3 class='grid-entry-title entry-title '  itemprop=\"headline\" ><a href='https:\/\/www.barbos-stiftung.de\/cms\/index.php\/portfolio-item\/vier-kinder-vier-schicksale\/' title='Vier Kinder, vier Schicksale \u2013 Wie die Barbos-Stiftung hilft'>Vier Kinder, vier Schicksale \u2013 Wie die Barbos-Stiftung hilft<\/a><\/h3><\/header><\/div><footer class=\"entry-footer\"><\/footer><\/article><\/div><div data-ajax-id='2494' class=' grid-entry flex_column isotope-item all_sort no_margin post-entry post-entry-2494 grid-entry-overview grid-loop-19 grid-parity-odd   av_one_half first default_av_fullwidth '><article class='main_color inner-entry'  itemscope=\"itemscope\" itemtype=\"https:\/\/schema.org\/CreativeWork\" ><a href=\"https:\/\/www.barbos-stiftung.de\/cms\/index.php\/portfolio-item\/menschen-bei-barbos-1-vorsitzende-mai-dang-goy-2\/\" title='Menschen bei Barbos &#8211; 2. Vorsitzende Verena M\u00e4nnel'  data-rel='grid-1' class='grid-image avia-hover-fx'> <img decoding=\"async\" fetchpriority=\"high\" width=\"495\" height=\"400\" src=\"https:\/\/www.barbos-stiftung.de\/cms\/wp-content\/uploads\/2023\/01\/Verena_12_Maennel14179_01-1-495x400.jpg\" class=\"wp-image-1808 avia-img-lazy-loading-not-1808 attachment-portfolio size-portfolio wp-post-image\" alt=\"\" \/><\/a><div class='grid-content'><div class='avia-arrow'><\/div><header class=\"entry-content-header\" aria-label=\"Portfolio: Menschen bei Barbos &#8211; 2. Vorsitzende Verena M\u00e4nnel\"><h3 class='grid-entry-title entry-title '  itemprop=\"headline\" ><a href='https:\/\/www.barbos-stiftung.de\/cms\/index.php\/portfolio-item\/menschen-bei-barbos-1-vorsitzende-mai-dang-goy-2\/' title='Menschen bei Barbos &#8211; 2. Vorsitzende Verena M\u00e4nnel'>Menschen bei Barbos &#8211; 2. Vorsitzende Verena M\u00e4nnel<\/a><\/h3><\/header><\/div><footer class=\"entry-footer\"><\/footer><\/article><\/div><div data-ajax-id='2461' class=' grid-entry flex_column isotope-item all_sort no_margin post-entry post-entry-2461 grid-entry-overview grid-loop-20 grid-parity-even   av_one_half  default_av_fullwidth '><article class='main_color inner-entry'  itemscope=\"itemscope\" itemtype=\"https:\/\/schema.org\/CreativeWork\" ><a href=\"https:\/\/www.barbos-stiftung.de\/cms\/index.php\/portfolio-item\/fasching-karneval-mal-schoen-anders-zu-sein-2\/\" title='Fasching &#8211; selbst mal anders sein'  data-rel='grid-1' class='grid-image avia-hover-fx'> <img decoding=\"async\" fetchpriority=\"high\" width=\"495\" height=\"400\" src=\"https:\/\/www.barbos-stiftung.de\/cms\/wp-content\/uploads\/2020\/03\/FullSizeRender-1-495x400.jpg\" class=\"wp-image-688 avia-img-lazy-loading-not-688 attachment-portfolio size-portfolio wp-post-image\" alt=\"\" srcset=\"https:\/\/www.barbos-stiftung.de\/cms\/wp-content\/uploads\/2020\/03\/FullSizeRender-1-495x400.jpg 495w, https:\/\/www.barbos-stiftung.de\/cms\/wp-content\/uploads\/2020\/03\/FullSizeRender-1-845x684.jpg 845w\" sizes=\"(max-width: 495px) 100vw, 495px\" \/><\/a><div class='grid-content'><div class='avia-arrow'><\/div><header class=\"entry-content-header\" aria-label=\"Portfolio: Fasching &#8211; selbst mal anders sein\"><h3 class='grid-entry-title entry-title '  itemprop=\"headline\" ><a href='https:\/\/www.barbos-stiftung.de\/cms\/index.php\/portfolio-item\/fasching-karneval-mal-schoen-anders-zu-sein-2\/' title='Fasching &#8211; selbst mal anders sein'>Fasching &#8211; selbst mal anders sein<\/a><\/h3><\/header><\/div><footer class=\"entry-footer\"><\/footer><\/article><\/div><div data-ajax-id='2459' class=' grid-entry flex_column isotope-item all_sort no_margin post-entry post-entry-2459 grid-entry-overview grid-loop-21 grid-parity-odd   av_one_half first default_av_fullwidth '><article class='main_color inner-entry'  itemscope=\"itemscope\" itemtype=\"https:\/\/schema.org\/CreativeWork\" ><a href=\"https:\/\/www.barbos-stiftung.de\/cms\/index.php\/portfolio-item\/valentinstag-zeigen-sie-ihre-liebe-2\/\" title='Valentinstag \u2013 wir sollten jeden lieben'  data-rel='grid-1' class='grid-image avia-hover-fx'> <img decoding=\"async\" fetchpriority=\"high\" width=\"495\" height=\"400\" src=\"https:\/\/www.barbos-stiftung.de\/cms\/wp-content\/uploads\/2023\/02\/Herz-1-495x400.jpg\" class=\"wp-image-1873 avia-img-lazy-loading-not-1873 attachment-portfolio size-portfolio wp-post-image\" alt=\"\" srcset=\"https:\/\/www.barbos-stiftung.de\/cms\/wp-content\/uploads\/2023\/02\/Herz-1-495x400.jpg 495w, https:\/\/www.barbos-stiftung.de\/cms\/wp-content\/uploads\/2023\/02\/Herz-1-523x423.jpg 523w\" sizes=\"(max-width: 495px) 100vw, 495px\" \/><\/a><div class='grid-content'><div class='avia-arrow'><\/div><header class=\"entry-content-header\" aria-label=\"Portfolio: Valentinstag \u2013 wir sollten jeden lieben\"><h3 class='grid-entry-title entry-title '  itemprop=\"headline\" ><a href='https:\/\/www.barbos-stiftung.de\/cms\/index.php\/portfolio-item\/valentinstag-zeigen-sie-ihre-liebe-2\/' title='Valentinstag \u2013 wir sollten jeden lieben'>Valentinstag \u2013 wir sollten jeden lieben<\/a><\/h3><\/header><\/div><footer class=\"entry-footer\"><\/footer><\/article><\/div><div data-ajax-id='1780' class=' grid-entry flex_column isotope-item all_sort no_margin post-entry post-entry-1780 grid-entry-overview grid-loop-22 grid-parity-even   av_one_half  default_av_fullwidth '><article class='main_color inner-entry'  itemscope=\"itemscope\" itemtype=\"https:\/\/schema.org\/CreativeWork\" ><a href=\"https:\/\/www.barbos-stiftung.de\/cms\/index.php\/portfolio-item\/sie-hatten-es-selbst-schwer\/\" title='Weil Sie es selbst schwer hatten &#8230;'  data-rel='grid-1' class='grid-image avia-hover-fx'> <img decoding=\"async\" fetchpriority=\"high\" width=\"495\" height=\"400\" src=\"https:\/\/www.barbos-stiftung.de\/cms\/wp-content\/uploads\/2023\/01\/20230103_153653-scaled-e1672757269972-1-495x400.jpg\" class=\"wp-image-1772 avia-img-lazy-loading-not-1772 attachment-portfolio size-portfolio wp-post-image\" alt=\"Ein Holzengel mit rostigen Metallfl\u00fcgeln h\u00e4lt ein Schild in H\u00e4nden: &quot;Ich bin bei Dir!&quot;\" srcset=\"https:\/\/www.barbos-stiftung.de\/cms\/wp-content\/uploads\/2023\/01\/20230103_153653-scaled-e1672757269972-1-495x400.jpg 495w, https:\/\/www.barbos-stiftung.de\/cms\/wp-content\/uploads\/2023\/01\/20230103_153653-scaled-e1672757269972-1-845x684.jpg 845w\" sizes=\"(max-width: 495px) 100vw, 495px\" \/><\/a><div class='grid-content'><div class='avia-arrow'><\/div><header class=\"entry-content-header\" aria-label=\"Portfolio: Weil Sie es selbst schwer hatten &#8230;\"><h3 class='grid-entry-title entry-title '  itemprop=\"headline\" ><a href='https:\/\/www.barbos-stiftung.de\/cms\/index.php\/portfolio-item\/sie-hatten-es-selbst-schwer\/' title='Weil Sie es selbst schwer hatten &#8230;'>Weil Sie es selbst schwer hatten &#8230;<\/a><\/h3><\/header><\/div><footer class=\"entry-footer\"><\/footer><\/article><\/div><div data-ajax-id='2412' class=' grid-entry flex_column isotope-item all_sort no_margin post-entry post-entry-2412 grid-entry-overview grid-loop-23 grid-parity-odd   av_one_half first default_av_fullwidth '><article class='main_color inner-entry'  itemscope=\"itemscope\" itemtype=\"https:\/\/schema.org\/CreativeWork\" ><a href=\"https:\/\/www.barbos-stiftung.de\/cms\/index.php\/portfolio-item\/dreikoenige-mit-geschenken-kommen-2\/\" title='Dreik\u00f6nige \u2013 Geschenke f\u00fcr das Kind'  data-rel='grid-1' class='grid-image avia-hover-fx'> <img decoding=\"async\" fetchpriority=\"high\" width=\"495\" height=\"400\" src=\"https:\/\/www.barbos-stiftung.de\/cms\/wp-content\/uploads\/2023\/01\/20230103_153721-scaled-1-495x400.jpg\" class=\"wp-image-1773 avia-img-lazy-loading-not-1773 attachment-portfolio size-portfolio wp-post-image\" alt=\"Metallkrone. Dar\u00fcber h\u00e4ngt ein Strohstern.\" srcset=\"https:\/\/www.barbos-stiftung.de\/cms\/wp-content\/uploads\/2023\/01\/20230103_153721-scaled-1-495x400.jpg 495w, https:\/\/www.barbos-stiftung.de\/cms\/wp-content\/uploads\/2023\/01\/20230103_153721-scaled-1-845x684.jpg 845w\" sizes=\"(max-width: 495px) 100vw, 495px\" \/><\/a><div class='grid-content'><div class='avia-arrow'><\/div><header class=\"entry-content-header\" aria-label=\"Portfolio: Dreik\u00f6nige \u2013 Geschenke f\u00fcr das Kind\"><h3 class='grid-entry-title entry-title '  itemprop=\"headline\" ><a href='https:\/\/www.barbos-stiftung.de\/cms\/index.php\/portfolio-item\/dreikoenige-mit-geschenken-kommen-2\/' title='Dreik\u00f6nige \u2013 Geschenke f\u00fcr das Kind'>Dreik\u00f6nige \u2013 Geschenke f\u00fcr das Kind<\/a><\/h3><\/header><\/div><footer class=\"entry-footer\"><\/footer><\/article><\/div><div data-ajax-id='2416' class=' grid-entry flex_column isotope-item all_sort no_margin post-entry post-entry-2416 grid-entry-overview grid-loop-24 grid-parity-even   av_one_half  default_av_fullwidth '><article class='main_color inner-entry'  itemscope=\"itemscope\" itemtype=\"https:\/\/schema.org\/CreativeWork\" ><a href=\"https:\/\/www.barbos-stiftung.de\/cms\/index.php\/portfolio-item\/silvester-gute-vorsaetze-und-steuern-sparen-2\/\" title='Silvester \u2013 schnell noch Steuern sparen'  data-rel='grid-1' class='grid-image avia-hover-fx'> <img decoding=\"async\" fetchpriority=\"high\" width=\"495\" height=\"400\" src=\"https:\/\/www.barbos-stiftung.de\/cms\/wp-content\/uploads\/2022\/11\/Geldspende-scaled-1-495x400.jpg\" class=\"wp-image-1739 avia-img-lazy-loading-not-1739 attachment-portfolio size-portfolio wp-post-image\" alt=\"Hand reicht einen 20 Euro-Schein\" srcset=\"https:\/\/www.barbos-stiftung.de\/cms\/wp-content\/uploads\/2022\/11\/Geldspende-scaled-1-495x400.jpg 495w, https:\/\/www.barbos-stiftung.de\/cms\/wp-content\/uploads\/2022\/11\/Geldspende-scaled-1-845x684.jpg 845w\" sizes=\"(max-width: 495px) 100vw, 495px\" \/><\/a><div class='grid-content'><div class='avia-arrow'><\/div><header class=\"entry-content-header\" aria-label=\"Portfolio: Silvester \u2013 schnell noch Steuern sparen\"><h3 class='grid-entry-title entry-title '  itemprop=\"headline\" ><a href='https:\/\/www.barbos-stiftung.de\/cms\/index.php\/portfolio-item\/silvester-gute-vorsaetze-und-steuern-sparen-2\/' title='Silvester \u2013 schnell noch Steuern sparen'>Silvester \u2013 schnell noch Steuern sparen<\/a><\/h3><\/header><\/div><footer class=\"entry-footer\"><\/footer><\/article><\/div><div data-ajax-id='2149' class=' grid-entry flex_column isotope-item all_sort no_margin post-entry post-entry-2149 grid-entry-overview grid-loop-25 grid-parity-odd   av_one_half first default_av_fullwidth '><article class='main_color inner-entry'  itemscope=\"itemscope\" itemtype=\"https:\/\/schema.org\/CreativeWork\" ><a href=\"https:\/\/www.barbos-stiftung.de\/cms\/index.php\/portfolio-item\/raunaechte-zwischen-den-jahren\/\" title='Raun\u00e4chte \u2013 zwischen den Jahren'  data-rel='grid-1' class='grid-image avia-hover-fx'> <img decoding=\"async\" fetchpriority=\"high\" width=\"495\" height=\"400\" src=\"https:\/\/www.barbos-stiftung.de\/cms\/wp-content\/uploads\/2023\/02\/Sternstunde-1-495x400.png\" class=\"wp-image-1853 avia-img-lazy-loading-not-1853 attachment-portfolio size-portfolio wp-post-image\" alt=\"\" srcset=\"https:\/\/www.barbos-stiftung.de\/cms\/wp-content\/uploads\/2023\/02\/Sternstunde-1-495x400.png 495w, https:\/\/www.barbos-stiftung.de\/cms\/wp-content\/uploads\/2023\/02\/Sternstunde-1-845x684.png 845w\" sizes=\"(max-width: 495px) 100vw, 495px\" \/><\/a><div class='grid-content'><div class='avia-arrow'><\/div><header class=\"entry-content-header\" aria-label=\"Portfolio: Raun\u00e4chte \u2013 zwischen den Jahren\"><h3 class='grid-entry-title entry-title '  itemprop=\"headline\" ><a href='https:\/\/www.barbos-stiftung.de\/cms\/index.php\/portfolio-item\/raunaechte-zwischen-den-jahren\/' title='Raun\u00e4chte \u2013 zwischen den Jahren'>Raun\u00e4chte \u2013 zwischen den Jahren<\/a><\/h3><\/header><\/div><footer class=\"entry-footer\"><\/footer><\/article><\/div><div data-ajax-id='2145' class=' grid-entry flex_column isotope-item all_sort no_margin post-entry post-entry-2145 grid-entry-overview grid-loop-26 grid-parity-even   av_one_half  default_av_fullwidth '><article class='main_color inner-entry'  itemscope=\"itemscope\" itemtype=\"https:\/\/schema.org\/CreativeWork\" ><a href=\"https:\/\/www.barbos-stiftung.de\/cms\/index.php\/portfolio-item\/geschenk-vergessen\/\" title='Geschenk vergessen?'  data-rel='grid-1' class='grid-image avia-hover-fx'> <img decoding=\"async\" fetchpriority=\"high\" width=\"316\" height=\"159\" src=\"https:\/\/www.barbos-stiftung.de\/cms\/wp-content\/uploads\/2023\/10\/Geschenk-1.jpg\" class=\"wp-image-2127 avia-img-lazy-loading-not-2127 attachment-portfolio size-portfolio wp-post-image\" alt=\"\" srcset=\"https:\/\/www.barbos-stiftung.de\/cms\/wp-content\/uploads\/2023\/10\/Geschenk-1.jpg 316w, https:\/\/www.barbos-stiftung.de\/cms\/wp-content\/uploads\/2023\/10\/Geschenk-1-300x151.jpg 300w\" sizes=\"(max-width: 316px) 100vw, 316px\" \/><\/a><div class='grid-content'><div class='avia-arrow'><\/div><header class=\"entry-content-header\" aria-label=\"Portfolio: Geschenk vergessen?\"><h3 class='grid-entry-title entry-title '  itemprop=\"headline\" ><a href='https:\/\/www.barbos-stiftung.de\/cms\/index.php\/portfolio-item\/geschenk-vergessen\/' title='Geschenk vergessen?'>Geschenk vergessen?<\/a><\/h3><\/header><\/div><footer class=\"entry-footer\"><\/footer><\/article><\/div><div data-ajax-id='2426' class=' grid-entry flex_column isotope-item all_sort no_margin post-entry post-entry-2426 grid-entry-overview grid-loop-27 grid-parity-odd   av_one_half first default_av_fullwidth '><article class='main_color inner-entry'  itemscope=\"itemscope\" itemtype=\"https:\/\/schema.org\/CreativeWork\" ><a href=\"https:\/\/www.barbos-stiftung.de\/cms\/index.php\/portfolio-item\/verdopplungsaktion-fuer-ihre-spende-bis-100-euro-2\/\" title='Letzte Chance: Verdopplungsaktion f\u00fcr Ihre Spende'  data-rel='grid-1' class='grid-image avia-hover-fx'> <img decoding=\"async\" fetchpriority=\"high\" width=\"495\" height=\"400\" src=\"https:\/\/www.barbos-stiftung.de\/cms\/wp-content\/uploads\/2024\/11\/sharepic-post-verdopplung-495x400.png\" class=\"wp-image-2424 avia-img-lazy-loading-not-2424 attachment-portfolio size-portfolio wp-post-image\" alt=\"\" srcset=\"https:\/\/www.barbos-stiftung.de\/cms\/wp-content\/uploads\/2024\/11\/sharepic-post-verdopplung-495x400.png 495w, https:\/\/www.barbos-stiftung.de\/cms\/wp-content\/uploads\/2024\/11\/sharepic-post-verdopplung-845x684.png 845w\" sizes=\"(max-width: 495px) 100vw, 495px\" \/><\/a><div class='grid-content'><div class='avia-arrow'><\/div><header class=\"entry-content-header\" aria-label=\"Portfolio: Letzte Chance: Verdopplungsaktion f\u00fcr Ihre Spende\"><h3 class='grid-entry-title entry-title '  itemprop=\"headline\" ><a href='https:\/\/www.barbos-stiftung.de\/cms\/index.php\/portfolio-item\/verdopplungsaktion-fuer-ihre-spende-bis-100-euro-2\/' title='Letzte Chance: Verdopplungsaktion f\u00fcr Ihre Spende'>Letzte Chance: Verdopplungsaktion f\u00fcr Ihre Spende<\/a><\/h3><\/header><\/div><footer class=\"entry-footer\"><\/footer><\/article><\/div><div data-ajax-id='2423' class=' grid-entry flex_column isotope-item all_sort no_margin post-entry post-entry-2423 grid-entry-overview grid-loop-28 grid-parity-even   av_one_half  default_av_fullwidth '><article class='main_color inner-entry'  itemscope=\"itemscope\" itemtype=\"https:\/\/schema.org\/CreativeWork\" ><a href=\"https:\/\/www.barbos-stiftung.de\/cms\/index.php\/portfolio-item\/verdopplungsaktion-fuer-ihre-spende-bis-100-euro\/\" title='Verdopplungsaktion f\u00fcr Ihre Spende bis 100,- Euro'  data-rel='grid-1' class='grid-image avia-hover-fx'> <img decoding=\"async\" fetchpriority=\"high\" width=\"495\" height=\"400\" src=\"https:\/\/www.barbos-stiftung.de\/cms\/wp-content\/uploads\/2024\/11\/sharepic-post-verdopplung-495x400.png\" class=\"wp-image-2424 avia-img-lazy-loading-not-2424 attachment-portfolio size-portfolio wp-post-image\" alt=\"\" srcset=\"https:\/\/www.barbos-stiftung.de\/cms\/wp-content\/uploads\/2024\/11\/sharepic-post-verdopplung-495x400.png 495w, https:\/\/www.barbos-stiftung.de\/cms\/wp-content\/uploads\/2024\/11\/sharepic-post-verdopplung-845x684.png 845w\" sizes=\"(max-width: 495px) 100vw, 495px\" \/><\/a><div class='grid-content'><div class='avia-arrow'><\/div><header class=\"entry-content-header\" aria-label=\"Portfolio: Verdopplungsaktion f\u00fcr Ihre Spende bis 100,- Euro\"><h3 class='grid-entry-title entry-title '  itemprop=\"headline\" ><a href='https:\/\/www.barbos-stiftung.de\/cms\/index.php\/portfolio-item\/verdopplungsaktion-fuer-ihre-spende-bis-100-euro\/' title='Verdopplungsaktion f\u00fcr Ihre Spende bis 100,- Euro'>Verdopplungsaktion f\u00fcr Ihre Spende bis 100,- Euro<\/a><\/h3><\/header><\/div><footer class=\"entry-footer\"><\/footer><\/article><\/div><div data-ajax-id='2410' class=' grid-entry flex_column isotope-item all_sort no_margin post-entry post-entry-2410 grid-entry-overview grid-loop-29 grid-parity-odd   av_one_half first default_av_fullwidth '><article class='main_color inner-entry'  itemscope=\"itemscope\" itemtype=\"https:\/\/schema.org\/CreativeWork\" ><a href=\"https:\/\/www.barbos-stiftung.de\/cms\/index.php\/portfolio-item\/schulengel-wird-gooding-darueber-jetzt-online-einkaufen-und-gutes-tun-2\/\" title='Online-Weihnachtseinkauf \u00fcber Gooding'  data-rel='grid-1' class='grid-image avia-hover-fx'> <img decoding=\"async\" fetchpriority=\"high\" width=\"1\" height=\"1\" src=\"https:\/\/www.barbos-stiftung.de\/cms\/wp-content\/uploads\/2024\/10\/gooding-logo.svg\" class=\"wp-image-2383 avia-img-lazy-loading-not-2383 attachment-portfolio size-portfolio wp-post-image\" alt=\"\" \/><\/a><div class='grid-content'><div class='avia-arrow'><\/div><header class=\"entry-content-header\" aria-label=\"Portfolio: Online-Weihnachtseinkauf \u00fcber Gooding\"><h3 class='grid-entry-title entry-title '  itemprop=\"headline\" ><a href='https:\/\/www.barbos-stiftung.de\/cms\/index.php\/portfolio-item\/schulengel-wird-gooding-darueber-jetzt-online-einkaufen-und-gutes-tun-2\/' title='Online-Weihnachtseinkauf \u00fcber Gooding'>Online-Weihnachtseinkauf \u00fcber Gooding<\/a><\/h3><\/header><\/div><footer class=\"entry-footer\"><\/footer><\/article><\/div><div data-ajax-id='2405' class=' grid-entry flex_column isotope-item all_sort no_margin post-entry post-entry-2405 grid-entry-overview grid-loop-30 grid-parity-even   av_one_half  default_av_fullwidth '><article class='main_color inner-entry'  itemscope=\"itemscope\" itemtype=\"https:\/\/schema.org\/CreativeWork\" ><a href=\"https:\/\/www.barbos-stiftung.de\/cms\/index.php\/portfolio-item\/wenn-probleme-noch-in-den-kinderschuhen-stecken-2\/\" title='Wenn Probleme (noch) in den Kinderschuhen stecken &#8230;'  data-rel='grid-1' class='grid-image avia-hover-fx'> <img decoding=\"async\" fetchpriority=\"high\" width=\"495\" height=\"400\" src=\"https:\/\/www.barbos-stiftung.de\/cms\/wp-content\/uploads\/2022\/09\/Kinderschuhe_Hand-scaled-1-495x400.jpg\" class=\"wp-image-1601 avia-img-lazy-loading-not-1601 attachment-portfolio size-portfolio wp-post-image\" alt=\"\" srcset=\"https:\/\/www.barbos-stiftung.de\/cms\/wp-content\/uploads\/2022\/09\/Kinderschuhe_Hand-scaled-1-495x400.jpg 495w, https:\/\/www.barbos-stiftung.de\/cms\/wp-content\/uploads\/2022\/09\/Kinderschuhe_Hand-scaled-1-845x684.jpg 845w\" sizes=\"(max-width: 495px) 100vw, 495px\" \/><\/a><div class='grid-content'><div class='avia-arrow'><\/div><header class=\"entry-content-header\" aria-label=\"Portfolio: Wenn Probleme (noch) in den Kinderschuhen stecken &#8230;\"><h3 class='grid-entry-title entry-title '  itemprop=\"headline\" ><a href='https:\/\/www.barbos-stiftung.de\/cms\/index.php\/portfolio-item\/wenn-probleme-noch-in-den-kinderschuhen-stecken-2\/' title='Wenn Probleme (noch) in den Kinderschuhen stecken &#8230;'>Wenn Probleme (noch) in den Kinderschuhen stecken &#8230;<\/a><\/h3><\/header><\/div><footer class=\"entry-footer\"><\/footer><\/article><\/div><div data-ajax-id='2402' class=' grid-entry flex_column isotope-item all_sort no_margin post-entry post-entry-2402 grid-entry-overview grid-loop-31 grid-parity-odd   av_one_half first default_av_fullwidth '><article class='main_color inner-entry'  itemscope=\"itemscope\" itemtype=\"https:\/\/schema.org\/CreativeWork\" ><a href=\"https:\/\/www.barbos-stiftung.de\/cms\/index.php\/portfolio-item\/black-friday-black-weeks\/\" title='Black friday &#8211; black weeks'  data-rel='grid-1' class='grid-image avia-hover-fx'> <img decoding=\"async\" fetchpriority=\"high\" width=\"213\" height=\"157\" src=\"https:\/\/www.barbos-stiftung.de\/cms\/wp-content\/uploads\/2024\/11\/Unbenannt.png\" class=\"wp-image-2403 avia-img-lazy-loading-not-2403 attachment-portfolio size-portfolio wp-post-image\" alt=\"\" \/><\/a><div class='grid-content'><div class='avia-arrow'><\/div><header class=\"entry-content-header\" aria-label=\"Portfolio: Black friday &#8211; black weeks\"><h3 class='grid-entry-title entry-title '  itemprop=\"headline\" ><a href='https:\/\/www.barbos-stiftung.de\/cms\/index.php\/portfolio-item\/black-friday-black-weeks\/' title='Black friday &#8211; black weeks'>Black friday &#8211; black weeks<\/a><\/h3><\/header><\/div><footer class=\"entry-footer\"><\/footer><\/article><\/div><div data-ajax-id='2377' class=' grid-entry flex_column isotope-item all_sort no_margin post-entry post-entry-2377 grid-entry-overview grid-loop-32 grid-parity-even   av_one_half  default_av_fullwidth '><article class='main_color inner-entry'  itemscope=\"itemscope\" itemtype=\"https:\/\/schema.org\/CreativeWork\" ><a href=\"https:\/\/www.barbos-stiftung.de\/cms\/index.php\/portfolio-item\/wow-newsletter-in-modernem-design\/\" title='Wow, Newsletter in modernem Design'  data-rel='grid-1' class='grid-image avia-hover-fx'> <img decoding=\"async\" fetchpriority=\"high\" width=\"495\" height=\"400\" src=\"https:\/\/www.barbos-stiftung.de\/cms\/wp-content\/uploads\/2022\/12\/Bild4-1-495x400.jpg\" class=\"wp-image-1759 avia-img-lazy-loading-not-1759 attachment-portfolio size-portfolio wp-post-image\" alt=\"\" srcset=\"https:\/\/www.barbos-stiftung.de\/cms\/wp-content\/uploads\/2022\/12\/Bild4-1-495x400.jpg 495w, https:\/\/www.barbos-stiftung.de\/cms\/wp-content\/uploads\/2022\/12\/Bild4-1-845x684.jpg 845w\" sizes=\"(max-width: 495px) 100vw, 495px\" \/><\/a><div class='grid-content'><div class='avia-arrow'><\/div><header class=\"entry-content-header\" aria-label=\"Portfolio: Wow, Newsletter in modernem Design\"><h3 class='grid-entry-title entry-title '  itemprop=\"headline\" ><a href='https:\/\/www.barbos-stiftung.de\/cms\/index.php\/portfolio-item\/wow-newsletter-in-modernem-design\/' title='Wow, Newsletter in modernem Design'>Wow, Newsletter in modernem Design<\/a><\/h3><\/header><\/div><footer class=\"entry-footer\"><\/footer><\/article><\/div><div data-ajax-id='2374' class=' grid-entry flex_column isotope-item all_sort no_margin post-entry post-entry-2374 grid-entry-overview grid-loop-33 grid-parity-odd   av_one_half first default_av_fullwidth '><article class='main_color inner-entry'  itemscope=\"itemscope\" itemtype=\"https:\/\/schema.org\/CreativeWork\" ><a href=\"https:\/\/www.barbos-stiftung.de\/cms\/index.php\/portfolio-item\/farbe-ins-leben-bringen\/\" title='Farbe ins Leben bringen'  data-rel='grid-1' class='grid-image avia-hover-fx'> <img decoding=\"async\" fetchpriority=\"high\" width=\"495\" height=\"400\" src=\"https:\/\/www.barbos-stiftung.de\/cms\/wp-content\/uploads\/2020\/03\/007-1-495x400.jpg\" class=\"wp-image-716 avia-img-lazy-loading-not-716 attachment-portfolio size-portfolio wp-post-image\" alt=\"\" srcset=\"https:\/\/www.barbos-stiftung.de\/cms\/wp-content\/uploads\/2020\/03\/007-1-495x400.jpg 495w, https:\/\/www.barbos-stiftung.de\/cms\/wp-content\/uploads\/2020\/03\/007-1-845x684.jpg 845w\" sizes=\"(max-width: 495px) 100vw, 495px\" \/><\/a><div class='grid-content'><div class='avia-arrow'><\/div><header class=\"entry-content-header\" aria-label=\"Portfolio: Farbe ins Leben bringen\"><h3 class='grid-entry-title entry-title '  itemprop=\"headline\" ><a href='https:\/\/www.barbos-stiftung.de\/cms\/index.php\/portfolio-item\/farbe-ins-leben-bringen\/' title='Farbe ins Leben bringen'>Farbe ins Leben bringen<\/a><\/h3><\/header><\/div><footer class=\"entry-footer\"><\/footer><\/article><\/div><div data-ajax-id='2346' class=' grid-entry flex_column isotope-item all_sort no_margin post-entry post-entry-2346 grid-entry-overview grid-loop-34 grid-parity-even   av_one_half  default_av_fullwidth '><article class='main_color inner-entry'  itemscope=\"itemscope\" itemtype=\"https:\/\/schema.org\/CreativeWork\" ><a href=\"https:\/\/www.barbos-stiftung.de\/cms\/index.php\/portfolio-item\/die-17-nachhaltigkeitsziele-der-vereinten-nationen-genau-hier\/\" title='Die 17 Nachhaltigkeitsziele der Vereinten Nationen \u2013 genau hier'  data-rel='grid-1' class='grid-image avia-hover-fx'> <img decoding=\"async\" fetchpriority=\"high\" width=\"495\" height=\"400\" src=\"https:\/\/www.barbos-stiftung.de\/cms\/wp-content\/uploads\/2020\/11\/Gemaelde_Herz_01-1-495x400.jpg\" class=\"wp-image-1196 avia-img-lazy-loading-not-1196 attachment-portfolio size-portfolio wp-post-image\" alt=\"Kindergem\u00e4lde mit Sonne, Herz, Schmetterlingen und einem kleinen Menschen. Der Untergrund ist gelb. Es gibt viel Rot und Blau sowie etwas Gr\u00fcn.\" srcset=\"https:\/\/www.barbos-stiftung.de\/cms\/wp-content\/uploads\/2020\/11\/Gemaelde_Herz_01-1-495x400.jpg 495w, https:\/\/www.barbos-stiftung.de\/cms\/wp-content\/uploads\/2020\/11\/Gemaelde_Herz_01-1-845x684.jpg 845w\" sizes=\"(max-width: 495px) 100vw, 495px\" \/><\/a><div class='grid-content'><div class='avia-arrow'><\/div><header class=\"entry-content-header\" aria-label=\"Portfolio: Die 17 Nachhaltigkeitsziele der Vereinten Nationen \u2013 genau hier\"><h3 class='grid-entry-title entry-title '  itemprop=\"headline\" ><a href='https:\/\/www.barbos-stiftung.de\/cms\/index.php\/portfolio-item\/die-17-nachhaltigkeitsziele-der-vereinten-nationen-genau-hier\/' title='Die 17 Nachhaltigkeitsziele der Vereinten Nationen \u2013 genau hier'>Die 17 Nachhaltigkeitsziele der Vereinten Nationen \u2013 genau hier<\/a><\/h3><\/header><\/div><footer class=\"entry-footer\"><\/footer><\/article><\/div><div data-ajax-id='2379' class=' grid-entry flex_column isotope-item all_sort no_margin post-entry post-entry-2379 grid-entry-overview grid-loop-35 grid-parity-odd   av_one_half first default_av_fullwidth '><article class='main_color inner-entry'  itemscope=\"itemscope\" itemtype=\"https:\/\/schema.org\/CreativeWork\" ><a href=\"https:\/\/www.barbos-stiftung.de\/cms\/index.php\/portfolio-item\/internationaler-tag-der-seelischen-gesundheit\/\" title='Internationaler Tag der seelischen Gesundheit'  data-rel='grid-1' class='grid-image avia-hover-fx'> <img decoding=\"async\" fetchpriority=\"high\" width=\"495\" height=\"400\" src=\"https:\/\/www.barbos-stiftung.de\/cms\/wp-content\/uploads\/2023\/02\/Herz-1-495x400.jpg\" class=\"wp-image-1873 avia-img-lazy-loading-not-1873 attachment-portfolio size-portfolio wp-post-image\" alt=\"\" srcset=\"https:\/\/www.barbos-stiftung.de\/cms\/wp-content\/uploads\/2023\/02\/Herz-1-495x400.jpg 495w, https:\/\/www.barbos-stiftung.de\/cms\/wp-content\/uploads\/2023\/02\/Herz-1-523x423.jpg 523w\" sizes=\"(max-width: 495px) 100vw, 495px\" \/><\/a><div class='grid-content'><div class='avia-arrow'><\/div><header class=\"entry-content-header\" aria-label=\"Portfolio: Internationaler Tag der seelischen Gesundheit\"><h3 class='grid-entry-title entry-title '  itemprop=\"headline\" ><a href='https:\/\/www.barbos-stiftung.de\/cms\/index.php\/portfolio-item\/internationaler-tag-der-seelischen-gesundheit\/' title='Internationaler Tag der seelischen Gesundheit'>Internationaler Tag der seelischen Gesundheit<\/a><\/h3><\/header><\/div><footer class=\"entry-footer\"><\/footer><\/article><\/div><div data-ajax-id='2371' class=' grid-entry flex_column isotope-item all_sort no_margin post-entry post-entry-2371 grid-entry-overview grid-loop-36 grid-parity-even   av_one_half  default_av_fullwidth '><article class='main_color inner-entry'  itemscope=\"itemscope\" itemtype=\"https:\/\/schema.org\/CreativeWork\" ><a href=\"https:\/\/www.barbos-stiftung.de\/cms\/index.php\/portfolio-item\/2371\/\" title='Kinder-Dank nach Spendenmarathon'  data-rel='grid-1' class='grid-image avia-hover-fx'> <img decoding=\"async\" fetchpriority=\"high\" width=\"495\" height=\"400\" src=\"https:\/\/www.barbos-stiftung.de\/cms\/wp-content\/uploads\/2023\/02\/IMG_20230214_172646974-1-495x400.jpg\" class=\"wp-image-1879 avia-img-lazy-loading-not-1879 attachment-portfolio size-portfolio wp-post-image\" alt=\"\" srcset=\"https:\/\/www.barbos-stiftung.de\/cms\/wp-content\/uploads\/2023\/02\/IMG_20230214_172646974-1-495x400.jpg 495w, https:\/\/www.barbos-stiftung.de\/cms\/wp-content\/uploads\/2023\/02\/IMG_20230214_172646974-1-845x684.jpg 845w\" sizes=\"(max-width: 495px) 100vw, 495px\" \/><\/a><div class='grid-content'><div class='avia-arrow'><\/div><header class=\"entry-content-header\" aria-label=\"Portfolio: Kinder-Dank nach Spendenmarathon\"><h3 class='grid-entry-title entry-title '  itemprop=\"headline\" ><a href='https:\/\/www.barbos-stiftung.de\/cms\/index.php\/portfolio-item\/2371\/' title='Kinder-Dank nach Spendenmarathon'>Kinder-Dank nach Spendenmarathon<\/a><\/h3><\/header><\/div><footer class=\"entry-footer\"><\/footer><\/article><\/div><div data-ajax-id='2357' class=' grid-entry flex_column isotope-item all_sort no_margin post-entry post-entry-2357 grid-entry-overview grid-loop-37 grid-parity-odd   av_one_half first default_av_fullwidth '><article class='main_color inner-entry'  itemscope=\"itemscope\" itemtype=\"https:\/\/schema.org\/CreativeWork\" ><a href=\"https:\/\/www.barbos-stiftung.de\/cms\/index.php\/portfolio-item\/der-countdown-laeuft-nur-noch-wenige-stunden\/\" title='Der Countdown l\u00e4uft &#8211; nur noch wenige Stunden'  data-rel='grid-1' class='grid-image avia-hover-fx'> <img decoding=\"async\" fetchpriority=\"high\" width=\"495\" height=\"400\" src=\"https:\/\/www.barbos-stiftung.de\/cms\/wp-content\/uploads\/2022\/10\/barbos-bunt-Fluechtlinge_Interview-1-495x400.jpg\" class=\"wp-image-1635 avia-img-lazy-loading-not-1635 attachment-portfolio size-portfolio wp-post-image\" alt=\"Mai Dang-Goy steht mit Mikrofon vor einem von Kindern bemalten Bauwagen. Sie gibt ein Interview.\" \/><\/a><div class='grid-content'><div class='avia-arrow'><\/div><header class=\"entry-content-header\" aria-label=\"Portfolio: Der Countdown l\u00e4uft &#8211; nur noch wenige Stunden\"><h3 class='grid-entry-title entry-title '  itemprop=\"headline\" ><a href='https:\/\/www.barbos-stiftung.de\/cms\/index.php\/portfolio-item\/der-countdown-laeuft-nur-noch-wenige-stunden\/' title='Der Countdown l\u00e4uft &#8211; nur noch wenige Stunden'>Der Countdown l\u00e4uft &#8211; nur noch wenige Stunden<\/a><\/h3><\/header><\/div><footer class=\"entry-footer\"><\/footer><\/article><\/div><div data-ajax-id='2349' class=' grid-entry flex_column isotope-item all_sort no_margin post-entry post-entry-2349 grid-entry-overview grid-loop-38 grid-parity-even   av_one_half  default_av_fullwidth '><article class='main_color inner-entry'  itemscope=\"itemscope\" itemtype=\"https:\/\/schema.org\/CreativeWork\" ><a href=\"https:\/\/www.barbos-stiftung.de\/cms\/index.php\/portfolio-item\/machen-sie-mit-beim-spendenmarathon\/\" title='Machen Sie mit beim Spendenmarathon'  data-rel='grid-1' class='grid-image avia-hover-fx'> <img decoding=\"async\" fetchpriority=\"high\" width=\"495\" height=\"400\" src=\"https:\/\/www.barbos-stiftung.de\/cms\/wp-content\/uploads\/2023\/01\/muenchen-tv_kunsttherapie_01-1-495x400.jpg\" class=\"wp-image-1820 avia-img-lazy-loading-not-1820 attachment-portfolio size-portfolio wp-post-image\" alt=\"\" \/><\/a><div class='grid-content'><div class='avia-arrow'><\/div><header class=\"entry-content-header\" aria-label=\"Portfolio: Machen Sie mit beim Spendenmarathon\"><h3 class='grid-entry-title entry-title '  itemprop=\"headline\" ><a href='https:\/\/www.barbos-stiftung.de\/cms\/index.php\/portfolio-item\/machen-sie-mit-beim-spendenmarathon\/' title='Machen Sie mit beim Spendenmarathon'>Machen Sie mit beim Spendenmarathon<\/a><\/h3><\/header><\/div><footer class=\"entry-footer\"><\/footer><\/article><\/div><div data-ajax-id='2318' class=' grid-entry flex_column isotope-item all_sort no_margin post-entry post-entry-2318 grid-entry-overview grid-loop-39 grid-parity-odd   av_one_half first default_av_fullwidth '><article class='main_color inner-entry'  itemscope=\"itemscope\" itemtype=\"https:\/\/schema.org\/CreativeWork\" ><a href=\"https:\/\/www.barbos-stiftung.de\/cms\/index.php\/portfolio-item\/ausbildungsbeginn-die-welt-steht-offen\/\" title='Ausbildungsbeginn \u2013 Die Welt steht offen!'  data-rel='grid-1' class='grid-image avia-hover-fx'> <img decoding=\"async\" fetchpriority=\"high\" width=\"495\" height=\"400\" src=\"https:\/\/www.barbos-stiftung.de\/cms\/wp-content\/uploads\/2023\/10\/Reisen_01-1-495x400.jpg\" class=\"wp-image-2117 avia-img-lazy-loading-not-2117 attachment-portfolio size-portfolio wp-post-image\" alt=\"\" srcset=\"https:\/\/www.barbos-stiftung.de\/cms\/wp-content\/uploads\/2023\/10\/Reisen_01-1-495x400.jpg 495w, https:\/\/www.barbos-stiftung.de\/cms\/wp-content\/uploads\/2023\/10\/Reisen_01-1-845x684.jpg 845w\" sizes=\"(max-width: 495px) 100vw, 495px\" \/><\/a><div class='grid-content'><div class='avia-arrow'><\/div><header class=\"entry-content-header\" aria-label=\"Portfolio: Ausbildungsbeginn \u2013 Die Welt steht offen!\"><h3 class='grid-entry-title entry-title '  itemprop=\"headline\" ><a href='https:\/\/www.barbos-stiftung.de\/cms\/index.php\/portfolio-item\/ausbildungsbeginn-die-welt-steht-offen\/' title='Ausbildungsbeginn \u2013 Die Welt steht offen!'>Ausbildungsbeginn \u2013 Die Welt steht offen!<\/a><\/h3><\/header><\/div><footer class=\"entry-footer\"><\/footer><\/article><\/div><div data-ajax-id='2321' class=' grid-entry flex_column isotope-item all_sort no_margin post-entry post-entry-2321 grid-entry-overview grid-loop-40 grid-parity-even   av_one_half  default_av_fullwidth '><article class='main_color inner-entry'  itemscope=\"itemscope\" itemtype=\"https:\/\/schema.org\/CreativeWork\" ><a href=\"https:\/\/www.barbos-stiftung.de\/cms\/index.php\/portfolio-item\/nachhaltigkeit-auch-unser-thema\/\" title='Nachhaltigkeit \u2013 auch unser Thema'  data-rel='grid-1' class='grid-image avia-hover-fx'> <img decoding=\"async\" fetchpriority=\"high\" width=\"480\" height=\"400\" src=\"https:\/\/www.barbos-stiftung.de\/cms\/wp-content\/uploads\/2022\/12\/Fische-rotated-1-480x400.jpeg\" class=\"wp-image-1753 avia-img-lazy-loading-not-1753 attachment-portfolio size-portfolio wp-post-image\" alt=\"Rechts sind drei bunte Kinderbilder mit einem Hund mit schwarzen Punkten, Herzen und Kindern \u00fcbereinander angeordnet. Auf der linken Seite sind Fische, ein Hai und ein Delfin aus Papier bzw. Pappe aufgeklebt.\" \/><\/a><div class='grid-content'><div class='avia-arrow'><\/div><header class=\"entry-content-header\" aria-label=\"Portfolio: Nachhaltigkeit \u2013 auch unser Thema\"><h3 class='grid-entry-title entry-title '  itemprop=\"headline\" ><a href='https:\/\/www.barbos-stiftung.de\/cms\/index.php\/portfolio-item\/nachhaltigkeit-auch-unser-thema\/' title='Nachhaltigkeit \u2013 auch unser Thema'>Nachhaltigkeit \u2013 auch unser Thema<\/a><\/h3><\/header><\/div><footer class=\"entry-footer\"><\/footer><\/article><\/div><div data-ajax-id='2315' class=' grid-entry flex_column isotope-item all_sort no_margin post-entry post-entry-2315 grid-entry-overview grid-loop-41 grid-parity-odd   av_one_half first default_av_fullwidth '><article class='main_color inner-entry'  itemscope=\"itemscope\" itemtype=\"https:\/\/schema.org\/CreativeWork\" ><a href=\"https:\/\/www.barbos-stiftung.de\/cms\/index.php\/portfolio-item\/sommerferien-klingt-nicht-fuer-jeden-gut\/\" title='Sommerferien \u2013 klingt nicht f\u00fcr jeden gut'  data-rel='grid-1' class='grid-image avia-hover-fx'> <img decoding=\"async\" fetchpriority=\"high\" width=\"495\" height=\"400\" src=\"https:\/\/www.barbos-stiftung.de\/cms\/wp-content\/uploads\/2022\/09\/Kindergarten_Haende_Tonball-1-495x400.jpg\" class=\"wp-image-1589 avia-img-lazy-loading-not-1589 attachment-portfolio size-portfolio wp-post-image\" alt=\"Ein M\u00e4dchen formt eine Tonkugel mit seinen H\u00e4nden.\" srcset=\"https:\/\/www.barbos-stiftung.de\/cms\/wp-content\/uploads\/2022\/09\/Kindergarten_Haende_Tonball-1-495x400.jpg 495w, https:\/\/www.barbos-stiftung.de\/cms\/wp-content\/uploads\/2022\/09\/Kindergarten_Haende_Tonball-1-845x684.jpg 845w\" sizes=\"(max-width: 495px) 100vw, 495px\" \/><\/a><div class='grid-content'><div class='avia-arrow'><\/div><header class=\"entry-content-header\" aria-label=\"Portfolio: Sommerferien \u2013 klingt nicht f\u00fcr jeden gut\"><h3 class='grid-entry-title entry-title '  itemprop=\"headline\" ><a href='https:\/\/www.barbos-stiftung.de\/cms\/index.php\/portfolio-item\/sommerferien-klingt-nicht-fuer-jeden-gut\/' title='Sommerferien \u2013 klingt nicht f\u00fcr jeden gut'>Sommerferien \u2013 klingt nicht f\u00fcr jeden gut<\/a><\/h3><\/header><\/div><footer class=\"entry-footer\"><\/footer><\/article><\/div><div data-ajax-id='2300' class=' grid-entry flex_column isotope-item all_sort no_margin post-entry post-entry-2300 grid-entry-overview grid-loop-42 grid-parity-even   av_one_half  default_av_fullwidth '><article class='main_color inner-entry'  itemscope=\"itemscope\" itemtype=\"https:\/\/schema.org\/CreativeWork\" ><a href=\"https:\/\/www.barbos-stiftung.de\/cms\/index.php\/portfolio-item\/schulengel-wird-gooding-darueber-jetzt-online-einkaufen-und-gutes-tun\/\" title='Schulengel wird Gooding \u2013 dar\u00fcber jetzt online einkaufen und Gutes tun'  data-rel='grid-1' class='grid-image avia-hover-fx'> <img decoding=\"async\" fetchpriority=\"high\" width=\"495\" height=\"158\" src=\"https:\/\/www.barbos-stiftung.de\/cms\/wp-content\/uploads\/2024\/06\/Gooding-495x158.png\" class=\"wp-image-2301 avia-img-lazy-loading-not-2301 attachment-portfolio size-portfolio wp-post-image\" alt=\"\" \/><\/a><div class='grid-content'><div class='avia-arrow'><\/div><header class=\"entry-content-header\" aria-label=\"Portfolio: Schulengel wird Gooding \u2013 dar\u00fcber jetzt online einkaufen und Gutes tun\"><h3 class='grid-entry-title entry-title '  itemprop=\"headline\" ><a href='https:\/\/www.barbos-stiftung.de\/cms\/index.php\/portfolio-item\/schulengel-wird-gooding-darueber-jetzt-online-einkaufen-und-gutes-tun\/' title='Schulengel wird Gooding \u2013 dar\u00fcber jetzt online einkaufen und Gutes tun'>Schulengel wird Gooding \u2013 dar\u00fcber jetzt online einkaufen und Gutes tun<\/a><\/h3><\/header><\/div><footer class=\"entry-footer\"><\/footer><\/article><\/div><div data-ajax-id='2292' class=' grid-entry flex_column isotope-item all_sort no_margin post-entry post-entry-2292 grid-entry-overview grid-loop-43 grid-parity-odd   av_one_half first default_av_fullwidth '><article class='main_color inner-entry'  itemscope=\"itemscope\" itemtype=\"https:\/\/schema.org\/CreativeWork\" ><a href=\"https:\/\/www.barbos-stiftung.de\/cms\/index.php\/portfolio-item\/menschen-bei-barbos-1-vorsitzende-mai-dang-goy\/\" title='Menschen bei Barbos &#8211; 1. Vorsitzende Mai Dang-Goy'  data-rel='grid-1' class='grid-image avia-hover-fx'> <img decoding=\"async\" fetchpriority=\"high\" width=\"495\" height=\"286\" src=\"https:\/\/www.barbos-stiftung.de\/cms\/wp-content\/uploads\/2024\/05\/Mai-BayernsFrauen.png\" class=\"wp-image-2293 avia-img-lazy-loading-not-2293 attachment-portfolio size-portfolio wp-post-image\" alt=\"\" srcset=\"https:\/\/www.barbos-stiftung.de\/cms\/wp-content\/uploads\/2024\/05\/Mai-BayernsFrauen.png 495w, https:\/\/www.barbos-stiftung.de\/cms\/wp-content\/uploads\/2024\/05\/Mai-BayernsFrauen-300x173.png 300w\" sizes=\"(max-width: 495px) 100vw, 495px\" \/><\/a><div class='grid-content'><div class='avia-arrow'><\/div><header class=\"entry-content-header\" aria-label=\"Portfolio: Menschen bei Barbos &#8211; 1. Vorsitzende Mai Dang-Goy\"><h3 class='grid-entry-title entry-title '  itemprop=\"headline\" ><a href='https:\/\/www.barbos-stiftung.de\/cms\/index.php\/portfolio-item\/menschen-bei-barbos-1-vorsitzende-mai-dang-goy\/' title='Menschen bei Barbos &#8211; 1. Vorsitzende Mai Dang-Goy'>Menschen bei Barbos &#8211; 1. Vorsitzende Mai Dang-Goy<\/a><\/h3><\/header><\/div><footer class=\"entry-footer\"><\/footer><\/article><\/div><div data-ajax-id='2284' class=' grid-entry flex_column isotope-item all_sort no_margin post-entry post-entry-2284 grid-entry-overview grid-loop-44 grid-parity-even   av_one_half  default_av_fullwidth '><article class='main_color inner-entry'  itemscope=\"itemscope\" itemtype=\"https:\/\/schema.org\/CreativeWork\" ><a href=\"https:\/\/www.barbos-stiftung.de\/cms\/index.php\/portfolio-item\/menschen-bei-barbos-stifterin-barbara-osterwald\/\" title='Menschen bei Barbos &#8211; Stifterin Barbara Osterwald'  data-rel='grid-1' class='grid-image avia-hover-fx'> <img decoding=\"async\" fetchpriority=\"high\" width=\"495\" height=\"104\" src=\"https:\/\/www.barbos-stiftung.de\/cms\/wp-content\/uploads\/2024\/05\/Portraitsofmunich_homepage2-495x104.png\" class=\"wp-image-2290 avia-img-lazy-loading-not-2290 attachment-portfolio size-portfolio wp-post-image\" alt=\"\" \/><\/a><div class='grid-content'><div class='avia-arrow'><\/div><header class=\"entry-content-header\" aria-label=\"Portfolio: Menschen bei Barbos &#8211; Stifterin Barbara Osterwald\"><h3 class='grid-entry-title entry-title '  itemprop=\"headline\" ><a href='https:\/\/www.barbos-stiftung.de\/cms\/index.php\/portfolio-item\/menschen-bei-barbos-stifterin-barbara-osterwald\/' title='Menschen bei Barbos &#8211; Stifterin Barbara Osterwald'>Menschen bei Barbos &#8211; Stifterin Barbara Osterwald<\/a><\/h3><\/header><\/div><footer class=\"entry-footer\"><\/footer><\/article><\/div><div data-ajax-id='2275' class=' grid-entry flex_column isotope-item all_sort no_margin post-entry post-entry-2275 grid-entry-overview grid-loop-45 grid-parity-odd   av_one_half first default_av_fullwidth '><article class='main_color inner-entry'  itemscope=\"itemscope\" itemtype=\"https:\/\/schema.org\/CreativeWork\" ><a href=\"https:\/\/www.barbos-stiftung.de\/cms\/index.php\/portfolio-item\/trendtvision-modelabel-21-000-euro-fuer-uns\/\" title='Trendtvision Modelabel: 21.000,- Euro f\u00fcr uns'  data-rel='grid-1' class='grid-image avia-hover-fx'> <img decoding=\"async\" fetchpriority=\"high\" width=\"495\" height=\"400\" src=\"https:\/\/www.barbos-stiftung.de\/cms\/wp-content\/uploads\/2024\/05\/240312_DayofHope2024_ivitario_1920px-1-495x400.jpg\" class=\"wp-image-2276 avia-img-lazy-loading-not-2276 attachment-portfolio size-portfolio wp-post-image\" alt=\"\" srcset=\"https:\/\/www.barbos-stiftung.de\/cms\/wp-content\/uploads\/2024\/05\/240312_DayofHope2024_ivitario_1920px-1-495x400.jpg 495w, https:\/\/www.barbos-stiftung.de\/cms\/wp-content\/uploads\/2024\/05\/240312_DayofHope2024_ivitario_1920px-1-845x684.jpg 845w\" sizes=\"(max-width: 495px) 100vw, 495px\" \/><\/a><div class='grid-content'><div class='avia-arrow'><\/div><header class=\"entry-content-header\" aria-label=\"Portfolio: Trendtvision Modelabel: 21.000,- Euro f\u00fcr uns\"><h3 class='grid-entry-title entry-title '  itemprop=\"headline\" ><a href='https:\/\/www.barbos-stiftung.de\/cms\/index.php\/portfolio-item\/trendtvision-modelabel-21-000-euro-fuer-uns\/' title='Trendtvision Modelabel: 21.000,- Euro f\u00fcr uns'>Trendtvision Modelabel: 21.000,- Euro f\u00fcr uns<\/a><\/h3><\/header><\/div><footer class=\"entry-footer\"><\/footer><\/article><\/div><div data-ajax-id='2269' class=' grid-entry flex_column isotope-item all_sort no_margin post-entry post-entry-2269 grid-entry-overview grid-loop-46 grid-parity-even   av_one_half  default_av_fullwidth '><article class='main_color inner-entry'  itemscope=\"itemscope\" itemtype=\"https:\/\/schema.org\/CreativeWork\" ><a href=\"https:\/\/www.barbos-stiftung.de\/cms\/index.php\/portfolio-item\/16-mai-day-of-hope-vorbeikommen\/\" title='16. Mai &#8211; Day of Hope \u2013 VORBEIKOMMEN!'  data-rel='grid-1' class='grid-image avia-hover-fx'> <img decoding=\"async\" fetchpriority=\"high\" width=\"495\" height=\"400\" src=\"https:\/\/www.barbos-stiftung.de\/cms\/wp-content\/uploads\/2024\/05\/240312_DayofHope2024_ivitario_1920px-495x400.jpg\" class=\"wp-image-2270 avia-img-lazy-loading-not-2270 attachment-portfolio size-portfolio wp-post-image\" alt=\"\" srcset=\"https:\/\/www.barbos-stiftung.de\/cms\/wp-content\/uploads\/2024\/05\/240312_DayofHope2024_ivitario_1920px-495x400.jpg 495w, https:\/\/www.barbos-stiftung.de\/cms\/wp-content\/uploads\/2024\/05\/240312_DayofHope2024_ivitario_1920px-845x684.jpg 845w\" sizes=\"(max-width: 495px) 100vw, 495px\" \/><\/a><div class='grid-content'><div class='avia-arrow'><\/div><header class=\"entry-content-header\" aria-label=\"Portfolio: 16. Mai &#8211; Day of Hope \u2013 VORBEIKOMMEN!\"><h3 class='grid-entry-title entry-title '  itemprop=\"headline\" ><a href='https:\/\/www.barbos-stiftung.de\/cms\/index.php\/portfolio-item\/16-mai-day-of-hope-vorbeikommen\/' title='16. Mai &#8211; Day of Hope \u2013 VORBEIKOMMEN!'>16. Mai &#8211; Day of Hope \u2013 VORBEIKOMMEN!<\/a><\/h3><\/header><\/div><footer class=\"entry-footer\"><\/footer><\/article><\/div><div data-ajax-id='2254' class=' grid-entry flex_column isotope-item all_sort no_margin post-entry post-entry-2254 grid-entry-overview grid-loop-47 grid-parity-odd   av_one_half first default_av_fullwidth '><article class='main_color inner-entry'  itemscope=\"itemscope\" itemtype=\"https:\/\/schema.org\/CreativeWork\" ><a href=\"https:\/\/www.barbos-stiftung.de\/cms\/index.php\/portfolio-item\/in-eigener-sache-unterstuetzung-social-media-gesucht\/\" title='In eigener Sache: Unterst\u00fctzung Social Media gesucht'  data-rel='grid-1' class='grid-image avia-hover-fx'> <img decoding=\"async\" fetchpriority=\"high\" width=\"495\" height=\"400\" src=\"https:\/\/www.barbos-stiftung.de\/cms\/wp-content\/uploads\/2024\/04\/Youvo-495x400.jpg\" class=\"wp-image-2255 avia-img-lazy-loading-not-2255 attachment-portfolio size-portfolio wp-post-image\" alt=\"\" srcset=\"https:\/\/www.barbos-stiftung.de\/cms\/wp-content\/uploads\/2024\/04\/Youvo-495x400.jpg 495w, https:\/\/www.barbos-stiftung.de\/cms\/wp-content\/uploads\/2024\/04\/Youvo-845x684.jpg 845w\" sizes=\"(max-width: 495px) 100vw, 495px\" \/><\/a><div class='grid-content'><div class='avia-arrow'><\/div><header class=\"entry-content-header\" aria-label=\"Portfolio: In eigener Sache: Unterst\u00fctzung Social Media gesucht\"><h3 class='grid-entry-title entry-title '  itemprop=\"headline\" ><a href='https:\/\/www.barbos-stiftung.de\/cms\/index.php\/portfolio-item\/in-eigener-sache-unterstuetzung-social-media-gesucht\/' title='In eigener Sache: Unterst\u00fctzung Social Media gesucht'>In eigener Sache: Unterst\u00fctzung Social Media gesucht<\/a><\/h3><\/header><\/div><footer class=\"entry-footer\"><\/footer><\/article><\/div><div data-ajax-id='2170' class=' grid-entry flex_column isotope-item all_sort no_margin post-entry post-entry-2170 grid-entry-overview grid-loop-48 grid-parity-even   av_one_half  default_av_fullwidth '><article class='main_color inner-entry'  itemscope=\"itemscope\" itemtype=\"https:\/\/schema.org\/CreativeWork\" ><a href=\"https:\/\/www.barbos-stiftung.de\/cms\/index.php\/portfolio-item\/geschenke-schulsachen-klamotten-deko-bei-www-schulengel-de-bestellen\/\" title='Geschenke, Schulsachen, Klamotten, Deko \u2013 bei www.schulengel.de bestellen'  data-rel='grid-1' class='grid-image avia-hover-fx'> <img decoding=\"async\" fetchpriority=\"high\" width=\"385\" height=\"120\" src=\"https:\/\/www.barbos-stiftung.de\/cms\/wp-content\/uploads\/2023\/03\/SE_Banner-statisch-385x120-D-1.jpg\" class=\"wp-image-1995 avia-img-lazy-loading-not-1995 attachment-portfolio size-portfolio wp-post-image\" alt=\"\" srcset=\"https:\/\/www.barbos-stiftung.de\/cms\/wp-content\/uploads\/2023\/03\/SE_Banner-statisch-385x120-D-1.jpg 385w, https:\/\/www.barbos-stiftung.de\/cms\/wp-content\/uploads\/2023\/03\/SE_Banner-statisch-385x120-D-1-300x94.jpg 300w\" sizes=\"(max-width: 385px) 100vw, 385px\" \/><\/a><div class='grid-content'><div class='avia-arrow'><\/div><header class=\"entry-content-header\" aria-label=\"Portfolio: Geschenke, Schulsachen, Klamotten, Deko \u2013 bei www.schulengel.de bestellen\"><h3 class='grid-entry-title entry-title '  itemprop=\"headline\" ><a href='https:\/\/www.barbos-stiftung.de\/cms\/index.php\/portfolio-item\/geschenke-schulsachen-klamotten-deko-bei-www-schulengel-de-bestellen\/' title='Geschenke, Schulsachen, Klamotten, Deko \u2013 bei www.schulengel.de bestellen'>Geschenke, Schulsachen, Klamotten, Deko \u2013 bei www.schulengel.de bestellen<\/a><\/h3><\/header><\/div><footer class=\"entry-footer\"><\/footer><\/article><\/div><div data-ajax-id='2221' class=' grid-entry flex_column isotope-item all_sort no_margin post-entry post-entry-2221 grid-entry-overview grid-loop-49 grid-parity-odd   av_one_half first default_av_fullwidth '><article class='main_color inner-entry'  itemscope=\"itemscope\" itemtype=\"https:\/\/schema.org\/CreativeWork\" ><a href=\"https:\/\/www.barbos-stiftung.de\/cms\/index.php\/portfolio-item\/stadtsparkasse-muenchen-verdoppelt-ihre-spende\/\" title='Stadtsparkasse M\u00fcnchen verdoppelt Ihre Spende!'  data-rel='grid-1' class='grid-image avia-hover-fx'> <img decoding=\"async\" fetchpriority=\"high\" width=\"495\" height=\"400\" src=\"https:\/\/www.barbos-stiftung.de\/cms\/wp-content\/uploads\/2023\/12\/Screenshot-2023-12-17-at-21-11-46-Corona-Kinder-schulreif-machen-1-495x400.png\" class=\"wp-image-2161 avia-img-lazy-loading-not-2161 attachment-portfolio size-portfolio wp-post-image\" alt=\"\" \/><\/a><div class='grid-content'><div class='avia-arrow'><\/div><header class=\"entry-content-header\" aria-label=\"Portfolio: Stadtsparkasse M\u00fcnchen verdoppelt Ihre Spende!\"><h3 class='grid-entry-title entry-title '  itemprop=\"headline\" ><a href='https:\/\/www.barbos-stiftung.de\/cms\/index.php\/portfolio-item\/stadtsparkasse-muenchen-verdoppelt-ihre-spende\/' title='Stadtsparkasse M\u00fcnchen verdoppelt Ihre Spende!'>Stadtsparkasse M\u00fcnchen verdoppelt Ihre Spende!<\/a><\/h3><\/header><\/div><footer class=\"entry-footer\"><\/footer><\/article><\/div><div data-ajax-id='2168' class=' grid-entry flex_column isotope-item all_sort no_margin post-entry post-entry-2168 grid-entry-overview grid-loop-50 grid-parity-even   av_one_half  default_av_fullwidth '><article class='main_color inner-entry'  itemscope=\"itemscope\" itemtype=\"https:\/\/schema.org\/CreativeWork\" ><a href=\"https:\/\/www.barbos-stiftung.de\/cms\/index.php\/portfolio-item\/spendenstand-in-unserem-penny-supermarkt\/\" title='Spendenstand in \u201eunserem\u201c Penny-Supermarkt'  data-rel='grid-1' class='grid-image avia-hover-fx'> <img decoding=\"async\" fetchpriority=\"high\" width=\"495\" height=\"400\" src=\"https:\/\/www.barbos-stiftung.de\/cms\/wp-content\/uploads\/2023\/10\/Facebook-Post_Logo-1-495x400.jpg\" class=\"wp-image-2124 avia-img-lazy-loading-not-2124 attachment-portfolio size-portfolio wp-post-image\" alt=\"\" srcset=\"https:\/\/www.barbos-stiftung.de\/cms\/wp-content\/uploads\/2023\/10\/Facebook-Post_Logo-1-495x400.jpg 495w, https:\/\/www.barbos-stiftung.de\/cms\/wp-content\/uploads\/2023\/10\/Facebook-Post_Logo-1-845x684.jpg 845w\" sizes=\"(max-width: 495px) 100vw, 495px\" \/><\/a><div class='grid-content'><div class='avia-arrow'><\/div><header class=\"entry-content-header\" aria-label=\"Portfolio: Spendenstand in \u201eunserem\u201c Penny-Supermarkt\"><h3 class='grid-entry-title entry-title '  itemprop=\"headline\" ><a href='https:\/\/www.barbos-stiftung.de\/cms\/index.php\/portfolio-item\/spendenstand-in-unserem-penny-supermarkt\/' title='Spendenstand in \u201eunserem\u201c Penny-Supermarkt'>Spendenstand in \u201eunserem\u201c Penny-Supermarkt<\/a><\/h3><\/header><\/div><footer class=\"entry-footer\"><\/footer><\/article><\/div><div data-ajax-id='2165' class=' grid-entry flex_column isotope-item all_sort no_margin post-entry post-entry-2165 grid-entry-overview grid-loop-51 grid-parity-odd   av_one_half first default_av_fullwidth '><article class='main_color inner-entry'  itemscope=\"itemscope\" itemtype=\"https:\/\/schema.org\/CreativeWork\" ><a href=\"https:\/\/www.barbos-stiftung.de\/cms\/index.php\/portfolio-item\/wir-koennen-nicht-anfangen\/\" title='Wir k\u00f6nnen nicht anfangen \u2026'  data-rel='grid-1' class='grid-image avia-hover-fx'> <img decoding=\"async\" fetchpriority=\"high\" width=\"495\" height=\"400\" src=\"https:\/\/www.barbos-stiftung.de\/cms\/wp-content\/uploads\/2023\/12\/Screenshot-2023-12-17-at-21-11-46-Corona-Kinder-schulreif-machen-1-495x400.png\" class=\"wp-image-2161 avia-img-lazy-loading-not-2161 attachment-portfolio size-portfolio wp-post-image\" alt=\"\" \/><\/a><div class='grid-content'><div class='avia-arrow'><\/div><header class=\"entry-content-header\" aria-label=\"Portfolio: Wir k\u00f6nnen nicht anfangen \u2026\"><h3 class='grid-entry-title entry-title '  itemprop=\"headline\" ><a href='https:\/\/www.barbos-stiftung.de\/cms\/index.php\/portfolio-item\/wir-koennen-nicht-anfangen\/' title='Wir k\u00f6nnen nicht anfangen \u2026'>Wir k\u00f6nnen nicht anfangen \u2026<\/a><\/h3><\/header><\/div><footer class=\"entry-footer\"><\/footer><\/article><\/div><div data-ajax-id='2163' class=' grid-entry flex_column isotope-item all_sort no_margin post-entry post-entry-2163 grid-entry-overview grid-loop-52 grid-parity-even   av_one_half  default_av_fullwidth '><article class='main_color inner-entry'  itemscope=\"itemscope\" itemtype=\"https:\/\/schema.org\/CreativeWork\" ><a href=\"https:\/\/www.barbos-stiftung.de\/cms\/index.php\/portfolio-item\/valentinstag-zeigen-sie-ihre-liebe\/\" title='Valentinstag \u2013 zeigen Sie Ihre Liebe'  data-rel='grid-1' class='grid-image avia-hover-fx'> <img decoding=\"async\" fetchpriority=\"high\" width=\"495\" height=\"400\" src=\"https:\/\/www.barbos-stiftung.de\/cms\/wp-content\/uploads\/2023\/02\/IMG_20230214_172646974-1-495x400.jpg\" class=\"wp-image-1879 avia-img-lazy-loading-not-1879 attachment-portfolio size-portfolio wp-post-image\" alt=\"\" srcset=\"https:\/\/www.barbos-stiftung.de\/cms\/wp-content\/uploads\/2023\/02\/IMG_20230214_172646974-1-495x400.jpg 495w, https:\/\/www.barbos-stiftung.de\/cms\/wp-content\/uploads\/2023\/02\/IMG_20230214_172646974-1-845x684.jpg 845w\" sizes=\"(max-width: 495px) 100vw, 495px\" \/><\/a><div class='grid-content'><div class='avia-arrow'><\/div><header class=\"entry-content-header\" aria-label=\"Portfolio: Valentinstag \u2013 zeigen Sie Ihre Liebe\"><h3 class='grid-entry-title entry-title '  itemprop=\"headline\" ><a href='https:\/\/www.barbos-stiftung.de\/cms\/index.php\/portfolio-item\/valentinstag-zeigen-sie-ihre-liebe\/' title='Valentinstag \u2013 zeigen Sie Ihre Liebe'>Valentinstag \u2013 zeigen Sie Ihre Liebe<\/a><\/h3><\/header><\/div><footer class=\"entry-footer\"><\/footer><\/article><\/div><div data-ajax-id='2160' class=' grid-entry flex_column isotope-item all_sort no_margin post-entry post-entry-2160 grid-entry-overview grid-loop-53 grid-parity-odd   av_one_half first default_av_fullwidth '><article class='main_color inner-entry'  itemscope=\"itemscope\" itemtype=\"https:\/\/schema.org\/CreativeWork\" ><a href=\"https:\/\/www.barbos-stiftung.de\/cms\/index.php\/portfolio-item\/februar-zwischenzeugnis-in-den-schulen\/\" title='Februar \u2013 Zwischenzeugnis in den Schulen'  data-rel='grid-1' class='grid-image avia-hover-fx'> <img decoding=\"async\" fetchpriority=\"high\" width=\"495\" height=\"400\" src=\"https:\/\/www.barbos-stiftung.de\/cms\/wp-content\/uploads\/2022\/06\/Schulkind_Hand_Tongesicht-1-1-495x400.jpg\" class=\"wp-image-1559 avia-img-lazy-loading-not-1559 attachment-portfolio size-portfolio wp-post-image\" alt=\"Ein M\u00e4dchen h\u00e4lt ein aus Ton geschaffenes M\u00e4dchengesicht nach oben\" \/><\/a><div class='grid-content'><div class='avia-arrow'><\/div><header class=\"entry-content-header\" aria-label=\"Portfolio: Februar \u2013 Zwischenzeugnis in den Schulen\"><h3 class='grid-entry-title entry-title '  itemprop=\"headline\" ><a href='https:\/\/www.barbos-stiftung.de\/cms\/index.php\/portfolio-item\/februar-zwischenzeugnis-in-den-schulen\/' title='Februar \u2013 Zwischenzeugnis in den Schulen'>Februar \u2013 Zwischenzeugnis in den Schulen<\/a><\/h3><\/header><\/div><footer class=\"entry-footer\"><\/footer><\/article><\/div><div data-ajax-id='2158' class=' grid-entry flex_column isotope-item all_sort no_margin post-entry post-entry-2158 grid-entry-overview grid-loop-54 grid-parity-even   av_one_half  default_av_fullwidth '><article class='main_color inner-entry'  itemscope=\"itemscope\" itemtype=\"https:\/\/schema.org\/CreativeWork\" ><a href=\"https:\/\/www.barbos-stiftung.de\/cms\/index.php\/portfolio-item\/fasching-karneval-mal-schoen-anders-zu-sein\/\" title='Fasching, Karneval \u2026 &#8211; mal sch\u00f6n, anders zu sein'  data-rel='grid-1' class='grid-image avia-hover-fx'> <img decoding=\"async\" fetchpriority=\"high\" width=\"495\" height=\"400\" src=\"https:\/\/www.barbos-stiftung.de\/cms\/wp-content\/uploads\/2020\/03\/FullSizeRender-1-495x400.jpg\" class=\"wp-image-688 avia-img-lazy-loading-not-688 attachment-portfolio size-portfolio wp-post-image\" alt=\"\" srcset=\"https:\/\/www.barbos-stiftung.de\/cms\/wp-content\/uploads\/2020\/03\/FullSizeRender-1-495x400.jpg 495w, https:\/\/www.barbos-stiftung.de\/cms\/wp-content\/uploads\/2020\/03\/FullSizeRender-1-845x684.jpg 845w\" sizes=\"(max-width: 495px) 100vw, 495px\" \/><\/a><div class='grid-content'><div class='avia-arrow'><\/div><header class=\"entry-content-header\" aria-label=\"Portfolio: Fasching, Karneval \u2026 &#8211; mal sch\u00f6n, anders zu sein\"><h3 class='grid-entry-title entry-title '  itemprop=\"headline\" ><a href='https:\/\/www.barbos-stiftung.de\/cms\/index.php\/portfolio-item\/fasching-karneval-mal-schoen-anders-zu-sein\/' title='Fasching, Karneval \u2026 &#8211; mal sch\u00f6n, anders zu sein'>Fasching, Karneval \u2026 &#8211; mal sch\u00f6n, anders zu sein<\/a><\/h3><\/header><\/div><footer class=\"entry-footer\"><\/footer><\/article><\/div><div data-ajax-id='2156' class=' grid-entry flex_column isotope-item all_sort no_margin post-entry post-entry-2156 grid-entry-overview grid-loop-55 grid-parity-odd   av_one_half first default_av_fullwidth '><article class='main_color inner-entry'  itemscope=\"itemscope\" itemtype=\"https:\/\/schema.org\/CreativeWork\" ><a href=\"https:\/\/www.barbos-stiftung.de\/cms\/index.php\/portfolio-item\/jedes-kind-kann\/\" title='Jedes Kind kann\u2026.'  data-rel='grid-1' class='grid-image avia-hover-fx'> <img decoding=\"async\" fetchpriority=\"high\" width=\"495\" height=\"400\" src=\"https:\/\/www.barbos-stiftung.de\/cms\/wp-content\/uploads\/2020\/03\/IMG_17-1-495x400.jpg\" class=\"wp-image-814 avia-img-lazy-loading-not-814 attachment-portfolio size-portfolio wp-post-image\" alt=\"\" \/><\/a><div class='grid-content'><div class='avia-arrow'><\/div><header class=\"entry-content-header\" aria-label=\"Portfolio: Jedes Kind kann\u2026.\"><h3 class='grid-entry-title entry-title '  itemprop=\"headline\" ><a href='https:\/\/www.barbos-stiftung.de\/cms\/index.php\/portfolio-item\/jedes-kind-kann\/' title='Jedes Kind kann\u2026.'>Jedes Kind kann\u2026.<\/a><\/h3><\/header><\/div><footer class=\"entry-footer\"><\/footer><\/article><\/div><div data-ajax-id='2154' class=' grid-entry flex_column isotope-item all_sort no_margin post-entry post-entry-2154 grid-entry-overview grid-loop-56 grid-parity-even   av_one_half  default_av_fullwidth '><article class='main_color inner-entry'  itemscope=\"itemscope\" itemtype=\"https:\/\/schema.org\/CreativeWork\" ><a href=\"https:\/\/www.barbos-stiftung.de\/cms\/index.php\/portfolio-item\/dreikoenige-mit-geschenken-kommen\/\" title='Dreik\u00f6nige \u2013 mit Geschenken kommen'  data-rel='grid-1' class='grid-image avia-hover-fx'> <img decoding=\"async\" fetchpriority=\"high\" width=\"495\" height=\"400\" src=\"https:\/\/www.barbos-stiftung.de\/cms\/wp-content\/uploads\/2023\/01\/20230103_153721-scaled-1-495x400.jpg\" class=\"wp-image-1773 avia-img-lazy-loading-not-1773 attachment-portfolio size-portfolio wp-post-image\" alt=\"Metallkrone. Dar\u00fcber h\u00e4ngt ein Strohstern.\" srcset=\"https:\/\/www.barbos-stiftung.de\/cms\/wp-content\/uploads\/2023\/01\/20230103_153721-scaled-1-495x400.jpg 495w, https:\/\/www.barbos-stiftung.de\/cms\/wp-content\/uploads\/2023\/01\/20230103_153721-scaled-1-845x684.jpg 845w\" sizes=\"(max-width: 495px) 100vw, 495px\" \/><\/a><div class='grid-content'><div class='avia-arrow'><\/div><header class=\"entry-content-header\" aria-label=\"Portfolio: Dreik\u00f6nige \u2013 mit Geschenken kommen\"><h3 class='grid-entry-title entry-title '  itemprop=\"headline\" ><a href='https:\/\/www.barbos-stiftung.de\/cms\/index.php\/portfolio-item\/dreikoenige-mit-geschenken-kommen\/' title='Dreik\u00f6nige \u2013 mit Geschenken kommen'>Dreik\u00f6nige \u2013 mit Geschenken kommen<\/a><\/h3><\/header><\/div><footer class=\"entry-footer\"><\/footer><\/article><\/div><div data-ajax-id='2151' class=' grid-entry flex_column isotope-item all_sort no_margin post-entry post-entry-2151 grid-entry-overview grid-loop-57 grid-parity-odd   av_one_half first default_av_fullwidth '><article class='main_color inner-entry'  itemscope=\"itemscope\" itemtype=\"https:\/\/schema.org\/CreativeWork\" ><a href=\"https:\/\/www.barbos-stiftung.de\/cms\/index.php\/portfolio-item\/silvester-gute-vorsaetze-und-steuern-sparen\/\" title='Silvester \u2013 gute Vors\u00e4tze und Steuern sparen'  data-rel='grid-1' class='grid-image avia-hover-fx'> <img decoding=\"async\" fetchpriority=\"high\" width=\"495\" height=\"400\" src=\"https:\/\/www.barbos-stiftung.de\/cms\/wp-content\/uploads\/2022\/11\/Geldspende-scaled-1-495x400.jpg\" class=\"wp-image-1739 avia-img-lazy-loading-not-1739 attachment-portfolio size-portfolio wp-post-image\" alt=\"Hand reicht einen 20 Euro-Schein\" srcset=\"https:\/\/www.barbos-stiftung.de\/cms\/wp-content\/uploads\/2022\/11\/Geldspende-scaled-1-495x400.jpg 495w, https:\/\/www.barbos-stiftung.de\/cms\/wp-content\/uploads\/2022\/11\/Geldspende-scaled-1-845x684.jpg 845w\" sizes=\"(max-width: 495px) 100vw, 495px\" \/><\/a><div class='grid-content'><div class='avia-arrow'><\/div><header class=\"entry-content-header\" aria-label=\"Portfolio: Silvester \u2013 gute Vors\u00e4tze und Steuern sparen\"><h3 class='grid-entry-title entry-title '  itemprop=\"headline\" ><a href='https:\/\/www.barbos-stiftung.de\/cms\/index.php\/portfolio-item\/silvester-gute-vorsaetze-und-steuern-sparen\/' title='Silvester \u2013 gute Vors\u00e4tze und Steuern sparen'>Silvester \u2013 gute Vors\u00e4tze und Steuern sparen<\/a><\/h3><\/header><\/div><footer class=\"entry-footer\"><\/footer><\/article><\/div><div data-ajax-id='2147' class=' grid-entry flex_column isotope-item all_sort no_margin post-entry post-entry-2147 grid-entry-overview grid-loop-58 grid-parity-even   av_one_half  default_av_fullwidth '><article class='main_color inner-entry'  itemscope=\"itemscope\" itemtype=\"https:\/\/schema.org\/CreativeWork\" ><a href=\"https:\/\/www.barbos-stiftung.de\/cms\/index.php\/portfolio-item\/weihnachten-das-fest-der-liebe\/\" title='Das Fest der Liebe und der Geschenke &#8211; HEUTE 15 %'  data-rel='grid-1' class='grid-image avia-hover-fx'> <img decoding=\"async\" fetchpriority=\"high\" width=\"495\" height=\"400\" src=\"https:\/\/www.barbos-stiftung.de\/cms\/wp-content\/uploads\/2022\/12\/Header_01-1-495x400.jpg\" class=\"wp-image-1760 avia-img-lazy-loading-not-1760 attachment-portfolio size-portfolio wp-post-image\" alt=\"\" srcset=\"https:\/\/www.barbos-stiftung.de\/cms\/wp-content\/uploads\/2022\/12\/Header_01-1-495x400.jpg 495w, https:\/\/www.barbos-stiftung.de\/cms\/wp-content\/uploads\/2022\/12\/Header_01-1-845x684.jpg 845w\" sizes=\"(max-width: 495px) 100vw, 495px\" \/><\/a><div class='grid-content'><div class='avia-arrow'><\/div><header class=\"entry-content-header\" aria-label=\"Portfolio: Das Fest der Liebe und der Geschenke &#8211; HEUTE 15 %\"><h3 class='grid-entry-title entry-title '  itemprop=\"headline\" ><a href='https:\/\/www.barbos-stiftung.de\/cms\/index.php\/portfolio-item\/weihnachten-das-fest-der-liebe\/' title='Das Fest der Liebe und der Geschenke &#8211; HEUTE 15 %'>Das Fest der Liebe und der Geschenke &#8211; HEUTE 15 %<\/a><\/h3><\/header><\/div><footer class=\"entry-footer\"><\/footer><\/article><\/div><div data-ajax-id='2140' class=' grid-entry flex_column isotope-item all_sort no_margin post-entry post-entry-2140 grid-entry-overview grid-loop-59 grid-parity-odd   av_one_half first default_av_fullwidth '><article class='main_color inner-entry'  itemscope=\"itemscope\" itemtype=\"https:\/\/schema.org\/CreativeWork\" ><a href=\"https:\/\/www.barbos-stiftung.de\/cms\/index.php\/portfolio-item\/verwendung-und-wirkung-der-spende-von-binet-november-2023\/\" title='Verwendung und Wirkung der Spende von BiNet (November 2023)'  data-rel='grid-1' class='grid-image avia-hover-fx'> <img decoding=\"async\" fetchpriority=\"high\" width=\"495\" height=\"400\" src=\"https:\/\/www.barbos-stiftung.de\/cms\/wp-content\/uploads\/2020\/03\/IMG_20-1-495x400.jpg\" class=\"wp-image-817 avia-img-lazy-loading-not-817 attachment-portfolio size-portfolio wp-post-image\" alt=\"\" \/><\/a><div class='grid-content'><div class='avia-arrow'><\/div><header class=\"entry-content-header\" aria-label=\"Portfolio: Verwendung und Wirkung der Spende von BiNet (November 2023)\"><h3 class='grid-entry-title entry-title '  itemprop=\"headline\" ><a href='https:\/\/www.barbos-stiftung.de\/cms\/index.php\/portfolio-item\/verwendung-und-wirkung-der-spende-von-binet-november-2023\/' title='Verwendung und Wirkung der Spende von BiNet (November 2023)'>Verwendung und Wirkung der Spende von BiNet (November 2023)<\/a><\/h3><\/header><\/div><footer class=\"entry-footer\"><\/footer><\/article><\/div><div data-ajax-id='2133' class=' grid-entry flex_column isotope-item all_sort no_margin post-entry post-entry-2133 grid-entry-overview grid-loop-60 grid-parity-even   av_one_half  default_av_fullwidth '><article class='main_color inner-entry'  itemscope=\"itemscope\" itemtype=\"https:\/\/schema.org\/CreativeWork\" ><a href=\"https:\/\/www.barbos-stiftung.de\/cms\/index.php\/portfolio-item\/einmal-spenden-und-doppelt-wirken\/\" title='Einmal spenden und doppelt wirken'  data-rel='grid-1' class='grid-image avia-hover-fx'> <img decoding=\"async\" fetchpriority=\"high\" width=\"495\" height=\"400\" src=\"https:\/\/www.barbos-stiftung.de\/cms\/wp-content\/uploads\/2023\/12\/Verdoppeln-Geld-scaled-1-495x400.jpg\" class=\"wp-image-2134 avia-img-lazy-loading-not-2134 attachment-portfolio size-portfolio wp-post-image\" alt=\"\" srcset=\"https:\/\/www.barbos-stiftung.de\/cms\/wp-content\/uploads\/2023\/12\/Verdoppeln-Geld-scaled-1-495x400.jpg 495w, https:\/\/www.barbos-stiftung.de\/cms\/wp-content\/uploads\/2023\/12\/Verdoppeln-Geld-scaled-1-300x242.jpg 300w, https:\/\/www.barbos-stiftung.de\/cms\/wp-content\/uploads\/2023\/12\/Verdoppeln-Geld-scaled-1-1030x830.jpg 1030w, https:\/\/www.barbos-stiftung.de\/cms\/wp-content\/uploads\/2023\/12\/Verdoppeln-Geld-scaled-1-768x619.jpg 768w, https:\/\/www.barbos-stiftung.de\/cms\/wp-content\/uploads\/2023\/12\/Verdoppeln-Geld-scaled-1-1536x1237.jpg 1536w, https:\/\/www.barbos-stiftung.de\/cms\/wp-content\/uploads\/2023\/12\/Verdoppeln-Geld-scaled-1-2048x1650.jpg 2048w, https:\/\/www.barbos-stiftung.de\/cms\/wp-content\/uploads\/2023\/12\/Verdoppeln-Geld-scaled-1-1500x1208.jpg 1500w, https:\/\/www.barbos-stiftung.de\/cms\/wp-content\/uploads\/2023\/12\/Verdoppeln-Geld-scaled-1-845x684.jpg 845w, https:\/\/www.barbos-stiftung.de\/cms\/wp-content\/uploads\/2023\/12\/Verdoppeln-Geld-scaled-1-705x568.jpg 705w\" sizes=\"(max-width: 495px) 100vw, 495px\" \/><\/a><div class='grid-content'><div class='avia-arrow'><\/div><header class=\"entry-content-header\" aria-label=\"Portfolio: Einmal spenden und doppelt wirken\"><h3 class='grid-entry-title entry-title '  itemprop=\"headline\" ><a href='https:\/\/www.barbos-stiftung.de\/cms\/index.php\/portfolio-item\/einmal-spenden-und-doppelt-wirken\/' title='Einmal spenden und doppelt wirken'>Einmal spenden und doppelt wirken<\/a><\/h3><\/header><\/div><footer class=\"entry-footer\"><\/footer><\/article><\/div><div data-ajax-id='2103' class=' grid-entry flex_column isotope-item all_sort no_margin post-entry post-entry-2103 grid-entry-overview grid-loop-61 grid-parity-odd   av_one_half first default_av_fullwidth '><article class='main_color inner-entry'  itemscope=\"itemscope\" itemtype=\"https:\/\/schema.org\/CreativeWork\" ><a href=\"https:\/\/www.barbos-stiftung.de\/cms\/index.php\/portfolio-item\/ferien-aber-nicht-fuer-jeden\/\" title='Ferien \u2013 aber nicht f\u00fcr jeden'  data-rel='grid-1' class='grid-image avia-hover-fx'> <img decoding=\"async\" fetchpriority=\"high\" width=\"480\" height=\"400\" src=\"https:\/\/www.barbos-stiftung.de\/cms\/wp-content\/uploads\/2022\/12\/Fische-rotated-1-480x400.jpeg\" class=\"wp-image-1753 avia-img-lazy-loading-not-1753 attachment-portfolio size-portfolio wp-post-image\" alt=\"Rechts sind drei bunte Kinderbilder mit einem Hund mit schwarzen Punkten, Herzen und Kindern \u00fcbereinander angeordnet. Auf der linken Seite sind Fische, ein Hai und ein Delfin aus Papier bzw. Pappe aufgeklebt.\" \/><\/a><div class='grid-content'><div class='avia-arrow'><\/div><header class=\"entry-content-header\" aria-label=\"Portfolio: Ferien \u2013 aber nicht f\u00fcr jeden\"><h3 class='grid-entry-title entry-title '  itemprop=\"headline\" ><a href='https:\/\/www.barbos-stiftung.de\/cms\/index.php\/portfolio-item\/ferien-aber-nicht-fuer-jeden\/' title='Ferien \u2013 aber nicht f\u00fcr jeden'>Ferien \u2013 aber nicht f\u00fcr jeden<\/a><\/h3><\/header><\/div><footer class=\"entry-footer\"><\/footer><\/article><\/div><div data-ajax-id='2126' class=' grid-entry flex_column isotope-item all_sort no_margin post-entry post-entry-2126 grid-entry-overview grid-loop-62 grid-parity-even   av_one_half  default_av_fullwidth '><article class='main_color inner-entry'  itemscope=\"itemscope\" itemtype=\"https:\/\/schema.org\/CreativeWork\" ><a href=\"https:\/\/www.barbos-stiftung.de\/cms\/index.php\/portfolio-item\/wer-braucht-heute-noch-geschenke\/\" title='Wer braucht heute noch Geschenke?'  data-rel='grid-1' class='grid-image avia-hover-fx'> <img decoding=\"async\" fetchpriority=\"high\" width=\"316\" height=\"159\" src=\"https:\/\/www.barbos-stiftung.de\/cms\/wp-content\/uploads\/2023\/10\/Geschenk-1.jpg\" class=\"wp-image-2127 avia-img-lazy-loading-not-2127 attachment-portfolio size-portfolio wp-post-image\" alt=\"\" srcset=\"https:\/\/www.barbos-stiftung.de\/cms\/wp-content\/uploads\/2023\/10\/Geschenk-1.jpg 316w, https:\/\/www.barbos-stiftung.de\/cms\/wp-content\/uploads\/2023\/10\/Geschenk-1-300x151.jpg 300w\" sizes=\"(max-width: 316px) 100vw, 316px\" \/><\/a><div class='grid-content'><div class='avia-arrow'><\/div><header class=\"entry-content-header\" aria-label=\"Portfolio: Wer braucht heute noch Geschenke?\"><h3 class='grid-entry-title entry-title '  itemprop=\"headline\" ><a href='https:\/\/www.barbos-stiftung.de\/cms\/index.php\/portfolio-item\/wer-braucht-heute-noch-geschenke\/' title='Wer braucht heute noch Geschenke?'>Wer braucht heute noch Geschenke?<\/a><\/h3><\/header><\/div><footer class=\"entry-footer\"><\/footer><\/article><\/div><div data-ajax-id='2123' class=' grid-entry flex_column isotope-item all_sort no_margin post-entry post-entry-2123 grid-entry-overview grid-loop-63 grid-parity-odd   av_one_half first default_av_fullwidth '><article class='main_color inner-entry'  itemscope=\"itemscope\" itemtype=\"https:\/\/schema.org\/CreativeWork\" ><a href=\"https:\/\/www.barbos-stiftung.de\/cms\/index.php\/portfolio-item\/eine-tolle-nachricht-fuer-alle-unsere-freundinnen-und-freunde\/\" title='Eine tolle Nachricht f\u00fcr alle unsere Freundinnen und Freunde.'  data-rel='grid-1' class='grid-image avia-hover-fx'> <img decoding=\"async\" fetchpriority=\"high\" width=\"495\" height=\"400\" src=\"https:\/\/www.barbos-stiftung.de\/cms\/wp-content\/uploads\/2023\/10\/Facebook-Post_Logo-1-495x400.jpg\" class=\"wp-image-2124 avia-img-lazy-loading-not-2124 attachment-portfolio size-portfolio wp-post-image\" alt=\"\" srcset=\"https:\/\/www.barbos-stiftung.de\/cms\/wp-content\/uploads\/2023\/10\/Facebook-Post_Logo-1-495x400.jpg 495w, https:\/\/www.barbos-stiftung.de\/cms\/wp-content\/uploads\/2023\/10\/Facebook-Post_Logo-1-845x684.jpg 845w\" sizes=\"(max-width: 495px) 100vw, 495px\" \/><\/a><div class='grid-content'><div class='avia-arrow'><\/div><header class=\"entry-content-header\" aria-label=\"Portfolio: Eine tolle Nachricht f\u00fcr alle unsere Freundinnen und Freunde.\"><h3 class='grid-entry-title entry-title '  itemprop=\"headline\" ><a href='https:\/\/www.barbos-stiftung.de\/cms\/index.php\/portfolio-item\/eine-tolle-nachricht-fuer-alle-unsere-freundinnen-und-freunde\/' title='Eine tolle Nachricht f\u00fcr alle unsere Freundinnen und Freunde.'>Eine tolle Nachricht f\u00fcr alle unsere Freundinnen und Freunde.<\/a><\/h3><\/header><\/div><footer class=\"entry-footer\"><\/footer><\/article><\/div><div data-ajax-id='2119' class=' grid-entry flex_column isotope-item all_sort no_margin post-entry post-entry-2119 grid-entry-overview grid-loop-64 grid-parity-even   av_one_half  default_av_fullwidth '><article class='main_color inner-entry'  itemscope=\"itemscope\" itemtype=\"https:\/\/schema.org\/CreativeWork\" ><a href=\"https:\/\/www.barbos-stiftung.de\/cms\/index.php\/portfolio-item\/naechtlicher-einbruch-in-unserem-bauwagen-in-zamdorf\/\" title='N\u00e4chtlicher Einbruch in unserem Bauwagen in Zamdorf'  data-rel='grid-1' class='grid-image avia-hover-fx'> <img decoding=\"async\" fetchpriority=\"high\" width=\"495\" height=\"400\" src=\"https:\/\/www.barbos-stiftung.de\/cms\/wp-content\/uploads\/2023\/10\/Bauwagen-Einbruch_01-1-495x400.jpg\" class=\"wp-image-2116 avia-img-lazy-loading-not-2116 attachment-portfolio size-portfolio wp-post-image\" alt=\"\" \/><\/a><div class='grid-content'><div class='avia-arrow'><\/div><header class=\"entry-content-header\" aria-label=\"Portfolio: N\u00e4chtlicher Einbruch in unserem Bauwagen in Zamdorf\"><h3 class='grid-entry-title entry-title '  itemprop=\"headline\" ><a href='https:\/\/www.barbos-stiftung.de\/cms\/index.php\/portfolio-item\/naechtlicher-einbruch-in-unserem-bauwagen-in-zamdorf\/' title='N\u00e4chtlicher Einbruch in unserem Bauwagen in Zamdorf'>N\u00e4chtlicher Einbruch in unserem Bauwagen in Zamdorf<\/a><\/h3><\/header><\/div><footer class=\"entry-footer\"><\/footer><\/article><\/div><div data-ajax-id='2105' class=' grid-entry flex_column isotope-item all_sort no_margin post-entry post-entry-2105 grid-entry-overview grid-loop-65 grid-parity-odd   av_one_half first default_av_fullwidth '><article class='main_color inner-entry'  itemscope=\"itemscope\" itemtype=\"https:\/\/schema.org\/CreativeWork\" ><a href=\"https:\/\/www.barbos-stiftung.de\/cms\/index.php\/portfolio-item\/reisen-buchen-mit-fuer-barbos\/\" title='Reisen buchen \u2013 mit % f\u00fcr Barbos'  data-rel='grid-1' class='grid-image avia-hover-fx'> <img decoding=\"async\" fetchpriority=\"high\" width=\"495\" height=\"400\" src=\"https:\/\/www.barbos-stiftung.de\/cms\/wp-content\/uploads\/2023\/10\/Reisen_01-1-495x400.jpg\" class=\"wp-image-2117 avia-img-lazy-loading-not-2117 attachment-portfolio size-portfolio wp-post-image\" alt=\"\" srcset=\"https:\/\/www.barbos-stiftung.de\/cms\/wp-content\/uploads\/2023\/10\/Reisen_01-1-495x400.jpg 495w, https:\/\/www.barbos-stiftung.de\/cms\/wp-content\/uploads\/2023\/10\/Reisen_01-1-845x684.jpg 845w\" sizes=\"(max-width: 495px) 100vw, 495px\" \/><\/a><div class='grid-content'><div class='avia-arrow'><\/div><header class=\"entry-content-header\" aria-label=\"Portfolio: Reisen buchen \u2013 mit % f\u00fcr Barbos\"><h3 class='grid-entry-title entry-title '  itemprop=\"headline\" ><a href='https:\/\/www.barbos-stiftung.de\/cms\/index.php\/portfolio-item\/reisen-buchen-mit-fuer-barbos\/' title='Reisen buchen \u2013 mit % f\u00fcr Barbos'>Reisen buchen \u2013 mit % f\u00fcr Barbos<\/a><\/h3><\/header><\/div><footer class=\"entry-footer\"><\/footer><\/article><\/div><div data-ajax-id='2099' class=' grid-entry flex_column isotope-item all_sort no_margin post-entry post-entry-2099 grid-entry-overview grid-loop-66 grid-parity-even   av_one_half  default_av_fullwidth '><article class='main_color inner-entry'  itemscope=\"itemscope\" itemtype=\"https:\/\/schema.org\/CreativeWork\" ><a href=\"https:\/\/www.barbos-stiftung.de\/cms\/index.php\/portfolio-item\/wir-sind-gewinner-bei-foerderpenny\/\" title='Wir sind: Gewinner bei F\u00f6rderpenny'  data-rel='grid-1' class='grid-image avia-hover-fx'> <img decoding=\"async\" fetchpriority=\"high\" width=\"145\" height=\"145\" src=\"https:\/\/www.barbos-stiftung.de\/cms\/wp-content\/uploads\/2023\/09\/Foerderpenny-Schwein-1.png\" class=\"wp-image-2100 avia-img-lazy-loading-not-2100 attachment-portfolio size-portfolio wp-post-image\" alt=\"\" srcset=\"https:\/\/www.barbos-stiftung.de\/cms\/wp-content\/uploads\/2023\/09\/Foerderpenny-Schwein-1.png 145w, https:\/\/www.barbos-stiftung.de\/cms\/wp-content\/uploads\/2023\/09\/Foerderpenny-Schwein-1-80x80.png 80w, https:\/\/www.barbos-stiftung.de\/cms\/wp-content\/uploads\/2023\/09\/Foerderpenny-Schwein-1-36x36.png 36w\" sizes=\"(max-width: 145px) 100vw, 145px\" \/><\/a><div class='grid-content'><div class='avia-arrow'><\/div><header class=\"entry-content-header\" aria-label=\"Portfolio: Wir sind: Gewinner bei F\u00f6rderpenny\"><h3 class='grid-entry-title entry-title '  itemprop=\"headline\" ><a href='https:\/\/www.barbos-stiftung.de\/cms\/index.php\/portfolio-item\/wir-sind-gewinner-bei-foerderpenny\/' title='Wir sind: Gewinner bei F\u00f6rderpenny'>Wir sind: Gewinner bei F\u00f6rderpenny<\/a><\/h3><\/header><\/div><footer class=\"entry-footer\"><\/footer><\/article><\/div><div data-ajax-id='2097' class=' grid-entry flex_column isotope-item all_sort no_margin post-entry post-entry-2097 grid-entry-overview grid-loop-67 grid-parity-odd   av_one_half first default_av_fullwidth '><article class='main_color inner-entry'  itemscope=\"itemscope\" itemtype=\"https:\/\/schema.org\/CreativeWork\" ><a href=\"https:\/\/www.barbos-stiftung.de\/cms\/index.php\/portfolio-item\/alles-fuer-die-schule-sozial-wirksam-kaufen\/\" title='Alles f\u00fcr die Schule \u2013 sozial wirksam kaufen'  data-rel='grid-1' class='grid-image avia-hover-fx'> <img decoding=\"async\" fetchpriority=\"high\" width=\"300\" height=\"250\" src=\"https:\/\/www.barbos-stiftung.de\/cms\/wp-content\/uploads\/2023\/03\/SE_Banner-statisch-300x250-A-1.jpg\" class=\"wp-image-1993 avia-img-lazy-loading-not-1993 attachment-portfolio size-portfolio wp-post-image\" alt=\"Werbebanner_Schulengel\" \/><\/a><div class='grid-content'><div class='avia-arrow'><\/div><header class=\"entry-content-header\" aria-label=\"Portfolio: Alles f\u00fcr die Schule \u2013 sozial wirksam kaufen\"><h3 class='grid-entry-title entry-title '  itemprop=\"headline\" ><a href='https:\/\/www.barbos-stiftung.de\/cms\/index.php\/portfolio-item\/alles-fuer-die-schule-sozial-wirksam-kaufen\/' title='Alles f\u00fcr die Schule \u2013 sozial wirksam kaufen'>Alles f\u00fcr die Schule \u2013 sozial wirksam kaufen<\/a><\/h3><\/header><\/div><footer class=\"entry-footer\"><\/footer><\/article><\/div><div data-ajax-id='2094' class=' grid-entry flex_column isotope-item all_sort no_margin post-entry post-entry-2094 grid-entry-overview grid-loop-68 grid-parity-even   av_one_half  default_av_fullwidth '><article class='main_color inner-entry'  itemscope=\"itemscope\" itemtype=\"https:\/\/schema.org\/CreativeWork\" ><a href=\"https:\/\/www.barbos-stiftung.de\/cms\/index.php\/portfolio-item\/bis-27-9-plus-10-auf-jede-spende-bei-betterplace\/\" title='Bis 27.9. plus 10% &#8211; auf jede Spende bei betterplace'  data-rel='grid-1' class='grid-image avia-hover-fx'> <img decoding=\"async\" fetchpriority=\"high\" width=\"495\" height=\"400\" src=\"https:\/\/www.barbos-stiftung.de\/cms\/wp-content\/uploads\/2023\/09\/be_sharinggrafik_quadrat-1-495x400.jpg\" class=\"wp-image-2092 avia-img-lazy-loading-not-2092 attachment-portfolio size-portfolio wp-post-image\" alt=\"\" srcset=\"https:\/\/www.barbos-stiftung.de\/cms\/wp-content\/uploads\/2023\/09\/be_sharinggrafik_quadrat-1-495x400.jpg 495w, https:\/\/www.barbos-stiftung.de\/cms\/wp-content\/uploads\/2023\/09\/be_sharinggrafik_quadrat-1-845x684.jpg 845w\" sizes=\"(max-width: 495px) 100vw, 495px\" \/><\/a><div class='grid-content'><div class='avia-arrow'><\/div><header class=\"entry-content-header\" aria-label=\"Portfolio: Bis 27.9. plus 10% &#8211; auf jede Spende bei betterplace\"><h3 class='grid-entry-title entry-title '  itemprop=\"headline\" ><a href='https:\/\/www.barbos-stiftung.de\/cms\/index.php\/portfolio-item\/bis-27-9-plus-10-auf-jede-spende-bei-betterplace\/' title='Bis 27.9. plus 10% &#8211; auf jede Spende bei betterplace'>Bis 27.9. plus 10% &#8211; auf jede Spende bei betterplace<\/a><\/h3><\/header><\/div><footer class=\"entry-footer\"><\/footer><\/article><\/div><div data-ajax-id='2091' class=' grid-entry flex_column isotope-item all_sort no_margin post-entry post-entry-2091 grid-entry-overview grid-loop-69 grid-parity-odd   av_one_half first default_av_fullwidth '><article class='main_color inner-entry'  itemscope=\"itemscope\" itemtype=\"https:\/\/schema.org\/CreativeWork\" ><a href=\"https:\/\/www.barbos-stiftung.de\/cms\/index.php\/portfolio-item\/am-20-09-spenden-an-barbos-auf-betterplace-bringt-zusatzgeld\/\" title='Am 20.09. \u2013 Spenden an Barbos auf betterplace bringt Zusatzgeld!'  data-rel='grid-1' class='grid-image avia-hover-fx'> <img decoding=\"async\" fetchpriority=\"high\" width=\"495\" height=\"400\" src=\"https:\/\/www.barbos-stiftung.de\/cms\/wp-content\/uploads\/2023\/09\/be_sharinggrafik_quadrat-1-495x400.jpg\" class=\"wp-image-2092 avia-img-lazy-loading-not-2092 attachment-portfolio size-portfolio wp-post-image\" alt=\"\" srcset=\"https:\/\/www.barbos-stiftung.de\/cms\/wp-content\/uploads\/2023\/09\/be_sharinggrafik_quadrat-1-495x400.jpg 495w, https:\/\/www.barbos-stiftung.de\/cms\/wp-content\/uploads\/2023\/09\/be_sharinggrafik_quadrat-1-845x684.jpg 845w\" sizes=\"(max-width: 495px) 100vw, 495px\" \/><\/a><div class='grid-content'><div class='avia-arrow'><\/div><header class=\"entry-content-header\" aria-label=\"Portfolio: Am 20.09. \u2013 Spenden an Barbos auf betterplace bringt Zusatzgeld!\"><h3 class='grid-entry-title entry-title '  itemprop=\"headline\" ><a href='https:\/\/www.barbos-stiftung.de\/cms\/index.php\/portfolio-item\/am-20-09-spenden-an-barbos-auf-betterplace-bringt-zusatzgeld\/' title='Am 20.09. \u2013 Spenden an Barbos auf betterplace bringt Zusatzgeld!'>Am 20.09. \u2013 Spenden an Barbos auf betterplace bringt Zusatzgeld!<\/a><\/h3><\/header><\/div><footer class=\"entry-footer\"><\/footer><\/article><\/div><div data-ajax-id='2078' class=' grid-entry flex_column isotope-item all_sort no_margin post-entry post-entry-2078 grid-entry-overview grid-loop-70 grid-parity-even   av_one_half  default_av_fullwidth '><article class='main_color inner-entry'  itemscope=\"itemscope\" itemtype=\"https:\/\/schema.org\/CreativeWork\" ><a href=\"https:\/\/www.barbos-stiftung.de\/cms\/index.php\/portfolio-item\/schulsachen-kaufen-sozial-wirksam\/\" title='Schulsachen kaufen \u2013 sozial wirksam'  data-rel='grid-1' class='grid-image avia-hover-fx'> <img decoding=\"async\" fetchpriority=\"high\" width=\"419\" height=\"400\" src=\"https:\/\/www.barbos-stiftung.de\/cms\/wp-content\/uploads\/2023\/03\/Schulengel_Flyer-allgemein-preview-1-419x400.png\" class=\"wp-image-1989 avia-img-lazy-loading-not-1989 attachment-portfolio size-portfolio wp-post-image\" alt=\"Plakat_Schulengel\" \/><\/a><div class='grid-content'><div class='avia-arrow'><\/div><header class=\"entry-content-header\" aria-label=\"Portfolio: Schulsachen kaufen \u2013 sozial wirksam\"><h3 class='grid-entry-title entry-title '  itemprop=\"headline\" ><a href='https:\/\/www.barbos-stiftung.de\/cms\/index.php\/portfolio-item\/schulsachen-kaufen-sozial-wirksam\/' title='Schulsachen kaufen \u2013 sozial wirksam'>Schulsachen kaufen \u2013 sozial wirksam<\/a><\/h3><\/header><\/div><footer class=\"entry-footer\"><\/footer><\/article><\/div><div data-ajax-id='2066' class=' grid-entry flex_column isotope-item all_sort no_margin post-entry post-entry-2066 grid-entry-overview grid-loop-71 grid-parity-odd   av_one_half first default_av_fullwidth '><article class='main_color inner-entry'  itemscope=\"itemscope\" itemtype=\"https:\/\/schema.org\/CreativeWork\" ><a href=\"https:\/\/www.barbos-stiftung.de\/cms\/index.php\/portfolio-item\/voten-sie-barbos-stiftung-zum-sieger\/\" title='JETZT f\u00fcr Barbos bis zum 10.9. T\u00c4GLICH online voten!'  data-rel='grid-1' class='grid-image avia-hover-fx'> <img decoding=\"async\" fetchpriority=\"high\" width=\"495\" height=\"387\" src=\"https:\/\/www.barbos-stiftung.de\/cms\/wp-content\/uploads\/2023\/08\/Foerderpenny-1-495x387.png\" class=\"wp-image-2067 avia-img-lazy-loading-not-2067 attachment-portfolio size-portfolio wp-post-image\" alt=\"\" \/><\/a><div class='grid-content'><div class='avia-arrow'><\/div><header class=\"entry-content-header\" aria-label=\"Portfolio: JETZT f\u00fcr Barbos bis zum 10.9. T\u00c4GLICH online voten!\"><h3 class='grid-entry-title entry-title '  itemprop=\"headline\" ><a href='https:\/\/www.barbos-stiftung.de\/cms\/index.php\/portfolio-item\/voten-sie-barbos-stiftung-zum-sieger\/' title='JETZT f\u00fcr Barbos bis zum 10.9. T\u00c4GLICH online voten!'>JETZT f\u00fcr Barbos bis zum 10.9. T\u00c4GLICH online voten!<\/a><\/h3><\/header><\/div><footer class=\"entry-footer\"><\/footer><\/article><\/div><div data-ajax-id='2060' class=' grid-entry flex_column isotope-item all_sort no_margin post-entry post-entry-2060 grid-entry-overview grid-loop-72 grid-parity-even   av_one_half  default_av_fullwidth '><article class='main_color inner-entry'  itemscope=\"itemscope\" itemtype=\"https:\/\/schema.org\/CreativeWork\" ><a href=\"https:\/\/www.barbos-stiftung.de\/cms\/index.php\/portfolio-item\/31-07-heute-ist-tag-des-mischlingshundes\/\" title='31.07. &#8211; Heute ist Tag des Mischlingshundes'  data-rel='grid-1' class='grid-image avia-hover-fx'> <img decoding=\"async\" fetchpriority=\"high\" width=\"495\" height=\"400\" src=\"https:\/\/www.barbos-stiftung.de\/cms\/wp-content\/uploads\/2023\/07\/Hunde_Katzen-1-495x400.jpg\" class=\"wp-image-2061 avia-img-lazy-loading-not-2061 attachment-portfolio size-portfolio wp-post-image\" alt=\"Kind hinter Klebebild mit Katzen und Hunden\" srcset=\"https:\/\/www.barbos-stiftung.de\/cms\/wp-content\/uploads\/2023\/07\/Hunde_Katzen-1-495x400.jpg 495w, https:\/\/www.barbos-stiftung.de\/cms\/wp-content\/uploads\/2023\/07\/Hunde_Katzen-1-845x684.jpg 845w\" sizes=\"(max-width: 495px) 100vw, 495px\" \/><\/a><div class='grid-content'><div class='avia-arrow'><\/div><header class=\"entry-content-header\" aria-label=\"Portfolio: 31.07. &#8211; Heute ist Tag des Mischlingshundes\"><h3 class='grid-entry-title entry-title '  itemprop=\"headline\" ><a href='https:\/\/www.barbos-stiftung.de\/cms\/index.php\/portfolio-item\/31-07-heute-ist-tag-des-mischlingshundes\/' title='31.07. &#8211; Heute ist Tag des Mischlingshundes'>31.07. &#8211; Heute ist Tag des Mischlingshundes<\/a><\/h3><\/header><\/div><footer class=\"entry-footer\"><\/footer><\/article><\/div><div data-ajax-id='2054' class=' grid-entry flex_column isotope-item all_sort no_margin post-entry post-entry-2054 grid-entry-overview grid-loop-73 grid-parity-odd   av_one_half first default_av_fullwidth '><article class='main_color inner-entry'  itemscope=\"itemscope\" itemtype=\"https:\/\/schema.org\/CreativeWork\" ><a href=\"https:\/\/www.barbos-stiftung.de\/cms\/index.php\/portfolio-item\/happy-birthday-kikus-zum-25\/\" title='Happy Birthday KIKUS \u2013 zum 25.!'  data-rel='grid-1' class='grid-image avia-hover-fx'> <img decoding=\"async\" fetchpriority=\"high\" width=\"495\" height=\"400\" src=\"https:\/\/www.barbos-stiftung.de\/cms\/wp-content\/uploads\/2023\/06\/Kikus_Jubilaeum-1-495x400.jpeg\" class=\"wp-image-2055 avia-img-lazy-loading-not-2055 attachment-portfolio size-portfolio wp-post-image\" alt=\"Kind Mann vor einem Gl\u00fccksrad an buntem Stand\" srcset=\"https:\/\/www.barbos-stiftung.de\/cms\/wp-content\/uploads\/2023\/06\/Kikus_Jubilaeum-1-495x400.jpeg 495w, https:\/\/www.barbos-stiftung.de\/cms\/wp-content\/uploads\/2023\/06\/Kikus_Jubilaeum-1-845x684.jpeg 845w\" sizes=\"(max-width: 495px) 100vw, 495px\" \/><\/a><div class='grid-content'><div class='avia-arrow'><\/div><header class=\"entry-content-header\" aria-label=\"Portfolio: Happy Birthday KIKUS \u2013 zum 25.!\"><h3 class='grid-entry-title entry-title '  itemprop=\"headline\" ><a href='https:\/\/www.barbos-stiftung.de\/cms\/index.php\/portfolio-item\/happy-birthday-kikus-zum-25\/' title='Happy Birthday KIKUS \u2013 zum 25.!'>Happy Birthday KIKUS \u2013 zum 25.!<\/a><\/h3><\/header><\/div><footer class=\"entry-footer\"><\/footer><\/article><\/div><div data-ajax-id='2045' class=' grid-entry flex_column isotope-item all_sort no_margin post-entry post-entry-2045 grid-entry-overview grid-loop-74 grid-parity-even   av_one_half  default_av_fullwidth '><article class='main_color inner-entry'  itemscope=\"itemscope\" itemtype=\"https:\/\/schema.org\/CreativeWork\" ><a href=\"https:\/\/www.barbos-stiftung.de\/cms\/index.php\/portfolio-item\/pfingstferien-kinder-haben-es-oft-noch-schwerer\/\" title='Pfingstferien \u2013 Kinder haben es oft noch schwerer'  data-rel='grid-1' class='grid-image avia-hover-fx'> <img decoding=\"async\" fetchpriority=\"high\" width=\"495\" height=\"400\" src=\"https:\/\/www.barbos-stiftung.de\/cms\/wp-content\/uploads\/2020\/03\/IMG_20-1-495x400.jpg\" class=\"wp-image-817 avia-img-lazy-loading-not-817 attachment-portfolio size-portfolio wp-post-image\" alt=\"\" \/><\/a><div class='grid-content'><div class='avia-arrow'><\/div><header class=\"entry-content-header\" aria-label=\"Portfolio: Pfingstferien \u2013 Kinder haben es oft noch schwerer\"><h3 class='grid-entry-title entry-title '  itemprop=\"headline\" ><a href='https:\/\/www.barbos-stiftung.de\/cms\/index.php\/portfolio-item\/pfingstferien-kinder-haben-es-oft-noch-schwerer\/' title='Pfingstferien \u2013 Kinder haben es oft noch schwerer'>Pfingstferien \u2013 Kinder haben es oft noch schwerer<\/a><\/h3><\/header><\/div><footer class=\"entry-footer\"><\/footer><\/article><\/div><div data-ajax-id='2041' class=' grid-entry flex_column isotope-item all_sort no_margin post-entry post-entry-2041 grid-entry-overview grid-loop-75 grid-parity-odd   av_one_half first default_av_fullwidth '><article class='main_color inner-entry'  itemscope=\"itemscope\" itemtype=\"https:\/\/schema.org\/CreativeWork\" ><a href=\"https:\/\/www.barbos-stiftung.de\/cms\/index.php\/portfolio-item\/kinder-die-liebe-erfahren-schenken-liebe\/\" title='Kinder die Liebe erfahren, schenken Liebe'  data-rel='grid-1' class='grid-image avia-hover-fx'> <img decoding=\"async\" fetchpriority=\"high\" width=\"495\" height=\"400\" src=\"https:\/\/www.barbos-stiftung.de\/cms\/wp-content\/uploads\/2023\/05\/IMG_20230307_180708286-1-495x400.jpg\" class=\"wp-image-2042 avia-img-lazy-loading-not-2042 attachment-portfolio size-portfolio wp-post-image\" alt=\"3 Kinder halten kleine Kunstwerke, die sie gebastelt haben, hinter dem R\u00fccken\" srcset=\"https:\/\/www.barbos-stiftung.de\/cms\/wp-content\/uploads\/2023\/05\/IMG_20230307_180708286-1-495x400.jpg 495w, https:\/\/www.barbos-stiftung.de\/cms\/wp-content\/uploads\/2023\/05\/IMG_20230307_180708286-1-845x684.jpg 845w\" sizes=\"(max-width: 495px) 100vw, 495px\" \/><\/a><div class='grid-content'><div class='avia-arrow'><\/div><header class=\"entry-content-header\" aria-label=\"Portfolio: Kinder die Liebe erfahren, schenken Liebe\"><h3 class='grid-entry-title entry-title '  itemprop=\"headline\" ><a href='https:\/\/www.barbos-stiftung.de\/cms\/index.php\/portfolio-item\/kinder-die-liebe-erfahren-schenken-liebe\/' title='Kinder die Liebe erfahren, schenken Liebe'>Kinder die Liebe erfahren, schenken Liebe<\/a><\/h3><\/header><\/div><footer class=\"entry-footer\"><\/footer><\/article><\/div><div data-ajax-id='2038' class=' grid-entry flex_column isotope-item all_sort no_margin post-entry post-entry-2038 grid-entry-overview grid-loop-76 grid-parity-even   av_one_half  default_av_fullwidth '><article class='main_color inner-entry'  itemscope=\"itemscope\" itemtype=\"https:\/\/schema.org\/CreativeWork\" ><a href=\"https:\/\/www.barbos-stiftung.de\/cms\/index.php\/portfolio-item\/good-news-for-you-bei-barbos-stiftung\/\" title='good news for you bei Barbos-Stiftung'  data-rel='grid-1' class='grid-image avia-hover-fx'> <img decoding=\"async\" fetchpriority=\"high\" width=\"495\" height=\"400\" src=\"https:\/\/www.barbos-stiftung.de\/cms\/wp-content\/uploads\/2023\/05\/goodnewsforyou_Interview-scaled-1-495x400.jpg\" class=\"wp-image-2039 avia-img-lazy-loading-not-2039 attachment-portfolio size-portfolio wp-post-image\" alt=\"Redakteurin mit Mikrofon und Kameramann interviewen Stifterin Barbara Osterwald\" srcset=\"https:\/\/www.barbos-stiftung.de\/cms\/wp-content\/uploads\/2023\/05\/goodnewsforyou_Interview-scaled-1-495x400.jpg 495w, https:\/\/www.barbos-stiftung.de\/cms\/wp-content\/uploads\/2023\/05\/goodnewsforyou_Interview-scaled-1-845x684.jpg 845w\" sizes=\"(max-width: 495px) 100vw, 495px\" \/><\/a><div class='grid-content'><div class='avia-arrow'><\/div><header class=\"entry-content-header\" aria-label=\"Portfolio: good news for you bei Barbos-Stiftung\"><h3 class='grid-entry-title entry-title '  itemprop=\"headline\" ><a href='https:\/\/www.barbos-stiftung.de\/cms\/index.php\/portfolio-item\/good-news-for-you-bei-barbos-stiftung\/' title='good news for you bei Barbos-Stiftung'>good news for you bei Barbos-Stiftung<\/a><\/h3><\/header><\/div><footer class=\"entry-footer\"><\/footer><\/article><\/div><div data-ajax-id='2035' class=' grid-entry flex_column isotope-item all_sort no_margin post-entry post-entry-2035 grid-entry-overview grid-loop-77 grid-parity-odd   av_one_half first default_av_fullwidth '><article class='main_color inner-entry'  itemscope=\"itemscope\" itemtype=\"https:\/\/schema.org\/CreativeWork\" ><a href=\"https:\/\/www.barbos-stiftung.de\/cms\/index.php\/portfolio-item\/jane-goodall-institut-meets-barbos\/\" title='Jane Goodall Institut meets Barbos'  data-rel='grid-1' class='grid-image avia-hover-fx'> <img decoding=\"async\" fetchpriority=\"high\" width=\"495\" height=\"400\" src=\"https:\/\/www.barbos-stiftung.de\/cms\/wp-content\/uploads\/2023\/05\/20230504_170703-scaled-1-495x400.jpg\" class=\"wp-image-2036 avia-img-lazy-loading-not-2036 attachment-portfolio size-portfolio wp-post-image\" alt=\"junge Frau vom Jane Goodall Institut am Tonfeld beim Day of Hope\" srcset=\"https:\/\/www.barbos-stiftung.de\/cms\/wp-content\/uploads\/2023\/05\/20230504_170703-scaled-1-495x400.jpg 495w, https:\/\/www.barbos-stiftung.de\/cms\/wp-content\/uploads\/2023\/05\/20230504_170703-scaled-1-845x684.jpg 845w\" sizes=\"(max-width: 495px) 100vw, 495px\" \/><\/a><div class='grid-content'><div class='avia-arrow'><\/div><header class=\"entry-content-header\" aria-label=\"Portfolio: Jane Goodall Institut meets Barbos\"><h3 class='grid-entry-title entry-title '  itemprop=\"headline\" ><a href='https:\/\/www.barbos-stiftung.de\/cms\/index.php\/portfolio-item\/jane-goodall-institut-meets-barbos\/' title='Jane Goodall Institut meets Barbos'>Jane Goodall Institut meets Barbos<\/a><\/h3><\/header><\/div><footer class=\"entry-footer\"><\/footer><\/article><\/div><div data-ajax-id='2028' class=' grid-entry flex_column isotope-item all_sort no_margin post-entry post-entry-2028 grid-entry-overview grid-loop-78 grid-parity-even   av_one_half  default_av_fullwidth '><article class='main_color inner-entry'  itemscope=\"itemscope\" itemtype=\"https:\/\/schema.org\/CreativeWork\" ><a href=\"https:\/\/www.barbos-stiftung.de\/cms\/index.php\/portfolio-item\/4-mai-jane-goodall-barbos-stiftung-day-of-hope\/\" title='4. Mai: Jane Goodall \u2013 Barbos-Stiftung \u2013 Day of Hope'  data-rel='grid-1' class='grid-image avia-hover-fx'> <img decoding=\"async\" fetchpriority=\"high\" width=\"495\" height=\"400\" src=\"https:\/\/www.barbos-stiftung.de\/cms\/wp-content\/uploads\/2023\/04\/DOH_Facebook-Post_WVM-Logo-1-495x400.jpg\" class=\"wp-image-2032 avia-img-lazy-loading-not-2032 attachment-portfolio size-portfolio wp-post-image\" alt=\"\" \/><\/a><div class='grid-content'><div class='avia-arrow'><\/div><header class=\"entry-content-header\" aria-label=\"Portfolio: 4. Mai: Jane Goodall \u2013 Barbos-Stiftung \u2013 Day of Hope\"><h3 class='grid-entry-title entry-title '  itemprop=\"headline\" ><a href='https:\/\/www.barbos-stiftung.de\/cms\/index.php\/portfolio-item\/4-mai-jane-goodall-barbos-stiftung-day-of-hope\/' title='4. Mai: Jane Goodall \u2013 Barbos-Stiftung \u2013 Day of Hope'>4. Mai: Jane Goodall \u2013 Barbos-Stiftung \u2013 Day of Hope<\/a><\/h3><\/header><\/div><footer class=\"entry-footer\"><\/footer><\/article><\/div><div data-ajax-id='1929' class=' grid-entry flex_column isotope-item all_sort no_margin post-entry post-entry-1929 grid-entry-overview grid-loop-79 grid-parity-odd   av_one_half first default_av_fullwidth '><article class='main_color inner-entry'  itemscope=\"itemscope\" itemtype=\"https:\/\/schema.org\/CreativeWork\" ><a href=\"https:\/\/www.barbos-stiftung.de\/cms\/index.php\/portfolio-item\/kunsttherapie-hilft-in-jedem-alter\/\" title='Kunsttherapie &#8211; junge H\u00e4nde, alte H\u00e4nde'  data-rel='grid-1' class='grid-image avia-hover-fx'> <img decoding=\"async\" fetchpriority=\"high\" width=\"495\" height=\"400\" src=\"https:\/\/www.barbos-stiftung.de\/cms\/wp-content\/uploads\/2023\/03\/Kunsttherapie_Diakoniewerk-1-495x400.jpg\" class=\"wp-image-1930 avia-img-lazy-loading-not-1930 attachment-portfolio size-portfolio wp-post-image\" alt=\"alte Frauenh\u00e4nde halten ein Bild mit Blumen in einer Vase hoch\" srcset=\"https:\/\/www.barbos-stiftung.de\/cms\/wp-content\/uploads\/2023\/03\/Kunsttherapie_Diakoniewerk-1-495x400.jpg 495w, https:\/\/www.barbos-stiftung.de\/cms\/wp-content\/uploads\/2023\/03\/Kunsttherapie_Diakoniewerk-1-845x684.jpg 845w\" sizes=\"(max-width: 495px) 100vw, 495px\" \/><\/a><div class='grid-content'><div class='avia-arrow'><\/div><header class=\"entry-content-header\" aria-label=\"Portfolio: Kunsttherapie &#8211; junge H\u00e4nde, alte H\u00e4nde\"><h3 class='grid-entry-title entry-title '  itemprop=\"headline\" ><a href='https:\/\/www.barbos-stiftung.de\/cms\/index.php\/portfolio-item\/kunsttherapie-hilft-in-jedem-alter\/' title='Kunsttherapie &#8211; junge H\u00e4nde, alte H\u00e4nde'>Kunsttherapie &#8211; junge H\u00e4nde, alte H\u00e4nde<\/a><\/h3><\/header><\/div><footer class=\"entry-footer\"><\/footer><\/article><\/div><div data-ajax-id='2011' class=' grid-entry flex_column isotope-item all_sort no_margin post-entry post-entry-2011 grid-entry-overview grid-loop-80 grid-parity-even   av_one_half  default_av_fullwidth '><article class='main_color inner-entry'  itemscope=\"itemscope\" itemtype=\"https:\/\/schema.org\/CreativeWork\" ><a href=\"https:\/\/www.barbos-stiftung.de\/cms\/index.php\/portfolio-item\/heute-bis-2359-uhr-spenden-spende-wird-verdoppelt\/\" title='HEUTE: bis 23:59 Uhr spenden! \u2013 Spende wird verdoppelt!'  data-rel='grid-1' class='grid-image avia-hover-fx'> <img decoding=\"async\" fetchpriority=\"high\" width=\"462\" height=\"288\" src=\"https:\/\/www.barbos-stiftung.de\/cms\/wp-content\/uploads\/2023\/03\/WirWunder-1.png\" class=\"wp-image-2007 avia-img-lazy-loading-not-2007 attachment-portfolio size-portfolio wp-post-image\" alt=\"\" srcset=\"https:\/\/www.barbos-stiftung.de\/cms\/wp-content\/uploads\/2023\/03\/WirWunder-1.png 462w, https:\/\/www.barbos-stiftung.de\/cms\/wp-content\/uploads\/2023\/03\/WirWunder-1-300x187.png 300w\" sizes=\"(max-width: 462px) 100vw, 462px\" \/><\/a><div class='grid-content'><div class='avia-arrow'><\/div><header class=\"entry-content-header\" aria-label=\"Portfolio: HEUTE: bis 23:59 Uhr spenden! \u2013 Spende wird verdoppelt!\"><h3 class='grid-entry-title entry-title '  itemprop=\"headline\" ><a href='https:\/\/www.barbos-stiftung.de\/cms\/index.php\/portfolio-item\/heute-bis-2359-uhr-spenden-spende-wird-verdoppelt\/' title='HEUTE: bis 23:59 Uhr spenden! \u2013 Spende wird verdoppelt!'>HEUTE: bis 23:59 Uhr spenden! \u2013 Spende wird verdoppelt!<\/a><\/h3><\/header><\/div><footer class=\"entry-footer\"><\/footer><\/article><\/div><div data-ajax-id='2009' class=' grid-entry flex_column isotope-item all_sort no_margin post-entry post-entry-2009 grid-entry-overview grid-loop-81 grid-parity-odd   av_one_half first default_av_fullwidth '><article class='main_color inner-entry'  itemscope=\"itemscope\" itemtype=\"https:\/\/schema.org\/CreativeWork\" ><a href=\"https:\/\/www.barbos-stiftung.de\/cms\/index.php\/portfolio-item\/morgen-spenden-sparkasse-verdoppelt-die-spende\/\" title='Morgen spenden! &#8211; Sparkasse verdoppelt die Spende'  data-rel='grid-1' class='grid-image avia-hover-fx'> <img decoding=\"async\" fetchpriority=\"high\" width=\"462\" height=\"288\" src=\"https:\/\/www.barbos-stiftung.de\/cms\/wp-content\/uploads\/2023\/03\/WirWunder-1.png\" class=\"wp-image-2007 avia-img-lazy-loading-not-2007 attachment-portfolio size-portfolio wp-post-image\" alt=\"\" srcset=\"https:\/\/www.barbos-stiftung.de\/cms\/wp-content\/uploads\/2023\/03\/WirWunder-1.png 462w, https:\/\/www.barbos-stiftung.de\/cms\/wp-content\/uploads\/2023\/03\/WirWunder-1-300x187.png 300w\" sizes=\"(max-width: 462px) 100vw, 462px\" \/><\/a><div class='grid-content'><div class='avia-arrow'><\/div><header class=\"entry-content-header\" aria-label=\"Portfolio: Morgen spenden! &#8211; Sparkasse verdoppelt die Spende\"><h3 class='grid-entry-title entry-title '  itemprop=\"headline\" ><a href='https:\/\/www.barbos-stiftung.de\/cms\/index.php\/portfolio-item\/morgen-spenden-sparkasse-verdoppelt-die-spende\/' title='Morgen spenden! &#8211; Sparkasse verdoppelt die Spende'>Morgen spenden! &#8211; Sparkasse verdoppelt die Spende<\/a><\/h3><\/header><\/div><footer class=\"entry-footer\"><\/footer><\/article><\/div><div data-ajax-id='1984' class=' grid-entry flex_column isotope-item all_sort no_margin post-entry post-entry-1984 grid-entry-overview grid-loop-82 grid-parity-even   av_one_half  default_av_fullwidth '><article class='main_color inner-entry'  itemscope=\"itemscope\" itemtype=\"https:\/\/schema.org\/CreativeWork\" ><a href=\"https:\/\/www.barbos-stiftung.de\/cms\/index.php\/portfolio-item\/ostereier-bemalen-ein-kleines-bisschen-kunsttherapie\/\" title='Ostereier bemalen = ein kleines bisschen Kunsttherapie'  data-rel='grid-1' class='grid-image avia-hover-fx'> <img decoding=\"async\" fetchpriority=\"high\" width=\"495\" height=\"400\" src=\"https:\/\/www.barbos-stiftung.de\/cms\/wp-content\/uploads\/2023\/03\/Ostereier-scaled-1-495x400.jpg\" class=\"wp-image-1985 avia-img-lazy-loading-not-1985 attachment-portfolio size-portfolio wp-post-image\" alt=\"2 bunt bemalte Ostereier\" srcset=\"https:\/\/www.barbos-stiftung.de\/cms\/wp-content\/uploads\/2023\/03\/Ostereier-scaled-1-495x400.jpg 495w, https:\/\/www.barbos-stiftung.de\/cms\/wp-content\/uploads\/2023\/03\/Ostereier-scaled-1-845x684.jpg 845w\" sizes=\"(max-width: 495px) 100vw, 495px\" \/><\/a><div class='grid-content'><div class='avia-arrow'><\/div><header class=\"entry-content-header\" aria-label=\"Portfolio: Ostereier bemalen = ein kleines bisschen Kunsttherapie\"><h3 class='grid-entry-title entry-title '  itemprop=\"headline\" ><a href='https:\/\/www.barbos-stiftung.de\/cms\/index.php\/portfolio-item\/ostereier-bemalen-ein-kleines-bisschen-kunsttherapie\/' title='Ostereier bemalen = ein kleines bisschen Kunsttherapie'>Ostereier bemalen = ein kleines bisschen Kunsttherapie<\/a><\/h3><\/header><\/div><footer class=\"entry-footer\"><\/footer><\/article><\/div><div data-ajax-id='1997' class=' grid-entry flex_column isotope-item all_sort no_margin post-entry post-entry-1997 grid-entry-overview grid-loop-83 grid-parity-odd   av_one_half first default_av_fullwidth '><article class='main_color inner-entry'  itemscope=\"itemscope\" itemtype=\"https:\/\/schema.org\/CreativeWork\" ><a href=\"https:\/\/www.barbos-stiftung.de\/cms\/index.php\/portfolio-item\/sozial-wirksam-bestellen-fuer-ostern\/\" title='Sozial wirksam bestellen &#8211; f\u00fcr Ostern'  data-rel='grid-1' class='grid-image avia-hover-fx'> <img decoding=\"async\" fetchpriority=\"high\" width=\"419\" height=\"400\" src=\"https:\/\/www.barbos-stiftung.de\/cms\/wp-content\/uploads\/2023\/03\/Schulengel_Flyer-allgemein-preview-1-419x400.png\" class=\"wp-image-1989 avia-img-lazy-loading-not-1989 attachment-portfolio size-portfolio wp-post-image\" alt=\"Plakat_Schulengel\" \/><\/a><div class='grid-content'><div class='avia-arrow'><\/div><header class=\"entry-content-header\" aria-label=\"Portfolio: Sozial wirksam bestellen &#8211; f\u00fcr Ostern\"><h3 class='grid-entry-title entry-title '  itemprop=\"headline\" ><a href='https:\/\/www.barbos-stiftung.de\/cms\/index.php\/portfolio-item\/sozial-wirksam-bestellen-fuer-ostern\/' title='Sozial wirksam bestellen &#8211; f\u00fcr Ostern'>Sozial wirksam bestellen &#8211; f\u00fcr Ostern<\/a><\/h3><\/header><\/div><footer class=\"entry-footer\"><\/footer><\/article><\/div><div data-ajax-id='1856' class=' grid-entry flex_column isotope-item all_sort no_margin post-entry post-entry-1856 grid-entry-overview grid-loop-84 grid-parity-even   av_one_half  default_av_fullwidth '><article class='main_color inner-entry'  itemscope=\"itemscope\" itemtype=\"https:\/\/schema.org\/CreativeWork\" ><a href=\"https:\/\/www.barbos-stiftung.de\/cms\/index.php\/portfolio-item\/sternstunde\/\" title='Sternstunde'  data-rel='grid-1' class='grid-image avia-hover-fx'> <img decoding=\"async\" fetchpriority=\"high\" width=\"495\" height=\"400\" src=\"https:\/\/www.barbos-stiftung.de\/cms\/wp-content\/uploads\/2023\/02\/Sternstunde-1-495x400.png\" class=\"wp-image-1853 avia-img-lazy-loading-not-1853 attachment-portfolio size-portfolio wp-post-image\" alt=\"\" srcset=\"https:\/\/www.barbos-stiftung.de\/cms\/wp-content\/uploads\/2023\/02\/Sternstunde-1-495x400.png 495w, https:\/\/www.barbos-stiftung.de\/cms\/wp-content\/uploads\/2023\/02\/Sternstunde-1-845x684.png 845w\" sizes=\"(max-width: 495px) 100vw, 495px\" \/><\/a><div class='grid-content'><div class='avia-arrow'><\/div><header class=\"entry-content-header\" aria-label=\"Portfolio: Sternstunde\"><h3 class='grid-entry-title entry-title '  itemprop=\"headline\" ><a href='https:\/\/www.barbos-stiftung.de\/cms\/index.php\/portfolio-item\/sternstunde\/' title='Sternstunde'>Sternstunde<\/a><\/h3><\/header><\/div><footer class=\"entry-footer\"><\/footer><\/article><\/div><div data-ajax-id='1991' class=' grid-entry flex_column isotope-item all_sort no_margin post-entry post-entry-1991 grid-entry-overview grid-loop-85 grid-parity-odd   av_one_half first default_av_fullwidth '><article class='main_color inner-entry'  itemscope=\"itemscope\" itemtype=\"https:\/\/schema.org\/CreativeWork\" ><a href=\"https:\/\/www.barbos-stiftung.de\/cms\/index.php\/portfolio-item\/reisen-buchen-mit-sozialem-effekt-www-schulengel-de\/\" title='Reisen buchen \u2013 mit sozialem Effekt: www.schulengel.de'  data-rel='grid-1' class='grid-image avia-hover-fx'> <img decoding=\"async\" fetchpriority=\"high\" width=\"300\" height=\"250\" src=\"https:\/\/www.barbos-stiftung.de\/cms\/wp-content\/uploads\/2023\/03\/SE_Banner-statisch-300x250-A-1.jpg\" class=\"wp-image-1993 avia-img-lazy-loading-not-1993 attachment-portfolio size-portfolio wp-post-image\" alt=\"Werbebanner_Schulengel\" \/><\/a><div class='grid-content'><div class='avia-arrow'><\/div><header class=\"entry-content-header\" aria-label=\"Portfolio: Reisen buchen \u2013 mit sozialem Effekt: www.schulengel.de\"><h3 class='grid-entry-title entry-title '  itemprop=\"headline\" ><a href='https:\/\/www.barbos-stiftung.de\/cms\/index.php\/portfolio-item\/reisen-buchen-mit-sozialem-effekt-www-schulengel-de\/' title='Reisen buchen \u2013 mit sozialem Effekt: www.schulengel.de'>Reisen buchen \u2013 mit sozialem Effekt: www.schulengel.de<\/a><\/h3><\/header><\/div><footer class=\"entry-footer\"><\/footer><\/article><\/div><div data-ajax-id='2006' class=' grid-entry flex_column isotope-item all_sort no_margin post-entry post-entry-2006 grid-entry-overview grid-loop-86 grid-parity-even   av_one_half  default_av_fullwidth '><article class='main_color inner-entry'  itemscope=\"itemscope\" itemtype=\"https:\/\/schema.org\/CreativeWork\" ><a href=\"https:\/\/www.barbos-stiftung.de\/cms\/index.php\/portfolio-item\/am-6-april-wird-jede-spende-verdoppelt\/\" title='Am 6. April wird jede Spende verdoppelt!'  data-rel='grid-1' class='grid-image avia-hover-fx'> <img decoding=\"async\" fetchpriority=\"high\" width=\"462\" height=\"288\" src=\"https:\/\/www.barbos-stiftung.de\/cms\/wp-content\/uploads\/2023\/03\/WirWunder-1.png\" class=\"wp-image-2007 avia-img-lazy-loading-not-2007 attachment-portfolio size-portfolio wp-post-image\" alt=\"\" srcset=\"https:\/\/www.barbos-stiftung.de\/cms\/wp-content\/uploads\/2023\/03\/WirWunder-1.png 462w, https:\/\/www.barbos-stiftung.de\/cms\/wp-content\/uploads\/2023\/03\/WirWunder-1-300x187.png 300w\" sizes=\"(max-width: 462px) 100vw, 462px\" \/><\/a><div class='grid-content'><div class='avia-arrow'><\/div><header class=\"entry-content-header\" aria-label=\"Portfolio: Am 6. April wird jede Spende verdoppelt!\"><h3 class='grid-entry-title entry-title '  itemprop=\"headline\" ><a href='https:\/\/www.barbos-stiftung.de\/cms\/index.php\/portfolio-item\/am-6-april-wird-jede-spende-verdoppelt\/' title='Am 6. April wird jede Spende verdoppelt!'>Am 6. April wird jede Spende verdoppelt!<\/a><\/h3><\/header><\/div><footer class=\"entry-footer\"><\/footer><\/article><\/div><div data-ajax-id='1920' class=' grid-entry flex_column isotope-item all_sort no_margin post-entry post-entry-1920 grid-entry-overview grid-loop-87 grid-parity-odd   av_one_half first default_av_fullwidth '><article class='main_color inner-entry'  itemscope=\"itemscope\" itemtype=\"https:\/\/schema.org\/CreativeWork\" ><a href=\"https:\/\/www.barbos-stiftung.de\/cms\/index.php\/portfolio-item\/beim-aufraeumen-entdeckt-die-bundeskanzlerin\/\" title='Beim Aufr\u00e4umen entdeckt: Die Bundeskanzlerin'  data-rel='grid-1' class='grid-image avia-hover-fx'> <img decoding=\"async\" fetchpriority=\"high\" width=\"495\" height=\"400\" src=\"https:\/\/www.barbos-stiftung.de\/cms\/wp-content\/uploads\/2023\/03\/Scan_Merkel-BW_bearbeitet_01-1-495x400.jpg\" class=\"wp-image-1965 avia-img-lazy-loading-not-1965 attachment-portfolio size-portfolio wp-post-image\" alt=\"\" srcset=\"https:\/\/www.barbos-stiftung.de\/cms\/wp-content\/uploads\/2023\/03\/Scan_Merkel-BW_bearbeitet_01-1-495x400.jpg 495w, https:\/\/www.barbos-stiftung.de\/cms\/wp-content\/uploads\/2023\/03\/Scan_Merkel-BW_bearbeitet_01-1-845x684.jpg 845w\" sizes=\"(max-width: 495px) 100vw, 495px\" \/><\/a><div class='grid-content'><div class='avia-arrow'><\/div><header class=\"entry-content-header\" aria-label=\"Portfolio: Beim Aufr\u00e4umen entdeckt: Die Bundeskanzlerin\"><h3 class='grid-entry-title entry-title '  itemprop=\"headline\" ><a href='https:\/\/www.barbos-stiftung.de\/cms\/index.php\/portfolio-item\/beim-aufraeumen-entdeckt-die-bundeskanzlerin\/' title='Beim Aufr\u00e4umen entdeckt: Die Bundeskanzlerin'>Beim Aufr\u00e4umen entdeckt: Die Bundeskanzlerin<\/a><\/h3><\/header><\/div><footer class=\"entry-footer\"><\/footer><\/article><\/div><div data-ajax-id='1988' class=' grid-entry flex_column isotope-item all_sort no_margin post-entry post-entry-1988 grid-entry-overview grid-loop-88 grid-parity-even   av_one_half  default_av_fullwidth '><article class='main_color inner-entry'  itemscope=\"itemscope\" itemtype=\"https:\/\/schema.org\/CreativeWork\" ><a href=\"https:\/\/www.barbos-stiftung.de\/cms\/index.php\/portfolio-item\/ostergeschenke-charity-shoppen-www-schulengel-de\/\" title='Ostergeschenke \u2013 Charity shoppen: www.schulengel.de'  data-rel='grid-1' class='grid-image avia-hover-fx'> <img decoding=\"async\" fetchpriority=\"high\" width=\"419\" height=\"400\" src=\"https:\/\/www.barbos-stiftung.de\/cms\/wp-content\/uploads\/2023\/03\/Schulengel_Flyer-allgemein-preview-1-419x400.png\" class=\"wp-image-1989 avia-img-lazy-loading-not-1989 attachment-portfolio size-portfolio wp-post-image\" alt=\"Plakat_Schulengel\" \/><\/a><div class='grid-content'><div class='avia-arrow'><\/div><header class=\"entry-content-header\" aria-label=\"Portfolio: Ostergeschenke \u2013 Charity shoppen: www.schulengel.de\"><h3 class='grid-entry-title entry-title '  itemprop=\"headline\" ><a href='https:\/\/www.barbos-stiftung.de\/cms\/index.php\/portfolio-item\/ostergeschenke-charity-shoppen-www-schulengel-de\/' title='Ostergeschenke \u2013 Charity shoppen: www.schulengel.de'>Ostergeschenke \u2013 Charity shoppen: www.schulengel.de<\/a><\/h3><\/header><\/div><footer class=\"entry-footer\"><\/footer><\/article><\/div><div data-ajax-id='1896' class=' grid-entry flex_column isotope-item all_sort no_margin post-entry post-entry-1896 grid-entry-overview grid-loop-89 grid-parity-odd   av_one_half first default_av_fullwidth '><article class='main_color inner-entry'  itemscope=\"itemscope\" itemtype=\"https:\/\/schema.org\/CreativeWork\" ><a href=\"https:\/\/www.barbos-stiftung.de\/cms\/index.php\/portfolio-item\/ein-schneemann-der-laechelt\/\" title='Ein Schneemann, der l\u00e4chelt'  data-rel='grid-1' class='grid-image avia-hover-fx'> <img decoding=\"async\" fetchpriority=\"high\" width=\"495\" height=\"400\" src=\"https:\/\/www.barbos-stiftung.de\/cms\/wp-content\/uploads\/2023\/03\/Schneemann-1-495x400.jpg\" class=\"wp-image-1897 avia-img-lazy-loading-not-1897 attachment-portfolio size-portfolio wp-post-image\" alt=\"Kind h\u00e4lt ein Bild vor einem Gesicht hoch. Es zeigt einen Schneemann.\" srcset=\"https:\/\/www.barbos-stiftung.de\/cms\/wp-content\/uploads\/2023\/03\/Schneemann-1-495x400.jpg 495w, https:\/\/www.barbos-stiftung.de\/cms\/wp-content\/uploads\/2023\/03\/Schneemann-1-845x684.jpg 845w\" sizes=\"(max-width: 495px) 100vw, 495px\" \/><\/a><div class='grid-content'><div class='avia-arrow'><\/div><header class=\"entry-content-header\" aria-label=\"Portfolio: Ein Schneemann, der l\u00e4chelt\"><h3 class='grid-entry-title entry-title '  itemprop=\"headline\" ><a href='https:\/\/www.barbos-stiftung.de\/cms\/index.php\/portfolio-item\/ein-schneemann-der-laechelt\/' title='Ein Schneemann, der l\u00e4chelt'>Ein Schneemann, der l\u00e4chelt<\/a><\/h3><\/header><\/div><footer class=\"entry-footer\"><\/footer><\/article><\/div><div data-ajax-id='1893' class=' grid-entry flex_column isotope-item all_sort no_margin post-entry post-entry-1893 grid-entry-overview grid-loop-90 grid-parity-even   av_one_half  default_av_fullwidth '><article class='main_color inner-entry'  itemscope=\"itemscope\" itemtype=\"https:\/\/schema.org\/CreativeWork\" ><a href=\"https:\/\/www.barbos-stiftung.de\/cms\/index.php\/portfolio-item\/handwerker-zaubert-fuer-bauwagen\/\" title='Handwerker \u201czaubert\u201d f\u00fcr Bauwagen'  data-rel='grid-1' class='grid-image avia-hover-fx'> <img decoding=\"async\" fetchpriority=\"high\" width=\"495\" height=\"400\" src=\"https:\/\/www.barbos-stiftung.de\/cms\/wp-content\/uploads\/2023\/03\/neues-Regal-scaled-1-495x400.jpg\" class=\"wp-image-1894 avia-img-lazy-loading-not-1894 attachment-portfolio size-portfolio wp-post-image\" alt=\"gro\u00dfes Regal in einem Bauwagen, daneben Kunstwerke von Kindern\" srcset=\"https:\/\/www.barbos-stiftung.de\/cms\/wp-content\/uploads\/2023\/03\/neues-Regal-scaled-1-495x400.jpg 495w, https:\/\/www.barbos-stiftung.de\/cms\/wp-content\/uploads\/2023\/03\/neues-Regal-scaled-1-845x684.jpg 845w\" sizes=\"(max-width: 495px) 100vw, 495px\" \/><\/a><div class='grid-content'><div class='avia-arrow'><\/div><header class=\"entry-content-header\" aria-label=\"Portfolio: Handwerker \u201czaubert\u201d f\u00fcr Bauwagen\"><h3 class='grid-entry-title entry-title '  itemprop=\"headline\" ><a href='https:\/\/www.barbos-stiftung.de\/cms\/index.php\/portfolio-item\/handwerker-zaubert-fuer-bauwagen\/' title='Handwerker \u201czaubert\u201d f\u00fcr Bauwagen'>Handwerker \u201czaubert\u201d f\u00fcr Bauwagen<\/a><\/h3><\/header><\/div><footer class=\"entry-footer\"><\/footer><\/article><\/div><div data-ajax-id='1852' class=' grid-entry flex_column isotope-item all_sort no_margin post-entry post-entry-1852 grid-entry-overview grid-loop-91 grid-parity-odd   av_one_half first default_av_fullwidth '><article class='main_color inner-entry'  itemscope=\"itemscope\" itemtype=\"https:\/\/schema.org\/CreativeWork\" ><a href=\"https:\/\/www.barbos-stiftung.de\/cms\/index.php\/portfolio-item\/eine-gruppenstunde-maltherapie\/\" title='Eine Gruppenstunde Maltherapie'  data-rel='grid-1' class='grid-image avia-hover-fx'> <img decoding=\"async\" fetchpriority=\"high\" width=\"495\" height=\"400\" src=\"https:\/\/www.barbos-stiftung.de\/cms\/wp-content\/uploads\/2023\/02\/Filmdreh_Bild_alle-1-495x400.png\" class=\"wp-image-1854 avia-img-lazy-loading-not-1854 attachment-portfolio size-portfolio wp-post-image\" alt=\"\" srcset=\"https:\/\/www.barbos-stiftung.de\/cms\/wp-content\/uploads\/2023\/02\/Filmdreh_Bild_alle-1-495x400.png 495w, https:\/\/www.barbos-stiftung.de\/cms\/wp-content\/uploads\/2023\/02\/Filmdreh_Bild_alle-1-845x684.png 845w\" sizes=\"(max-width: 495px) 100vw, 495px\" \/><\/a><div class='grid-content'><div class='avia-arrow'><\/div><header class=\"entry-content-header\" aria-label=\"Portfolio: Eine Gruppenstunde Maltherapie\"><h3 class='grid-entry-title entry-title '  itemprop=\"headline\" ><a href='https:\/\/www.barbos-stiftung.de\/cms\/index.php\/portfolio-item\/eine-gruppenstunde-maltherapie\/' title='Eine Gruppenstunde Maltherapie'>Eine Gruppenstunde Maltherapie<\/a><\/h3><\/header><\/div><footer class=\"entry-footer\"><\/footer><\/article><\/div><div data-ajax-id='1878' class=' grid-entry flex_column isotope-item all_sort no_margin post-entry post-entry-1878 grid-entry-overview grid-loop-92 grid-parity-even   av_one_half  default_av_fullwidth '><article class='main_color inner-entry'  itemscope=\"itemscope\" itemtype=\"https:\/\/schema.org\/CreativeWork\" ><a href=\"https:\/\/www.barbos-stiftung.de\/cms\/index.php\/portfolio-item\/valentinstag-bei-der-barbos-stiftung\/\" title='Valentinstag bei der Barbos-Stiftung'  data-rel='grid-1' class='grid-image avia-hover-fx'> <img decoding=\"async\" fetchpriority=\"high\" width=\"495\" height=\"400\" src=\"https:\/\/www.barbos-stiftung.de\/cms\/wp-content\/uploads\/2023\/02\/IMG_20230214_172646974-1-495x400.jpg\" class=\"wp-image-1879 avia-img-lazy-loading-not-1879 attachment-portfolio size-portfolio wp-post-image\" alt=\"\" srcset=\"https:\/\/www.barbos-stiftung.de\/cms\/wp-content\/uploads\/2023\/02\/IMG_20230214_172646974-1-495x400.jpg 495w, https:\/\/www.barbos-stiftung.de\/cms\/wp-content\/uploads\/2023\/02\/IMG_20230214_172646974-1-845x684.jpg 845w\" sizes=\"(max-width: 495px) 100vw, 495px\" \/><\/a><div class='grid-content'><div class='avia-arrow'><\/div><header class=\"entry-content-header\" aria-label=\"Portfolio: Valentinstag bei der Barbos-Stiftung\"><h3 class='grid-entry-title entry-title '  itemprop=\"headline\" ><a href='https:\/\/www.barbos-stiftung.de\/cms\/index.php\/portfolio-item\/valentinstag-bei-der-barbos-stiftung\/' title='Valentinstag bei der Barbos-Stiftung'>Valentinstag bei der Barbos-Stiftung<\/a><\/h3><\/header><\/div><footer class=\"entry-footer\"><\/footer><\/article><\/div><div data-ajax-id='1849' class=' grid-entry flex_column isotope-item all_sort no_margin post-entry post-entry-1849 grid-entry-overview grid-loop-93 grid-parity-odd   av_one_half first default_av_fullwidth '><article class='main_color inner-entry'  itemscope=\"itemscope\" itemtype=\"https:\/\/schema.org\/CreativeWork\" ><a href=\"https:\/\/www.barbos-stiftung.de\/cms\/index.php\/portfolio-item\/heidi-bei-den-dreharbeiten\/\" title='Heidi bei den Dreharbeiten'  data-rel='grid-1' class='grid-image avia-hover-fx'> <img decoding=\"async\" fetchpriority=\"high\" width=\"495\" height=\"400\" src=\"https:\/\/www.barbos-stiftung.de\/cms\/wp-content\/uploads\/2023\/02\/Heidi_Filmdreh_Bilder-1-495x400.png\" class=\"wp-image-1850 avia-img-lazy-loading-not-1850 attachment-portfolio size-portfolio wp-post-image\" alt=\"bunte_Wasserfarbenbilder_Blumen_Sonne_Kreise\" \/><\/a><div class='grid-content'><div class='avia-arrow'><\/div><header class=\"entry-content-header\" aria-label=\"Portfolio: Heidi bei den Dreharbeiten\"><h3 class='grid-entry-title entry-title '  itemprop=\"headline\" ><a href='https:\/\/www.barbos-stiftung.de\/cms\/index.php\/portfolio-item\/heidi-bei-den-dreharbeiten\/' title='Heidi bei den Dreharbeiten'>Heidi bei den Dreharbeiten<\/a><\/h3><\/header><\/div><footer class=\"entry-footer\"><\/footer><\/article><\/div><div data-ajax-id='1870' class=' grid-entry flex_column isotope-item all_sort no_margin post-entry post-entry-1870 grid-entry-overview grid-loop-94 grid-parity-even   av_one_half  default_av_fullwidth '><article class='main_color inner-entry'  itemscope=\"itemscope\" itemtype=\"https:\/\/schema.org\/CreativeWork\" ><a href=\"https:\/\/www.barbos-stiftung.de\/cms\/index.php\/portfolio-item\/valentinstag-noch-schnell\/\" title='Valentinstag \u2013 noch schnell \u2026.'  data-rel='grid-1' class='grid-image avia-hover-fx'> <img decoding=\"async\" fetchpriority=\"high\" width=\"495\" height=\"400\" src=\"https:\/\/www.barbos-stiftung.de\/cms\/wp-content\/uploads\/2023\/02\/Herz-1-495x400.jpg\" class=\"wp-image-1873 avia-img-lazy-loading-not-1873 attachment-portfolio size-portfolio wp-post-image\" alt=\"\" srcset=\"https:\/\/www.barbos-stiftung.de\/cms\/wp-content\/uploads\/2023\/02\/Herz-1-495x400.jpg 495w, https:\/\/www.barbos-stiftung.de\/cms\/wp-content\/uploads\/2023\/02\/Herz-1-523x423.jpg 523w\" sizes=\"(max-width: 495px) 100vw, 495px\" \/><\/a><div class='grid-content'><div class='avia-arrow'><\/div><header class=\"entry-content-header\" aria-label=\"Portfolio: Valentinstag \u2013 noch schnell \u2026.\"><h3 class='grid-entry-title entry-title '  itemprop=\"headline\" ><a href='https:\/\/www.barbos-stiftung.de\/cms\/index.php\/portfolio-item\/valentinstag-noch-schnell\/' title='Valentinstag \u2013 noch schnell \u2026.'>Valentinstag \u2013 noch schnell \u2026.<\/a><\/h3><\/header><\/div><footer class=\"entry-footer\"><\/footer><\/article><\/div><div data-ajax-id='1732' class=' grid-entry flex_column isotope-item all_sort no_margin post-entry post-entry-1732 grid-entry-overview grid-loop-95 grid-parity-odd   av_one_half first default_av_fullwidth '><article class='main_color inner-entry'  itemscope=\"itemscope\" itemtype=\"https:\/\/schema.org\/CreativeWork\" ><a href=\"https:\/\/www.barbos-stiftung.de\/cms\/index.php\/portfolio-item\/das-neue-jahr-mal-neu-aufraeumen\/\" title='Das neue Jahr \u2013 mal NEU aufr\u00e4umen!'  data-rel='grid-1' class='grid-image avia-hover-fx'> <img decoding=\"async\" fetchpriority=\"high\" width=\"495\" height=\"400\" src=\"https:\/\/www.barbos-stiftung.de\/cms\/wp-content\/uploads\/2022\/05\/Haende_Katze-1-495x400.jpg\" class=\"wp-image-1547 avia-img-lazy-loading-not-1547 attachment-portfolio size-portfolio wp-post-image\" alt=\"Ein gefl\u00fcchtetes Kind h\u00e4lt ein Stofftier in H\u00e4nden.\" srcset=\"https:\/\/www.barbos-stiftung.de\/cms\/wp-content\/uploads\/2022\/05\/Haende_Katze-1-495x400.jpg 495w, https:\/\/www.barbos-stiftung.de\/cms\/wp-content\/uploads\/2022\/05\/Haende_Katze-1-845x684.jpg 845w\" sizes=\"(max-width: 495px) 100vw, 495px\" \/><\/a><div class='grid-content'><div class='avia-arrow'><\/div><header class=\"entry-content-header\" aria-label=\"Portfolio: Das neue Jahr \u2013 mal NEU aufr\u00e4umen!\"><h3 class='grid-entry-title entry-title '  itemprop=\"headline\" ><a href='https:\/\/www.barbos-stiftung.de\/cms\/index.php\/portfolio-item\/das-neue-jahr-mal-neu-aufraeumen\/' title='Das neue Jahr \u2013 mal NEU aufr\u00e4umen!'>Das neue Jahr \u2013 mal NEU aufr\u00e4umen!<\/a><\/h3><\/header><\/div><footer class=\"entry-footer\"><\/footer><\/article><\/div><div data-ajax-id='1830' class=' grid-entry flex_column isotope-item all_sort no_margin post-entry post-entry-1830 grid-entry-overview grid-loop-96 grid-parity-even   av_one_half  default_av_fullwidth '><article class='main_color inner-entry'  itemscope=\"itemscope\" itemtype=\"https:\/\/schema.org\/CreativeWork\" ><a href=\"https:\/\/www.barbos-stiftung.de\/cms\/index.php\/portfolio-item\/boesner-spendet-barbos-kuenstlerbedarf\/\" title='Boesner spendet Barbos K\u00fcnstlerbedarf'  data-rel='grid-1' class='grid-image avia-hover-fx'> <img decoding=\"async\" fetchpriority=\"high\" width=\"495\" height=\"400\" src=\"https:\/\/www.barbos-stiftung.de\/cms\/wp-content\/uploads\/2023\/01\/boesner_Materialspende1-1-495x400.jpg\" class=\"wp-image-1831 avia-img-lazy-loading-not-1831 attachment-portfolio size-portfolio wp-post-image\" alt=\"Stifte, Bl\u00f6cke, Pinsel, Malk\u00e4sten - ein gro\u00dfer Haufen K\u00fcnstlerbedarf\" srcset=\"https:\/\/www.barbos-stiftung.de\/cms\/wp-content\/uploads\/2023\/01\/boesner_Materialspende1-1-495x400.jpg 495w, https:\/\/www.barbos-stiftung.de\/cms\/wp-content\/uploads\/2023\/01\/boesner_Materialspende1-1-845x684.jpg 845w\" sizes=\"(max-width: 495px) 100vw, 495px\" \/><\/a><div class='grid-content'><div class='avia-arrow'><\/div><header class=\"entry-content-header\" aria-label=\"Portfolio: Boesner spendet Barbos K\u00fcnstlerbedarf\"><h3 class='grid-entry-title entry-title '  itemprop=\"headline\" ><a href='https:\/\/www.barbos-stiftung.de\/cms\/index.php\/portfolio-item\/boesner-spendet-barbos-kuenstlerbedarf\/' title='Boesner spendet Barbos K\u00fcnstlerbedarf'>Boesner spendet Barbos K\u00fcnstlerbedarf<\/a><\/h3><\/header><\/div><footer class=\"entry-footer\"><\/footer><\/article><\/div><div data-ajax-id='1815' class=' grid-entry flex_column isotope-item all_sort no_margin post-entry post-entry-1815 grid-entry-overview grid-loop-97 grid-parity-odd   av_one_half first default_av_fullwidth '><article class='main_color inner-entry'  itemscope=\"itemscope\" itemtype=\"https:\/\/schema.org\/CreativeWork\" ><a href=\"https:\/\/www.barbos-stiftung.de\/cms\/index.php\/portfolio-item\/was-sie-haben-unseren-tv-auftritt-verpasst\/\" title='Was, Sie haben unseren TV-Auftritt verpasst?'  data-rel='grid-1' class='grid-image avia-hover-fx'> <img decoding=\"async\" fetchpriority=\"high\" width=\"495\" height=\"400\" src=\"https:\/\/www.barbos-stiftung.de\/cms\/wp-content\/uploads\/2023\/01\/20230112_194458-scaled-1-495x400.jpg\" class=\"wp-image-1813 avia-img-lazy-loading-not-1813 attachment-portfolio size-portfolio wp-post-image\" alt=\"\" srcset=\"https:\/\/www.barbos-stiftung.de\/cms\/wp-content\/uploads\/2023\/01\/20230112_194458-scaled-1-495x400.jpg 495w, https:\/\/www.barbos-stiftung.de\/cms\/wp-content\/uploads\/2023\/01\/20230112_194458-scaled-1-845x684.jpg 845w\" sizes=\"(max-width: 495px) 100vw, 495px\" \/><\/a><div class='grid-content'><div class='avia-arrow'><\/div><header class=\"entry-content-header\" aria-label=\"Portfolio: Was, Sie haben unseren TV-Auftritt verpasst?\"><h3 class='grid-entry-title entry-title '  itemprop=\"headline\" ><a href='https:\/\/www.barbos-stiftung.de\/cms\/index.php\/portfolio-item\/was-sie-haben-unseren-tv-auftritt-verpasst\/' title='Was, Sie haben unseren TV-Auftritt verpasst?'>Was, Sie haben unseren TV-Auftritt verpasst?<\/a><\/h3><\/header><\/div><footer class=\"entry-footer\"><\/footer><\/article><\/div><div data-ajax-id='1800' class=' grid-entry flex_column isotope-item all_sort no_margin post-entry post-entry-1800 grid-entry-overview grid-loop-98 grid-parity-even   av_one_half  default_av_fullwidth '><article class='main_color inner-entry'  itemscope=\"itemscope\" itemtype=\"https:\/\/schema.org\/CreativeWork\" ><a href=\"https:\/\/www.barbos-stiftung.de\/cms\/index.php\/portfolio-item\/heute-ist-es-soweit-barbos-stiftung-im-tv\/\" title='Am 12. Januar ist es soweit: Barbos-Stiftung im TV'  data-rel='grid-1' class='grid-image avia-hover-fx'> <img decoding=\"async\" fetchpriority=\"high\" width=\"495\" height=\"400\" src=\"https:\/\/www.barbos-stiftung.de\/cms\/wp-content\/uploads\/2023\/01\/20230109_131708-scaled-1-495x400.jpg\" class=\"wp-image-1794 avia-img-lazy-loading-not-1794 attachment-portfolio size-portfolio wp-post-image\" alt=\"Laptop-Bildschirm mit ge\u00f6ffnetet M\u00fcnchen TV-Seite\" srcset=\"https:\/\/www.barbos-stiftung.de\/cms\/wp-content\/uploads\/2023\/01\/20230109_131708-scaled-1-495x400.jpg 495w, https:\/\/www.barbos-stiftung.de\/cms\/wp-content\/uploads\/2023\/01\/20230109_131708-scaled-1-845x684.jpg 845w\" sizes=\"(max-width: 495px) 100vw, 495px\" \/><\/a><div class='grid-content'><div class='avia-arrow'><\/div><header class=\"entry-content-header\" aria-label=\"Portfolio: Am 12. Januar ist es soweit: Barbos-Stiftung im TV\"><h3 class='grid-entry-title entry-title '  itemprop=\"headline\" ><a href='https:\/\/www.barbos-stiftung.de\/cms\/index.php\/portfolio-item\/heute-ist-es-soweit-barbos-stiftung-im-tv\/' title='Am 12. Januar ist es soweit: Barbos-Stiftung im TV'>Am 12. Januar ist es soweit: Barbos-Stiftung im TV<\/a><\/h3><\/header><\/div><footer class=\"entry-footer\"><\/footer><\/article><\/div><div data-ajax-id='1797' class=' grid-entry flex_column isotope-item all_sort no_margin post-entry post-entry-1797 grid-entry-overview grid-loop-99 grid-parity-odd   av_one_half first default_av_fullwidth '><article class='main_color inner-entry'  itemscope=\"itemscope\" itemtype=\"https:\/\/schema.org\/CreativeWork\" ><a href=\"https:\/\/www.barbos-stiftung.de\/cms\/index.php\/portfolio-item\/muenchen-tv-meets-barbos-stiftung\/\" title='M\u00fcnchen TV meets Barbos-Stiftung'  data-rel='grid-1' class='grid-image avia-hover-fx'> <img decoding=\"async\" fetchpriority=\"high\" width=\"495\" height=\"400\" src=\"https:\/\/www.barbos-stiftung.de\/cms\/wp-content\/uploads\/2023\/01\/20230109_131604-scaled-1-495x400.jpg\" class=\"wp-image-1793 avia-img-lazy-loading-not-1793 attachment-portfolio size-portfolio wp-post-image\" alt=\"Laptopbildschirm mit ge\u00f6ffneter Seite von M\u00fcnchen.tv\" srcset=\"https:\/\/www.barbos-stiftung.de\/cms\/wp-content\/uploads\/2023\/01\/20230109_131604-scaled-1-495x400.jpg 495w, https:\/\/www.barbos-stiftung.de\/cms\/wp-content\/uploads\/2023\/01\/20230109_131604-scaled-1-845x684.jpg 845w\" sizes=\"(max-width: 495px) 100vw, 495px\" \/><\/a><div class='grid-content'><div class='avia-arrow'><\/div><header class=\"entry-content-header\" aria-label=\"Portfolio: M\u00fcnchen TV meets Barbos-Stiftung\"><h3 class='grid-entry-title entry-title '  itemprop=\"headline\" ><a href='https:\/\/www.barbos-stiftung.de\/cms\/index.php\/portfolio-item\/muenchen-tv-meets-barbos-stiftung\/' title='M\u00fcnchen TV meets Barbos-Stiftung'>M\u00fcnchen TV meets Barbos-Stiftung<\/a><\/h3><\/header><\/div><footer class=\"entry-footer\"><\/footer><\/article><\/div><div data-ajax-id='1782' class=' grid-entry flex_column isotope-item all_sort no_margin post-entry post-entry-1782 grid-entry-overview grid-loop-100 grid-parity-even   av_one_half  default_av_fullwidth '><article class='main_color inner-entry'  itemscope=\"itemscope\" itemtype=\"https:\/\/schema.org\/CreativeWork\" ><a href=\"https:\/\/www.barbos-stiftung.de\/cms\/index.php\/portfolio-item\/heilige-drei-koenige-gaben-fuers-kind\/\" title='Heilige Drei K\u00f6nige &#8211; Gaben f\u00fcrs Kind'  data-rel='grid-1' class='grid-image avia-hover-fx'> <img decoding=\"async\" fetchpriority=\"high\" width=\"495\" height=\"400\" src=\"https:\/\/www.barbos-stiftung.de\/cms\/wp-content\/uploads\/2023\/01\/20230103_153721-scaled-1-495x400.jpg\" class=\"wp-image-1773 avia-img-lazy-loading-not-1773 attachment-portfolio size-portfolio wp-post-image\" alt=\"Metallkrone. Dar\u00fcber h\u00e4ngt ein Strohstern.\" srcset=\"https:\/\/www.barbos-stiftung.de\/cms\/wp-content\/uploads\/2023\/01\/20230103_153721-scaled-1-495x400.jpg 495w, https:\/\/www.barbos-stiftung.de\/cms\/wp-content\/uploads\/2023\/01\/20230103_153721-scaled-1-845x684.jpg 845w\" sizes=\"(max-width: 495px) 100vw, 495px\" \/><\/a><div class='grid-content'><div class='avia-arrow'><\/div><header class=\"entry-content-header\" aria-label=\"Portfolio: Heilige Drei K\u00f6nige &#8211; Gaben f\u00fcrs Kind\"><h3 class='grid-entry-title entry-title '  itemprop=\"headline\" ><a href='https:\/\/www.barbos-stiftung.de\/cms\/index.php\/portfolio-item\/heilige-drei-koenige-gaben-fuers-kind\/' title='Heilige Drei K\u00f6nige &#8211; Gaben f\u00fcrs Kind'>Heilige Drei K\u00f6nige &#8211; Gaben f\u00fcrs Kind<\/a><\/h3><\/header><\/div><footer class=\"entry-footer\"><\/footer><\/article><\/div><div data-ajax-id='1787' class=' grid-entry flex_column isotope-item all_sort no_margin post-entry post-entry-1787 grid-entry-overview grid-loop-101 grid-parity-odd   av_one_half first default_av_fullwidth '><article class='main_color inner-entry'  itemscope=\"itemscope\" itemtype=\"https:\/\/schema.org\/CreativeWork\" ><a href=\"https:\/\/www.barbos-stiftung.de\/cms\/index.php\/portfolio-item\/kunsttherapie-kennt-kein-alter\/\" title='Kunsttherapie kennt kein Alter'  data-rel='grid-1' class='grid-image avia-hover-fx'> <img decoding=\"async\" fetchpriority=\"high\" width=\"495\" height=\"400\" src=\"https:\/\/www.barbos-stiftung.de\/cms\/wp-content\/uploads\/2023\/01\/MalkastenTherapie.-rotated-1-495x400.jpg\" class=\"wp-image-1788 avia-img-lazy-loading-not-1788 attachment-portfolio size-portfolio wp-post-image\" alt=\"Malkasten mit Pinsel - ein Kind ist kreativ mit Farbe und Kleben.\" srcset=\"https:\/\/www.barbos-stiftung.de\/cms\/wp-content\/uploads\/2023\/01\/MalkastenTherapie.-rotated-1-495x400.jpg 495w, https:\/\/www.barbos-stiftung.de\/cms\/wp-content\/uploads\/2023\/01\/MalkastenTherapie.-rotated-1-845x684.jpg 845w\" sizes=\"(max-width: 495px) 100vw, 495px\" \/><\/a><div class='grid-content'><div class='avia-arrow'><\/div><header class=\"entry-content-header\" aria-label=\"Portfolio: Kunsttherapie kennt kein Alter\"><h3 class='grid-entry-title entry-title '  itemprop=\"headline\" ><a href='https:\/\/www.barbos-stiftung.de\/cms\/index.php\/portfolio-item\/kunsttherapie-kennt-kein-alter\/' title='Kunsttherapie kennt kein Alter'>Kunsttherapie kennt kein Alter<\/a><\/h3><\/header><\/div><footer class=\"entry-footer\"><\/footer><\/article><\/div><div data-ajax-id='1710' class=' grid-entry flex_column isotope-item all_sort no_margin post-entry post-entry-1710 grid-entry-overview grid-loop-102 grid-parity-even   av_one_half  default_av_fullwidth '><article class='main_color inner-entry'  itemscope=\"itemscope\" itemtype=\"https:\/\/schema.org\/CreativeWork\" ><a href=\"https:\/\/www.barbos-stiftung.de\/cms\/index.php\/portfolio-item\/spenden-von-der-steuer-absetzen\/\" title='Spenden von der Steuer absetzen'  data-rel='grid-1' class='grid-image avia-hover-fx'> <img decoding=\"async\" fetchpriority=\"high\" width=\"495\" height=\"400\" src=\"https:\/\/www.barbos-stiftung.de\/cms\/wp-content\/uploads\/2022\/06\/Schulkind_Hand_Tongesicht-1-1-495x400.jpg\" class=\"wp-image-1559 avia-img-lazy-loading-not-1559 attachment-portfolio size-portfolio wp-post-image\" alt=\"Ein M\u00e4dchen h\u00e4lt ein aus Ton geschaffenes M\u00e4dchengesicht nach oben\" \/><\/a><div class='grid-content'><div class='avia-arrow'><\/div><header class=\"entry-content-header\" aria-label=\"Portfolio: Spenden von der Steuer absetzen\"><h3 class='grid-entry-title entry-title '  itemprop=\"headline\" ><a href='https:\/\/www.barbos-stiftung.de\/cms\/index.php\/portfolio-item\/spenden-von-der-steuer-absetzen\/' title='Spenden von der Steuer absetzen'>Spenden von der Steuer absetzen<\/a><\/h3><\/header><\/div><footer class=\"entry-footer\"><\/footer><\/article><\/div><div data-ajax-id='1703' class=' grid-entry flex_column isotope-item all_sort no_margin post-entry post-entry-1703 grid-entry-overview grid-loop-103 grid-parity-odd   av_one_half first default_av_fullwidth '><article class='main_color inner-entry'  itemscope=\"itemscope\" itemtype=\"https:\/\/schema.org\/CreativeWork\" ><a href=\"https:\/\/www.barbos-stiftung.de\/cms\/index.php\/portfolio-item\/weihnachtsgeschenk-in-letzter-minute\/\" title='Weihnachtsgeschenk in letzter Minute'  data-rel='grid-1' class='grid-image avia-hover-fx'> <img decoding=\"async\" fetchpriority=\"high\" width=\"495\" height=\"400\" src=\"https:\/\/www.barbos-stiftung.de\/cms\/wp-content\/uploads\/2022\/09\/Tonmaennchen-1-495x400.jpg\" class=\"wp-image-1595 avia-img-lazy-loading-not-1595 attachment-portfolio size-portfolio wp-post-image\" alt=\"Ein Mensch aus Ton gebaut. Er wurde aus lauter Kugeln gebaut.\" srcset=\"https:\/\/www.barbos-stiftung.de\/cms\/wp-content\/uploads\/2022\/09\/Tonmaennchen-1-495x400.jpg 495w, https:\/\/www.barbos-stiftung.de\/cms\/wp-content\/uploads\/2022\/09\/Tonmaennchen-1-845x684.jpg 845w\" sizes=\"(max-width: 495px) 100vw, 495px\" \/><\/a><div class='grid-content'><div class='avia-arrow'><\/div><header class=\"entry-content-header\" aria-label=\"Portfolio: Weihnachtsgeschenk in letzter Minute\"><h3 class='grid-entry-title entry-title '  itemprop=\"headline\" ><a href='https:\/\/www.barbos-stiftung.de\/cms\/index.php\/portfolio-item\/weihnachtsgeschenk-in-letzter-minute\/' title='Weihnachtsgeschenk in letzter Minute'>Weihnachtsgeschenk in letzter Minute<\/a><\/h3><\/header><\/div><footer class=\"entry-footer\"><\/footer><\/article><\/div><div data-ajax-id='1708' class=' grid-entry flex_column isotope-item all_sort no_margin post-entry post-entry-1708 grid-entry-overview grid-loop-104 grid-parity-even   av_one_half  default_av_fullwidth '><article class='main_color inner-entry'  itemscope=\"itemscope\" itemtype=\"https:\/\/schema.org\/CreativeWork\" ><a href=\"https:\/\/www.barbos-stiftung.de\/cms\/index.php\/portfolio-item\/minimalismus-auch-beim-schenken\/\" title='Minimalismus \u2013 auch beim Schenken.'  data-rel='grid-1' class='grid-image avia-hover-fx'> <img decoding=\"async\" fetchpriority=\"high\" width=\"495\" height=\"390\" src=\"https:\/\/www.barbos-stiftung.de\/cms\/wp-content\/uploads\/2020\/08\/Jobs_01-1-495x390.jpg\" class=\"wp-image-1101 avia-img-lazy-loading-not-1101 attachment-portfolio size-portfolio wp-post-image\" alt=\"\" \/><\/a><div class='grid-content'><div class='avia-arrow'><\/div><header class=\"entry-content-header\" aria-label=\"Portfolio: Minimalismus \u2013 auch beim Schenken.\"><h3 class='grid-entry-title entry-title '  itemprop=\"headline\" ><a href='https:\/\/www.barbos-stiftung.de\/cms\/index.php\/portfolio-item\/minimalismus-auch-beim-schenken\/' title='Minimalismus \u2013 auch beim Schenken.'>Minimalismus \u2013 auch beim Schenken.<\/a><\/h3><\/header><\/div><footer class=\"entry-footer\"><\/footer><\/article><\/div><div data-ajax-id='1756' class=' grid-entry flex_column isotope-item all_sort no_margin post-entry post-entry-1756 grid-entry-overview grid-loop-105 grid-parity-odd   av_one_half first default_av_fullwidth '><article class='main_color inner-entry'  itemscope=\"itemscope\" itemtype=\"https:\/\/schema.org\/CreativeWork\" ><a href=\"https:\/\/www.barbos-stiftung.de\/cms\/index.php\/portfolio-item\/weihnachtsbrief\/\" title='Weihnachtsbrief'  data-rel='grid-1' class='grid-image avia-hover-fx'> <img decoding=\"async\" fetchpriority=\"high\" width=\"495\" height=\"400\" src=\"https:\/\/www.barbos-stiftung.de\/cms\/wp-content\/uploads\/2022\/12\/Bild3-1-495x400.jpg\" class=\"wp-image-1758 avia-img-lazy-loading-not-1758 attachment-portfolio size-portfolio wp-post-image\" alt=\"\" \/><\/a><div class='grid-content'><div class='avia-arrow'><\/div><header class=\"entry-content-header\" aria-label=\"Portfolio: Weihnachtsbrief\"><h3 class='grid-entry-title entry-title '  itemprop=\"headline\" ><a href='https:\/\/www.barbos-stiftung.de\/cms\/index.php\/portfolio-item\/weihnachtsbrief\/' title='Weihnachtsbrief'>Weihnachtsbrief<\/a><\/h3><\/header><\/div><footer class=\"entry-footer\"><\/footer><\/article><\/div><div data-ajax-id='1698' class=' grid-entry flex_column isotope-item all_sort no_margin post-entry post-entry-1698 grid-entry-overview grid-loop-106 grid-parity-even   av_one_half  default_av_fullwidth '><article class='main_color inner-entry'  itemscope=\"itemscope\" itemtype=\"https:\/\/schema.org\/CreativeWork\" ><a href=\"https:\/\/www.barbos-stiftung.de\/cms\/index.php\/portfolio-item\/kinderlos-aber-ich-will-etwas-fuer-kinder-tun\/\" title='Kinderlos? \u2013 Aber ich will etwas f\u00fcr Kinder tun!'  data-rel='grid-1' class='grid-image avia-hover-fx'> <img decoding=\"async\" fetchpriority=\"high\" width=\"495\" height=\"400\" src=\"https:\/\/www.barbos-stiftung.de\/cms\/wp-content\/uploads\/2022\/09\/Maedel_vor_Tonfigur-1-495x400.jpg\" class=\"wp-image-1592 avia-img-lazy-loading-not-1592 attachment-portfolio size-portfolio wp-post-image\" alt=\"M\u00e4dchen baut einen Oberk\u00f6rper mit Kopf aus Ton\" srcset=\"https:\/\/www.barbos-stiftung.de\/cms\/wp-content\/uploads\/2022\/09\/Maedel_vor_Tonfigur-1-495x400.jpg 495w, https:\/\/www.barbos-stiftung.de\/cms\/wp-content\/uploads\/2022\/09\/Maedel_vor_Tonfigur-1-845x684.jpg 845w\" sizes=\"(max-width: 495px) 100vw, 495px\" \/><\/a><div class='grid-content'><div class='avia-arrow'><\/div><header class=\"entry-content-header\" aria-label=\"Portfolio: Kinderlos? \u2013 Aber ich will etwas f\u00fcr Kinder tun!\"><h3 class='grid-entry-title entry-title '  itemprop=\"headline\" ><a href='https:\/\/www.barbos-stiftung.de\/cms\/index.php\/portfolio-item\/kinderlos-aber-ich-will-etwas-fuer-kinder-tun\/' title='Kinderlos? \u2013 Aber ich will etwas f\u00fcr Kinder tun!'>Kinderlos? \u2013 Aber ich will etwas f\u00fcr Kinder tun!<\/a><\/h3><\/header><\/div><footer class=\"entry-footer\"><\/footer><\/article><\/div><div data-ajax-id='1746' class=' grid-entry flex_column isotope-item all_sort no_margin post-entry post-entry-1746 grid-entry-overview grid-loop-107 grid-parity-odd   av_one_half first default_av_fullwidth '><article class='main_color inner-entry'  itemscope=\"itemscope\" itemtype=\"https:\/\/schema.org\/CreativeWork\" ><a href=\"https:\/\/www.barbos-stiftung.de\/cms\/index.php\/portfolio-item\/barbos-stiftung-stifterin-stellt-vorstand-und-stiftung-zukunftsfaehig-neu-auf\/\" title='Barbos-Stiftung \u2013 Stifterin stellt Vorstand und Stiftung zukunftsf\u00e4hig neu auf'  data-rel='grid-1' class='grid-image avia-hover-fx'> <img decoding=\"async\" fetchpriority=\"high\" width=\"495\" height=\"400\" src=\"https:\/\/www.barbos-stiftung.de\/cms\/wp-content\/uploads\/2022\/12\/Barbara_01-1-495x400.jpg\" class=\"wp-image-1747 avia-img-lazy-loading-not-1747 attachment-portfolio size-portfolio wp-post-image\" alt=\"Links sitzt die Stifterin Barbara Osterwald. Neben ihr die neue Vorsitzende Mai Dang-Goy. Bei l\u00e4cheln.\" srcset=\"https:\/\/www.barbos-stiftung.de\/cms\/wp-content\/uploads\/2022\/12\/Barbara_01-1-495x400.jpg 495w, https:\/\/www.barbos-stiftung.de\/cms\/wp-content\/uploads\/2022\/12\/Barbara_01-1-845x684.jpg 845w\" sizes=\"(max-width: 495px) 100vw, 495px\" \/><\/a><div class='grid-content'><div class='avia-arrow'><\/div><header class=\"entry-content-header\" aria-label=\"Portfolio: Barbos-Stiftung \u2013 Stifterin stellt Vorstand und Stiftung zukunftsf\u00e4hig neu auf\"><h3 class='grid-entry-title entry-title '  itemprop=\"headline\" ><a href='https:\/\/www.barbos-stiftung.de\/cms\/index.php\/portfolio-item\/barbos-stiftung-stifterin-stellt-vorstand-und-stiftung-zukunftsfaehig-neu-auf\/' title='Barbos-Stiftung \u2013 Stifterin stellt Vorstand und Stiftung zukunftsf\u00e4hig neu auf'>Barbos-Stiftung \u2013 Stifterin stellt Vorstand und Stiftung zukunftsf\u00e4hig neu auf<\/a><\/h3><\/header><\/div><footer class=\"entry-footer\"><\/footer><\/article><\/div><div data-ajax-id='1705' class=' grid-entry flex_column isotope-item all_sort no_margin post-entry post-entry-1705 grid-entry-overview grid-loop-108 grid-parity-even   av_one_half  default_av_fullwidth '><article class='main_color inner-entry'  itemscope=\"itemscope\" itemtype=\"https:\/\/schema.org\/CreativeWork\" ><a href=\"https:\/\/www.barbos-stiftung.de\/cms\/index.php\/portfolio-item\/nachhaltigkeit-auch-beim-schenken\/\" title='Nachhaltigkeit \u2013 auch beim Schenken'  data-rel='grid-1' class='grid-image avia-hover-fx'> <img decoding=\"async\" fetchpriority=\"high\" width=\"495\" height=\"400\" src=\"https:\/\/www.barbos-stiftung.de\/cms\/wp-content\/uploads\/2022\/05\/Friedenshaus-1-495x400.jpg\" class=\"wp-image-1522 avia-img-lazy-loading-not-1522 attachment-portfolio size-portfolio wp-post-image\" alt=\"Ein kleines Kunstwerk aus Pappmache, Sand etc. gebaut, dass ein Haus mit spitzen D\u00e4chern, einem Teich oder Schwimmbad sowie Pflanzen und B\u00e4umen darstellt. Sch\u00f6n bunt bemalt. Es ist ein Friedenshaus.\" srcset=\"https:\/\/www.barbos-stiftung.de\/cms\/wp-content\/uploads\/2022\/05\/Friedenshaus-1-495x400.jpg 495w, https:\/\/www.barbos-stiftung.de\/cms\/wp-content\/uploads\/2022\/05\/Friedenshaus-1-845x684.jpg 845w\" sizes=\"(max-width: 495px) 100vw, 495px\" \/><\/a><div class='grid-content'><div class='avia-arrow'><\/div><header class=\"entry-content-header\" aria-label=\"Portfolio: Nachhaltigkeit \u2013 auch beim Schenken\"><h3 class='grid-entry-title entry-title '  itemprop=\"headline\" ><a href='https:\/\/www.barbos-stiftung.de\/cms\/index.php\/portfolio-item\/nachhaltigkeit-auch-beim-schenken\/' title='Nachhaltigkeit \u2013 auch beim Schenken'>Nachhaltigkeit \u2013 auch beim Schenken<\/a><\/h3><\/header><\/div><footer class=\"entry-footer\"><\/footer><\/article><\/div><div data-ajax-id='1738' class=' grid-entry flex_column isotope-item all_sort no_margin post-entry post-entry-1738 grid-entry-overview grid-loop-109 grid-parity-odd   av_one_half first default_av_fullwidth '><article class='main_color inner-entry'  itemscope=\"itemscope\" itemtype=\"https:\/\/schema.org\/CreativeWork\" ><a href=\"https:\/\/www.barbos-stiftung.de\/cms\/index.php\/portfolio-item\/giving-tuesday-statt-nur-black-friday\/\" title='#Giving Tuesday &#8211; statt nur Black Friday'  data-rel='grid-1' class='grid-image avia-hover-fx'> <img decoding=\"async\" fetchpriority=\"high\" width=\"495\" height=\"400\" src=\"https:\/\/www.barbos-stiftung.de\/cms\/wp-content\/uploads\/2022\/11\/Geldspende-scaled-1-495x400.jpg\" class=\"wp-image-1739 avia-img-lazy-loading-not-1739 attachment-portfolio size-portfolio wp-post-image\" alt=\"Hand reicht einen 20 Euro-Schein\" srcset=\"https:\/\/www.barbos-stiftung.de\/cms\/wp-content\/uploads\/2022\/11\/Geldspende-scaled-1-495x400.jpg 495w, https:\/\/www.barbos-stiftung.de\/cms\/wp-content\/uploads\/2022\/11\/Geldspende-scaled-1-845x684.jpg 845w\" sizes=\"(max-width: 495px) 100vw, 495px\" \/><\/a><div class='grid-content'><div class='avia-arrow'><\/div><header class=\"entry-content-header\" aria-label=\"Portfolio: #Giving Tuesday &#8211; statt nur Black Friday\"><h3 class='grid-entry-title entry-title '  itemprop=\"headline\" ><a href='https:\/\/www.barbos-stiftung.de\/cms\/index.php\/portfolio-item\/giving-tuesday-statt-nur-black-friday\/' title='#Giving Tuesday &#8211; statt nur Black Friday'>#Giving Tuesday &#8211; statt nur Black Friday<\/a><\/h3><\/header><\/div><footer class=\"entry-footer\"><\/footer><\/article><\/div><div data-ajax-id='1701' class=' grid-entry flex_column isotope-item all_sort no_margin post-entry post-entry-1701 grid-entry-overview grid-loop-110 grid-parity-even   av_one_half  default_av_fullwidth '><article class='main_color inner-entry'  itemscope=\"itemscope\" itemtype=\"https:\/\/schema.org\/CreativeWork\" ><a href=\"https:\/\/www.barbos-stiftung.de\/cms\/index.php\/portfolio-item\/schon-1-advent-spende-statt-praesente\/\" title='Schon 1. Advent \u2013 Spende statt Pr\u00e4sente'  data-rel='grid-1' class='grid-image avia-hover-fx'> <img decoding=\"async\" fetchpriority=\"high\" width=\"495\" height=\"400\" src=\"https:\/\/www.barbos-stiftung.de\/cms\/wp-content\/uploads\/2022\/06\/Schulkind_Hand_Tongesicht-1-1-495x400.jpg\" class=\"wp-image-1559 avia-img-lazy-loading-not-1559 attachment-portfolio size-portfolio wp-post-image\" alt=\"Ein M\u00e4dchen h\u00e4lt ein aus Ton geschaffenes M\u00e4dchengesicht nach oben\" \/><\/a><div class='grid-content'><div class='avia-arrow'><\/div><header class=\"entry-content-header\" aria-label=\"Portfolio: Schon 1. Advent \u2013 Spende statt Pr\u00e4sente\"><h3 class='grid-entry-title entry-title '  itemprop=\"headline\" ><a href='https:\/\/www.barbos-stiftung.de\/cms\/index.php\/portfolio-item\/schon-1-advent-spende-statt-praesente\/' title='Schon 1. Advent \u2013 Spende statt Pr\u00e4sente'>Schon 1. Advent \u2013 Spende statt Pr\u00e4sente<\/a><\/h3><\/header><\/div><footer class=\"entry-footer\"><\/footer><\/article><\/div><div data-ajax-id='1688' class=' grid-entry flex_column isotope-item all_sort no_margin post-entry post-entry-1688 grid-entry-overview grid-loop-111 grid-parity-odd   av_one_half first default_av_fullwidth '><article class='main_color inner-entry'  itemscope=\"itemscope\" itemtype=\"https:\/\/schema.org\/CreativeWork\" ><a href=\"https:\/\/www.barbos-stiftung.de\/cms\/index.php\/portfolio-item\/allerheiligen-totensonntag-was-ist-nach-meinem-tod\/\" title='Allerheiligen, Totensonntag \u2013 Was ist nach MEINEM Tod?'  data-rel='grid-1' class='grid-image avia-hover-fx'> <img decoding=\"async\" fetchpriority=\"high\" width=\"495\" height=\"400\" src=\"https:\/\/www.barbos-stiftung.de\/cms\/wp-content\/uploads\/2022\/09\/Happi-1-495x400.jpg\" class=\"wp-image-1590 avia-img-lazy-loading-not-1590 attachment-portfolio size-portfolio wp-post-image\" alt=\"Kinder malen eine Stadt mit H\u00e4usern, Wolken und Regenbogen. Auf dem Bild steht &quot;Happi&quot; - gemeint ist das englische &quot;happy&quot; = gl\u00fccklich\" srcset=\"https:\/\/www.barbos-stiftung.de\/cms\/wp-content\/uploads\/2022\/09\/Happi-1-495x400.jpg 495w, https:\/\/www.barbos-stiftung.de\/cms\/wp-content\/uploads\/2022\/09\/Happi-1-845x684.jpg 845w\" sizes=\"(max-width: 495px) 100vw, 495px\" \/><\/a><div class='grid-content'><div class='avia-arrow'><\/div><header class=\"entry-content-header\" aria-label=\"Portfolio: Allerheiligen, Totensonntag \u2013 Was ist nach MEINEM Tod?\"><h3 class='grid-entry-title entry-title '  itemprop=\"headline\" ><a href='https:\/\/www.barbos-stiftung.de\/cms\/index.php\/portfolio-item\/allerheiligen-totensonntag-was-ist-nach-meinem-tod\/' title='Allerheiligen, Totensonntag \u2013 Was ist nach MEINEM Tod?'>Allerheiligen, Totensonntag \u2013 Was ist nach MEINEM Tod?<\/a><\/h3><\/header><\/div><footer class=\"entry-footer\"><\/footer><\/article><\/div><div data-ajax-id='1623' class=' grid-entry flex_column isotope-item all_sort no_margin post-entry post-entry-1623 grid-entry-overview grid-loop-112 grid-parity-even   av_one_half  default_av_fullwidth '><article class='main_color inner-entry'  itemscope=\"itemscope\" itemtype=\"https:\/\/schema.org\/CreativeWork\" ><a href=\"https:\/\/www.barbos-stiftung.de\/cms\/index.php\/portfolio-item\/1623\/\" title='Barbos-bunt &#8211; f\u00fcr Fl\u00fcchtlinge'  data-rel='grid-1' class='grid-image avia-hover-fx'> <img decoding=\"async\" fetchpriority=\"high\" width=\"495\" height=\"400\" src=\"https:\/\/www.barbos-stiftung.de\/cms\/wp-content\/uploads\/2022\/10\/barbos-bunt-Fluechtlinge-1-495x400.jpg\" class=\"wp-image-1624 avia-img-lazy-loading-not-1624 attachment-portfolio size-portfolio wp-post-image\" alt=\"Kunsttherapeutin sitzt in einem Bauwagen und erz\u00e4hlt \u00fcber die Maltherapie mit gefl\u00fcchteten Kindern. Mai Dang-Goy h\u00f6rt zu.\" srcset=\"https:\/\/www.barbos-stiftung.de\/cms\/wp-content\/uploads\/2022\/10\/barbos-bunt-Fluechtlinge-1-495x400.jpg 495w, https:\/\/www.barbos-stiftung.de\/cms\/wp-content\/uploads\/2022\/10\/barbos-bunt-Fluechtlinge-1-845x684.jpg 845w\" sizes=\"(max-width: 495px) 100vw, 495px\" \/><\/a><div class='grid-content'><div class='avia-arrow'><\/div><header class=\"entry-content-header\" aria-label=\"Portfolio: Barbos-bunt &#8211; f\u00fcr Fl\u00fcchtlinge\"><h3 class='grid-entry-title entry-title '  itemprop=\"headline\" ><a href='https:\/\/www.barbos-stiftung.de\/cms\/index.php\/portfolio-item\/1623\/' title='Barbos-bunt &#8211; f\u00fcr Fl\u00fcchtlinge'>Barbos-bunt &#8211; f\u00fcr Fl\u00fcchtlinge<\/a><\/h3><\/header><\/div><footer class=\"entry-footer\"><\/footer><\/article><\/div><div data-ajax-id='1606' class=' grid-entry flex_column isotope-item all_sort no_margin post-entry post-entry-1606 grid-entry-overview grid-loop-113 grid-parity-odd   av_one_half first default_av_fullwidth '><article class='main_color inner-entry'  itemscope=\"itemscope\" itemtype=\"https:\/\/schema.org\/CreativeWork\" ><a href=\"https:\/\/www.barbos-stiftung.de\/cms\/index.php\/portfolio-item\/rueckkehr-in-die-schule-fuer-viele-kinder-ein-grauen\/\" title='R\u00fcckkehr in die Schule \u2013 f\u00fcr viele Kinder ein Grauen'  data-rel='grid-1' class='grid-image avia-hover-fx'> <img decoding=\"async\" fetchpriority=\"high\" width=\"495\" height=\"400\" src=\"https:\/\/www.barbos-stiftung.de\/cms\/wp-content\/uploads\/2022\/09\/Tonmaennchen-1-495x400.jpg\" class=\"wp-image-1595 avia-img-lazy-loading-not-1595 attachment-portfolio size-portfolio wp-post-image\" alt=\"Ein Mensch aus Ton gebaut. Er wurde aus lauter Kugeln gebaut.\" srcset=\"https:\/\/www.barbos-stiftung.de\/cms\/wp-content\/uploads\/2022\/09\/Tonmaennchen-1-495x400.jpg 495w, https:\/\/www.barbos-stiftung.de\/cms\/wp-content\/uploads\/2022\/09\/Tonmaennchen-1-845x684.jpg 845w\" sizes=\"(max-width: 495px) 100vw, 495px\" \/><\/a><div class='grid-content'><div class='avia-arrow'><\/div><header class=\"entry-content-header\" aria-label=\"Portfolio: R\u00fcckkehr in die Schule \u2013 f\u00fcr viele Kinder ein Grauen\"><h3 class='grid-entry-title entry-title '  itemprop=\"headline\" ><a href='https:\/\/www.barbos-stiftung.de\/cms\/index.php\/portfolio-item\/rueckkehr-in-die-schule-fuer-viele-kinder-ein-grauen\/' title='R\u00fcckkehr in die Schule \u2013 f\u00fcr viele Kinder ein Grauen'>R\u00fcckkehr in die Schule \u2013 f\u00fcr viele Kinder ein Grauen<\/a><\/h3><\/header><\/div><footer class=\"entry-footer\"><\/footer><\/article><\/div><div data-ajax-id='1604' class=' grid-entry flex_column isotope-item all_sort no_margin post-entry post-entry-1604 grid-entry-overview grid-loop-114 grid-parity-even   av_one_half  default_av_fullwidth '><article class='main_color inner-entry'  itemscope=\"itemscope\" itemtype=\"https:\/\/schema.org\/CreativeWork\" ><a href=\"https:\/\/www.barbos-stiftung.de\/cms\/index.php\/portfolio-item\/ferien-aber-unsere-tonfeldbegleiter-arbeiten-weiter\/\" title='Ferien \u2013 aber unsere Tonfeldbegleiter arbeiten weiter'  data-rel='grid-1' class='grid-image avia-hover-fx'> <img decoding=\"async\" fetchpriority=\"high\" width=\"495\" height=\"400\" src=\"https:\/\/www.barbos-stiftung.de\/cms\/wp-content\/uploads\/2022\/09\/Tonkugeln-1-495x400.jpg\" class=\"wp-image-1594 avia-img-lazy-loading-not-1594 attachment-portfolio size-portfolio wp-post-image\" alt=\"Tonkugeln \u00fcbereinandergestapelt. Es sieht aus wie Schneem\u00e4nner oder Menschen.\" srcset=\"https:\/\/www.barbos-stiftung.de\/cms\/wp-content\/uploads\/2022\/09\/Tonkugeln-1-495x400.jpg 495w, https:\/\/www.barbos-stiftung.de\/cms\/wp-content\/uploads\/2022\/09\/Tonkugeln-1-845x684.jpg 845w\" sizes=\"(max-width: 495px) 100vw, 495px\" \/><\/a><div class='grid-content'><div class='avia-arrow'><\/div><header class=\"entry-content-header\" aria-label=\"Portfolio: Ferien \u2013 aber unsere Tonfeldbegleiter arbeiten weiter\"><h3 class='grid-entry-title entry-title '  itemprop=\"headline\" ><a href='https:\/\/www.barbos-stiftung.de\/cms\/index.php\/portfolio-item\/ferien-aber-unsere-tonfeldbegleiter-arbeiten-weiter\/' title='Ferien \u2013 aber unsere Tonfeldbegleiter arbeiten weiter'>Ferien \u2013 aber unsere Tonfeldbegleiter arbeiten weiter<\/a><\/h3><\/header><\/div><footer class=\"entry-footer\"><\/footer><\/article><\/div><div data-ajax-id='1600' class=' grid-entry flex_column isotope-item all_sort no_margin post-entry post-entry-1600 grid-entry-overview grid-loop-115 grid-parity-odd   av_one_half first default_av_fullwidth '><article class='main_color inner-entry'  itemscope=\"itemscope\" itemtype=\"https:\/\/schema.org\/CreativeWork\" ><a href=\"https:\/\/www.barbos-stiftung.de\/cms\/index.php\/portfolio-item\/wenn-probleme-noch-in-den-kinderschuhen-stecken\/\" title='Wenn Probleme noch in den Kinderschuhen stecken &#8230;'  data-rel='grid-1' class='grid-image avia-hover-fx'> <img decoding=\"async\" fetchpriority=\"high\" width=\"495\" height=\"400\" src=\"https:\/\/www.barbos-stiftung.de\/cms\/wp-content\/uploads\/2022\/09\/Kinderschuhe_Hand-scaled-1-495x400.jpg\" class=\"wp-image-1601 avia-img-lazy-loading-not-1601 attachment-portfolio size-portfolio wp-post-image\" alt=\"\" srcset=\"https:\/\/www.barbos-stiftung.de\/cms\/wp-content\/uploads\/2022\/09\/Kinderschuhe_Hand-scaled-1-495x400.jpg 495w, https:\/\/www.barbos-stiftung.de\/cms\/wp-content\/uploads\/2022\/09\/Kinderschuhe_Hand-scaled-1-845x684.jpg 845w\" sizes=\"(max-width: 495px) 100vw, 495px\" \/><\/a><div class='grid-content'><div class='avia-arrow'><\/div><header class=\"entry-content-header\" aria-label=\"Portfolio: Wenn Probleme noch in den Kinderschuhen stecken &#8230;\"><h3 class='grid-entry-title entry-title '  itemprop=\"headline\" ><a href='https:\/\/www.barbos-stiftung.de\/cms\/index.php\/portfolio-item\/wenn-probleme-noch-in-den-kinderschuhen-stecken\/' title='Wenn Probleme noch in den Kinderschuhen stecken &#8230;'>Wenn Probleme noch in den Kinderschuhen stecken &#8230;<\/a><\/h3><\/header><\/div><footer class=\"entry-footer\"><\/footer><\/article><\/div><div data-ajax-id='1580' class=' grid-entry flex_column isotope-item all_sort no_margin post-entry post-entry-1580 grid-entry-overview grid-loop-116 grid-parity-even   av_one_half  default_av_fullwidth '><article class='main_color inner-entry'  itemscope=\"itemscope\" itemtype=\"https:\/\/schema.org\/CreativeWork\" ><a href=\"https:\/\/www.barbos-stiftung.de\/cms\/index.php\/portfolio-item\/pallas-seminare-versteigern-fuer-barbos-kinder\/\" title='PALLAS-Seminare versteigern f\u00fcr Barbos-Kinder'  data-rel='grid-1' class='grid-image avia-hover-fx'> <img decoding=\"async\" fetchpriority=\"high\" width=\"495\" height=\"400\" src=\"https:\/\/www.barbos-stiftung.de\/cms\/wp-content\/uploads\/2022\/07\/Pallas_Spendenuebergabe_2022-07-1-495x400.jpeg\" class=\"wp-image-1578 avia-img-lazy-loading-not-1578 attachment-portfolio size-portfolio wp-post-image\" alt=\"Eine Frau sitzt links auf einem Sofa. Sie \u00fcbergibt einen Spendenscheck von Pallas Seminare an eine Frau der Barbos-Stiftung, die auch auf dem Sofa sitzt. Beide strahlen.\" srcset=\"https:\/\/www.barbos-stiftung.de\/cms\/wp-content\/uploads\/2022\/07\/Pallas_Spendenuebergabe_2022-07-1-495x400.jpeg 495w, https:\/\/www.barbos-stiftung.de\/cms\/wp-content\/uploads\/2022\/07\/Pallas_Spendenuebergabe_2022-07-1-845x684.jpeg 845w\" sizes=\"(max-width: 495px) 100vw, 495px\" \/><\/a><div class='grid-content'><div class='avia-arrow'><\/div><header class=\"entry-content-header\" aria-label=\"Portfolio: PALLAS-Seminare versteigern f\u00fcr Barbos-Kinder\"><h3 class='grid-entry-title entry-title '  itemprop=\"headline\" ><a href='https:\/\/www.barbos-stiftung.de\/cms\/index.php\/portfolio-item\/pallas-seminare-versteigern-fuer-barbos-kinder\/' title='PALLAS-Seminare versteigern f\u00fcr Barbos-Kinder'>PALLAS-Seminare versteigern f\u00fcr Barbos-Kinder<\/a><\/h3><\/header><\/div><footer class=\"entry-footer\"><\/footer><\/article><\/div><div data-ajax-id='1553' class=' grid-entry flex_column isotope-item all_sort no_margin post-entry post-entry-1553 grid-entry-overview grid-loop-117 grid-parity-odd   av_one_half first default_av_fullwidth '><article class='main_color inner-entry'  itemscope=\"itemscope\" itemtype=\"https:\/\/schema.org\/CreativeWork\" ><a href=\"https:\/\/www.barbos-stiftung.de\/cms\/index.php\/portfolio-item\/deutsches-schulbarometer-drittgroesste-lehrersorge-verhaltensauffaellige-kinder\/\" title='Deutsches Schulbarometer &#8211; Drittgr\u00f6\u00dfte Lehrersorge: verhaltensauff\u00e4llige Kinder'  data-rel='grid-1' class='grid-image avia-hover-fx'> <img decoding=\"async\" fetchpriority=\"high\" width=\"495\" height=\"400\" src=\"https:\/\/www.barbos-stiftung.de\/cms\/wp-content\/uploads\/2022\/06\/Schulkind_Hand_Tongesicht-1-1-495x400.jpg\" class=\"wp-image-1559 avia-img-lazy-loading-not-1559 attachment-portfolio size-portfolio wp-post-image\" alt=\"Ein M\u00e4dchen h\u00e4lt ein aus Ton geschaffenes M\u00e4dchengesicht nach oben\" \/><\/a><div class='grid-content'><div class='avia-arrow'><\/div><header class=\"entry-content-header\" aria-label=\"Portfolio: Deutsches Schulbarometer &#8211; Drittgr\u00f6\u00dfte Lehrersorge: verhaltensauff\u00e4llige Kinder\"><h3 class='grid-entry-title entry-title '  itemprop=\"headline\" ><a href='https:\/\/www.barbos-stiftung.de\/cms\/index.php\/portfolio-item\/deutsches-schulbarometer-drittgroesste-lehrersorge-verhaltensauffaellige-kinder\/' title='Deutsches Schulbarometer &#8211; Drittgr\u00f6\u00dfte Lehrersorge: verhaltensauff\u00e4llige Kinder'>Deutsches Schulbarometer &#8211; Drittgr\u00f6\u00dfte Lehrersorge: verhaltensauff\u00e4llige Kinder<\/a><\/h3><\/header><\/div><footer class=\"entry-footer\"><\/footer><\/article><\/div><div data-ajax-id='1532' class=' grid-entry flex_column isotope-item all_sort no_margin post-entry post-entry-1532 grid-entry-overview grid-loop-118 grid-parity-even   av_one_half  default_av_fullwidth '><article class='main_color inner-entry'  itemscope=\"itemscope\" itemtype=\"https:\/\/schema.org\/CreativeWork\" ><a href=\"https:\/\/www.barbos-stiftung.de\/cms\/index.php\/portfolio-item\/maltherapie-das-mittel-der-wahl-fuer-ukrainische-kinder\/\" title='Maltherapie das Mittel der Wahl &#8211; f\u00fcr ukrainische Kinder'  data-rel='grid-1' class='grid-image avia-hover-fx'> <img decoding=\"async\" fetchpriority=\"high\" width=\"495\" height=\"400\" src=\"https:\/\/www.barbos-stiftung.de\/cms\/wp-content\/uploads\/2022\/05\/Ukraine_Hand_kleiner-scaled-1-495x400.jpg\" class=\"wp-image-1535 avia-img-lazy-loading-not-1535 attachment-portfolio size-portfolio wp-post-image\" alt=\"\" srcset=\"https:\/\/www.barbos-stiftung.de\/cms\/wp-content\/uploads\/2022\/05\/Ukraine_Hand_kleiner-scaled-1-495x400.jpg 495w, https:\/\/www.barbos-stiftung.de\/cms\/wp-content\/uploads\/2022\/05\/Ukraine_Hand_kleiner-scaled-1-845x684.jpg 845w\" sizes=\"(max-width: 495px) 100vw, 495px\" \/><\/a><div class='grid-content'><div class='avia-arrow'><\/div><header class=\"entry-content-header\" aria-label=\"Portfolio: Maltherapie das Mittel der Wahl &#8211; f\u00fcr ukrainische Kinder\"><h3 class='grid-entry-title entry-title '  itemprop=\"headline\" ><a href='https:\/\/www.barbos-stiftung.de\/cms\/index.php\/portfolio-item\/maltherapie-das-mittel-der-wahl-fuer-ukrainische-kinder\/' title='Maltherapie das Mittel der Wahl &#8211; f\u00fcr ukrainische Kinder'>Maltherapie das Mittel der Wahl &#8211; f\u00fcr ukrainische Kinder<\/a><\/h3><\/header><\/div><footer class=\"entry-footer\"><\/footer><\/article><\/div><div data-ajax-id='1529' class=' grid-entry flex_column isotope-item all_sort no_margin post-entry post-entry-1529 grid-entry-overview grid-loop-119 grid-parity-odd   av_one_half first default_av_fullwidth '><article class='main_color inner-entry'  itemscope=\"itemscope\" itemtype=\"https:\/\/schema.org\/CreativeWork\" ><a href=\"https:\/\/www.barbos-stiftung.de\/cms\/index.php\/portfolio-item\/erste-ukraine-kinder-in-maltherapie-katze-und-hund-fehlen\/\" title='Erste Ukraine-Kinder in Maltherapie \u2013 Katze und Hund fehlen'  data-rel='grid-1' class='grid-image avia-hover-fx'> <img decoding=\"async\" fetchpriority=\"high\" width=\"495\" height=\"400\" src=\"https:\/\/www.barbos-stiftung.de\/cms\/wp-content\/uploads\/2022\/05\/Haende_Katze-1-495x400.jpg\" class=\"wp-image-1547 avia-img-lazy-loading-not-1547 attachment-portfolio size-portfolio wp-post-image\" alt=\"Ein gefl\u00fcchtetes Kind h\u00e4lt ein Stofftier in H\u00e4nden.\" srcset=\"https:\/\/www.barbos-stiftung.de\/cms\/wp-content\/uploads\/2022\/05\/Haende_Katze-1-495x400.jpg 495w, https:\/\/www.barbos-stiftung.de\/cms\/wp-content\/uploads\/2022\/05\/Haende_Katze-1-845x684.jpg 845w\" sizes=\"(max-width: 495px) 100vw, 495px\" \/><\/a><div class='grid-content'><div class='avia-arrow'><\/div><header class=\"entry-content-header\" aria-label=\"Portfolio: Erste Ukraine-Kinder in Maltherapie \u2013 Katze und Hund fehlen\"><h3 class='grid-entry-title entry-title '  itemprop=\"headline\" ><a href='https:\/\/www.barbos-stiftung.de\/cms\/index.php\/portfolio-item\/erste-ukraine-kinder-in-maltherapie-katze-und-hund-fehlen\/' title='Erste Ukraine-Kinder in Maltherapie \u2013 Katze und Hund fehlen'>Erste Ukraine-Kinder in Maltherapie \u2013 Katze und Hund fehlen<\/a><\/h3><\/header><\/div><footer class=\"entry-footer\"><\/footer><\/article><\/div><div data-ajax-id='1519' class=' grid-entry flex_column isotope-item all_sort no_margin post-entry post-entry-1519 grid-entry-overview grid-loop-120 grid-parity-even   av_one_half  default_av_fullwidth '><article class='main_color inner-entry'  itemscope=\"itemscope\" itemtype=\"https:\/\/schema.org\/CreativeWork\" ><a href=\"https:\/\/www.barbos-stiftung.de\/cms\/index.php\/portfolio-item\/friedenshaeuser-von-gefluechteten-kindern\/\" title='Friedensh\u00e4user von gefl\u00fcchteten Kindern'  data-rel='grid-1' class='grid-image avia-hover-fx'> <img decoding=\"async\" fetchpriority=\"high\" width=\"495\" height=\"400\" src=\"https:\/\/www.barbos-stiftung.de\/cms\/wp-content\/uploads\/2022\/05\/Friedenshaus-1-495x400.jpg\" class=\"wp-image-1522 avia-img-lazy-loading-not-1522 attachment-portfolio size-portfolio wp-post-image\" alt=\"Ein kleines Kunstwerk aus Pappmache, Sand etc. gebaut, dass ein Haus mit spitzen D\u00e4chern, einem Teich oder Schwimmbad sowie Pflanzen und B\u00e4umen darstellt. Sch\u00f6n bunt bemalt. Es ist ein Friedenshaus.\" srcset=\"https:\/\/www.barbos-stiftung.de\/cms\/wp-content\/uploads\/2022\/05\/Friedenshaus-1-495x400.jpg 495w, https:\/\/www.barbos-stiftung.de\/cms\/wp-content\/uploads\/2022\/05\/Friedenshaus-1-845x684.jpg 845w\" sizes=\"(max-width: 495px) 100vw, 495px\" \/><\/a><div class='grid-content'><div class='avia-arrow'><\/div><header class=\"entry-content-header\" aria-label=\"Portfolio: Friedensh\u00e4user von gefl\u00fcchteten Kindern\"><h3 class='grid-entry-title entry-title '  itemprop=\"headline\" ><a href='https:\/\/www.barbos-stiftung.de\/cms\/index.php\/portfolio-item\/friedenshaeuser-von-gefluechteten-kindern\/' title='Friedensh\u00e4user von gefl\u00fcchteten Kindern'>Friedensh\u00e4user von gefl\u00fcchteten Kindern<\/a><\/h3><\/header><\/div><footer class=\"entry-footer\"><\/footer><\/article><\/div><div data-ajax-id='1506' class=' grid-entry flex_column isotope-item all_sort no_margin post-entry post-entry-1506 grid-entry-overview grid-loop-121 grid-parity-odd   av_one_half first default_av_fullwidth '><article class='main_color inner-entry'  itemscope=\"itemscope\" itemtype=\"https:\/\/schema.org\/CreativeWork\" ><a href=\"https:\/\/www.barbos-stiftung.de\/cms\/index.php\/portfolio-item\/barbos-stiftung-fuer-ukraine-kinder\/\" title='Barbos-Stiftung f\u00fcr Ukraine-Kinder'  data-rel='grid-1' class='grid-image avia-hover-fx'> <img decoding=\"async\" fetchpriority=\"high\" width=\"495\" height=\"400\" src=\"https:\/\/www.barbos-stiftung.de\/cms\/wp-content\/uploads\/2022\/03\/Ukraine-Barbos_01-1-495x400.jpg\" class=\"wp-image-1507 avia-img-lazy-loading-not-1507 attachment-portfolio size-portfolio wp-post-image\" alt=\"Auf einer Hand liegen eine gelbe und blaue kleine Farbkarte sowie ein Pinsel.\" srcset=\"https:\/\/www.barbos-stiftung.de\/cms\/wp-content\/uploads\/2022\/03\/Ukraine-Barbos_01-1-495x400.jpg 495w, https:\/\/www.barbos-stiftung.de\/cms\/wp-content\/uploads\/2022\/03\/Ukraine-Barbos_01-1-845x684.jpg 845w\" sizes=\"(max-width: 495px) 100vw, 495px\" \/><\/a><div class='grid-content'><div class='avia-arrow'><\/div><header class=\"entry-content-header\" aria-label=\"Portfolio: Barbos-Stiftung f\u00fcr Ukraine-Kinder\"><h3 class='grid-entry-title entry-title '  itemprop=\"headline\" ><a href='https:\/\/www.barbos-stiftung.de\/cms\/index.php\/portfolio-item\/barbos-stiftung-fuer-ukraine-kinder\/' title='Barbos-Stiftung f\u00fcr Ukraine-Kinder'>Barbos-Stiftung f\u00fcr Ukraine-Kinder<\/a><\/h3><\/header><\/div><footer class=\"entry-footer\"><\/footer><\/article><\/div><div data-ajax-id='1486' class=' grid-entry flex_column isotope-item all_sort no_margin post-entry post-entry-1486 grid-entry-overview grid-loop-122 grid-parity-even   av_one_half  default_av_fullwidth '><article class='main_color inner-entry'  itemscope=\"itemscope\" itemtype=\"https:\/\/schema.org\/CreativeWork\" ><a href=\"https:\/\/www.barbos-stiftung.de\/cms\/index.php\/portfolio-item\/stand-up-paddler-reichen-ihre-hand\/\" title='Stand up-Paddler reichen ihre Hand'  data-rel='grid-1' class='grid-image avia-hover-fx'> <img decoding=\"async\" fetchpriority=\"high\" width=\"495\" height=\"400\" src=\"https:\/\/www.barbos-stiftung.de\/cms\/wp-content\/uploads\/2022\/02\/SUP_Team_Haende_01-1-495x400.jpg\" class=\"wp-image-1490 avia-img-lazy-loading-not-1490 attachment-portfolio size-portfolio wp-post-image\" alt=\"5 Paddler stehen an einem See und halten gemeinsam ein Paddel.\" srcset=\"https:\/\/www.barbos-stiftung.de\/cms\/wp-content\/uploads\/2022\/02\/SUP_Team_Haende_01-1-495x400.jpg 495w, https:\/\/www.barbos-stiftung.de\/cms\/wp-content\/uploads\/2022\/02\/SUP_Team_Haende_01-1-300x243.jpg 300w, https:\/\/www.barbos-stiftung.de\/cms\/wp-content\/uploads\/2022\/02\/SUP_Team_Haende_01-1-1030x833.jpg 1030w, https:\/\/www.barbos-stiftung.de\/cms\/wp-content\/uploads\/2022\/02\/SUP_Team_Haende_01-1-768x621.jpg 768w, https:\/\/www.barbos-stiftung.de\/cms\/wp-content\/uploads\/2022\/02\/SUP_Team_Haende_01-1-1536x1242.jpg 1536w, https:\/\/www.barbos-stiftung.de\/cms\/wp-content\/uploads\/2022\/02\/SUP_Team_Haende_01-1-1500x1213.jpg 1500w, https:\/\/www.barbos-stiftung.de\/cms\/wp-content\/uploads\/2022\/02\/SUP_Team_Haende_01-1-845x684.jpg 845w, https:\/\/www.barbos-stiftung.de\/cms\/wp-content\/uploads\/2022\/02\/SUP_Team_Haende_01-1-705x570.jpg 705w, https:\/\/www.barbos-stiftung.de\/cms\/wp-content\/uploads\/2022\/02\/SUP_Team_Haende_01-1.jpg 1920w\" sizes=\"(max-width: 495px) 100vw, 495px\" \/><\/a><div class='grid-content'><div class='avia-arrow'><\/div><header class=\"entry-content-header\" aria-label=\"Portfolio: Stand up-Paddler reichen ihre Hand\"><h3 class='grid-entry-title entry-title '  itemprop=\"headline\" ><a href='https:\/\/www.barbos-stiftung.de\/cms\/index.php\/portfolio-item\/stand-up-paddler-reichen-ihre-hand\/' title='Stand up-Paddler reichen ihre Hand'>Stand up-Paddler reichen ihre Hand<\/a><\/h3><\/header><\/div><footer class=\"entry-footer\"><\/footer><\/article><\/div><div data-ajax-id='1455' class=' grid-entry flex_column isotope-item all_sort no_margin post-entry post-entry-1455 grid-entry-overview grid-loop-123 grid-parity-odd   av_one_half first default_av_fullwidth '><article class='main_color inner-entry'  itemscope=\"itemscope\" itemtype=\"https:\/\/schema.org\/CreativeWork\" ><a href=\"https:\/\/www.barbos-stiftung.de\/cms\/index.php\/portfolio-item\/corona-der-hilfsbedarf-fuer-kinder-steigt-dringlich\/\" title='Corona \u2013 der Hilfsbedarf f\u00fcr Kinder steigt dringlich'  data-rel='grid-1' class='grid-image avia-hover-fx'> <img decoding=\"async\" fetchpriority=\"high\" width=\"495\" height=\"400\" src=\"https:\/\/www.barbos-stiftung.de\/cms\/wp-content\/uploads\/2020\/03\/IMG_20-1-495x400.jpg\" class=\"wp-image-817 avia-img-lazy-loading-not-817 attachment-portfolio size-portfolio wp-post-image\" alt=\"\" \/><\/a><div class='grid-content'><div class='avia-arrow'><\/div><header class=\"entry-content-header\" aria-label=\"Portfolio: Corona \u2013 der Hilfsbedarf f\u00fcr Kinder steigt dringlich\"><h3 class='grid-entry-title entry-title '  itemprop=\"headline\" ><a href='https:\/\/www.barbos-stiftung.de\/cms\/index.php\/portfolio-item\/corona-der-hilfsbedarf-fuer-kinder-steigt-dringlich\/' title='Corona \u2013 der Hilfsbedarf f\u00fcr Kinder steigt dringlich'>Corona \u2013 der Hilfsbedarf f\u00fcr Kinder steigt dringlich<\/a><\/h3><\/header><\/div><footer class=\"entry-footer\"><\/footer><\/article><\/div><div data-ajax-id='1443' class=' grid-entry flex_column isotope-item all_sort no_margin post-entry post-entry-1443 grid-entry-overview grid-loop-124 grid-parity-even   av_one_half  default_av_fullwidth '><article class='main_color inner-entry'  itemscope=\"itemscope\" itemtype=\"https:\/\/schema.org\/CreativeWork\" ><a href=\"https:\/\/www.barbos-stiftung.de\/cms\/index.php\/portfolio-item\/ich-weiss-was-es-fuer-ein-kind-bedeutet\/\" title='Ich wei\u00df, was es f\u00fcr ein Kind bedeutet'  data-rel='grid-1' class='grid-image avia-hover-fx'> <img decoding=\"async\" fetchpriority=\"high\" width=\"495\" height=\"400\" src=\"https:\/\/www.barbos-stiftung.de\/cms\/wp-content\/uploads\/2022\/02\/Spenderin_Ina_L-2-e1644264379600-1-495x400.jpg\" class=\"wp-image-1373 avia-img-lazy-loading-not-1373 attachment-portfolio size-portfolio wp-post-image\" alt=\"Hand einer Frau\" srcset=\"https:\/\/www.barbos-stiftung.de\/cms\/wp-content\/uploads\/2022\/02\/Spenderin_Ina_L-2-e1644264379600-1-495x400.jpg 495w, https:\/\/www.barbos-stiftung.de\/cms\/wp-content\/uploads\/2022\/02\/Spenderin_Ina_L-2-e1644264379600-1-845x684.jpg 845w\" sizes=\"(max-width: 495px) 100vw, 495px\" \/><\/a><div class='grid-content'><div class='avia-arrow'><\/div><header class=\"entry-content-header\" aria-label=\"Portfolio: Ich wei\u00df, was es f\u00fcr ein Kind bedeutet\"><h3 class='grid-entry-title entry-title '  itemprop=\"headline\" ><a href='https:\/\/www.barbos-stiftung.de\/cms\/index.php\/portfolio-item\/ich-weiss-was-es-fuer-ein-kind-bedeutet\/' title='Ich wei\u00df, was es f\u00fcr ein Kind bedeutet'>Ich wei\u00df, was es f\u00fcr ein Kind bedeutet<\/a><\/h3><\/header><\/div><footer class=\"entry-footer\"><\/footer><\/article><\/div><div data-ajax-id='1441' class=' grid-entry flex_column isotope-item all_sort no_margin post-entry post-entry-1441 grid-entry-overview grid-loop-125 grid-parity-odd   av_one_half first default_av_fullwidth '><article class='main_color inner-entry'  itemscope=\"itemscope\" itemtype=\"https:\/\/schema.org\/CreativeWork\" ><a href=\"https:\/\/www.barbos-stiftung.de\/cms\/index.php\/portfolio-item\/spendenaufruf-barbos-fuer-gefluechtete-kinder-ohne-spiel-platz\/\" title='Spendenaufruf: Barbos f\u00fcr gefl\u00fcchtete Kinder ohne Spiel-Platz'  data-rel='grid-1' class='grid-image avia-hover-fx'> <img decoding=\"async\" fetchpriority=\"high\" width=\"495\" height=\"400\" src=\"https:\/\/www.barbos-stiftung.de\/cms\/wp-content\/uploads\/2022\/01\/Bauwagen_01-1-495x400.jpg\" class=\"wp-image-1358 avia-img-lazy-loading-not-1358 attachment-portfolio size-portfolio wp-post-image\" alt=\"\" srcset=\"https:\/\/www.barbos-stiftung.de\/cms\/wp-content\/uploads\/2022\/01\/Bauwagen_01-1-495x400.jpg 495w, https:\/\/www.barbos-stiftung.de\/cms\/wp-content\/uploads\/2022\/01\/Bauwagen_01-1-845x684.jpg 845w\" sizes=\"(max-width: 495px) 100vw, 495px\" \/><\/a><div class='grid-content'><div class='avia-arrow'><\/div><header class=\"entry-content-header\" aria-label=\"Portfolio: Spendenaufruf: Barbos f\u00fcr gefl\u00fcchtete Kinder ohne Spiel-Platz\"><h3 class='grid-entry-title entry-title '  itemprop=\"headline\" ><a href='https:\/\/www.barbos-stiftung.de\/cms\/index.php\/portfolio-item\/spendenaufruf-barbos-fuer-gefluechtete-kinder-ohne-spiel-platz\/' title='Spendenaufruf: Barbos f\u00fcr gefl\u00fcchtete Kinder ohne Spiel-Platz'>Spendenaufruf: Barbos f\u00fcr gefl\u00fcchtete Kinder ohne Spiel-Platz<\/a><\/h3><\/header><\/div><footer class=\"entry-footer\"><\/footer><\/article><\/div><div data-ajax-id='1438' class=' grid-entry flex_column isotope-item all_sort no_margin post-entry post-entry-1438 grid-entry-overview grid-loop-126 grid-parity-even   av_one_half  default_av_fullwidth '><article class='main_color inner-entry'  itemscope=\"itemscope\" itemtype=\"https:\/\/schema.org\/CreativeWork\" ><a href=\"https:\/\/www.barbos-stiftung.de\/cms\/index.php\/portfolio-item\/die-lange-nacht-der-demokratie-2021\/\" title='Die Lange Nacht der Demokratie 2021'  data-rel='grid-1' class='grid-image avia-hover-fx'> <img decoding=\"async\" fetchpriority=\"high\" width=\"495\" height=\"400\" src=\"https:\/\/www.barbos-stiftung.de\/cms\/wp-content\/uploads\/2021\/09\/LangeNachtderDemokratie_2021-1-495x400.jpg\" class=\"wp-image-1230 avia-img-lazy-loading-not-1230 attachment-portfolio size-portfolio wp-post-image\" alt=\"\" \/><\/a><div class='grid-content'><div class='avia-arrow'><\/div><header class=\"entry-content-header\" aria-label=\"Portfolio: Die Lange Nacht der Demokratie 2021\"><h3 class='grid-entry-title entry-title '  itemprop=\"headline\" ><a href='https:\/\/www.barbos-stiftung.de\/cms\/index.php\/portfolio-item\/die-lange-nacht-der-demokratie-2021\/' title='Die Lange Nacht der Demokratie 2021'>Die Lange Nacht der Demokratie 2021<\/a><\/h3><\/header><\/div><footer class=\"entry-footer\"><\/footer><\/article><\/div><div data-ajax-id='1434' class=' grid-entry flex_column isotope-item all_sort no_margin post-entry post-entry-1434 grid-entry-overview grid-loop-127 grid-parity-odd   av_one_half first default_av_fullwidth '><article class='main_color inner-entry'  itemscope=\"itemscope\" itemtype=\"https:\/\/schema.org\/CreativeWork\" ><a href=\"https:\/\/www.barbos-stiftung.de\/cms\/index.php\/portfolio-item\/fruehjahrsbrief-mai-2021\/\" title='Fr\u00fchjahrsbrief \u2013 Mai 2021'  data-rel='grid-1' class='grid-image avia-hover-fx'> <img decoding=\"async\" fetchpriority=\"high\" width=\"495\" height=\"400\" src=\"https:\/\/www.barbos-stiftung.de\/cms\/wp-content\/uploads\/2021\/05\/Folie1-1-495x400.jpg\" class=\"wp-image-1220 avia-img-lazy-loading-not-1220 attachment-portfolio size-portfolio wp-post-image\" alt=\"\" srcset=\"https:\/\/www.barbos-stiftung.de\/cms\/wp-content\/uploads\/2021\/05\/Folie1-1-495x400.jpg 495w, https:\/\/www.barbos-stiftung.de\/cms\/wp-content\/uploads\/2021\/05\/Folie1-1-845x684.jpg 845w\" sizes=\"(max-width: 495px) 100vw, 495px\" \/><\/a><div class='grid-content'><div class='avia-arrow'><\/div><header class=\"entry-content-header\" aria-label=\"Portfolio: Fr\u00fchjahrsbrief \u2013 Mai 2021\"><h3 class='grid-entry-title entry-title '  itemprop=\"headline\" ><a href='https:\/\/www.barbos-stiftung.de\/cms\/index.php\/portfolio-item\/fruehjahrsbrief-mai-2021\/' title='Fr\u00fchjahrsbrief \u2013 Mai 2021'>Fr\u00fchjahrsbrief \u2013 Mai 2021<\/a><\/h3><\/header><\/div><footer class=\"entry-footer\"><\/footer><\/article><\/div><div data-ajax-id='1431' class=' grid-entry flex_column isotope-item all_sort no_margin post-entry post-entry-1431 grid-entry-overview grid-loop-128 grid-parity-even   av_one_half  default_av_fullwidth '><article class='main_color inner-entry'  itemscope=\"itemscope\" itemtype=\"https:\/\/schema.org\/CreativeWork\" ><a href=\"https:\/\/www.barbos-stiftung.de\/cms\/index.php\/portfolio-item\/nehmen-fuellt-die-haende-geben-das-herz\/\" title='\u201cNehmen f\u00fcllt die H\u00e4nde. Geben das Herz.&#8220;'  data-rel='grid-1' class='grid-image avia-hover-fx'> <img decoding=\"async\" fetchpriority=\"high\" width=\"495\" height=\"400\" src=\"https:\/\/www.barbos-stiftung.de\/cms\/wp-content\/uploads\/2020\/11\/Gemaelde_Herz_01-1-495x400.jpg\" class=\"wp-image-1196 avia-img-lazy-loading-not-1196 attachment-portfolio size-portfolio wp-post-image\" alt=\"Kindergem\u00e4lde mit Sonne, Herz, Schmetterlingen und einem kleinen Menschen. Der Untergrund ist gelb. Es gibt viel Rot und Blau sowie etwas Gr\u00fcn.\" srcset=\"https:\/\/www.barbos-stiftung.de\/cms\/wp-content\/uploads\/2020\/11\/Gemaelde_Herz_01-1-495x400.jpg 495w, https:\/\/www.barbos-stiftung.de\/cms\/wp-content\/uploads\/2020\/11\/Gemaelde_Herz_01-1-845x684.jpg 845w\" sizes=\"(max-width: 495px) 100vw, 495px\" \/><\/a><div class='grid-content'><div class='avia-arrow'><\/div><header class=\"entry-content-header\" aria-label=\"Portfolio: \u201cNehmen f\u00fcllt die H\u00e4nde. Geben das Herz.&#8220;\"><h3 class='grid-entry-title entry-title '  itemprop=\"headline\" ><a href='https:\/\/www.barbos-stiftung.de\/cms\/index.php\/portfolio-item\/nehmen-fuellt-die-haende-geben-das-herz\/' title='\u201cNehmen f\u00fcllt die H\u00e4nde. Geben das Herz.&#8220;'>\u201cNehmen f\u00fcllt die H\u00e4nde. Geben das Herz.&#8220;<\/a><\/h3><\/header><\/div><footer class=\"entry-footer\"><\/footer><\/article><\/div><div data-ajax-id='1427' class=' grid-entry flex_column isotope-item all_sort no_margin post-entry post-entry-1427 grid-entry-overview grid-loop-129 grid-parity-odd   av_one_half first default_av_fullwidth '><article class='main_color inner-entry'  itemscope=\"itemscope\" itemtype=\"https:\/\/schema.org\/CreativeWork\" ><a href=\"https:\/\/www.barbos-stiftung.de\/cms\/index.php\/portfolio-item\/13-newsletter-herbst-2020\/\" title='13. Newsletter, Herbst 2020'  data-rel='grid-1' class='grid-image avia-hover-fx'> <img decoding=\"async\" fetchpriority=\"high\" width=\"495\" height=\"400\" src=\"https:\/\/www.barbos-stiftung.de\/cms\/wp-content\/uploads\/2020\/11\/Newsletter_2020-11_01-1-495x400.jpg\" class=\"wp-image-1186 avia-img-lazy-loading-not-1186 attachment-portfolio size-portfolio wp-post-image\" alt=\"\" \/><\/a><div class='grid-content'><div class='avia-arrow'><\/div><header class=\"entry-content-header\" aria-label=\"Portfolio: 13. Newsletter, Herbst 2020\"><h3 class='grid-entry-title entry-title '  itemprop=\"headline\" ><a href='https:\/\/www.barbos-stiftung.de\/cms\/index.php\/portfolio-item\/13-newsletter-herbst-2020\/' title='13. Newsletter, Herbst 2020'>13. Newsletter, Herbst 2020<\/a><\/h3><\/header><\/div><footer class=\"entry-footer\"><\/footer><\/article><\/div><div data-ajax-id='1418' class=' grid-entry flex_column isotope-item all_sort no_margin post-entry post-entry-1418 grid-entry-overview grid-loop-130 grid-parity-even   av_one_half  default_av_fullwidth '><article class='main_color inner-entry'  itemscope=\"itemscope\" itemtype=\"https:\/\/schema.org\/CreativeWork\" ><a href=\"https:\/\/www.barbos-stiftung.de\/cms\/index.php\/portfolio-item\/die-lange-nacht-der-demokratie-2020\/\" title='Die lange Nacht der Demokratie 2020'  data-rel='grid-1' class='grid-image avia-hover-fx'> <img decoding=\"async\" fetchpriority=\"high\" width=\"495\" height=\"400\" src=\"https:\/\/www.barbos-stiftung.de\/cms\/wp-content\/uploads\/2020\/09\/FlyerlnddMuenchen2Oktober2020-1_wide-495x400.jpg\" class=\"wp-image-1169 avia-img-lazy-loading-not-1169 attachment-portfolio size-portfolio wp-post-image\" alt=\"\" \/><\/a><div class='grid-content'><div class='avia-arrow'><\/div><header class=\"entry-content-header\" aria-label=\"Portfolio: Die lange Nacht der Demokratie 2020\"><h3 class='grid-entry-title entry-title '  itemprop=\"headline\" ><a href='https:\/\/www.barbos-stiftung.de\/cms\/index.php\/portfolio-item\/die-lange-nacht-der-demokratie-2020\/' title='Die lange Nacht der Demokratie 2020'>Die lange Nacht der Demokratie 2020<\/a><\/h3><\/header><\/div><footer class=\"entry-footer\"><\/footer><\/article><\/div><div data-ajax-id='1415' class=' grid-entry flex_column isotope-item all_sort no_margin post-entry post-entry-1415 grid-entry-overview grid-loop-131 grid-parity-odd   av_one_half first default_av_fullwidth '><article class='main_color inner-entry'  itemscope=\"itemscope\" itemtype=\"https:\/\/schema.org\/CreativeWork\" ><a href=\"https:\/\/www.barbos-stiftung.de\/cms\/index.php\/portfolio-item\/foerderpenny-2-platz\/\" title='F\u00f6rderpenny 2. Platz'  data-rel='grid-1' class='grid-image avia-hover-fx'> <img decoding=\"async\" fetchpriority=\"high\" width=\"495\" height=\"400\" src=\"https:\/\/www.barbos-stiftung.de\/cms\/wp-content\/uploads\/2020\/09\/04_Foerderpenny-Voting_Logo-mit-Aufruf_03-495x400.png\" class=\"wp-image-1134 avia-img-lazy-loading-not-1134 attachment-portfolio size-portfolio wp-post-image\" alt=\"\" \/><\/a><div class='grid-content'><div class='avia-arrow'><\/div><header class=\"entry-content-header\" aria-label=\"Portfolio: F\u00f6rderpenny 2. Platz\"><h3 class='grid-entry-title entry-title '  itemprop=\"headline\" ><a href='https:\/\/www.barbos-stiftung.de\/cms\/index.php\/portfolio-item\/foerderpenny-2-platz\/' title='F\u00f6rderpenny 2. Platz'>F\u00f6rderpenny 2. Platz<\/a><\/h3><\/header><\/div><footer class=\"entry-footer\"><\/footer><\/article><\/div><div data-ajax-id='1399' class=' grid-entry flex_column isotope-item all_sort no_margin post-entry post-entry-1399 grid-entry-overview grid-loop-132 grid-parity-even   av_one_half  default_av_fullwidth '><article class='main_color inner-entry'  itemscope=\"itemscope\" itemtype=\"https:\/\/schema.org\/CreativeWork\" ><a href=\"https:\/\/www.barbos-stiftung.de\/cms\/index.php\/portfolio-item\/1399\/\" title='Nominierung bei F\u00f6rderpenny gewonnen'  data-rel='grid-1' class='grid-image avia-hover-fx'> <img decoding=\"async\" fetchpriority=\"high\" width=\"495\" height=\"390\" src=\"https:\/\/www.barbos-stiftung.de\/cms\/wp-content\/uploads\/2020\/08\/Foerderpenny_01-495x390.jpg\" class=\"wp-image-1089 avia-img-lazy-loading-not-1089 attachment-portfolio size-portfolio wp-post-image\" alt=\"\" \/><\/a><div class='grid-content'><div class='avia-arrow'><\/div><header class=\"entry-content-header\" aria-label=\"Portfolio: Nominierung bei F\u00f6rderpenny gewonnen\"><h3 class='grid-entry-title entry-title '  itemprop=\"headline\" ><a href='https:\/\/www.barbos-stiftung.de\/cms\/index.php\/portfolio-item\/1399\/' title='Nominierung bei F\u00f6rderpenny gewonnen'>Nominierung bei F\u00f6rderpenny gewonnen<\/a><\/h3><\/header><\/div><footer class=\"entry-footer\"><\/footer><\/article><\/div><div data-ajax-id='1406' class=' grid-entry flex_column isotope-item all_sort no_margin post-entry post-entry-1406 grid-entry-overview grid-loop-133 grid-parity-odd  post-entry-last   av_one_half first default_av_fullwidth '><article class='main_color inner-entry'  itemscope=\"itemscope\" itemtype=\"https:\/\/schema.org\/CreativeWork\" ><a href=\"https:\/\/www.barbos-stiftung.de\/cms\/index.php\/portfolio-item\/1406\/\" title='Belege f\u00fcr die positive Wirkung der \u201eArbeit am Tonfeld\u201c'  data-rel='grid-1' class='grid-image avia-hover-fx'> <img decoding=\"async\" fetchpriority=\"high\" width=\"495\" height=\"390\" src=\"https:\/\/www.barbos-stiftung.de\/cms\/wp-content\/uploads\/2020\/08\/Belege-fuer-die-positive-Wirkung-der-Arbeit-am-Tonfeld_01-495x390.jpg\" class=\"wp-image-1114 avia-img-lazy-loading-not-1114 attachment-portfolio size-portfolio wp-post-image\" alt=\"\" \/><\/a><div class='grid-content'><div class='avia-arrow'><\/div><header class=\"entry-content-header\" aria-label=\"Portfolio: Belege f\u00fcr die positive Wirkung der \u201eArbeit am Tonfeld\u201c\"><h3 class='grid-entry-title entry-title '  itemprop=\"headline\" ><a href='https:\/\/www.barbos-stiftung.de\/cms\/index.php\/portfolio-item\/1406\/' title='Belege f\u00fcr die positive Wirkung der \u201eArbeit am Tonfeld\u201c'>Belege f\u00fcr die positive Wirkung der \u201eArbeit am Tonfeld\u201c<\/a><\/h3><\/header><\/div><footer class=\"entry-footer\"><\/footer><\/article><\/div><\/div><\/div>   <!--   class=\"av-portfolio-grid-sorting-container\"  --><\/p><\/div>\n","protected":false},"excerpt":{"rendered":"","protected":false},"author":1,"featured_media":0,"parent":0,"menu_order":0,"comment_status":"closed","ping_status":"closed","template":"","meta":{"footnotes":""},"class_list":["post-1396","page","type-page","status-publish","hentry"],"_links":{"self":[{"href":"https:\/\/www.barbos-stiftung.de\/cms\/index.php\/wp-json\/wp\/v2\/pages\/1396","targetHints":{"allow":["GET"]}}],"collection":[{"href":"https:\/\/www.barbos-stiftung.de\/cms\/index.php\/wp-json\/wp\/v2\/pages"}],"about":[{"href":"https:\/\/www.barbos-stiftung.de\/cms\/index.php\/wp-json\/wp\/v2\/types\/page"}],"author":[{"embeddable":true,"href":"https:\/\/www.barbos-stiftung.de\/cms\/index.php\/wp-json\/wp\/v2\/users\/1"}],"replies":[{"embeddable":true,"href":"https:\/\/www.barbos-stiftung.de\/cms\/index.php\/wp-json\/wp\/v2\/comments?post=1396"}],"version-history":[{"count":4,"href":"https:\/\/www.barbos-stiftung.de\/cms\/index.php\/wp-json\/wp\/v2\/pages\/1396\/revisions"}],"predecessor-version":[{"id":2603,"href":"https:\/\/www.barbos-stiftung.de\/cms\/index.php\/wp-json\/wp\/v2\/pages\/1396\/revisions\/2603"}],"wp:attachment":[{"href":"https:\/\/www.barbos-stiftung.de\/cms\/index.php\/wp-json\/wp\/v2\/media?parent=1396"}],"curies":[{"name":"wp","href":"https:\/\/api.w.org\/{rel}","templated":true}]}}