{"id":258,"date":"2020-02-28T10:07:47","date_gmt":"2020-02-28T09:07:47","guid":{"rendered":"http:\/\/barbos.schambeck.eu\/?page_id=258"},"modified":"2020-02-28T10:07:47","modified_gmt":"2020-02-28T09:07:47","slug":"arbeit-am-tonfeld","status":"publish","type":"page","link":"https:\/\/www.barbos-stiftung.de\/cms\/index.php\/arbeit-am-tonfeld\/","title":{"rendered":"Arbeit am Tonfeld\u00ae"},"content":{"rendered":"\n<style type=\"text\/css\" data-created_by=\"avia_inline_auto\" id=\"style-css-av-921uq-9fb0a44dd1f02a0bf6d9c01f282d838b\">\n#top .av-special-heading.av-921uq-9fb0a44dd1f02a0bf6d9c01f282d838b{\npadding-bottom:10px;\n}\nbody .av-special-heading.av-921uq-9fb0a44dd1f02a0bf6d9c01f282d838b .av-special-heading-tag .heading-char{\nfont-size:25px;\n}\n.av-special-heading.av-921uq-9fb0a44dd1f02a0bf6d9c01f282d838b .av-subheading{\nfont-size:15px;\n}\n<\/style>\n<div  class='av-special-heading av-921uq-9fb0a44dd1f02a0bf6d9c01f282d838b av-special-heading-h2  avia-builder-el-0  el_before_av_video  avia-builder-el-first '><h2 class='av-special-heading-tag '  itemprop=\"headline\"  >Arbeit am Tonfeld\u00ae<\/h2><div class=\"special-heading-border\"><div class=\"special-heading-inner-border\"><\/div><\/div><\/div>\n<div  class='avia-video av-k75ybmvv-e2f863f688116db60dfebfbf8855a4c4 avia-video-16-9 av-no-preview-image avia-video-load-always av-lazyload-immediate av-lazyload-video-embed'  itemprop=\"video\" itemtype=\"https:\/\/schema.org\/VideoObject\"  data-original_url='https:\/\/youtu.be\/-ZpaStd57Eg'><script type='text\/html' class='av-video-tmpl'><div class='avia-iframe-wrap'><iframe loading=\"lazy\" title=\"Arbeit am Tonfeld - Der Film\" width=\"1500\" height=\"844\" src=\"https:\/\/www.youtube.com\/embed\/-ZpaStd57Eg?feature=oembed&autoplay=0&loop=0&controls=1&mute=0\" frameborder=\"0\" allow=\"accelerometer; autoplay; clipboard-write; encrypted-media; gyroscope; picture-in-picture; web-share\" referrerpolicy=\"strict-origin-when-cross-origin\" allowfullscreen><\/iframe><\/div><\/script><div class='av-click-to-play-overlay'><div class=\"avia_playpause_icon\"><\/div><\/div><\/div>\n<section  class='av_textblock_section av-k75yhm7d-995a03dcef7f8db95b0c1c6f16e12df8 '   itemscope=\"itemscope\" itemtype=\"https:\/\/schema.org\/CreativeWork\" ><div class='avia_textblock'  itemprop=\"text\" ><p>Die\u00a0<strong>Arbeit am Tonfeld<\/strong>\u00ae ist eine eigenst\u00e4ndige Methode, die in den 70er Jahren des vorigen Jahrhunderts von Prof. Heinz Deuser entwickelt wurde.<\/p>\n<\/div><\/section>\n<div  class='hr av-k75ym4ki-0971f4a3aedac85de953bb7aee44301a hr-short  avia-builder-el-3  el_after_av_textblock  el_before_av_one_third  hr-center'><span class='hr-inner '><span class=\"hr-inner-style\"><\/span><\/span><\/div>\n\n<style type=\"text\/css\" data-created_by=\"avia_inline_auto\" id=\"style-css-av-r1x5m-05ff8f0096b0c2f1dfd9f2a18e53f6f2\">\n.flex_column.av-r1x5m-05ff8f0096b0c2f1dfd9f2a18e53f6f2{\nborder-radius:0px 0px 0px 0px;\npadding:0px 0px 0px 0px;\n}\n<\/style>\n<div  class='flex_column av-r1x5m-05ff8f0096b0c2f1dfd9f2a18e53f6f2 av_one_third  avia-builder-el-4  el_after_av_hr  el_before_av_two_third  first flex_column_div av-zero-column-padding  '     ><style type=\"text\/css\" data-created_by=\"avia_inline_auto\" id=\"style-css-av-k75ylbzv-d0b4dfe1d8530d3967962c9c337b53ea\">\n.avia-image-container.av-k75ylbzv-d0b4dfe1d8530d3967962c9c337b53ea img.avia_image{\nbox-shadow:none;\n}\n.avia-image-container.av-k75ylbzv-d0b4dfe1d8530d3967962c9c337b53ea .av-image-caption-overlay-center{\ncolor:#ffffff;\n}\n<\/style>\n<div  class='avia-image-container av-k75ylbzv-d0b4dfe1d8530d3967962c9c337b53ea av-styling- avia_animated_image av-animated-when-visible-95 bottom-to-top avia-align-center  avia-builder-el-5  avia-builder-el-no-sibling '   itemprop=\"image\" itemscope=\"itemscope\" itemtype=\"https:\/\/schema.org\/ImageObject\" ><div class=\"avia-image-container-inner\"><div class=\"avia-image-overlay-wrap\"><img decoding=\"async\" fetchpriority=\"high\" class='wp-image-705 avia-img-lazy-loading-not-705 avia_image ' src=\"https:\/\/www.barbos-stiftung.de\/cms\/wp-content\/uploads\/2020\/03\/DSCF2065-1.jpg\" alt='' title='DSCF2065'  height=\"768\" width=\"1024\"  itemprop=\"thumbnailUrl\" srcset=\"https:\/\/www.barbos-stiftung.de\/cms\/wp-content\/uploads\/2020\/03\/DSCF2065-1.jpg 1024w, https:\/\/www.barbos-stiftung.de\/cms\/wp-content\/uploads\/2020\/03\/DSCF2065-1-300x225.jpg 300w, https:\/\/www.barbos-stiftung.de\/cms\/wp-content\/uploads\/2020\/03\/DSCF2065-1-768x576.jpg 768w, https:\/\/www.barbos-stiftung.de\/cms\/wp-content\/uploads\/2020\/03\/DSCF2065-1-705x529.jpg 705w\" sizes=\"(max-width: 1024px) 100vw, 1024px\" \/><\/div><\/div><\/div><\/div>\n\n<style type=\"text\/css\" data-created_by=\"avia_inline_auto\" id=\"style-css-av-ivxtm-468ecb243ad74c6a97b325e263b1ab44\">\n.flex_column.av-ivxtm-468ecb243ad74c6a97b325e263b1ab44{\nborder-radius:0px 0px 0px 0px;\npadding:0px 0px 0px 0px;\n}\n<\/style>\n<div  class='flex_column av-ivxtm-468ecb243ad74c6a97b325e263b1ab44 av_two_third  avia-builder-el-6  el_after_av_one_third  el_before_av_hr  flex_column_div av-zero-column-padding  '     ><section  class='av_textblock_section av-k75yi5a1-ece9dd5752723384d49f7bf7b6d9b576 '   itemscope=\"itemscope\" itemtype=\"https:\/\/schema.org\/CreativeWork\" ><div class='avia_textblock'  itemprop=\"text\" ><p><strong>Das Tonfeld ist ein rechteckiger Kasten, der flach mit Tonerde gef\u00fcllt ist.<\/strong><\/p>\n<p>Mit diesem Ton lernt das Kind die gegebenen M\u00f6glichkeiten zu nutzen. Anfassen, zufassen, eine Mitte finden, sich sp\u00fcren, be-greifen &#8211; das Leben anpacken.<\/p>\n<p>Denn: Der feste, begrenzte Raum und das formbare Material der Tonerde bieten den ber\u00fchrenden H\u00e4nden unmittelbar Halt. Das archaische Material der Tonerde spricht alle Sinne an. \u00dcber die Ber\u00fchrung mit den H\u00e4nden, die sich ganz spontan ergeben, wird ein Zugang sowohl zum K\u00f6rpergeschehen als auch zu tiefen Empfindungen und Erfahrungen geschaffen.<\/p>\n<\/div><\/section><\/div>\n\n<style type=\"text\/css\" data-created_by=\"avia_inline_auto\" id=\"style-css-av-k75ym4ki-8-de203add9720c1963545cfbff0c183ab\">\n#top .hr.hr-invisible.av-k75ym4ki-8-de203add9720c1963545cfbff0c183ab{\nheight:40px;\n}\n<\/style>\n<div  class='hr av-k75ym4ki-8-de203add9720c1963545cfbff0c183ab hr-invisible  avia-builder-el-8  el_after_av_two_third  el_before_av_four_fifth '><span class='hr-inner '><span class=\"hr-inner-style\"><\/span><\/span><\/div>\n\n<style type=\"text\/css\" data-created_by=\"avia_inline_auto\" id=\"style-css-av-2etcjm-f664dd90224ffd7d893cbe6223f04a57\">\n.flex_column.av-2etcjm-f664dd90224ffd7d893cbe6223f04a57{\nborder-radius:0px 0px 0px 0px;\npadding:0px 0px 0px 0px;\n}\n<\/style>\n<div  class='flex_column av-2etcjm-f664dd90224ffd7d893cbe6223f04a57 av_four_fifth  avia-builder-el-9  el_after_av_hr  el_before_av_one_fifth  first flex_column_div av-zero-column-padding  '     ><section  class='av_textblock_section av-k75ynqi2-c3117ef24f20fb5f0e6059bf37ec98bb '   itemscope=\"itemscope\" itemtype=\"https:\/\/schema.org\/CreativeWork\" ><div class='avia_textblock'  itemprop=\"text\" ><p>Da jede Ber\u00fchrung eine Beziehung zum Ber\u00fchrten herstellt, treten in der Arbeit am Tonfeld biographisch bedingte, entwicklungshemmende Beziehungserfahrungen in den Bewegungen der H\u00e4nde konkret und unmittelbar in Erscheinung. Auf diese Weise k\u00f6nnen sie im eigenen <strong>Umgang und Gestalten in der Tonerde<\/strong> kreativ und l\u00f6sungsorientiert umgestaltet und verwandelt werden. So macht jeder, Erwachsene ebenso wie <strong>Kinder und Jugendliche<\/strong>, in dieser Arbeit einen individuellen, ihm gem\u00e4\u00dfen Wachstums- und Entwicklungsprozess. Erfahrungsgem\u00e4\u00df f\u00fchrt dieser zu baldigen positiven Ver\u00e4nderungen in der Selbstwahrnehmung und im Verhalten.<\/p>\n<\/div><\/section><\/div>\n\n<style type=\"text\/css\" data-created_by=\"avia_inline_auto\" id=\"style-css-av-2b1bxu-f97ee97a05286745668c3c418d676cd9\">\n.flex_column.av-2b1bxu-f97ee97a05286745668c3c418d676cd9{\nborder-radius:0px 0px 0px 0px;\npadding:0px 0px 0px 0px;\n}\n<\/style>\n<div  class='flex_column av-2b1bxu-f97ee97a05286745668c3c418d676cd9 av_one_fifth  avia-builder-el-11  el_after_av_four_fifth  el_before_av_hr  flex_column_div av-zero-column-padding  '     ><p>\n<style type=\"text\/css\" data-created_by=\"avia_inline_auto\" id=\"style-css-av-k75zh5ke-a7ba4971abd5ebfe66a3f14d70138f98\">\n#top .hr.hr-invisible.av-k75zh5ke-a7ba4971abd5ebfe66a3f14d70138f98{\nheight:50px;\n}\n<\/style>\n<div  class='hr av-k75zh5ke-a7ba4971abd5ebfe66a3f14d70138f98 hr-invisible  avia-builder-el-12  el_before_av_image  avia-builder-el-first '><span class='hr-inner '><span class=\"hr-inner-style\"><\/span><\/span><\/div><br \/>\n\n<style type=\"text\/css\" data-created_by=\"avia_inline_auto\" id=\"style-css-av-k75zck76-0fe640c6a5b4756b18ec67234814393f\">\n.avia-image-container.av-k75zck76-0fe640c6a5b4756b18ec67234814393f img.avia_image{\nbox-shadow:none;\n}\n.avia-image-container.av-k75zck76-0fe640c6a5b4756b18ec67234814393f .av-image-caption-overlay-center{\ncolor:#ffffff;\n}\n<\/style>\n<div  class='avia-image-container av-k75zck76-0fe640c6a5b4756b18ec67234814393f av-styling- avia_animated_image av-animated-when-visible-95 bottom-to-top avia-align-center  avia-builder-el-13  el_after_av_hr  avia-builder-el-last '   itemprop=\"image\" itemscope=\"itemscope\" itemtype=\"https:\/\/schema.org\/ImageObject\" ><div class=\"avia-image-container-inner\"><div class=\"avia-image-overlay-wrap\"><img decoding=\"async\" fetchpriority=\"high\" class='wp-image-133 avia-img-lazy-loading-not-133 avia_image ' src=\"https:\/\/www.barbos-stiftung.de\/cms\/wp-content\/uploads\/2020\/02\/Adobe-Bild_01-1.jpg\" alt='' title='Adobe-Bild_01'  height=\"1146\" width=\"2560\"  itemprop=\"thumbnailUrl\" srcset=\"https:\/\/www.barbos-stiftung.de\/cms\/wp-content\/uploads\/2020\/02\/Adobe-Bild_01-1.jpg 2560w, https:\/\/www.barbos-stiftung.de\/cms\/wp-content\/uploads\/2020\/02\/Adobe-Bild_01-1-300x134.jpg 300w, https:\/\/www.barbos-stiftung.de\/cms\/wp-content\/uploads\/2020\/02\/Adobe-Bild_01-1-1030x461.jpg 1030w, https:\/\/www.barbos-stiftung.de\/cms\/wp-content\/uploads\/2020\/02\/Adobe-Bild_01-1-768x344.jpg 768w, https:\/\/www.barbos-stiftung.de\/cms\/wp-content\/uploads\/2020\/02\/Adobe-Bild_01-1-1536x688.jpg 1536w, https:\/\/www.barbos-stiftung.de\/cms\/wp-content\/uploads\/2020\/02\/Adobe-Bild_01-1-2048x917.jpg 2048w, https:\/\/www.barbos-stiftung.de\/cms\/wp-content\/uploads\/2020\/02\/Adobe-Bild_01-1-1500x671.jpg 1500w, https:\/\/www.barbos-stiftung.de\/cms\/wp-content\/uploads\/2020\/02\/Adobe-Bild_01-1-705x316.jpg 705w\" sizes=\"(max-width: 2560px) 100vw, 2560px\" \/><\/div><\/div><\/div><\/p><\/div>\n\n<style type=\"text\/css\" data-created_by=\"avia_inline_auto\" id=\"style-css-av-k75ym4ki-7-3a2a9918765763b2fc2988a1ecd3d116\">\n#top .hr.hr-invisible.av-k75ym4ki-7-3a2a9918765763b2fc2988a1ecd3d116{\nheight:40px;\n}\n<\/style>\n<div  class='hr av-k75ym4ki-7-3a2a9918765763b2fc2988a1ecd3d116 hr-invisible  avia-builder-el-14  el_after_av_one_fifth  el_before_av_one_fifth '><span class='hr-inner '><span class=\"hr-inner-style\"><\/span><\/span><\/div>\n\n<style type=\"text\/css\" data-created_by=\"avia_inline_auto\" id=\"style-css-av-20uls2-a833c1eac5e8f50925cddc588b867078\">\n.flex_column.av-20uls2-a833c1eac5e8f50925cddc588b867078{\nborder-radius:0px 0px 0px 0px;\npadding:0px 0px 0px 0px;\n}\n<\/style>\n<div  class='flex_column av-20uls2-a833c1eac5e8f50925cddc588b867078 av_one_fifth  avia-builder-el-15  el_after_av_hr  el_before_av_four_fifth  first flex_column_div av-zero-column-padding  '     ><style type=\"text\/css\" data-created_by=\"avia_inline_auto\" id=\"style-css-av-k75zck76-5-ae50511245801a42fa161cb6d0d7562c\">\n.avia-image-container.av-k75zck76-5-ae50511245801a42fa161cb6d0d7562c img.avia_image{\nbox-shadow:none;\n}\n.avia-image-container.av-k75zck76-5-ae50511245801a42fa161cb6d0d7562c .av-image-caption-overlay-center{\ncolor:#ffffff;\n}\n<\/style>\n<div  class='avia-image-container av-k75zck76-5-ae50511245801a42fa161cb6d0d7562c av-styling- avia_animated_image av-animated-when-visible-95 bottom-to-top avia-align-center  avia-builder-el-16  avia-builder-el-no-sibling '   itemprop=\"image\" itemscope=\"itemscope\" itemtype=\"https:\/\/schema.org\/ImageObject\" ><div class=\"avia-image-container-inner\"><div class=\"avia-image-overlay-wrap\"><img decoding=\"async\" fetchpriority=\"high\" class='wp-image-648 avia-img-lazy-loading-not-648 avia_image ' src=\"https:\/\/www.barbos-stiftung.de\/cms\/wp-content\/uploads\/2020\/03\/19-03-23-Barbos-StiftungsFruehling-KinderWorkshop_19-scaled-1.jpg\" alt='' title='19-03-23 Barbos StiftungsFr\u00fchling KinderWorkshop_19'  height=\"768\" width=\"1024\"  itemprop=\"thumbnailUrl\" srcset=\"https:\/\/www.barbos-stiftung.de\/cms\/wp-content\/uploads\/2020\/03\/19-03-23-Barbos-StiftungsFruehling-KinderWorkshop_19-scaled-1.jpg 1024w, https:\/\/www.barbos-stiftung.de\/cms\/wp-content\/uploads\/2020\/03\/19-03-23-Barbos-StiftungsFruehling-KinderWorkshop_19-scaled-1-300x225.jpg 300w, https:\/\/www.barbos-stiftung.de\/cms\/wp-content\/uploads\/2020\/03\/19-03-23-Barbos-StiftungsFruehling-KinderWorkshop_19-scaled-1-768x576.jpg 768w, https:\/\/www.barbos-stiftung.de\/cms\/wp-content\/uploads\/2020\/03\/19-03-23-Barbos-StiftungsFruehling-KinderWorkshop_19-scaled-1-705x529.jpg 705w\" sizes=\"(max-width: 1024px) 100vw, 1024px\" \/><\/div><\/div><\/div><\/div>\n<style type=\"text\/css\" data-created_by=\"avia_inline_auto\" id=\"style-css-av-1vt2aa-e0a2ee85b23247e31c2918cd05830cd8\">\n.flex_column.av-1vt2aa-e0a2ee85b23247e31c2918cd05830cd8{\nborder-radius:0px 0px 0px 0px;\npadding:0px 0px 0px 0px;\n}\n<\/style>\n<div  class='flex_column av-1vt2aa-e0a2ee85b23247e31c2918cd05830cd8 av_four_fifth  avia-builder-el-17  el_after_av_one_fifth  el_before_av_hr  flex_column_div av-zero-column-padding  '     ><section  class='av_textblock_section av-k75ynqi2-6-b9505a4cca225842d3ba386b6dc61577 '   itemscope=\"itemscope\" itemtype=\"https:\/\/schema.org\/CreativeWork\" ><div class='avia_textblock'  itemprop=\"text\" ><p>Die Kinder begegnen sich in dieser Arbeit selbst, in ihrer Sinnenhaftigkeit und Leiblichkeit, in ihrer seelischen Ordnung und Struktur, in ihrer Handlungs- und Beziehungskompetenz und in der ihnen ganz eigenen Kreativit\u00e4t. Dadurch werden sie sich ihrer selbst inne und gewiss und zwar als ein Mensch, der etwas wert ist, der etwas leisten und l\u00f6sen kann, etwas bewegen kann und der, gest\u00e4rkt durch diese Erfahrung sich neu in die Gemeinschaft einordnen kann, ohne zu f\u00fcrchten, sich selbst dabei zu verlieren oder unterzugehen.<\/p>\n<\/div><\/section><\/div><\/p>\n\n<style type=\"text\/css\" data-created_by=\"avia_inline_auto\" id=\"style-css-av-k75ym4ki-4-2b6861516e6f2f21e829ef719cd151b5\">\n#top .hr.hr-invisible.av-k75ym4ki-4-2b6861516e6f2f21e829ef719cd151b5{\nheight:40px;\n}\n<\/style>\n<div  class='hr av-k75ym4ki-4-2b6861516e6f2f21e829ef719cd151b5 hr-invisible  avia-builder-el-19  el_after_av_four_fifth  el_before_av_four_fifth '><span class='hr-inner '><span class=\"hr-inner-style\"><\/span><\/span><\/div>\n\n<style type=\"text\/css\" data-created_by=\"avia_inline_auto\" id=\"style-css-av-1t4eci-09ce864cff02506331263aa035482f0e\">\n.flex_column.av-1t4eci-09ce864cff02506331263aa035482f0e{\nborder-radius:0px 0px 0px 0px;\npadding:0px 0px 0px 0px;\n}\n<\/style>\n<div  class='flex_column av-1t4eci-09ce864cff02506331263aa035482f0e av_four_fifth  avia-builder-el-20  el_after_av_hr  el_before_av_one_fifth  first flex_column_div av-zero-column-padding  '     ><section  class='av_textblock_section av-k75ynqi2-2-d9ae853c3b9fd8dbecf5d65c201da3a4 '   itemscope=\"itemscope\" itemtype=\"https:\/\/schema.org\/CreativeWork\" ><div class='avia_textblock'  itemprop=\"text\" ><p>Diese Ver\u00e4nderungen werden auch von ihrer Umwelt, den Eltern, dem Kindergarten oder der Schule wahrgenommen. Erzieher und Lehrer melden zur\u00fcck, dass die Kinder bzw. Jugendlichen durch die Arbeit am Tonfeld weniger aggressiv oder zappelig oder verschlossen geworden sind, mehr Struktur gewonnen haben, sich besser in ihre Gruppe einf\u00fcgen, Freunde oder Freundinnen gewonnen haben oder bessere Schulleistungen erbringen.<\/p>\n<p>Kinder werden als Individuum erfolgreich.<br \/>\nUnd sozialer und gesunder Teil unserer Gesellschaft.<\/p>\n<p>Das hilft uns allen.<\/p>\n<\/div><\/section><\/div>\n\n<style type=\"text\/css\" data-created_by=\"avia_inline_auto\" id=\"style-css-av-1m6b9e-55998161c6faa4a27a6f13a7fe02ca24\">\n.flex_column.av-1m6b9e-55998161c6faa4a27a6f13a7fe02ca24{\nborder-radius:0px 0px 0px 0px;\npadding:0px 0px 0px 0px;\n}\n<\/style>\n<div  class='flex_column av-1m6b9e-55998161c6faa4a27a6f13a7fe02ca24 av_one_fifth  avia-builder-el-22  el_after_av_four_fifth  el_before_av_hr  flex_column_div av-zero-column-padding  '     ><style type=\"text\/css\" data-created_by=\"avia_inline_auto\" id=\"style-css-av-k75zck76-3-e5a139ececb1fde4a569195fb0cfe017\">\n.avia-image-container.av-k75zck76-3-e5a139ececb1fde4a569195fb0cfe017 img.avia_image{\nbox-shadow:none;\n}\n.avia-image-container.av-k75zck76-3-e5a139ececb1fde4a569195fb0cfe017 .av-image-caption-overlay-center{\ncolor:#ffffff;\n}\n<\/style>\n<div  class='avia-image-container av-k75zck76-3-e5a139ececb1fde4a569195fb0cfe017 av-styling- avia_animated_image av-animated-when-visible-95 bottom-to-top avia-align-center  avia-builder-el-23  avia-builder-el-no-sibling '   itemprop=\"image\" itemscope=\"itemscope\" itemtype=\"https:\/\/schema.org\/ImageObject\" ><div class=\"avia-image-container-inner\"><div class=\"avia-image-overlay-wrap\"><img decoding=\"async\" fetchpriority=\"high\" class='wp-image-700 avia-img-lazy-loading-not-700 avia_image ' src=\"https:\/\/www.barbos-stiftung.de\/cms\/wp-content\/uploads\/2020\/03\/DSCF2088-scaled-1.jpg\" alt='' title='DSCF2088'  height=\"768\" width=\"1024\"  itemprop=\"thumbnailUrl\" srcset=\"https:\/\/www.barbos-stiftung.de\/cms\/wp-content\/uploads\/2020\/03\/DSCF2088-scaled-1.jpg 1024w, https:\/\/www.barbos-stiftung.de\/cms\/wp-content\/uploads\/2020\/03\/DSCF2088-scaled-1-300x225.jpg 300w, https:\/\/www.barbos-stiftung.de\/cms\/wp-content\/uploads\/2020\/03\/DSCF2088-scaled-1-768x576.jpg 768w, https:\/\/www.barbos-stiftung.de\/cms\/wp-content\/uploads\/2020\/03\/DSCF2088-scaled-1-705x529.jpg 705w\" sizes=\"(max-width: 1024px) 100vw, 1024px\" \/><\/div><\/div><\/div><\/div><div  class='hr av-k75ym4ki-1-f65c292bed9b55c8846e57a46272c39c hr-short  avia-builder-el-24  el_after_av_one_fifth  el_before_av_section  avia-builder-el-last  hr-center'><span class='hr-inner '><span class=\"hr-inner-style\"><\/span><\/span><\/div><\/p>\n<\/div><\/div><\/div><!-- close content main div --><\/div><\/div>\n<style type=\"text\/css\" data-created_by=\"avia_inline_auto\" id=\"style-css-av-k75ytewq-1e11f75b265572b3b2cc2f3118b83070\">\n.avia-section.av-k75ytewq-1e11f75b265572b3b2cc2f3118b83070{\nbackground-color:#f2f2f2;\nbackground-image:unset;\n}\n<\/style>\n<div id='av_section_1'  class='avia-section av-k75ytewq-1e11f75b265572b3b2cc2f3118b83070 main_color avia-section-default avia-no-border-styling  avia-builder-el-25  el_after_av_hr  avia-builder-el-last  avia-bg-style-scroll container_wrap fullsize'  ><div class='container av-section-cont-open' ><div class='template-page content  av-content-full alpha units'><div class='post-entry post-entry-type-page post-entry-258'><div class='entry-content-wrapper clearfix'>\n\n<style type=\"text\/css\" data-created_by=\"avia_inline_auto\" id=\"style-css-av-hnyhm-ed3a0f1ed5d8419d5e72afe69ef800cb\">\n.flex_column.av-hnyhm-ed3a0f1ed5d8419d5e72afe69ef800cb{\nborder-radius:0px 0px 0px 0px;\npadding:0px 0px 0px 0px;\n}\n<\/style>\n<div  class='flex_column av-hnyhm-ed3a0f1ed5d8419d5e72afe69ef800cb av_two_third  avia-builder-el-26  el_before_av_one_third  avia-builder-el-first  first flex_column_div av-zero-column-padding  '     ><section  class='av_textblock_section av-k75ysmi9-bdcfb0a80ba413b519ae69f7c647b86a '   itemscope=\"itemscope\" itemtype=\"https:\/\/schema.org\/CreativeWork\" ><div class='avia_textblock'  itemprop=\"text\" ><p>Haben Sie Interesse, mehr \u00fcber die Arbeit am Tonfeld\u00ae zu erfahren?<br \/>\nDann empfehle ich Ihnen unseren Artikel:<\/p>\n<p>Barbara Osterwald, Michael G\u00fcnter, Andreas Mielck<br \/>\n<strong>Der Ton redet mit mir. Verstehst Du, was er sagt?<br \/>\nDie Arbeit am Tonfeld mit Kindern.<\/strong><\/p>\n<div>in:<br \/>\nDiskurs \u2013 Zeitschrift f\u00fcr Kindheits- und Jugendforschung<\/div>\n<div>Heft 2 &#8211; 2014<br \/>\nVerlag Barbara Budrich, Leverkusen<\/div>\n<div><\/div>\n<div><strong>Oder fragen Sie uns!<\/strong><\/div>\n<\/div><\/section><\/div>\n<style type=\"text\/css\" data-created_by=\"avia_inline_auto\" id=\"style-css-av-9cpca-de7000d3f000579836a8c6aeebb6b361\">\n.flex_column.av-9cpca-de7000d3f000579836a8c6aeebb6b361{\nborder-radius:0px 0px 0px 0px;\npadding:0px 0px 0px 0px;\n}\n<\/style>\n<div  class='flex_column av-9cpca-de7000d3f000579836a8c6aeebb6b361 av_one_third  avia-builder-el-28  el_after_av_two_third  avia-builder-el-last  flex_column_div av-zero-column-padding  '     ><style type=\"text\/css\" data-created_by=\"avia_inline_auto\" id=\"style-css-av-k75yresr-9d8b49fc20be4fa9739833156eb3f2a9\">\n.avia-image-container.av-k75yresr-9d8b49fc20be4fa9739833156eb3f2a9 img.avia_image{\nbox-shadow:none;\n}\n.avia-image-container.av-k75yresr-9d8b49fc20be4fa9739833156eb3f2a9 .av-image-caption-overlay-center{\ncolor:#ffffff;\n}\n<\/style>\n<div  class='avia-image-container av-k75yresr-9d8b49fc20be4fa9739833156eb3f2a9 av-styling- av-img-linked avia_animated_image av-animated-when-visible-95 pop-up avia-align-center  avia-builder-el-29  avia-builder-el-no-sibling '   itemprop=\"image\" itemscope=\"itemscope\" itemtype=\"https:\/\/schema.org\/ImageObject\" ><div class=\"avia-image-container-inner\"><div class=\"avia-image-overlay-wrap\"><a href=\"..\/wp-content\/uploads\/2020\/02\/Diskurs-Kinder-und-J-...-Tonfeldartikel_01.pdf\" class='avia_image '  target=\"_blank\"  rel=\"noopener noreferrer\" aria-label='Ton-redet_01'><img decoding=\"async\" fetchpriority=\"high\" class='wp-image-269 avia-img-lazy-loading-not-269 avia_image ' src=\"https:\/\/www.barbos-stiftung.de\/cms\/wp-content\/uploads\/2020\/02\/Ton-redet_01-1.jpg\" alt='' title='Ton-redet_01'  height=\"553\" width=\"400\"  itemprop=\"thumbnailUrl\" srcset=\"https:\/\/www.barbos-stiftung.de\/cms\/wp-content\/uploads\/2020\/02\/Ton-redet_01-1.jpg 400w, https:\/\/www.barbos-stiftung.de\/cms\/wp-content\/uploads\/2020\/02\/Ton-redet_01-1-217x300.jpg 217w\" sizes=\"(max-width: 400px) 100vw, 400px\" \/><\/a><\/div><\/div><\/div><\/div>\n\n","protected":false},"excerpt":{"rendered":"","protected":false},"author":1,"featured_media":0,"parent":0,"menu_order":0,"comment_status":"closed","ping_status":"closed","template":"","meta":{"footnotes":""},"class_list":["post-258","page","type-page","status-publish","hentry"],"_links":{"self":[{"href":"https:\/\/www.barbos-stiftung.de\/cms\/index.php\/wp-json\/wp\/v2\/pages\/258","targetHints":{"allow":["GET"]}}],"collection":[{"href":"https:\/\/www.barbos-stiftung.de\/cms\/index.php\/wp-json\/wp\/v2\/pages"}],"about":[{"href":"https:\/\/www.barbos-stiftung.de\/cms\/index.php\/wp-json\/wp\/v2\/types\/page"}],"author":[{"embeddable":true,"href":"https:\/\/www.barbos-stiftung.de\/cms\/index.php\/wp-json\/wp\/v2\/users\/1"}],"replies":[{"embeddable":true,"href":"https:\/\/www.barbos-stiftung.de\/cms\/index.php\/wp-json\/wp\/v2\/comments?post=258"}],"version-history":[{"count":1,"href":"https:\/\/www.barbos-stiftung.de\/cms\/index.php\/wp-json\/wp\/v2\/pages\/258\/revisions"}],"predecessor-version":[{"id":2526,"href":"https:\/\/www.barbos-stiftung.de\/cms\/index.php\/wp-json\/wp\/v2\/pages\/258\/revisions\/2526"}],"wp:attachment":[{"href":"https:\/\/www.barbos-stiftung.de\/cms\/index.php\/wp-json\/wp\/v2\/media?parent=258"}],"curies":[{"name":"wp","href":"https:\/\/api.w.org\/{rel}","templated":true}]}}